{"id":179,"date":"2023-10-18T07:40:59","date_gmt":"2023-10-18T05:40:59","guid":{"rendered":"https:\/\/wordpress.nibis.de\/ass-go\/?page_id=179"},"modified":"2026-01-27T11:50:45","modified_gmt":"2026-01-27T10:50:45","slug":"unser-foerderverein","status":"publish","type":"page","link":"https:\/\/wordpress.nibis.de\/ass-go\/unser-foerderverein\/","title":{"rendered":"F\u00f6rderverein"},"content":{"rendered":"<div class=\"wp-block-image is-style-default\">\n<figure class=\"aligncenter size-large is-resized\"><img loading=\"lazy\" decoding=\"async\" width=\"1024\" height=\"512\" src=\"https:\/\/wordpress.nibis.de\/ass-go\/files\/2023\/10\/IMG_0411-1-1024x512.jpeg\" alt=\"\" class=\"wp-image-485\" style=\"width:407px;height:auto\" srcset=\"https:\/\/wordpress.nibis.de\/ass-go\/files\/2023\/10\/IMG_0411-1-1024x512.jpeg 1024w, https:\/\/wordpress.nibis.de\/ass-go\/files\/2023\/10\/IMG_0411-1-300x150.jpeg 300w, https:\/\/wordpress.nibis.de\/ass-go\/files\/2023\/10\/IMG_0411-1-768x384.jpeg 768w, https:\/\/wordpress.nibis.de\/ass-go\/files\/2023\/10\/IMG_0411-1.jpeg 1280w\" sizes=\"auto, (max-width: 1024px) 100vw, 1024px\" \/><\/figure>\n<\/div>\n\n\n<p><\/p>\n\n\n\n<p><\/p>\n\n\n\n<p><\/p>\n\n\n\n<p><\/p>\n\n\n\n<p><\/p>\n\n\n\n<p>Der F\u00f6rderverein der Albert-Schweitzer-Grundschule tr\u00e4gt mit dazu bei, den Alltag in unserer Schule abwechslungsreich, vielf\u00e4ltig, modern und vor allem aktiv zu gestalten.<\/p>\n\n\n\n<p>Er unterst\u00fctzt viele schulische Veranstaltungen und ist somit eine wichtige S\u00e4ule in unserem Schulalltag. Vieles w\u00e4re ohne ihn nicht m\u00f6glich.<\/p>\n\n\n\n<p><\/p>\n\n\n\n<h5 class=\"wp-block-heading\">Hier einige Beispiele, die nur durch die Unterst\u00fctzung des F\u00f6rdervereins realisiert werden konnten:<\/h5>\n\n\n\n<ul class=\"wp-block-list\">\n<li><figure><img loading=\"lazy\" decoding=\"async\" width=\"311\" height=\"543\" class=\"wp-image-747\" style=\"width: 10px\" src=\"https:\/\/wordpress.nibis.de\/ass-go\/files\/2023\/11\/ASS_Logo_Entwurf_Blatt_Gelb.png\" alt=\"\" srcset=\"https:\/\/wordpress.nibis.de\/ass-go\/files\/2023\/11\/ASS_Logo_Entwurf_Blatt_Gelb.png 311w, https:\/\/wordpress.nibis.de\/ass-go\/files\/2023\/11\/ASS_Logo_Entwurf_Blatt_Gelb-172x300.png 172w\" sizes=\"auto, (max-width: 311px) 100vw, 311px\" \/><\/figure> die Ausstattung der neuen Schulb\u00fccherei<\/li>\n\n\n\n<li><figure><img loading=\"lazy\" decoding=\"async\" width=\"311\" height=\"543\" class=\"wp-image-748\" style=\"width: 10px\" src=\"https:\/\/wordpress.nibis.de\/ass-go\/files\/2023\/11\/ASS_Logo_Entwurf_Blatt_Gruen.png\" alt=\"\" srcset=\"https:\/\/wordpress.nibis.de\/ass-go\/files\/2023\/11\/ASS_Logo_Entwurf_Blatt_Gruen.png 311w, https:\/\/wordpress.nibis.de\/ass-go\/files\/2023\/11\/ASS_Logo_Entwurf_Blatt_Gruen-172x300.png 172w\" sizes=\"auto, (max-width: 311px) 100vw, 311px\" \/><\/figure> die Pausenspielzeuge f\u00fcr alle Sch\u00fclerInnen<\/li>\n\n\n\n<li><figure><img loading=\"lazy\" decoding=\"async\" width=\"324\" height=\"534\" class=\"wp-image-746\" style=\"width: 10px\" src=\"https:\/\/wordpress.nibis.de\/ass-go\/files\/2023\/11\/ASS_Logo_Entwurf_Blatt_Blau.png\" alt=\"\" srcset=\"https:\/\/wordpress.nibis.de\/ass-go\/files\/2023\/11\/ASS_Logo_Entwurf_Blatt_Blau.png 324w, https:\/\/wordpress.nibis.de\/ass-go\/files\/2023\/11\/ASS_Logo_Entwurf_Blatt_Blau-182x300.png 182w\" sizes=\"auto, (max-width: 324px) 100vw, 324px\" \/><\/figure> die Pausenspielzeuge f\u00fcr den Nachmittagsbereich (Kettcars, Roller, etc.) <\/li>\n\n\n\n<li><figure><img loading=\"lazy\" decoding=\"async\" width=\"353\" height=\"512\" class=\"wp-image-749\" style=\"width: 10px\" src=\"https:\/\/wordpress.nibis.de\/ass-go\/files\/2023\/11\/ASS_Logo_Entwurf_Blatt_Rot.png\" alt=\"\" srcset=\"https:\/\/wordpress.nibis.de\/ass-go\/files\/2023\/11\/ASS_Logo_Entwurf_Blatt_Rot.png 353w, https:\/\/wordpress.nibis.de\/ass-go\/files\/2023\/11\/ASS_Logo_Entwurf_Blatt_Rot-207x300.png 207w\" sizes=\"auto, (max-width: 353px) 100vw, 353px\" \/><\/figure> die Anschaffung von Lern- und Sportmaterial<\/li>\n\n\n\n<li><figure><img loading=\"lazy\" decoding=\"async\" width=\"311\" height=\"543\" class=\"wp-image-747\" style=\"width: 10px\" src=\"https:\/\/wordpress.nibis.de\/ass-go\/files\/2023\/11\/ASS_Logo_Entwurf_Blatt_Gelb.png\" alt=\"\" srcset=\"https:\/\/wordpress.nibis.de\/ass-go\/files\/2023\/11\/ASS_Logo_Entwurf_Blatt_Gelb.png 311w, https:\/\/wordpress.nibis.de\/ass-go\/files\/2023\/11\/ASS_Logo_Entwurf_Blatt_Gelb-172x300.png 172w\" sizes=\"auto, (max-width: 311px) 100vw, 311px\" \/><\/figure> finanzielle Unterst\u00fctzung bei Projekten (Tanzprojekt, Resilienztraining\u2026)<\/li>\n\n\n\n<li><figure><img loading=\"lazy\" decoding=\"async\" width=\"311\" height=\"543\" class=\"wp-image-748\" style=\"width: 10px\" src=\"https:\/\/wordpress.nibis.de\/ass-go\/files\/2023\/11\/ASS_Logo_Entwurf_Blatt_Gruen.png\" alt=\"\" srcset=\"https:\/\/wordpress.nibis.de\/ass-go\/files\/2023\/11\/ASS_Logo_Entwurf_Blatt_Gruen.png 311w, https:\/\/wordpress.nibis.de\/ass-go\/files\/2023\/11\/ASS_Logo_Entwurf_Blatt_Gruen-172x300.png 172w\" sizes=\"auto, (max-width: 311px) 100vw, 311px\" \/><\/figure> die Einschulungsveranstaltung<\/li>\n\n\n\n<li><figure><img loading=\"lazy\" decoding=\"async\" width=\"324\" height=\"534\" class=\"wp-image-746\" style=\"width: 10px\" src=\"https:\/\/wordpress.nibis.de\/ass-go\/files\/2023\/11\/ASS_Logo_Entwurf_Blatt_Blau.png\" alt=\"\" srcset=\"https:\/\/wordpress.nibis.de\/ass-go\/files\/2023\/11\/ASS_Logo_Entwurf_Blatt_Blau.png 324w, https:\/\/wordpress.nibis.de\/ass-go\/files\/2023\/11\/ASS_Logo_Entwurf_Blatt_Blau-182x300.png 182w\" sizes=\"auto, (max-width: 324px) 100vw, 324px\" \/><\/figure> Notfall-Klassen-Sets f\u00fcr jede Klasse (Schere, Kleber, Lineal, Bleistift, Radiergummi)<\/li>\n\n\n\n<li><figure><img loading=\"lazy\" decoding=\"async\" width=\"353\" height=\"512\" class=\"wp-image-749\" style=\"width: 10px\" src=\"https:\/\/wordpress.nibis.de\/ass-go\/files\/2023\/11\/ASS_Logo_Entwurf_Blatt_Rot.png\" alt=\"\" srcset=\"https:\/\/wordpress.nibis.de\/ass-go\/files\/2023\/11\/ASS_Logo_Entwurf_Blatt_Rot.png 353w, https:\/\/wordpress.nibis.de\/ass-go\/files\/2023\/11\/ASS_Logo_Entwurf_Blatt_Rot-207x300.png 207w\" sizes=\"auto, (max-width: 353px) 100vw, 353px\" \/><\/figure> u.v.m.<\/li>\n<\/ul>\n\n\n\n<p>Vielen Dank an dieser Stelle!<\/p>\n\n\n\n<p><\/p>\n\n\n\n<p><\/p>\n\n\n\n<h5 class=\"wp-block-heading\"><strong>Ohne F\u00f6rderverein geht es nicht<\/strong> <strong>&#8211; werden Sie Mitglied!<\/strong><\/h5>\n\n\n\n<p>Wenn Sie unsere Schulgemeinschaft unterst\u00fctzen m\u00f6chten, werden Sie Mitglied in unserem F\u00f6rderverein. <\/p>\n\n\n\n<p>Der F\u00f6rderverein und die Schulgemeinschaft freuen sich \u00fcber jede Hilfe! <\/p>\n\n\n\n<p>Tragen Sie dazu bei, dass die Kinder ein  lebendiges Schulleben erfahren k\u00f6nnen.<\/p>\n\n\n\n<p><\/p>\n\n\n\n<p><\/p>\n\n\n\n<div class=\"wp-block-file\"><a id=\"wp-block-file--media-3d2dde3d-56d1-4d2d-9a26-a3330f9fe658\" href=\"https:\/\/wordpress.nibis.de\/ass-go\/files\/2025\/07\/Flyer-Forderverein.pdf\" target=\"_blank\" rel=\"noreferrer noopener\"><img loading=\"lazy\" decoding=\"async\" width=\"311\" height=\"543\" class=\"wp-image-747\" style=\"width: 10px\" src=\"https:\/\/wordpress.nibis.de\/ass-go\/files\/2023\/11\/ASS_Logo_Entwurf_Blatt_Gelb.png\" alt=\"\" srcset=\"https:\/\/wordpress.nibis.de\/ass-go\/files\/2023\/11\/ASS_Logo_Entwurf_Blatt_Gelb.png 311w, https:\/\/wordpress.nibis.de\/ass-go\/files\/2023\/11\/ASS_Logo_Entwurf_Blatt_Gelb-172x300.png 172w\" sizes=\"auto, (max-width: 311px) 100vw, 311px\" \/> <strong><span style=\"background-color:#ffffff\" class=\"tadv-background-color\">Antrag auf Mitgliedschaft<\/span><\/strong><\/a><a href=\"https:\/\/wordpress.nibis.de\/ass-go\/files\/2025\/07\/Flyer-Forderverein.pdf\" class=\"wp-block-file__button wp-element-button\" download aria-describedby=\"wp-block-file--media-3d2dde3d-56d1-4d2d-9a26-a3330f9fe658\">Herunterladen<\/a><\/div>\n\n\n\n<div class=\"wp-block-file\"><a id=\"wp-block-file--media-bf99d68e-fb00-4dcf-9860-ad838e444839\" href=\"https:\/\/wordpress.nibis.de\/ass-go\/files\/2025\/07\/Satzung-2019_11_13.pdf\" target=\"_blank\" rel=\"noreferrer noopener\"><img decoding=\"async\" style=\"width: 10px\" src=\"https:\/\/wordpress.nibis.de\/ass-go\/files\/2023\/11\/ASS_Logo_Entwurf_Blatt_Gruen.png\" alt=\"\"> <strong>Aktuelle Satzung<\/strong><\/a><\/div>\n\n\n\n<div class=\"wp-block-file\"><a id=\"wp-block-file--media-4e3e4b77-d2dc-4e30-a03d-957f407b19bf\" href=\"https:\/\/wordpress.nibis.de\/ass-go\/files\/2025\/07\/Datenschutz-Forderverein-20250630.pdf\" target=\"_blank\" rel=\"noreferrer noopener\"><img loading=\"lazy\" decoding=\"async\" width=\"324\" height=\"534\" class=\"wp-image-746\" style=\"width: 10px\" src=\"https:\/\/wordpress.nibis.de\/ass-go\/files\/2023\/11\/ASS_Logo_Entwurf_Blatt_Blau.png\" alt=\"\" srcset=\"https:\/\/wordpress.nibis.de\/ass-go\/files\/2023\/11\/ASS_Logo_Entwurf_Blatt_Blau.png 324w, https:\/\/wordpress.nibis.de\/ass-go\/files\/2023\/11\/ASS_Logo_Entwurf_Blatt_Blau-182x300.png 182w\" sizes=\"auto, (max-width: 324px) 100vw, 324px\" \/> <strong>Informationen zum Datenschutz<\/strong><\/a><\/div>\n\n\n\n<p><\/p>\n","protected":false},"excerpt":{"rendered":"<p>Der F\u00f6rderverein der Albert-Schweitzer-Grundschule tr\u00e4gt mit dazu bei, den Alltag in unserer Schule abwechslungsreich, vielf\u00e4ltig, modern und vor allem aktiv zu gestalten. Er unterst\u00fctzt viele schulische Veranstaltungen und ist somit eine wichtige S\u00e4ule in unserem Schulalltag. Vieles w\u00e4re ohne ihn nicht m\u00f6glich. Hier einige Beispiele, die nur durch die Unterst\u00fctzung des F\u00f6rdervereins realisiert werden konnten: &hellip; <a href=\"https:\/\/wordpress.nibis.de\/ass-go\/unser-foerderverein\/\" class=\"more-link\"><span class=\"screen-reader-text\">F\u00f6rderverein<\/span> weiterlesen<\/a><\/p>\n","protected":false},"author":9194276,"featured_media":0,"parent":0,"menu_order":0,"comment_status":"closed","ping_status":"closed","template":"","meta":{"footnotes":""},"class_list":["post-179","page","type-page","status-publish","hentry"],"_links":{"self":[{"href":"https:\/\/wordpress.nibis.de\/ass-go\/wp-json\/wp\/v2\/pages\/179","targetHints":{"allow":["GET"]}}],"collection":[{"href":"https:\/\/wordpress.nibis.de\/ass-go\/wp-json\/wp\/v2\/pages"}],"about":[{"href":"https:\/\/wordpress.nibis.de\/ass-go\/wp-json\/wp\/v2\/types\/page"}],"author":[{"embeddable":true,"href":"https:\/\/wordpress.nibis.de\/ass-go\/wp-json\/wp\/v2\/users\/9194276"}],"replies":[{"embeddable":true,"href":"https:\/\/wordpress.nibis.de\/ass-go\/wp-json\/wp\/v2\/comments?post=179"}],"version-history":[{"count":36,"href":"https:\/\/wordpress.nibis.de\/ass-go\/wp-json\/wp\/v2\/pages\/179\/revisions"}],"predecessor-version":[{"id":2395,"href":"https:\/\/wordpress.nibis.de\/ass-go\/wp-json\/wp\/v2\/pages\/179\/revisions\/2395"}],"wp:attachment":[{"href":"https:\/\/wordpress.nibis.de\/ass-go\/wp-json\/wp\/v2\/media?parent=179"}],"curies":[{"name":"wp","href":"https:\/\/api.w.org\/{rel}","templated":true}]}}