{"id":3213,"date":"2019-03-17T16:48:11","date_gmt":"2019-03-17T15:48:11","guid":{"rendered":"https:\/\/wordpress.nibis.de\/awobs\/?page_id=3213"},"modified":"2019-03-17T16:53:06","modified_gmt":"2019-03-17T15:53:06","slug":"schulskifahrt","status":"publish","type":"page","link":"https:\/\/wordpress.nibis.de\/awobs\/schulskifahrt\/","title":{"rendered":"Schulskifahrt"},"content":{"rendered":"\n<p><code>[good-old-gallery id=\"3164\"]<\/code><\/p>\n\n\n\n<p><\/p>\n\n\n\n<p><strong>Sch\u00fcler aus Langwedel\nund D\u00f6rverden gemeinsam auf Schulskifahrt<\/strong><\/p>\n\n\n\n<p>Bereits zum zehnten Mal reisten\nObersch\u00fcler aus Langwedel und D\u00f6rverden gemeinsam auf Schulskifahrt in die\nAlpen. Bei besten Pistenverh\u00e4ltnissen und \u00fcberwiegend sch\u00f6nem Wetter verbrachten\n44 Jugendliche mit 6 Lehrkr\u00e4ften eine Woche in Aschau im \u00f6sterreichischen\nZillertal (Tirol) zum Skifahren. Der \u00fcberwiegende Teil der Sch\u00fcler hatte noch\nnie auf Ski gestanden und musste zun\u00e4chst die Grundbegriffe des Skifahrens,\naber auch des Liftfahrens erlernen.<\/p>\n\n\n\n<figure class=\"wp-block-image\"><img loading=\"lazy\" decoding=\"async\" width=\"577\" height=\"433\" src=\"https:\/\/wordpress.nibis.de\/awobs\/files\/2019\/03\/IMG-20190226-WA0004-2.jpg\" alt=\"\" class=\"wp-image-3209\" srcset=\"https:\/\/wordpress.nibis.de\/awobs\/files\/2019\/03\/IMG-20190226-WA0004-2.jpg 577w, https:\/\/wordpress.nibis.de\/awobs\/files\/2019\/03\/IMG-20190226-WA0004-2-300x225.jpg 300w\" sizes=\"auto, (max-width: 577px) 100vw, 577px\" \/><\/figure>\n\n\n\n<p>Jeder Tag begann mit einem\ngemeinsamen Fr\u00fchst\u00fcck um 7.30 Uhr. Im Anschluss ging es auf den Berg. Hier\nverbrachten alle, je nach Leistungsverm\u00f6gen, jeden Vormittag in Gruppen mit\nihren Skilehrern. Nach dem gemeinsamen Mittagessen durften die\nFortgeschrittenen nachmittags die ihnen bekannten Pisten in Kleingruppen\nbefahren. F\u00fcr die anderen stand dann weiter gemeinsames \u00dcben an. &nbsp;Die Abende klangen h\u00e4ufig mit\nGesellschaftsspielen oder Tischtennis aus.<\/p>\n\n\n\n<p>Die Organisatoren J\u00f6rn\nRiesebieter von der Aller-Weser-Oberschule D\u00f6rverden und Matthias Vogel von der\nSchule am Goldbach in Langwedel waren mit den Lernergebnissen vollauf\nzufrieden. Am Ende der sechs Skitage konnten die meisten Sch\u00fcler, die ja zu\nBeginn der Woche noch nie auf Skiern gestanden hatten, sicher sogar schwierige\nPisten befahren. Zudem gab es erfreulicherweise keinerlei Verletzungen. Leider\nblieben einige Sch\u00fcler am Ende nicht von Erk\u00e4ltungskrankheiten verschont. Das\nvorbildliche Benehmen, das gro\u00dfe Zusammengeh\u00f6rigkeitsgef\u00fchl zwischen den\nSch\u00fclerinnen und Sch\u00fclern und den Lehrkr\u00e4ften beider Schulen und die gute\nStimmung machte den Aufenthalt in den Bergen f\u00fcr alle unvergesslich. Bereits\nauf der R\u00fcckfahrt wurden Pl\u00e4ne f\u00fcr die Schulskifahrt 2020 geschmiedet. <\/p>\n","protected":false},"excerpt":{"rendered":"<p>[good-old-gallery id=&#8220;3164&#8243;] Sch\u00fcler aus Langwedel und D\u00f6rverden gemeinsam auf Schulskifahrt Bereits zum zehnten Mal reisten Obersch\u00fcler aus Langwedel und D\u00f6rverden gemeinsam auf Schulskifahrt in die Alpen. Bei besten Pistenverh\u00e4ltnissen und \u00fcberwiegend sch\u00f6nem Wetter verbrachten 44 Jugendliche mit 6 Lehrkr\u00e4ften eine Woche in Aschau im \u00f6sterreichischen Zillertal (Tirol) zum Skifahren. Der \u00fcberwiegende Teil der Sch\u00fcler hatte [&hellip;]<\/p>\n","protected":false},"author":876,"featured_media":0,"parent":0,"menu_order":0,"comment_status":"closed","ping_status":"closed","template":"","meta":{"footnotes":""},"class_list":["post-3213","page","type-page","status-publish","hentry"],"_links":{"self":[{"href":"https:\/\/wordpress.nibis.de\/awobs\/wp-json\/wp\/v2\/pages\/3213","targetHints":{"allow":["GET"]}}],"collection":[{"href":"https:\/\/wordpress.nibis.de\/awobs\/wp-json\/wp\/v2\/pages"}],"about":[{"href":"https:\/\/wordpress.nibis.de\/awobs\/wp-json\/wp\/v2\/types\/page"}],"author":[{"embeddable":true,"href":"https:\/\/wordpress.nibis.de\/awobs\/wp-json\/wp\/v2\/users\/876"}],"replies":[{"embeddable":true,"href":"https:\/\/wordpress.nibis.de\/awobs\/wp-json\/wp\/v2\/comments?post=3213"}],"version-history":[{"count":2,"href":"https:\/\/wordpress.nibis.de\/awobs\/wp-json\/wp\/v2\/pages\/3213\/revisions"}],"predecessor-version":[{"id":3216,"href":"https:\/\/wordpress.nibis.de\/awobs\/wp-json\/wp\/v2\/pages\/3213\/revisions\/3216"}],"wp:attachment":[{"href":"https:\/\/wordpress.nibis.de\/awobs\/wp-json\/wp\/v2\/media?parent=3213"}],"curies":[{"name":"wp","href":"https:\/\/api.w.org\/{rel}","templated":true}]}}