{"id":2045,"date":"2025-02-19T09:44:53","date_gmt":"2025-02-19T08:44:53","guid":{"rendered":"https:\/\/wordpress.nibis.de\/bgs\/?page_id=2045"},"modified":"2026-03-06T12:18:27","modified_gmt":"2026-03-06T11:18:27","slug":"informationen-zu-den-ags-im-ganztag-stiftung-help","status":"publish","type":"page","link":"https:\/\/wordpress.nibis.de\/bgs\/informationen-zu-den-ags-im-ganztag-stiftung-help\/","title":{"rendered":"Informationen zu den AGs im Ganztag (Stiftung Help)"},"content":{"rendered":"\n<p>Die Themen der AGs beruhen auf den W\u00fcnschen der Sch\u00fclerinnen und Sch\u00fcler. Dazu werden zweimal im Schuljahr Sch\u00fclerbefragungen zum Thema AGs durchgef\u00fchrt, bei denen die Kinder ihre W\u00fcnsche und Ideen f\u00fcr AGs einbringen k\u00f6nnen. Diese Einbeziehung der Sch\u00fclerinnen und Sch\u00fcler ist dem Ganztagsteam sehr wichtig.<\/p>\n\n\n\n<p> In diesem Halbjahr haben sich die Kinder die <strong>Pokemon-AG<\/strong>, die <strong>Wetter-AG<\/strong> und eine AG zum <strong>Modellieren und Kneten<\/strong> gew\u00fcnscht. Weiterhin sind die <strong>N\u00e4h-AG<\/strong> und den <strong>\u00dcberraschungs-Club <\/strong>sehr beliebt. Auch eine AG zum <strong>Kochen und Backen<\/strong> wird von den Kindern gew\u00fcnscht und durch den Ganztag erm\u00f6glicht.<br>Neu gestartet im ersten Halbjahr ist unsere <strong>Spanisch\/ Kochen-AG<\/strong> und die <strong>AG Anton \/ Computer<\/strong>.<\/p>\n\n\n\n<p class=\"has-text-align-center\"><a href=\"https:\/\/wordpress.nibis.de\/bgs\/files\/2026\/03\/Elternbrief_Jahrgang_1_NEU.pdf\"><strong>Elternbrief Jahrgang 1<\/strong><\/a><\/p>\n<p style=\"text-align: center\"><a href=\"https:\/\/wordpress.nibis.de\/bgs\/files\/2025\/09\/Elternbrief-Jahrgang-2-bis-4.pdf\"><strong>Elternbrief Jahrgang 2 bis 4<\/strong><\/a><\/p>\n\n\n\n<p>Die Zweitkl\u00e4ssler, Drittkl\u00e4ssler und Viertkl\u00e4ssler w\u00e4hlen f\u00fcr <strong>dienstags, mittwochs und donnerstags<\/strong> Arbeitsgemeinschaften. Die Wahl erfolgt w\u00e4hrend der Ganztagszeit in der Schule. Es wird den Kindern Zeit gegeben, um zusammen mit ihren Freundinnen und Freunden besprechen zu k\u00f6nnen, welche AGs sie besuchen m\u00f6chten.<\/p>\n\n\n\n<p><strong>Die AGs werden f\u00fcr ein Halbjahr gew\u00e4hlt.<\/strong><a href=\"https:\/\/wordpress.nibis.de\/bgs\/files\/2026\/03\/Ueberblick-AGs.pdf\"><strong> \u00dcberblick \u00fcber die AGs<\/strong><\/a><\/p>\n\n\n\n<p>Im Krankheitsfall von Betreuer*innen, kann es zum Zusammenlegen von AGs kommen. Bei personellen Engp\u00e4ssen ist es auch m\u00f6glich, dass die Kinder in festen Gruppen betreut werden.<\/p>\n\n\n\n<p>F\u00fcr Fragen oder Anregungen stehen wir gern t\u00e4glich ab 11.00 Uhr telefonisch zur Verf\u00fcgung.<\/p>\n","protected":false},"excerpt":{"rendered":"<p>Die Themen der AGs beruhen auf den W\u00fcnschen der Sch\u00fclerinnen und Sch\u00fcler. Dazu werden zweimal im Schuljahr Sch\u00fclerbefragungen zum Thema AGs durchgef\u00fchrt, bei denen die &hellip; <\/p>\n","protected":false},"author":9193915,"featured_media":0,"parent":0,"menu_order":0,"comment_status":"closed","ping_status":"closed","template":"","meta":{"footnotes":""},"class_list":["post-2045","page","type-page","status-publish","hentry"],"_links":{"self":[{"href":"https:\/\/wordpress.nibis.de\/bgs\/wp-json\/wp\/v2\/pages\/2045","targetHints":{"allow":["GET"]}}],"collection":[{"href":"https:\/\/wordpress.nibis.de\/bgs\/wp-json\/wp\/v2\/pages"}],"about":[{"href":"https:\/\/wordpress.nibis.de\/bgs\/wp-json\/wp\/v2\/types\/page"}],"author":[{"embeddable":true,"href":"https:\/\/wordpress.nibis.de\/bgs\/wp-json\/wp\/v2\/users\/9193915"}],"replies":[{"embeddable":true,"href":"https:\/\/wordpress.nibis.de\/bgs\/wp-json\/wp\/v2\/comments?post=2045"}],"version-history":[{"count":5,"href":"https:\/\/wordpress.nibis.de\/bgs\/wp-json\/wp\/v2\/pages\/2045\/revisions"}],"predecessor-version":[{"id":2476,"href":"https:\/\/wordpress.nibis.de\/bgs\/wp-json\/wp\/v2\/pages\/2045\/revisions\/2476"}],"wp:attachment":[{"href":"https:\/\/wordpress.nibis.de\/bgs\/wp-json\/wp\/v2\/media?parent=2045"}],"curies":[{"name":"wp","href":"https:\/\/api.w.org\/{rel}","templated":true}]}}