{"id":2335,"date":"2025-10-09T13:08:50","date_gmt":"2025-10-09T11:08:50","guid":{"rendered":"https:\/\/wordpress.nibis.de\/bgs\/?page_id=2335"},"modified":"2025-10-09T13:08:50","modified_gmt":"2025-10-09T11:08:50","slug":"orgelentdeckertag-in-der-kirche-in-letter","status":"publish","type":"page","link":"https:\/\/wordpress.nibis.de\/bgs\/orgelentdeckertag-in-der-kirche-in-letter\/","title":{"rendered":"Orgelentdeckertag in der Kirche in Letter"},"content":{"rendered":"\n<p>Am 6. Oktober nahmen die Sch\u00fclerinnen und Sch\u00fcler der Klasse 3b am Orgelentdeckertag in der Kirche in Letter teil.<\/p>\n<p>Schon beim Betreten der Kirche waren alle beeindruckt von der Gr\u00f6\u00dfe und den gl\u00e4nzenden Pfeifen der Orgel. Der Organist erkl\u00e4rte geduldig, wie dieses besondere Instrument funktioniert. Die Kinder lernten, dass die Orgel nicht nur mit den H\u00e4nden, sondern auch mit den F\u00fc\u00dfen gespielt wird und dass in ihr viele verschiedene Pfeifenarten stecken \u2013 gro\u00dfe f\u00fcr tiefe T\u00f6ne und ganz kleine f\u00fcr die hohen. Besonders spannend war der Moment, als der Organist kr\u00e4ftig in die Tasten griff und die ganze Kirche von Musik erf\u00fcllt wurde. Danach durften die Kinder selbst ausprobieren, wie man einzelne T\u00f6ne spielt und wie unterschiedlich die Klangfarben klingen k\u00f6nnen \u2013 mal leise und sanft, mal laut und m\u00e4chtig. \u201eIch h\u00e4tte nie gedacht, dass eine Orgel so viele verschiedene Ger\u00e4usche machen kann!\u201c, meinte ein Sch\u00fcler begeistert.<\/p>\n<p>Zum Abschluss machten alle ein Gruppenfoto vor der gro\u00dfen Orgel. Der Ausflug war f\u00fcr die Kinder ein tolles Erlebnis, bei dem sie Musik nicht nur geh\u00f6rt, sondern wirklich entdeckt haben.<\/p>\n<p><img loading=\"lazy\" decoding=\"async\" class=\"alignnone size-medium wp-image-2336\" src=\"https:\/\/wordpress.nibis.de\/bgs\/files\/2025\/10\/Orgelentdeckertag-850x478.jpg\" alt=\"\" width=\"850\" height=\"478\" srcset=\"https:\/\/wordpress.nibis.de\/bgs\/files\/2025\/10\/Orgelentdeckertag-850x478.jpg 850w, https:\/\/wordpress.nibis.de\/bgs\/files\/2025\/10\/Orgelentdeckertag-1200x675.jpg 1200w, https:\/\/wordpress.nibis.de\/bgs\/files\/2025\/10\/Orgelentdeckertag-250x141.jpg 250w\" sizes=\"auto, (max-width: 850px) 100vw, 850px\" \/><\/p>\n","protected":false},"excerpt":{"rendered":"<p>Am 6. Oktober nahmen die Sch\u00fclerinnen und Sch\u00fcler der Klasse 3b am Orgelentdeckertag in der Kirche in Letter teil. Schon beim Betreten der Kirche waren &hellip; <\/p>\n","protected":false},"author":9193915,"featured_media":0,"parent":0,"menu_order":0,"comment_status":"closed","ping_status":"closed","template":"","meta":{"footnotes":""},"class_list":["post-2335","page","type-page","status-publish","hentry"],"_links":{"self":[{"href":"https:\/\/wordpress.nibis.de\/bgs\/wp-json\/wp\/v2\/pages\/2335","targetHints":{"allow":["GET"]}}],"collection":[{"href":"https:\/\/wordpress.nibis.de\/bgs\/wp-json\/wp\/v2\/pages"}],"about":[{"href":"https:\/\/wordpress.nibis.de\/bgs\/wp-json\/wp\/v2\/types\/page"}],"author":[{"embeddable":true,"href":"https:\/\/wordpress.nibis.de\/bgs\/wp-json\/wp\/v2\/users\/9193915"}],"replies":[{"embeddable":true,"href":"https:\/\/wordpress.nibis.de\/bgs\/wp-json\/wp\/v2\/comments?post=2335"}],"version-history":[{"count":2,"href":"https:\/\/wordpress.nibis.de\/bgs\/wp-json\/wp\/v2\/pages\/2335\/revisions"}],"predecessor-version":[{"id":2357,"href":"https:\/\/wordpress.nibis.de\/bgs\/wp-json\/wp\/v2\/pages\/2335\/revisions\/2357"}],"wp:attachment":[{"href":"https:\/\/wordpress.nibis.de\/bgs\/wp-json\/wp\/v2\/media?parent=2335"}],"curies":[{"name":"wp","href":"https:\/\/api.w.org\/{rel}","templated":true}]}}