{"id":1969,"date":"2021-01-13T12:00:43","date_gmt":"2021-01-13T11:00:43","guid":{"rendered":"http:\/\/wordpress.nibis.de\/cfgs\/?page_id=1969"},"modified":"2025-03-25T08:57:12","modified_gmt":"2025-03-25T07:57:12","slug":"unsere-werte","status":"publish","type":"page","link":"https:\/\/wordpress.nibis.de\/cfgs\/unsere-werte\/","title":{"rendered":"Unsere Werte"},"content":{"rendered":"\n<p class=\"has-text-align-left\"><em>Die Schule in der Region, f\u00fcr die Region \u2013 f\u00fcr alle Kinder!<\/em><\/p>\n\n\n\n<div class=\"wp-block-group has-light-gray-background-color has-background\"><div class=\"wp-block-group__inner-container is-layout-flow wp-block-group-is-layout-flow\">\n<p class=\"has-text-align-center\"><strong>TOLERANZ \u2013 AKZEPTANZ \u2013 WERTSCH\u00c4TZUNG<\/strong><\/p>\n<\/div><\/div>\n\n\n\n<p class=\"has-text-align-center\">Alle Sch\u00fclerinnen und Sch\u00fcler unserer Schulgemeinschaft werden in ihrer individuellen Einzigartigkeit wahrgenommen, angenommen, gesch\u00e4tzt und gef\u00f6rdert.<\/p>\n\n\n\n<p class=\"has-text-align-center\"><a href=\"https:\/\/wordpress.nibis.de\/cfgs\/inklusion\/\">Inklusion <\/a>\/ <a href=\"http:\/\/wordpress.nibis.de\/cfgs\/schule-ohne-rassismus---schule-mit-courage\/\">Schule ohne Rassismus<\/a> \/ <a rel=\"noreferrer noopener\" href=\"https:\/\/wordpress.nibis.de\/cfgs\/?page_id=200\" target=\"_blank\">Schulsozialarbeit<\/a><\/p>\n\n\n\n<div class=\"wp-block-group has-light-gray-background-color has-background\"><div class=\"wp-block-group__inner-container is-layout-flow wp-block-group-is-layout-flow\">\n<p class=\"has-text-align-center\"><strong>SCHULABSCHLUSS \u2013 AUSBILDUNG \u2013 BERUF<\/strong><\/p>\n<\/div><\/div>\n\n\n\n<p class=\"has-text-align-center\">Mit einem umfangreichen Berufsorientierungsprogramm ab Klasse 5 werden alle Sch\u00fclerinnen und Sch\u00fcler unserer Schulgemeinschaft auf ihrem individuellen Weg in den Beruf begleitet.<\/p>\n\n\n\n<p class=\"has-text-align-center\"><a href=\"https:\/\/wordpress.nibis.de\/cfgs\/berufsorientierung\/\">Berufsorientierung<\/a> \/ <a href=\"https:\/\/wordpress.nibis.de\/cfgs\/berufseinstiegsbegleiter\/\">Berufseinstiegsbegleiter<\/a> \/ <a href=\"https:\/\/wordpress.nibis.de\/cfgs\/wir-sind-zweitbeste-schule-niedersachsens\/\">Starke Schule<\/a><\/p>\n\n\n\n<div class=\"wp-block-group has-light-gray-background-color has-background\"><div class=\"wp-block-group__inner-container is-layout-flow wp-block-group-is-layout-flow\">\n<p class=\"has-text-align-center\"><strong>DEMOKRATIE \u2013 ENGAGEMENT \u2013 GEMEINSCHAFT<\/strong><\/p>\n<\/div><\/div>\n\n\n\n<p class=\"has-text-align-center\">Alle Sch\u00fclerinnen und Sch\u00fcler unserer Schulgemeinschaft werden in der Entwicklung eines sozialen und \u00f6kologischen Verantwortungsgef\u00fchls sowie in der Entfaltung einer demokratisch handelnden Pers\u00f6nlichkeit unterst\u00fctzt.<\/p>\n\n\n\n<p class=\"has-text-align-center\"><a href=\"https:\/\/wordpress.nibis.de\/cfgs\/schuelervertretung\/\">Sch\u00fclervertretung <\/a>\/ <a href=\"https:\/\/wordpress.nibis.de\/cfgs\/austauschfahrten\/\">Schulpartnerschaften <\/a>\/ <a rel=\"noreferrer noopener\" href=\"https:\/\/vsninfo.de\/de\/bus-scout\" target=\"_blank\">Busscouts<\/a> \/ <a href=\"https:\/\/wordpress.nibis.de\/cfgs\/erneute-auszeichnung-zur-verbraucherschule-bundesministerin-lambrecht-ueberreicht-wuerdigung-an-carl-friedrich-gauss-schule-in-berlin\/\">Verbraucherschule Gold<\/a><\/p>\n\n\n\n<p>Unser <a href=\"https:\/\/wordpress.nibis.de\/cfgs\/leitbild\/\">Leitbild<\/a> und unser <a href=\"http:\/\/wordpress.nibis.de\/cfgs\/files\/Schulprogramm-2025-Stand-12.03.2025.pdf\">Schulprogramm<\/a> dienen uns als Orientierungshilfe unserer schulischen Qualit\u00e4tsentwicklung. <\/p>\n","protected":false},"excerpt":{"rendered":"<p>Die Schule in der Region, f\u00fcr die Region \u2013 f\u00fcr alle Kinder! TOLERANZ \u2013 AKZEPTANZ \u2013 WERTSCH\u00c4TZUNG Alle Sch\u00fclerinnen und Sch\u00fcler unserer Schulgemeinschaft werden in ihrer individuellen Einzigartigkeit wahrgenommen, angenommen,<\/p>\n","protected":false},"author":9193666,"featured_media":0,"parent":0,"menu_order":0,"comment_status":"closed","ping_status":"closed","template":"","meta":{"footnotes":""},"class_list":["post-1969","page","type-page","status-publish","hentry"],"_links":{"self":[{"href":"https:\/\/wordpress.nibis.de\/cfgs\/wp-json\/wp\/v2\/pages\/1969","targetHints":{"allow":["GET"]}}],"collection":[{"href":"https:\/\/wordpress.nibis.de\/cfgs\/wp-json\/wp\/v2\/pages"}],"about":[{"href":"https:\/\/wordpress.nibis.de\/cfgs\/wp-json\/wp\/v2\/types\/page"}],"author":[{"embeddable":true,"href":"https:\/\/wordpress.nibis.de\/cfgs\/wp-json\/wp\/v2\/users\/9193666"}],"replies":[{"embeddable":true,"href":"https:\/\/wordpress.nibis.de\/cfgs\/wp-json\/wp\/v2\/comments?post=1969"}],"version-history":[{"count":31,"href":"https:\/\/wordpress.nibis.de\/cfgs\/wp-json\/wp\/v2\/pages\/1969\/revisions"}],"predecessor-version":[{"id":6825,"href":"https:\/\/wordpress.nibis.de\/cfgs\/wp-json\/wp\/v2\/pages\/1969\/revisions\/6825"}],"wp:attachment":[{"href":"https:\/\/wordpress.nibis.de\/cfgs\/wp-json\/wp\/v2\/media?parent=1969"}],"curies":[{"name":"wp","href":"https:\/\/api.w.org\/{rel}","templated":true}]}}