{"id":2178,"date":"2021-01-13T17:18:51","date_gmt":"2021-01-13T16:18:51","guid":{"rendered":"http:\/\/wordpress.nibis.de\/cfgs\/?page_id=2178"},"modified":"2021-02-12T12:30:28","modified_gmt":"2021-02-12T11:30:28","slug":"medien-an-der-schule-mads","status":"publish","type":"page","link":"https:\/\/wordpress.nibis.de\/cfgs\/medien-an-der-schule-mads\/","title":{"rendered":"Medien an der Schule \u2013 &#8222;mads\u201c"},"content":{"rendered":"\n<p>\u201eFake-News\u201c, \u201eFilterblase\u201c und \u201eHeader\u201c \u2013 f\u00fcr unsere Sch\u00fclerschaft sind dies durch die Teilnahme am medienp\u00e4dagogischen Zeitungsprojekt \u201e<a rel=\"noreferrer noopener\" href=\"https:\/\/www.mads-projekt.de\/\" target=\"_blank\">MADS<\/a>\u201c der Madsack Mediengruppe keine unbekannten Begriffe. Im Rahmen des Deutschunterrichts der 8.Klasse lernen sie den sicheren Umgang mit digitalen und analogen Informationsmedien, indem sie sich u.a. kritisch mit der Vielfalt der Medienwelt, Themen wie Glaubw\u00fcrdigkeit von Text- und Bildquellen und der wichtigen Unterscheidung von Meinung und Information besch\u00e4ftigen. W\u00e4hrend der gesamten sechsmonatigen Projektzeit zur Schulung der Medienkompetenz steht jeder von ihnen dazu ein Online-Zugang zur Tageszeitung \u201eG\u00f6ttinger Tageblatt\u201c zur Verf\u00fcgung, w\u00e4hrend einer dreiw\u00f6chigen Intensivphase wird die Zeitung auch als Printversion geliefert. So ganz nebenbei wird durch die intensive Auseinandersetzung mit analogen und digitalen Texten dabei die Lesekompetenz gef\u00f6rdert. Wer mag, kann sich im Rahmen des Projekts auch selbst als Journalist bet\u00e4tigen, denn es besteht die M\u00f6glichkeit, eigene Texte einzureichen \u2013 im Rahmen des Datenschutzes nat\u00fcrlich erst nach Einwilligungserkl\u00e4rung der Eltern!<\/p>\n","protected":false},"excerpt":{"rendered":"<p>\u201eFake-News\u201c, \u201eFilterblase\u201c und \u201eHeader\u201c \u2013 f\u00fcr unsere Sch\u00fclerschaft sind dies durch die Teilnahme am medienp\u00e4dagogischen Zeitungsprojekt \u201eMADS\u201c der Madsack Mediengruppe keine unbekannten Begriffe. Im Rahmen des Deutschunterrichts der 8.Klasse lernen<\/p>\n","protected":false},"author":9193718,"featured_media":0,"parent":0,"menu_order":0,"comment_status":"closed","ping_status":"closed","template":"","meta":{"footnotes":""},"class_list":["post-2178","page","type-page","status-publish","hentry"],"_links":{"self":[{"href":"https:\/\/wordpress.nibis.de\/cfgs\/wp-json\/wp\/v2\/pages\/2178","targetHints":{"allow":["GET"]}}],"collection":[{"href":"https:\/\/wordpress.nibis.de\/cfgs\/wp-json\/wp\/v2\/pages"}],"about":[{"href":"https:\/\/wordpress.nibis.de\/cfgs\/wp-json\/wp\/v2\/types\/page"}],"author":[{"embeddable":true,"href":"https:\/\/wordpress.nibis.de\/cfgs\/wp-json\/wp\/v2\/users\/9193718"}],"replies":[{"embeddable":true,"href":"https:\/\/wordpress.nibis.de\/cfgs\/wp-json\/wp\/v2\/comments?post=2178"}],"version-history":[{"count":3,"href":"https:\/\/wordpress.nibis.de\/cfgs\/wp-json\/wp\/v2\/pages\/2178\/revisions"}],"predecessor-version":[{"id":3258,"href":"https:\/\/wordpress.nibis.de\/cfgs\/wp-json\/wp\/v2\/pages\/2178\/revisions\/3258"}],"wp:attachment":[{"href":"https:\/\/wordpress.nibis.de\/cfgs\/wp-json\/wp\/v2\/media?parent=2178"}],"curies":[{"name":"wp","href":"https:\/\/api.w.org\/{rel}","templated":true}]}}