{"id":2272,"date":"2021-01-14T08:50:03","date_gmt":"2021-01-14T07:50:03","guid":{"rendered":"http:\/\/wordpress.nibis.de\/cfgs\/?page_id=2272"},"modified":"2026-01-08T11:42:28","modified_gmt":"2026-01-08T10:42:28","slug":"informationsveranstaltungen","status":"publish","type":"page","link":"https:\/\/wordpress.nibis.de\/cfgs\/informationsveranstaltungen\/","title":{"rendered":"Informationsveranstaltungen"},"content":{"rendered":"\n<p><strong>Liebe Sch\u00fclerinnen und Sch\u00fcler,<\/strong><\/p>\n\n\n\n<p><strong>Liebe Eltern und Erziehungsberechtigte,<\/strong><\/p>\n\n\n\n<p>mit dem Erhalt des Halbjahreszeugnisses, beginnt f\u00fcr euch Sch\u00fclerinnen und Sch\u00fcler eure letzte Etappe in der Grundschule. Sofern es in diesem Schuljahr und unter Coronabedingungen m\u00f6glich sein wird, reihen sich Informationsabende und die Tage der offenen T\u00fcren an den weiterf\u00fchrenden Schulen aneinander.<\/p>\n\n\n\n<p>Unsere Oberschule mit Gymnasialzweig in Gro\u00df Schneen versteht sich als <strong>Schule in der Region \u2013 f\u00fcr die Region \u2013 f\u00fcr alle Kinder!<\/strong><\/p>\n\n\n\n<p>Wir freuen uns sehr dar\u00fcber, dass unsere engagierte p\u00e4dagogische Arbeit in den Grundschulen so positiv wahrgenommen wird und freuen uns, wenn auch ihr euch bei eurer Schulwahl f\u00fcr unsere moderne Schule entscheidet.<\/p>\n\n\n\n<ul class=\"wp-block-list\">\n<li><strong>online- Elterninfoabend <\/strong>Mittwoch, 11.02.2026\u00a0\u00a0\u00a019:00 Uhr \u00a0\u00a0\u00a0 online- Elterninformationsabend \u00a0 \u00a0 \u00a0 \u00a0 \u00a0 \u00a0 \u00a0 \u00a0 \u00a0 \u00a0 \u00a0Die Teilnahme ist ohne Voranmeldung\u00a0 ganz einfach \u00fcber unsere Homepage www.cfgs.de m\u00f6glich.\u00a0Wir werden Sie u.a. \u00fcber die p\u00e4dagogischen Schwerpunkte in unseren Schulzweigen, unser Konzept des \u201eFreien Lernens\u201c, unsere Studien- und Berufsorientierung, unser Ganztags- und F\u00f6rderkonzept, unsere Bl\u00e4serklasse\u00a0 und nat\u00fcrlich auch \u00fcber die Aufnahme und \u201edas Ankommen\u201c an unserer Schule informieren.<\/li>\n\n\n\n<li><strong>Tag der offenen T\u00fcr<\/strong> am Mittwoch, 15.04.2026 von 15.00 Uhr bis 18.00 Uhr&nbsp; &nbsp; &nbsp; &nbsp; &nbsp; &nbsp; &nbsp; &nbsp; &nbsp; &nbsp; &nbsp; &nbsp; &nbsp; &nbsp; &nbsp; &nbsp; &nbsp; &nbsp; &nbsp; &nbsp; &nbsp; &nbsp; &nbsp;    Unsere <a href=\"https:\/\/wordpress.nibis.de\/cfgs\/virtueller-tag-der-offenen-tuer-2021\/\">Fachbereiche<\/a> \u00f6ffnen die T\u00fcren und stellen sich vor. Ihr k\u00f6nnt in alle R\u00e4ume schauen und bei vielen Mitmachaktionen die neuen Unterrichtsf\u00e4cher kennenlernen, die euch im 5. Jahrgang erwarten.<\/li>\n\n\n\n<li><strong><a href=\"https:\/\/wordpress.nibis.de\/cfgs\/?page_id=155\">Anmeldungen<\/a><\/strong> am Montag, 27.04.2026 von 08:00 Uhr bis 18:00 Uhr und\u00a0am Dienstag, 28.04.2026 von 08:00 bis 15:00 Uhr<\/li>\n<\/ul>\n\n\n\n<p>\u00a0<\/p>\n<p>&#8230;das war bereits&#8230;:<\/p>\n\n\n\n<ul class=\"wp-block-list\">\n<li><strong>Elterninfoabend bei uns in der Schule mit <a href=\"https:\/\/wordpress.nibis.de\/cfgs\/rundgang-durch-unsere-schule\/\">Schulrundgang<\/a><\/strong> f\u00fcr Eltern und Erziehungsberechtigte am Mittwoch, 19.11.2025\u00a0um 19:00 Uhr<\/li>\n\n\n\n<li><strong>Schnuppertage f\u00fcr die Viertkl\u00e4ssler<\/strong> aus den Grundschulen in Friedland, Gleichen und Rosdorf am Dienstag, 18.11.2025; Mittwoch,  19.11.2025  und Donnerstag, 20.11.2025 .\u00a0 Die Organisation der Schnuppertage erfolgt \u00fcber die Schulleitungen. Sch\u00fclerinnen und Sch\u00fcler von vierten Klassen aus anderen Grundschulen k\u00f6nnen nach vorheriger R\u00fccksprache mit uns ebenfalls an unseren Schnuppertagen teilnehmen.<\/li>\n<\/ul>\n\n\n\n<ul class=\"wp-block-list\"><\/ul>\n\n\n\n<p>Zu allen Veranstaltungen verschicken wir noch separate Einladungen!<\/p>\n\n\n\n<p><\/p>\n\n\n\n<p><strong>Oft sind es neben unserem (auch vielfach preisgekr\u00f6ntem) Schulkonzept auch ganz praktische Dinge, die euch bei eurer Schulwahl beeinflussen:<\/strong><\/p>\n\n\n\n<ul class=\"wp-block-list\">\n<li>Bei uns h\u00e4lt der Bus direkt vor der T\u00fcr und die Busfahrzeiten sind vergleichsweise gering.<\/li>\n\n\n\n<li>Unsere Klassen sind angenehm klein und haben im Durchschnitt 23 Sch\u00fclerinnen und Sch\u00fcler.<\/li>\n\n\n\n<li>Unser vielseitiger Ganztagsunterricht ist flexibel: Zwei Tage sind verpflichtend, aber vier Tage k\u00f6nnen freiwillig nachmittags bis 15:30 Uhr belegt werden.<\/li>\n\n\n\n<li>Unser Mensaessen kann einfach online bestellt werden und wird vom benachbarten Mehrgenerationenhaus t\u00e4glich frisch und vor Ort gekocht.<\/li>\n\n\n\n<li>Freundschaften ber\u00fccksichtigen wir nat\u00fcrlich bei der Klasseneinteilung.<\/li>\n\n\n\n<li>Unsere Schule ist top-modern ausgestattet und hat seit 2019 eine neue Drei-Felder- Sporthalle.<\/li>\n\n\n\n<li>Unsere Schule ist bei regionalen und \u00fcberregionalen Schulleistungswettbewerben \u00fcberaus erfolgreich und genie\u00dft einen hervorragenden Ruf.<\/li>\n<\/ul>\n\n\n\n<p>Wir w\u00fcrden uns freuen, dich und deine Eltern bei uns begr\u00fc\u00dfen zu k\u00f6nnen und w\u00fcnschen dir noch ganz viel Erfolg f\u00fcr das zweite Halbjahr in deinem letzten Grundschuljahr!<\/p>\n\n\n\n<p><\/p>\n\n\n\n<p><\/p>\n\n\n\n<p><\/p>\n\n\n","protected":false},"excerpt":{"rendered":"<p>Liebe Sch\u00fclerinnen und Sch\u00fcler, Liebe Eltern und Erziehungsberechtigte, mit dem Erhalt des Halbjahreszeugnisses, beginnt f\u00fcr euch Sch\u00fclerinnen und Sch\u00fcler eure letzte Etappe in der Grundschule. Sofern es in diesem Schuljahr<\/p>\n","protected":false},"author":277,"featured_media":0,"parent":0,"menu_order":0,"comment_status":"closed","ping_status":"closed","template":"","meta":{"footnotes":""},"class_list":["post-2272","page","type-page","status-publish","hentry"],"_links":{"self":[{"href":"https:\/\/wordpress.nibis.de\/cfgs\/wp-json\/wp\/v2\/pages\/2272","targetHints":{"allow":["GET"]}}],"collection":[{"href":"https:\/\/wordpress.nibis.de\/cfgs\/wp-json\/wp\/v2\/pages"}],"about":[{"href":"https:\/\/wordpress.nibis.de\/cfgs\/wp-json\/wp\/v2\/types\/page"}],"author":[{"embeddable":true,"href":"https:\/\/wordpress.nibis.de\/cfgs\/wp-json\/wp\/v2\/users\/277"}],"replies":[{"embeddable":true,"href":"https:\/\/wordpress.nibis.de\/cfgs\/wp-json\/wp\/v2\/comments?post=2272"}],"version-history":[{"count":22,"href":"https:\/\/wordpress.nibis.de\/cfgs\/wp-json\/wp\/v2\/pages\/2272\/revisions"}],"predecessor-version":[{"id":7370,"href":"https:\/\/wordpress.nibis.de\/cfgs\/wp-json\/wp\/v2\/pages\/2272\/revisions\/7370"}],"wp:attachment":[{"href":"https:\/\/wordpress.nibis.de\/cfgs\/wp-json\/wp\/v2\/media?parent=2272"}],"curies":[{"name":"wp","href":"https:\/\/api.w.org\/{rel}","templated":true}]}}