{"id":703,"date":"2019-12-08T21:30:11","date_gmt":"2019-12-08T20:30:11","guid":{"rendered":"https:\/\/wordpress.nibis.de\/cosli\/?page_id=703"},"modified":"2021-09-29T09:18:06","modified_gmt":"2021-09-29T07:18:06","slug":"mentor","status":"publish","type":"page","link":"https:\/\/wordpress.nibis.de\/cosli\/mentor\/","title":{"rendered":"MENTOR &#8211; Leselernhelfer"},"content":{"rendered":"\n<p class=\"has-text-align-center\"> MENTOR &#8211; Die Leselernhelfer Lingen e.V. <\/p>\n\n\n\n<p>Der Verein MENTOR f\u00f6rdert seit den Herbstferien 2019 mit neun Leselernhelfern die Sch\u00fclerinnen und Sch\u00fcler der Carl-Orff-Schule. <\/p>\n\n\n\n<div class=\"wp-block-image\"><figure class=\"aligncenter is-resized\"><img loading=\"lazy\" decoding=\"async\" src=\"https:\/\/wordpress.nibis.de\/cosli\/files\/2019\/12\/20191206_124939.jpg\" alt=\"\" class=\"wp-image-689\" width=\"314\" height=\"236\" srcset=\"https:\/\/wordpress.nibis.de\/cosli\/files\/2019\/12\/20191206_124939.jpg 800w, https:\/\/wordpress.nibis.de\/cosli\/files\/2019\/12\/20191206_124939-300x225.jpg 300w\" sizes=\"auto, (max-width: 314px) 100vw, 314px\" \/><\/figure><\/div>\n\n\n\n<p>MENTOR &#8211; Die Leselernhelfer Lingen e.V. ist eine gemeinn\u00fctzige Initiative, die Kinder durch individuelle F\u00f6rderung gezielt unterst\u00fctzt, ihre Lese- und Sprachkompetenz auszubilden. Der Lingener Verein wurde im April 2019 auf Initiative unserer Kolleginnen Katharina Blanke und Bettina Wichmann gegr\u00fcndet.<\/p>\n\n\n\n<p>Der Verein arbeitet nach dem 1:1 Prinzip mit den drei S\u00e4ulen:<\/p>\n\n\n\n<ol class=\"wp-block-list\"><li>Ein Leselernhelfer f\u00f6rdert jeweils ein Kind eine Stunde pro Woche &#8211; mindestens ein Schuljahr.<\/li><li>Es entsteht eine vertrauensvolle Beziehung.<\/li><li>Es herrscht eine entspannte Lernatmosph\u00e4re, gekennzeichnet durch Humor, Geduld und Zuwendung.<\/li><\/ol>\n\n\n\n<p>Zurzeit f\u00f6rdern neun Leselernhelfer an der Carl-Orff-Schule elf Sch\u00fclerinnen und Sch\u00fcler. Dabei werden die W\u00fcnsche des Kindes ber\u00fccksichtigt, das Lesen altersangemessener Texte, das gemeinsame Sprechen und Erz\u00e4hlen \u00fcber das Gelesene und das Wecken der Leselust mit Lesespielen, Fantasie und Kreativit\u00e4t.<\/p>\n\n\n\n<p>Die Mentoren an der Carl-Orff-Schule zeigen gro\u00dfes Engagement und gehen auf individuelle Interessen und St\u00e4rken der Sch\u00fclerinnen und Sch\u00fcler ein.<\/p>\n","protected":false},"excerpt":{"rendered":"<p>MENTOR &#8211; Die Leselernhelfer Lingen e.V. Der Verein MENTOR f\u00f6rdert seit den Herbstferien 2019 mit neun Leselernhelfern die Sch\u00fclerinnen und Sch\u00fcler der Carl-Orff-Schule. MENTOR &#8211; Die Leselernhelfer Lingen e.V. ist eine gemeinn\u00fctzige Initiative, die Kinder durch individuelle F\u00f6rderung gezielt unterst\u00fctzt, ihre Lese- und Sprachkompetenz auszubilden. Der Lingener Verein wurde im April 2019 auf Initiative unserer [&hellip;]<\/p>\n","protected":false},"author":910,"featured_media":0,"parent":0,"menu_order":0,"comment_status":"closed","ping_status":"closed","template":"","meta":{"footnotes":""},"class_list":["post-703","page","type-page","status-publish","hentry"],"_links":{"self":[{"href":"https:\/\/wordpress.nibis.de\/cosli\/wp-json\/wp\/v2\/pages\/703","targetHints":{"allow":["GET"]}}],"collection":[{"href":"https:\/\/wordpress.nibis.de\/cosli\/wp-json\/wp\/v2\/pages"}],"about":[{"href":"https:\/\/wordpress.nibis.de\/cosli\/wp-json\/wp\/v2\/types\/page"}],"author":[{"embeddable":true,"href":"https:\/\/wordpress.nibis.de\/cosli\/wp-json\/wp\/v2\/users\/910"}],"replies":[{"embeddable":true,"href":"https:\/\/wordpress.nibis.de\/cosli\/wp-json\/wp\/v2\/comments?post=703"}],"version-history":[{"count":4,"href":"https:\/\/wordpress.nibis.de\/cosli\/wp-json\/wp\/v2\/pages\/703\/revisions"}],"predecessor-version":[{"id":894,"href":"https:\/\/wordpress.nibis.de\/cosli\/wp-json\/wp\/v2\/pages\/703\/revisions\/894"}],"wp:attachment":[{"href":"https:\/\/wordpress.nibis.de\/cosli\/wp-json\/wp\/v2\/media?parent=703"}],"curies":[{"name":"wp","href":"https:\/\/api.w.org\/{rel}","templated":true}]}}