{"id":2,"date":"2024-07-24T07:21:34","date_gmt":"2024-07-24T05:21:34","guid":{"rendered":"https:\/\/wordpress.nibis.de\/du-bbs\/?page_id=2"},"modified":"2025-04-18T08:00:50","modified_gmt":"2025-04-18T06:00:50","slug":"was-ist-distanzunterricht","status":"publish","type":"page","link":"https:\/\/wordpress.nibis.de\/du-bbs\/was-ist-distanzunterricht\/","title":{"rendered":"Was ist Distanzunterricht?"},"content":{"rendered":"\n<p>Der Distanzunterricht erg\u00e4nzt das Unterrichtsangebot der berufsbildenden Schulen als Regionale Kompetenzzentren und unterst\u00fctzt die Kompetenzentwicklung der Sch\u00fclerinnen und Sch\u00fcler im handlungsorientierten Unterricht in einer digital gepr\u00e4gten Welt.<\/p>\n\n\n\n<p><strong>Der Distanzunterricht ist neben dem Pr\u00e4senzunterricht eine erg\u00e4nzende und verbindliche Unterrichtsform<sup>1<\/sup>.<\/strong>&nbsp;F\u00fcr eine erfolgreiche Etablierung im Unterrichtsalltag gilt es, besondere Spezifika und Herausforderungen in der Schul- und Unterrichtsorganisation zu beachten.<\/p>\n\n\n\n<p>Die&nbsp;<strong>Teilnahme<\/strong>&nbsp;am Distanzunterricht ist f\u00fcr Sch\u00fclerinnen und Sch\u00fcler ebenso&nbsp;<strong>verpflichtend<\/strong>&nbsp;wie am Pr\u00e4senzunterricht. Es werden eindeutige Regelungen in der Schulordnung empfohlen. In diesen Regelungen muss deutlich gemacht werden, dass die Pers\u00f6nlichkeitsrechte aller Teilnehmenden, sowohl der Sch\u00fclerinnen und Sch\u00fcler als auch der Lehrkr\u00e4fte, gewahrt bleiben und dass insbesondere das Aufzeichnen, Abfilmen oder Abfotografieren (Screenshot) von digitalen Inhalten unzul\u00e4ssig ist. Zu Beginn des Schuljahres sind mit allen Sch\u00fclerinnen und Sch\u00fclern die sensiblen Themenbereiche \u2013 Wahrung von Pers\u00f6nlichkeitsrechten und Datenschutz &#8211; verpflichtend und ausf\u00fchrlich zu er\u00f6rtern.<\/p>\n\n\n\n<p><sub><sup>1<\/sup>&nbsp;Erg\u00e4nzende Bestimmungen f\u00fcr das berufsbildende Schulwesen (EB-BbS), 2.15 Unterst\u00fctzung des Pr\u00e4senzunterrichts<\/sub><br><sub><a href=\"https:\/\/voris.wolterskluwer-online.de\/browse\/document\/cite\/30f4d672-a2f6-3443-a4a0-9714150f27f2\">htt<\/a><a href=\"https:\/\/voris.wolterskluwer-online.de\/browse\/document\/cite\/30f4d672-a2f6-3443-a4a0-9714150f27f2\" target=\"_blank\" rel=\"noreferrer noopener\">ps:\/\/voris.wolterskluwer-online.de\/browse\/document\/cite\/30f4d672-a2f6-3443-a4a0-9714150f27f2<\/a><\/sub><\/p>\n","protected":false},"excerpt":{"rendered":"<p>Der Distanzunterricht erg\u00e4nzt das Unterrichtsangebot der berufsbildenden Schulen als Regionale Kompetenzzentren und unterst\u00fctzt die Kompetenzentwicklung der Sch\u00fclerinnen und Sch\u00fcler im handlungsorientierten Unterricht in einer digital gepr\u00e4gten Welt. Der Distanzunterricht ist neben dem Pr\u00e4senzunterricht eine erg\u00e4nzende und verbindliche Unterrichtsform1.&nbsp;F\u00fcr eine erfolgreiche Etablierung im Unterrichtsalltag gilt es, besondere Spezifika und Herausforderungen in der Schul- und Unterrichtsorganisation zu &hellip; <a href=\"https:\/\/wordpress.nibis.de\/du-bbs\/was-ist-distanzunterricht\/\" class=\"more-link\"><span class=\"screen-reader-text\">Was ist Distanzunterricht?<\/span> weiterlesen <span class=\"meta-nav\">&rarr;<\/span><\/a><\/p>\n","protected":false},"author":9194395,"featured_media":0,"parent":0,"menu_order":0,"comment_status":"closed","ping_status":"open","template":"","meta":{"footnotes":""},"class_list":["post-2","page","type-page","status-publish","hentry"],"_links":{"self":[{"href":"https:\/\/wordpress.nibis.de\/du-bbs\/wp-json\/wp\/v2\/pages\/2","targetHints":{"allow":["GET"]}}],"collection":[{"href":"https:\/\/wordpress.nibis.de\/du-bbs\/wp-json\/wp\/v2\/pages"}],"about":[{"href":"https:\/\/wordpress.nibis.de\/du-bbs\/wp-json\/wp\/v2\/types\/page"}],"author":[{"embeddable":true,"href":"https:\/\/wordpress.nibis.de\/du-bbs\/wp-json\/wp\/v2\/users\/9194395"}],"replies":[{"embeddable":true,"href":"https:\/\/wordpress.nibis.de\/du-bbs\/wp-json\/wp\/v2\/comments?post=2"}],"version-history":[{"count":2,"href":"https:\/\/wordpress.nibis.de\/du-bbs\/wp-json\/wp\/v2\/pages\/2\/revisions"}],"predecessor-version":[{"id":17,"href":"https:\/\/wordpress.nibis.de\/du-bbs\/wp-json\/wp\/v2\/pages\/2\/revisions\/17"}],"wp:attachment":[{"href":"https:\/\/wordpress.nibis.de\/du-bbs\/wp-json\/wp\/v2\/media?parent=2"}],"curies":[{"name":"wp","href":"https:\/\/api.w.org\/{rel}","templated":true}]}}