{"id":20,"date":"2025-04-18T08:03:21","date_gmt":"2025-04-18T06:03:21","guid":{"rendered":"https:\/\/wordpress.nibis.de\/du-bbs\/?page_id=20"},"modified":"2025-04-18T08:04:00","modified_gmt":"2025-04-18T06:04:00","slug":"welche-organisatorischen-paedagogischen-und-technischen-rahmenbedingungen-sollten-beachtet-werden","status":"publish","type":"page","link":"https:\/\/wordpress.nibis.de\/du-bbs\/welche-organisatorischen-paedagogischen-und-technischen-rahmenbedingungen-sollten-beachtet-werden\/","title":{"rendered":"Welche organisatorischen, p\u00e4dagogischen und technischen Rahmenbedingungen sollten beachtet werden?"},"content":{"rendered":"\n<h3 class=\"wp-block-heading\">1. Organisatorische Rahmenbedingungen f\u00fcr Distanzunterricht<\/h3>\n\n\n\n<p>Der organisatorische Rahmen f\u00fcr Distanzunterricht ist f\u00fcr alle Verantwortlichen und Beteiligten, die Schulleitung, das Schulleitungsteam, f\u00fcr Lehrkr\u00e4fte, Sch\u00fclerinnen und Sch\u00fcler, Ausbildungsbetriebe, Erziehungs- und Sorgeberechtigte, transparent und nachvollziehbar zu beschreiben.<\/p>\n\n\n\n<p>Strukturgebendes Element &#8211; auch des Distanzunterrichts &#8211; bildet die Jahresplanung. Durch die Jahresplanung \u2013 und konkret die Ausgestaltung des Stundenplans &#8211; wird der zeitliche und organisatorische Rahmen des Unterrichtes eines Bildungsgangs f\u00fcr das aktuelle Schuljahr beschrieben. Neben den Lernsituationen, deren zeitlicher Abfolge auf Grundlage der didaktisch-methodischen Planung, der Anordnung der Lernsituationen im laufenden Schuljahr, werden z. B. Klassenfahrten, Pr\u00fcfungstermine, (Betriebs)Praktika und die praktische Ausbildung abgebildet. An den berufsbildenden Schulen gilt sowohl f\u00fcr den Pr\u00e4senz- als auch f\u00fcr den Distanzunterricht das Beachten der verbindlichen Leitlinie Schulisches Curriculum-BBS (SchuCu-BBS). Dabei werden schulspezifische Entscheidungen und sonstige Vereinbarungen, wie z. B. Fehlzeitenmanagement, Leistungsfeststellung und -bewertung, unter besonderer Beachtung der Beziehungsarbeit ber\u00fccksichtigt.<\/p>\n\n\n\n<p>Zu Schuljahresbeginn sollte zun\u00e4chst Pr\u00e4senzunterricht stattfinden, um die St\u00e4rkung der Personalen Kompetenz in den Vordergrund zu stellen. Dabei geht es um den Kontakt der Lehrkraft zu den Sch\u00fclerinnen und Sch\u00fclern sowie den Kontakt der Sch\u00fclerinnen und Sch\u00fcler untereinander. In den ersten Unterrichtswochen werden Phasen zum Erproben des Distanzunterrichts durchgef\u00fchrt. Im Pr\u00e4senzunterricht sollte die soziale Interaktion gest\u00e4rkt werden. Bei Distanztagen sollten verbindliche Regeln der Netiquette verstetigt und ausgebaut werden. Diese Regeln sollten im Vorfeld in Pr\u00e4senz klar kommuniziert werden.<\/p>\n\n\n\n<p>Erste Auswertungen von Distanzunterricht haben gezeigt, dass der Unterricht als lernwirksamer wahrgenommen wird, wenn die Sch\u00fclerinnen und Sch\u00fcler sich in einer identischen r\u00e4umlichen Situation befinden. Entweder sind alle Sch\u00fclerinnen und Sch\u00fcler im Pr\u00e4senzunterricht oder alle Sch\u00fclerinnen und Sch\u00fcler sind im Distanzunterricht. Als weniger lernwirksam wird der Unterricht wahrgenommen, wenn sich eine Hybrid-Situation ergibt.<sup>1<\/sup><\/p>\n\n\n\n<p>Sch\u00fclerinnen und Sch\u00fcler mit besonderem F\u00f6rderbedarf haben deutlich gr\u00f6\u00dfere Schwierigkeiten, die Herausforderungen des Distanzunterrichts zu meistern. Deshalb ist dieser Gruppe erh\u00f6hte Aufmerksamkeit zu schenken und ein abgestimmtes passgenaues Unterst\u00fctzungsangebot erforderlich.<br>In Klassen des Berufsbildungsbereichs der Werkst\u00e4tten f\u00fcr behinderte Menschen muss davon ausgegangen werden, dass diese Sch\u00fclerinnen und Sch\u00fcler eher nicht in Distanz unterrichtet werden k\u00f6nnen.<\/p>\n\n\n\n<h3 class=\"wp-block-heading\">2. P\u00e4dagogische Rahmenbedingungen f\u00fcr handlungsorientierten Pr\u00e4senz- und Distanzunterricht<\/h3>\n\n\n\n<p>Lehrkr\u00e4fte unterst\u00fctzen den Lernprozess der Sch\u00fclerinnen und Sch\u00fcler aktiv, indem sie<\/p>\n\n\n\n<ul class=\"wp-block-list\"><li>f\u00fcr die Teilnahme am Unterrichtsgeschehen motivieren,<\/li><li>das Denken in Zusammenh\u00e4ngen f\u00f6rdert,<\/li><li>selbstgesteuertes Lernen \u00fcber Lern- und Arbeitsprozesse initiieren,<\/li><li>kooperatives Lernen \u00fcber Lern- und Arbeitsprozesse initiieren,<\/li><li>die Bearbeitung, Dokumentation und\/oder Vorgehensweise verfolgen,<\/li><li>eine konstruktive R\u00fcckmeldekultur f\u00f6rdern, bei der die Sch\u00fclerinnen und Sch\u00fcler regelm\u00e4\u00dfig eine zeitnahe<\/li><li>R\u00fcckfragem\u00f6glichkeit haben und Lehrkr\u00e4fte weiterf\u00fchrende Hinweise geben, sowie auf Verbesserungsbereiche und Weiterentwicklungsm\u00f6glichkeiten hinweisen,<\/li><li>die Reflexion der Lern- und Arbeitsprozesse f\u00f6rdert,<\/li><li>daf\u00fcr sorgen, dass der Unterricht erkennbar strukturiert ist und die Unterrichtszeit effizient genutzt wird,<\/li><li>daf\u00fcr sorgen, dass Ergebnisse gesichert werden, evtl.: sicherstellen, dass Ergebnisse f\u00fcr alle verf\u00fcgbar sind<\/li><li>die Vorgehensweise und\/oder das Handlungsergebnis wertsch\u00e4tzen und auf Basis von festgelegten Kriterien bewerten,<\/li><li>den Lernfortschritt hinsichtlich der Kompetenzentwicklung der Sch\u00fclerinnen und Sch\u00fcler durch Leistungsnachweise regelm\u00e4\u00dfig feststellen, dokumentieren und bewerten.<\/li><\/ul>\n\n\n\n<p>Die Bildungsgangs- und Fachgruppen haben<\/p>\n\n\n\n<ul class=\"wp-block-list\"><li>Kriterien zur Leistungsfeststellung und Leistungsbewertung im Distanzunterricht analog zum Pr\u00e4senzunterricht erstellt,<sup>2<\/sup><\/li><li>Kriterien schulintern ver\u00f6ffentlicht und den Sch\u00fclerinnen und Sch\u00fclern bekanntgegeben.<\/li><\/ul>\n\n\n\n<h3 class=\"wp-block-heading\">3. Technische Rahmenbedingungen f\u00fcr handlungsorientierten Pr\u00e4senz- und Distanzunterricht<\/h3>\n\n\n\n<ul class=\"wp-block-list\"><li>Alle Sch\u00fclerinnen und Sch\u00fcler sowie alle Lehrkr\u00e4fte haben Zugang zu leistungsf\u00e4higem Internet und nutzen geeignete digitale Endger\u00e4te mit Kamera und Mikrophon.<\/li><li>Die digitalen Endger\u00e4te verf\u00fcgen \u00fcber passende Software f\u00fcr Unterrichtszwecke.<\/li><li>Tools f\u00fcr Videokonferenzen sind vorhanden.<\/li><li>F\u00fcr durch die Schulen ausgeliehene Endger\u00e4te steht Administration und Wartung zur Verf\u00fcgung.<\/li><\/ul>\n\n\n\n<p>Der Zugang zu digitalen Plattformen wie der Nieders\u00e4chsischen Bildungscloud (NBC), dem Nieders\u00e4chsischen Bildungsserver (NiBiS) oder anderen an der Schule eingef\u00fchrten Lernplattformen ist gew\u00e4hrleistet; idealerweise auch der Einsatz von Lernmanagementsystemen wie, z. B. moodle oder ILIAS.\u2003<\/p>\n\n\n\n<p><sub><sup>1<\/sup>&nbsp;Ein Teil der Sch\u00fclerinnen und Sch\u00fcler befindet sich im Distanzunterricht, w\u00e4hrend der andere Teil im Pr\u00e4senzunterricht ist. Ist eine Hybridsituation nicht zu vermeiden, so ist f\u00fcr die Sichtbarkeit und H\u00f6rbarkeit der Sch\u00fclerinnen und Sch\u00fcler im Distanzunterricht mit geeigneten technischen Mitteln zu sorgen. Der Hybridunterricht f\u00fchrt zu einer h\u00f6heren Belastung der Sch\u00fclerinnen und Sch\u00fcler, aber auch der Lehrkr\u00e4fte. Deshalb ist eine sorgf\u00e4ltige Konzeption des Hybridunterrichts da notwendig, wo er nicht zu vermeiden ist.<\/sub><\/p>\n\n\n\n<p><sub><sup>2<\/sup>&nbsp;https:\/\/voris.wolterskluwer-online.de\/browse\/document\/cite\/b53c2833-dc31-3d7a-9094-83f7f0b9e5fa<\/sub><\/p>\n","protected":false},"excerpt":{"rendered":"<p>1. Organisatorische Rahmenbedingungen f\u00fcr Distanzunterricht Der organisatorische Rahmen f\u00fcr Distanzunterricht ist f\u00fcr alle Verantwortlichen und Beteiligten, die Schulleitung, das Schulleitungsteam, f\u00fcr Lehrkr\u00e4fte, Sch\u00fclerinnen und Sch\u00fcler, Ausbildungsbetriebe, Erziehungs- und Sorgeberechtigte, transparent und nachvollziehbar zu beschreiben. Strukturgebendes Element &#8211; auch des Distanzunterrichts &#8211; bildet die Jahresplanung. Durch die Jahresplanung \u2013 und konkret die Ausgestaltung des Stundenplans &#8211; &hellip; <a href=\"https:\/\/wordpress.nibis.de\/du-bbs\/welche-organisatorischen-paedagogischen-und-technischen-rahmenbedingungen-sollten-beachtet-werden\/\" class=\"more-link\"><span class=\"screen-reader-text\">Welche organisatorischen, p\u00e4dagogischen und technischen Rahmenbedingungen sollten beachtet werden?<\/span> weiterlesen <span class=\"meta-nav\">&rarr;<\/span><\/a><\/p>\n","protected":false},"author":9194395,"featured_media":0,"parent":0,"menu_order":0,"comment_status":"closed","ping_status":"closed","template":"","meta":{"footnotes":""},"class_list":["post-20","page","type-page","status-publish","hentry"],"_links":{"self":[{"href":"https:\/\/wordpress.nibis.de\/du-bbs\/wp-json\/wp\/v2\/pages\/20","targetHints":{"allow":["GET"]}}],"collection":[{"href":"https:\/\/wordpress.nibis.de\/du-bbs\/wp-json\/wp\/v2\/pages"}],"about":[{"href":"https:\/\/wordpress.nibis.de\/du-bbs\/wp-json\/wp\/v2\/types\/page"}],"author":[{"embeddable":true,"href":"https:\/\/wordpress.nibis.de\/du-bbs\/wp-json\/wp\/v2\/users\/9194395"}],"replies":[{"embeddable":true,"href":"https:\/\/wordpress.nibis.de\/du-bbs\/wp-json\/wp\/v2\/comments?post=20"}],"version-history":[{"count":2,"href":"https:\/\/wordpress.nibis.de\/du-bbs\/wp-json\/wp\/v2\/pages\/20\/revisions"}],"predecessor-version":[{"id":22,"href":"https:\/\/wordpress.nibis.de\/du-bbs\/wp-json\/wp\/v2\/pages\/20\/revisions\/22"}],"wp:attachment":[{"href":"https:\/\/wordpress.nibis.de\/du-bbs\/wp-json\/wp\/v2\/media?parent=20"}],"curies":[{"name":"wp","href":"https:\/\/api.w.org\/{rel}","templated":true}]}}