{"id":131,"date":"2025-09-05T12:54:43","date_gmt":"2025-09-05T10:54:43","guid":{"rendered":"https:\/\/wordpress.nibis.de\/foerderschule-ammerland\/?page_id=131"},"modified":"2025-12-17T16:33:19","modified_gmt":"2025-12-17T15:33:19","slug":"ag","status":"publish","type":"page","link":"https:\/\/wordpress.nibis.de\/foerderschule-ammerland\/ag\/","title":{"rendered":"AG"},"content":{"rendered":"\n<p><a href=\"https:\/\/wordpress.nibis.de\/foerderschule-ammerland\/schulhund\/\" data-type=\"page\" data-id=\"159\">Schulhund (Frau Unger)<\/a><\/p>\n\n\n\n<p><a href=\"https:\/\/wordpress.nibis.de\/foerderschule-ammerland\/textil\/\" data-type=\"page\" data-id=\"161\">Textil (Frau Dag)<\/a><\/p>\n\n\n\n<p><a href=\"https:\/\/wordpress.nibis.de\/foerderschule-ammerland\/schach-und-co\/\" data-type=\"page\" data-id=\"157\">Schach und co (Herr Baus)<\/a><\/p>\n\n\n\n<p><a href=\"https:\/\/wordpress.nibis.de\/foerderschule-ammerland\/wald\/\" data-type=\"page\" data-id=\"153\">Wald (Herr Krumnow)<\/a><\/p>\n\n\n\n<p><a href=\"https:\/\/wordpress.nibis.de\/foerderschule-ammerland\/kunst\/\" data-type=\"page\" data-id=\"155\">Kunst (Herr Krumnow)<\/a><\/p>\n\n\n\n<p><a href=\"https:\/\/wordpress.nibis.de\/foerderschule-ammerland\/fahradwerkstatt\/\" data-type=\"page\" data-id=\"149\">Fahrradwerkstatt (Frau Hillmert und Herr M\u00f6dden)<\/a><\/p>\n\n\n\n<p><a href=\"https:\/\/wordpress.nibis.de\/foerderschule-ammerland\/holztechnik\/\" data-type=\"page\" data-id=\"151\">Holztechnik (Herr M\u00f6dden)<\/a><\/p>\n\n\n\n<p><a href=\"https:\/\/wordpress.nibis.de\/foerderschule-ammerland\/acker\/\" data-type=\"page\" data-id=\"147\">Acker (Frau Unger)<\/a><\/p>\n\n\n\n<p><a href=\"https:\/\/wordpress.nibis.de\/foerderschule-ammerland\/schulverschoenerung\/\" data-type=\"page\" data-id=\"145\">Schulversch\u00f6nerung (Frau Beckmann)<\/a><\/p>\n\n\n\n<p><a href=\"https:\/\/wordpress.nibis.de\/foerderschule-ammerland\/kochenundbacken\/\" data-type=\"page\" data-id=\"143\">Kochen und Backen (Frau Danz)<\/a><\/p>\n\n\n\n<p><a href=\"https:\/\/wordpress.nibis.de\/foerderschule-ammerland\/imkern\/\" data-type=\"page\" data-id=\"141\">Imkern (Herr Sch\u00fctte)<\/a><\/p>\n\n\n\n<p><a href=\"https:\/\/wordpress.nibis.de\/foerderschule-ammerland\/schuelerband\/\" data-type=\"page\" data-id=\"139\">Sch\u00fclerband (Herr Wessels)<\/a><\/p>\n\n\n\n<p><a href=\"https:\/\/wordpress.nibis.de\/foerderschule-ammerland\/cafe-am-teich\/\" data-type=\"page\" data-id=\"137\">Caf\u00e9 am Teich (Frau Sch\u00fc\u00fcrmann)<\/a><\/p>\n\n\n\n<p><a href=\"https:\/\/wordpress.nibis.de\/foerderschule-ammerland\/homepage-ag\/\" data-type=\"page\" data-id=\"124\">Homepage (Herr Baus)<\/a><\/p>\n\n\n\n<p><a href=\"https:\/\/wordpress.nibis.de\/foerderschule-ammerland\/mofa-ag\/\" data-type=\"page\" data-id=\"121\">Mofa (Herr M\u00f6dden)<\/a><\/p>\n\n\n\n<p><\/p>\n","protected":false},"excerpt":{"rendered":"<p>Schulhund (Frau Unger) Textil (Frau Dag) Schach und co (Herr Baus) Wald (Herr Krumnow) Kunst (Herr Krumnow) Fahrradwerkstatt (Frau Hillmert und Herr M\u00f6dden) Holztechnik (Herr M\u00f6dden) Acker (Frau Unger) Schulversch\u00f6nerung (Frau Beckmann) Kochen und Backen (Frau Danz) Imkern (Herr Sch\u00fctte) Sch\u00fclerband (Herr Wessels) Caf\u00e9 am Teich (Frau Sch\u00fc\u00fcrmann) Homepage (Herr Baus) Mofa (Herr M\u00f6dden)<\/p>\n","protected":false},"author":9192954,"featured_media":0,"parent":0,"menu_order":0,"comment_status":"closed","ping_status":"closed","template":"","meta":{"footnotes":""},"class_list":["post-131","page","type-page","status-publish","hentry"],"_links":{"self":[{"href":"https:\/\/wordpress.nibis.de\/foerderschule-ammerland\/wp-json\/wp\/v2\/pages\/131","targetHints":{"allow":["GET"]}}],"collection":[{"href":"https:\/\/wordpress.nibis.de\/foerderschule-ammerland\/wp-json\/wp\/v2\/pages"}],"about":[{"href":"https:\/\/wordpress.nibis.de\/foerderschule-ammerland\/wp-json\/wp\/v2\/types\/page"}],"author":[{"embeddable":true,"href":"https:\/\/wordpress.nibis.de\/foerderschule-ammerland\/wp-json\/wp\/v2\/users\/9192954"}],"replies":[{"embeddable":true,"href":"https:\/\/wordpress.nibis.de\/foerderschule-ammerland\/wp-json\/wp\/v2\/comments?post=131"}],"version-history":[{"count":7,"href":"https:\/\/wordpress.nibis.de\/foerderschule-ammerland\/wp-json\/wp\/v2\/pages\/131\/revisions"}],"predecessor-version":[{"id":386,"href":"https:\/\/wordpress.nibis.de\/foerderschule-ammerland\/wp-json\/wp\/v2\/pages\/131\/revisions\/386"}],"wp:attachment":[{"href":"https:\/\/wordpress.nibis.de\/foerderschule-ammerland\/wp-json\/wp\/v2\/media?parent=131"}],"curies":[{"name":"wp","href":"https:\/\/api.w.org\/{rel}","templated":true}]}}