{"id":143,"date":"2025-09-05T13:04:40","date_gmt":"2025-09-05T11:04:40","guid":{"rendered":"https:\/\/wordpress.nibis.de\/foerderschule-ammerland\/?page_id=143"},"modified":"2026-01-23T13:07:05","modified_gmt":"2026-01-23T12:07:05","slug":"kochenundbacken","status":"publish","type":"page","link":"https:\/\/wordpress.nibis.de\/foerderschule-ammerland\/kochenundbacken\/","title":{"rendered":"Kochen Und Backen (Frau Danz)"},"content":{"rendered":"\n<p>Die Koch\u2011Arbeitsgemeinschaft (AG) an der Schule am Vo\u00dfbarg ist ein lebendiges und praxisorientiertes Angebot, in dem Sch\u00fclerinnen und Sch\u00fcler nicht nur den Umgang mit Lebensmitteln und K\u00fcchenger\u00e4ten erlernen, sondern auch wichtige soziale, organisatorische und kreative Kompetenzen entwickeln.<\/p>\n\n\n\n<p><strong>Gesunde Ern\u00e4hrung<\/strong> f\u00f6rdern: In der AG lernen die Teilnehmenden, wie man ausgewogene und leckere Gerichte zubereitet, wie man frische Zutaten sinnvoll verwendet und auf Qualit\u00e4t achtet.<\/p>\n\n\n\n<p><strong>Teamarbeit &amp; Verantwortung<\/strong>: Gemeinsam kochen hei\u00dft planen, aufteilen, zusammenarbeiten und Verantwortung \u00fcbernehmen \u2013 sei es bei der Vorbereitung, beim Kochen selbst oder beim Aufr\u00e4umen.<\/p>\n\n\n\n<p><strong>Mathematische und praktische F\u00e4higkeiten<\/strong>: Mengen berechnen, Wiegen, Zeitmanagement, Hygiene und Sicherheit in der K\u00fcche sind wichtige Bestandteile.<\/p>\n\n\n\n<p><strong>Kreativit\u00e4t &amp; Selbstst\u00e4ndigkeit<\/strong>: Die AG gibt Raum, eigene Ideen einzubringen \u2013 etwa bei Rezeptvorschl\u00e4gen oder beim Vorbereiten eines Gerichts \u2013 und neue Kochtechniken auszuprobieren.<\/p>\n\n\n\n<figure class=\"wp-block-image size-large is-resized\"><img loading=\"lazy\" decoding=\"async\" width=\"1200\" height=\"675\" src=\"https:\/\/wordpress.nibis.de\/foerderschule-ammerland\/files\/2026\/01\/IMG_0133-1200x675.jpeg\" alt=\"\" class=\"wp-image-461\" style=\"width:504px;height:auto\" srcset=\"https:\/\/wordpress.nibis.de\/foerderschule-ammerland\/files\/2026\/01\/IMG_0133-1200x675.jpeg 1200w, https:\/\/wordpress.nibis.de\/foerderschule-ammerland\/files\/2026\/01\/IMG_0133-850x478.jpeg 850w, https:\/\/wordpress.nibis.de\/foerderschule-ammerland\/files\/2026\/01\/IMG_0133-250x141.jpeg 250w\" sizes=\"auto, (max-width: 1200px) 100vw, 1200px\" \/><\/figure>\n","protected":false},"excerpt":{"rendered":"<p>Die Koch\u2011Arbeitsgemeinschaft (AG) an der Schule am Vo\u00dfbarg ist ein lebendiges und praxisorientiertes Angebot, in dem Sch\u00fclerinnen und Sch\u00fcler nicht nur den Umgang mit Lebensmitteln und K\u00fcchenger\u00e4ten erlernen, sondern auch wichtige soziale, organisatorische und kreative Kompetenzen entwickeln. Gesunde Ern\u00e4hrung f\u00f6rdern: In der AG lernen die Teilnehmenden, wie man ausgewogene und leckere Gerichte zubereitet, wie man [&hellip;]<\/p>\n","protected":false},"author":9192954,"featured_media":0,"parent":0,"menu_order":0,"comment_status":"closed","ping_status":"closed","template":"","meta":{"footnotes":""},"class_list":["post-143","page","type-page","status-publish","hentry"],"_links":{"self":[{"href":"https:\/\/wordpress.nibis.de\/foerderschule-ammerland\/wp-json\/wp\/v2\/pages\/143","targetHints":{"allow":["GET"]}}],"collection":[{"href":"https:\/\/wordpress.nibis.de\/foerderschule-ammerland\/wp-json\/wp\/v2\/pages"}],"about":[{"href":"https:\/\/wordpress.nibis.de\/foerderschule-ammerland\/wp-json\/wp\/v2\/types\/page"}],"author":[{"embeddable":true,"href":"https:\/\/wordpress.nibis.de\/foerderschule-ammerland\/wp-json\/wp\/v2\/users\/9192954"}],"replies":[{"embeddable":true,"href":"https:\/\/wordpress.nibis.de\/foerderschule-ammerland\/wp-json\/wp\/v2\/comments?post=143"}],"version-history":[{"count":8,"href":"https:\/\/wordpress.nibis.de\/foerderschule-ammerland\/wp-json\/wp\/v2\/pages\/143\/revisions"}],"predecessor-version":[{"id":465,"href":"https:\/\/wordpress.nibis.de\/foerderschule-ammerland\/wp-json\/wp\/v2\/pages\/143\/revisions\/465"}],"wp:attachment":[{"href":"https:\/\/wordpress.nibis.de\/foerderschule-ammerland\/wp-json\/wp\/v2\/media?parent=143"}],"curies":[{"name":"wp","href":"https:\/\/api.w.org\/{rel}","templated":true}]}}