{"id":147,"date":"2025-09-19T13:06:00","date_gmt":"2025-09-19T11:06:00","guid":{"rendered":"https:\/\/wordpress.nibis.de\/foerderschule-ammerland\/?page_id=147"},"modified":"2025-09-19T12:10:10","modified_gmt":"2025-09-19T10:10:10","slug":"acker","status":"publish","type":"page","link":"https:\/\/wordpress.nibis.de\/foerderschule-ammerland\/acker\/","title":{"rendered":"Acker (Frau Unger)"},"content":{"rendered":"\n<p>Die AG soll den Kindern und Jugendlichen ein Bewusstsein f\u00fcr Herkunft von Lebensmitteln vermitteln: Sie lernen, wie Gem\u00fcse w\u00e4chst, wie man es pflegt und erntet. <\/p>\n\n\n\n<p>Gleichzeitig dient die AG als Ort, um Verantwortung zu \u00fcbernehmen, Teamarbeit zu \u00fcben und Geduld sowie Ausdauer zu st\u00e4rken.<\/p>\n\n\n\n<p>Ein weiterer wichtiger Aspekt ist Nachhaltigkeit und Umweltbildung: Durch echte Erfahrungen in der Natur wird nahe gebracht, wie wichtig gesunde B\u00f6den, richtiges Pflegen und achtsames Umgang mit Pflanzen sind.<\/p>\n","protected":false},"excerpt":{"rendered":"<p>Die AG soll den Kindern und Jugendlichen ein Bewusstsein f\u00fcr Herkunft von Lebensmitteln vermitteln: Sie lernen, wie Gem\u00fcse w\u00e4chst, wie man es pflegt und erntet. Gleichzeitig dient die AG als Ort, um Verantwortung zu \u00fcbernehmen, Teamarbeit zu \u00fcben und Geduld sowie Ausdauer zu st\u00e4rken. Ein weiterer wichtiger Aspekt ist Nachhaltigkeit und Umweltbildung: Durch echte Erfahrungen [&hellip;]<\/p>\n","protected":false},"author":9192954,"featured_media":0,"parent":0,"menu_order":0,"comment_status":"closed","ping_status":"closed","template":"","meta":{"footnotes":""},"class_list":["post-147","page","type-page","status-publish","hentry"],"_links":{"self":[{"href":"https:\/\/wordpress.nibis.de\/foerderschule-ammerland\/wp-json\/wp\/v2\/pages\/147","targetHints":{"allow":["GET"]}}],"collection":[{"href":"https:\/\/wordpress.nibis.de\/foerderschule-ammerland\/wp-json\/wp\/v2\/pages"}],"about":[{"href":"https:\/\/wordpress.nibis.de\/foerderschule-ammerland\/wp-json\/wp\/v2\/types\/page"}],"author":[{"embeddable":true,"href":"https:\/\/wordpress.nibis.de\/foerderschule-ammerland\/wp-json\/wp\/v2\/users\/9192954"}],"replies":[{"embeddable":true,"href":"https:\/\/wordpress.nibis.de\/foerderschule-ammerland\/wp-json\/wp\/v2\/comments?post=147"}],"version-history":[{"count":3,"href":"https:\/\/wordpress.nibis.de\/foerderschule-ammerland\/wp-json\/wp\/v2\/pages\/147\/revisions"}],"predecessor-version":[{"id":217,"href":"https:\/\/wordpress.nibis.de\/foerderschule-ammerland\/wp-json\/wp\/v2\/pages\/147\/revisions\/217"}],"wp:attachment":[{"href":"https:\/\/wordpress.nibis.de\/foerderschule-ammerland\/wp-json\/wp\/v2\/media?parent=147"}],"curies":[{"name":"wp","href":"https:\/\/api.w.org\/{rel}","templated":true}]}}