{"id":371,"date":"2025-12-17T16:20:24","date_gmt":"2025-12-17T15:20:24","guid":{"rendered":"https:\/\/wordpress.nibis.de\/foerderschule-ammerland\/?page_id=371"},"modified":"2025-12-17T16:20:24","modified_gmt":"2025-12-17T15:20:24","slug":"grusswort-von-landraetin-frau-harms","status":"publish","type":"page","link":"https:\/\/wordpress.nibis.de\/foerderschule-ammerland\/grusswort-von-landraetin-frau-harms\/","title":{"rendered":"Gru\u00dfwort von Landr\u00e4tin Frau Harms"},"content":{"rendered":"\n<p>Herzlich Willkommen auf der Homepage der F\u00f6rderschule Rastede, der Schule f\u00fcr emotionale und soziale Entwicklung. Ich freue mich, Sie auf der neuen Homepage unserer F\u00f6rderschule begr\u00fc\u00dfen zu d\u00fcrfen.<\/p>\n\n\n\n<p>Im August 2025 hat die F\u00f6rderschule ihre T\u00fcren ge\u00f6ffnet und begr\u00fc\u00dft seither Sch\u00fclerinnen und Sch\u00fcler, die aufgrund besonderer emotionaler und sozialer Bed\u00fcrfnisse eine gezielte p\u00e4dagogische F\u00f6rderung brauchen. &nbsp;Aktuell werden an der F\u00f6rderschule drei Klassen der Jahrg\u00e4nge 5-7 unterrichtet. Dar\u00fcber hinaus k\u00f6nnen die Sch\u00fclerinnen und Sch\u00fcler den Abschluss der F\u00f6rderschule im Schwerpunkt Lernen sowie den Sekundarabschluss I (Haupt- und Realschulabschluss) erwerben.<\/p>\n\n\n\n<p>Mit der Er\u00f6ffnung dieser Schule erweitern wir das Bildungsangebot f\u00fcr die Kinder im Landkreis Ammerland um einen wichtigen Baustein. Wir schaffen nicht nur einen gesch\u00fctzten Lernort f\u00fcr Kinder und Jugendliche, sondern auch einen Lebensort mit Raum f\u00fcr Begegnung und Miteinander, der die Sch\u00fclerinnen und Sch\u00fcler individuell f\u00f6rdert und fordert, ihre Potenziale zu entdecken und zu entfalten.<\/p>\n\n\n\n<p>Es liegt uns am Herzen, dass jedes Kind sein Leistungspotenzial im Unterricht aussch\u00f6pfen kann, indem seine St\u00e4rken und Schw\u00e4chen gesehen werden und alle Sch\u00fclerinnen und Sch\u00fcler damit bessere Perspektiven f\u00fcr ein selbstbestimmtes Leben er\u00f6ffnet bekommen. Unsere Aufgabe ist die Entwicklung der Pers\u00f6nlichkeiten von jungen Menschen, die ihren Platz in einer komplizierten und herausfordernden Gesellschaft finden k\u00f6nnen und wollen. Gemeinsam mit einem engagierten Kollegium setzen wir uns t\u00e4glich daf\u00fcr ein, eine Atmosph\u00e4re zu schaffen, in der sich alle Sch\u00fclerinnen und Sch\u00fcler wohlf\u00fchlen und wachsen k\u00f6nnen.<\/p>\n\n\n\n<p>Ich w\u00fcnsche mir f\u00fcr die kommenden Jahre eine gute Zusammenarbeit und f\u00fcr die Sch\u00fclerschaft immer viel Erfolg und Spa\u00df beim Lernen.<\/p>\n\n\n\n<p>Westerstede, im November 2025<\/p>\n\n\n\n<p>Karin Harms<\/p>\n\n\n\n<p>Landr\u00e4tin<\/p>\n","protected":false},"excerpt":{"rendered":"<p>Herzlich Willkommen auf der Homepage der F\u00f6rderschule Rastede, der Schule f\u00fcr emotionale und soziale Entwicklung. Ich freue mich, Sie auf der neuen Homepage unserer F\u00f6rderschule begr\u00fc\u00dfen zu d\u00fcrfen. Im August 2025 hat die F\u00f6rderschule ihre T\u00fcren ge\u00f6ffnet und begr\u00fc\u00dft seither Sch\u00fclerinnen und Sch\u00fcler, die aufgrund besonderer emotionaler und sozialer Bed\u00fcrfnisse eine gezielte p\u00e4dagogische F\u00f6rderung brauchen. [&hellip;]<\/p>\n","protected":false},"author":9192954,"featured_media":0,"parent":0,"menu_order":0,"comment_status":"closed","ping_status":"closed","template":"","meta":{"footnotes":""},"class_list":["post-371","page","type-page","status-publish","hentry"],"_links":{"self":[{"href":"https:\/\/wordpress.nibis.de\/foerderschule-ammerland\/wp-json\/wp\/v2\/pages\/371","targetHints":{"allow":["GET"]}}],"collection":[{"href":"https:\/\/wordpress.nibis.de\/foerderschule-ammerland\/wp-json\/wp\/v2\/pages"}],"about":[{"href":"https:\/\/wordpress.nibis.de\/foerderschule-ammerland\/wp-json\/wp\/v2\/types\/page"}],"author":[{"embeddable":true,"href":"https:\/\/wordpress.nibis.de\/foerderschule-ammerland\/wp-json\/wp\/v2\/users\/9192954"}],"replies":[{"embeddable":true,"href":"https:\/\/wordpress.nibis.de\/foerderschule-ammerland\/wp-json\/wp\/v2\/comments?post=371"}],"version-history":[{"count":1,"href":"https:\/\/wordpress.nibis.de\/foerderschule-ammerland\/wp-json\/wp\/v2\/pages\/371\/revisions"}],"predecessor-version":[{"id":372,"href":"https:\/\/wordpress.nibis.de\/foerderschule-ammerland\/wp-json\/wp\/v2\/pages\/371\/revisions\/372"}],"wp:attachment":[{"href":"https:\/\/wordpress.nibis.de\/foerderschule-ammerland\/wp-json\/wp\/v2\/media?parent=371"}],"curies":[{"name":"wp","href":"https:\/\/api.w.org\/{rel}","templated":true}]}}