{"id":3494,"date":"2021-12-29T22:19:23","date_gmt":"2021-12-29T21:19:23","guid":{"rendered":"https:\/\/wordpress.nibis.de\/gs-klint\/?page_id=3494"},"modified":"2022-03-15T19:03:31","modified_gmt":"2022-03-15T18:03:31","slug":"tag-des-schulgartens","status":"publish","type":"page","link":"https:\/\/wordpress.nibis.de\/gs-klint\/tag-des-schulgartens\/","title":{"rendered":"Tag des Schulgartens"},"content":{"rendered":"<p>Der \u201eTag des Schulgartens\u201c ist eine von der Bundesarbeitsgemeinschaft Schulgarten e.V. j\u00e4hrliche bundesweit initiierte Aktion. F\u00fcr die GS Klint war es im Juni 2021 die erste Teilnahme an dieser Aktion, eingebettet im zweij\u00e4hrigen Gesamtprojekt der Zertifizierung zur \u201cUmweltschule\u201d.<\/p>\n<p>Ziel des \u201eSchulgarten- Projektes\u201c ist, den Sch\u00fclerinnen (SuS) in ihrem direkten Lern- und Lebensumfeld Situationen zu schaffen, Tiere und Pflanzen mit ihrem Ph\u00e4nomen zu entdecken und ihr Interesse daf\u00fcr zu entwickeln, Zusammenh\u00e4nge zu erkennen und diese in weiteren Projekten\/ Aktionen anzuwenden und umzusetzen. (Bildung nachhaltiger Entwicklung- BNE).<\/p>\n<p>Mit dem Schulgarten, integriert in das Schulhofgel\u00e4nde, ergibt sich f\u00fcr die SuS t\u00e4glich w\u00e4hrend der Hofpausen die M\u00f6glichkeit, den Schulgarten aufzusuchen und dort Naturph\u00e4nomene zu entdecken. Daraus z.B. entwickelte sich aus der Entdeckung einer \u201eFeuerwanze\u201c in einem Hochbeet intuitiv ein klassen- und f\u00e4cher-\u00fcbergreifendes Projekt f\u00fcr das Gesamtprojekt \u201eUmweltschule\u201c.<\/p>\n<p>Insbesondere in der Zeit der Pandemie ist der Schulgarten f\u00fcr etliche Kinder zu einem Ort des Verweilens und Abtauchens geworden. Auch genie\u00dfen jede Woche 5-6 Viertkl\u00e4ssler die M\u00f6glichkeit trotz einzuhaltender Corona Bedingungen an der Schulgarten- AG teilzunehmen und ihn mit ihren Gartenaktivit\u00e4ten am \u201eLaufen zu halten\u201c.<\/p>\n<p>Schon seit l\u00e4ngerer Zeit gab es \u00dcberlegungen den Schulgarten mit seinen Besonderheiten der \u201eUmgebung\u201c zu pr\u00e4sentieren. Im letzten Jahr, unter Pandemie-bedingungen, hat die GS Klint an zwei Schulgartenwettbewerben teilgenommen und belohnt mit einer Platzierung und dem Gewinn von Gartenhandger\u00e4ten. Aufgrund der Corona- Krise beschr\u00e4nkten sich diese Aktionen auf eine Schulklasse.<\/p>\n<p>Mit der j\u00e4hrlichen Teilnahme an der bundesweiten Aktion \u201eTag des Schulgartens\u201c m\u00f6chten wir die Schule kontinuierlich als Ganzes einbeziehen und Personen\/ Institutionen aus dem direkten Umfeld der GS Klint ansprechen und unser Vorhaben pr\u00e4sentieren.<\/p>\n<p>Fazit:<br \/>\nDurch die geplante Einbeziehung in die Gestaltung des Schulgartens und des Magniviertels begeben sich die Grundsch\u00fcler in einen Entwicklungsprozess mit nachhaltiger Wirkung auf die Gesellschaft. Sie tragen aktiv, und auch eigenverantwortlich an der umweltvertr\u00e4glichen Entwicklung des Magniviertels bei. Diese nachhaltigen Erfahrungen k\u00f6nnen richtungsweisend sein f\u00fcr einen zuk\u00fcnftigen verantwortungsbewussten Umgang mit der Umwelt und seinen Ressourcen.<\/p>\n<p><a href=\"https:\/\/www.bag-schulgarten.de\/tds2021\/wir-waren-dabei?tx_news_pi1%5Baction%5D=detail&amp;tx_news_pi1%5Bcontroller%5D=News&amp;tx_news_pi1%5Bnews%5D=458&amp;cHash=0c1f3beb2f1259a7e18540e6e3c561a8\" target=\"_blank\" rel=\"noopener\">Der Tag des Schulgartens aus Sicht einer Elternvertreterin<\/a><\/p>\n<div id='gallery-1' class='gallery galleryid-3494 gallery-columns-4 gallery-size-thumbnail'><figure class='gallery-item'>\n\t\t\t<div class='gallery-icon landscape'>\n\t\t\t\t<a href='https:\/\/wordpress.nibis.de\/gs-klint\/tag-des-schulgartens\/00_incollage_20211205_202355115\/'><img loading=\"lazy\" decoding=\"async\" width=\"141\" height=\"141\" src=\"https:\/\/wordpress.nibis.de\/gs-klint\/files\/00_inCollage_20211205_202355115-150x150.jpg\" class=\"attachment-thumbnail size-thumbnail\" alt=\"\" \/><\/a>\n\t\t\t<\/div><\/figure><figure class='gallery-item'>\n\t\t\t<div class='gallery-icon landscape'>\n\t\t\t\t<a href='https:\/\/wordpress.nibis.de\/gs-klint\/tag-des-schulgartens\/01_incollage_20211205_210951333\/'><img loading=\"lazy\" decoding=\"async\" width=\"141\" height=\"141\" src=\"https:\/\/wordpress.nibis.de\/gs-klint\/files\/01_inCollage_20211205_210951333-150x150.jpg\" class=\"attachment-thumbnail size-thumbnail\" alt=\"\" \/><\/a>\n\t\t\t<\/div><\/figure><figure class='gallery-item'>\n\t\t\t<div class='gallery-icon landscape'>\n\t\t\t\t<a href='https:\/\/wordpress.nibis.de\/gs-klint\/tag-des-schulgartens\/02_img-20210916-wa0003\/'><img loading=\"lazy\" decoding=\"async\" width=\"141\" height=\"141\" src=\"https:\/\/wordpress.nibis.de\/gs-klint\/files\/02_IMG-20210916-WA0003-150x150.jpg\" class=\"attachment-thumbnail size-thumbnail\" alt=\"\" srcset=\"https:\/\/wordpress.nibis.de\/gs-klint\/files\/02_IMG-20210916-WA0003-150x150.jpg 150w, https:\/\/wordpress.nibis.de\/gs-klint\/files\/02_IMG-20210916-WA0003-300x300.jpg 300w, https:\/\/wordpress.nibis.de\/gs-klint\/files\/02_IMG-20210916-WA0003-1024x1024.jpg 1024w, https:\/\/wordpress.nibis.de\/gs-klint\/files\/02_IMG-20210916-WA0003-768x768.jpg 768w, https:\/\/wordpress.nibis.de\/gs-klint\/files\/02_IMG-20210916-WA0003-1536x1536.jpg 1536w, https:\/\/wordpress.nibis.de\/gs-klint\/files\/02_IMG-20210916-WA0003.jpg 1599w\" sizes=\"auto, (max-width: 141px) 100vw, 141px\" \/><\/a>\n\t\t\t<\/div><\/figure><figure class='gallery-item'>\n\t\t\t<div class='gallery-icon landscape'>\n\t\t\t\t<a href='https:\/\/wordpress.nibis.de\/gs-klint\/tag-des-schulgartens\/03_img-20210916-wa0002-2\/'><img loading=\"lazy\" decoding=\"async\" width=\"141\" height=\"141\" src=\"https:\/\/wordpress.nibis.de\/gs-klint\/files\/03_IMG-20210916-WA0002-1-150x150.jpg\" class=\"attachment-thumbnail size-thumbnail\" alt=\"\" srcset=\"https:\/\/wordpress.nibis.de\/gs-klint\/files\/03_IMG-20210916-WA0002-1-150x150.jpg 150w, https:\/\/wordpress.nibis.de\/gs-klint\/files\/03_IMG-20210916-WA0002-1-300x300.jpg 300w, https:\/\/wordpress.nibis.de\/gs-klint\/files\/03_IMG-20210916-WA0002-1-1024x1024.jpg 1024w, https:\/\/wordpress.nibis.de\/gs-klint\/files\/03_IMG-20210916-WA0002-1-768x768.jpg 768w, https:\/\/wordpress.nibis.de\/gs-klint\/files\/03_IMG-20210916-WA0002-1-1536x1536.jpg 1536w, https:\/\/wordpress.nibis.de\/gs-klint\/files\/03_IMG-20210916-WA0002-1.jpg 1599w\" sizes=\"auto, (max-width: 141px) 100vw, 141px\" \/><\/a>\n\t\t\t<\/div><\/figure><figure class='gallery-item'>\n\t\t\t<div class='gallery-icon portrait'>\n\t\t\t\t<a href='https:\/\/wordpress.nibis.de\/gs-klint\/tag-des-schulgartens\/04-incollage_20210929_152008534\/'><img loading=\"lazy\" decoding=\"async\" width=\"141\" height=\"141\" src=\"https:\/\/wordpress.nibis.de\/gs-klint\/files\/04-inCollage_20210929_152008534-150x150.jpg\" class=\"attachment-thumbnail size-thumbnail\" alt=\"\" \/><\/a>\n\t\t\t<\/div><\/figure><figure class='gallery-item'>\n\t\t\t<div class='gallery-icon landscape'>\n\t\t\t\t<a href='https:\/\/wordpress.nibis.de\/gs-klint\/tag-des-schulgartens\/05_img-20210916-wa0000\/'><img loading=\"lazy\" decoding=\"async\" width=\"141\" height=\"141\" src=\"https:\/\/wordpress.nibis.de\/gs-klint\/files\/05_IMG-20210916-WA0000-150x150.jpg\" class=\"attachment-thumbnail size-thumbnail\" alt=\"\" srcset=\"https:\/\/wordpress.nibis.de\/gs-klint\/files\/05_IMG-20210916-WA0000-150x150.jpg 150w, https:\/\/wordpress.nibis.de\/gs-klint\/files\/05_IMG-20210916-WA0000-300x300.jpg 300w, https:\/\/wordpress.nibis.de\/gs-klint\/files\/05_IMG-20210916-WA0000-1024x1024.jpg 1024w, https:\/\/wordpress.nibis.de\/gs-klint\/files\/05_IMG-20210916-WA0000-768x768.jpg 768w, https:\/\/wordpress.nibis.de\/gs-klint\/files\/05_IMG-20210916-WA0000-1536x1536.jpg 1536w, https:\/\/wordpress.nibis.de\/gs-klint\/files\/05_IMG-20210916-WA0000.jpg 1599w\" sizes=\"auto, (max-width: 141px) 100vw, 141px\" \/><\/a>\n\t\t\t<\/div><\/figure><figure class='gallery-item'>\n\t\t\t<div class='gallery-icon landscape'>\n\t\t\t\t<a href='https:\/\/wordpress.nibis.de\/gs-klint\/tag-des-schulgartens\/06_incollage_20211205_202105536\/'><img loading=\"lazy\" decoding=\"async\" width=\"141\" height=\"141\" src=\"https:\/\/wordpress.nibis.de\/gs-klint\/files\/06_inCollage_20211205_202105536-150x150.jpg\" class=\"attachment-thumbnail size-thumbnail\" alt=\"\" \/><\/a>\n\t\t\t<\/div><\/figure><figure class='gallery-item'>\n\t\t\t<div class='gallery-icon landscape'>\n\t\t\t\t<a href='https:\/\/wordpress.nibis.de\/gs-klint\/tag-des-schulgartens\/07_incollage_20211205_211623456\/'><img loading=\"lazy\" decoding=\"async\" width=\"141\" height=\"141\" src=\"https:\/\/wordpress.nibis.de\/gs-klint\/files\/07_inCollage_20211205_211623456-150x150.jpg\" class=\"attachment-thumbnail size-thumbnail\" alt=\"\" \/><\/a>\n\t\t\t<\/div><\/figure><figure class='gallery-item'>\n\t\t\t<div class='gallery-icon portrait'>\n\t\t\t\t<a href='https:\/\/wordpress.nibis.de\/gs-klint\/tag-des-schulgartens\/08_incollage_20210919_121009199\/'><img loading=\"lazy\" decoding=\"async\" width=\"141\" height=\"141\" src=\"https:\/\/wordpress.nibis.de\/gs-klint\/files\/08_inCollage_20210919_121009199-150x150.jpg\" class=\"attachment-thumbnail size-thumbnail\" alt=\"\" \/><\/a>\n\t\t\t<\/div><\/figure><figure class='gallery-item'>\n\t\t\t<div class='gallery-icon portrait'>\n\t\t\t\t<a href='https:\/\/wordpress.nibis.de\/gs-klint\/tag-des-schulgartens\/09_incollage_20210919_111817074\/'><img loading=\"lazy\" decoding=\"async\" width=\"141\" height=\"141\" src=\"https:\/\/wordpress.nibis.de\/gs-klint\/files\/09_inCollage_20210919_111817074-150x150.jpg\" class=\"attachment-thumbnail size-thumbnail\" alt=\"\" \/><\/a>\n\t\t\t<\/div><\/figure><figure class='gallery-item'>\n\t\t\t<div class='gallery-icon portrait'>\n\t\t\t\t<a href='https:\/\/wordpress.nibis.de\/gs-klint\/tag-des-schulgartens\/09_incollage_20211213_200621904\/'><img loading=\"lazy\" decoding=\"async\" width=\"141\" height=\"141\" src=\"https:\/\/wordpress.nibis.de\/gs-klint\/files\/09_inCollage_20211213_200621904-150x150.jpg\" class=\"attachment-thumbnail size-thumbnail\" alt=\"\" \/><\/a>\n\t\t\t<\/div><\/figure><figure class='gallery-item'>\n\t\t\t<div class='gallery-icon portrait'>\n\t\t\t\t<a href='https:\/\/wordpress.nibis.de\/gs-klint\/tag-des-schulgartens\/10_incollage_20210929_155703656\/'><img loading=\"lazy\" decoding=\"async\" width=\"141\" height=\"141\" src=\"https:\/\/wordpress.nibis.de\/gs-klint\/files\/10_inCollage_20210929_155703656-150x150.jpg\" class=\"attachment-thumbnail size-thumbnail\" alt=\"\" \/><\/a>\n\t\t\t<\/div><\/figure><figure class='gallery-item'>\n\t\t\t<div class='gallery-icon portrait'>\n\t\t\t\t<a href='https:\/\/wordpress.nibis.de\/gs-klint\/tag-des-schulgartens\/11_incollage_20210929_155934790\/'><img loading=\"lazy\" decoding=\"async\" width=\"141\" height=\"141\" src=\"https:\/\/wordpress.nibis.de\/gs-klint\/files\/11_inCollage_20210929_155934790-150x150.jpg\" class=\"attachment-thumbnail size-thumbnail\" alt=\"\" \/><\/a>\n\t\t\t<\/div><\/figure><figure class='gallery-item'>\n\t\t\t<div class='gallery-icon portrait'>\n\t\t\t\t<a href='https:\/\/wordpress.nibis.de\/gs-klint\/tag-des-schulgartens\/12_incollage_20210929_195512983\/'><img loading=\"lazy\" decoding=\"async\" width=\"141\" height=\"141\" src=\"https:\/\/wordpress.nibis.de\/gs-klint\/files\/12_inCollage_20210929_195512983-150x150.jpg\" class=\"attachment-thumbnail size-thumbnail\" alt=\"\" \/><\/a>\n\t\t\t<\/div><\/figure><figure class='gallery-item'>\n\t\t\t<div class='gallery-icon portrait'>\n\t\t\t\t<a href='https:\/\/wordpress.nibis.de\/gs-klint\/tag-des-schulgartens\/13_incollage_20211006_115700209\/'><img loading=\"lazy\" decoding=\"async\" width=\"141\" height=\"141\" src=\"https:\/\/wordpress.nibis.de\/gs-klint\/files\/13_inCollage_20211006_115700209-150x150.jpg\" class=\"attachment-thumbnail size-thumbnail\" alt=\"\" \/><\/a>\n\t\t\t<\/div><\/figure><figure class='gallery-item'>\n\t\t\t<div class='gallery-icon portrait'>\n\t\t\t\t<a href='https:\/\/wordpress.nibis.de\/gs-klint\/tag-des-schulgartens\/14_incollage_20211008_162059519\/'><img loading=\"lazy\" decoding=\"async\" width=\"141\" height=\"141\" src=\"https:\/\/wordpress.nibis.de\/gs-klint\/files\/14_inCollage_20211008_162059519-150x150.jpg\" class=\"attachment-thumbnail size-thumbnail\" alt=\"\" \/><\/a>\n\t\t\t<\/div><\/figure><figure class='gallery-item'>\n\t\t\t<div class='gallery-icon portrait'>\n\t\t\t\t<a href='https:\/\/wordpress.nibis.de\/gs-klint\/tag-des-schulgartens\/15_incollage_20210919_113135094\/'><img loading=\"lazy\" decoding=\"async\" width=\"141\" height=\"141\" src=\"https:\/\/wordpress.nibis.de\/gs-klint\/files\/15_inCollage_20210919_113135094-150x150.jpg\" class=\"attachment-thumbnail size-thumbnail\" alt=\"\" \/><\/a>\n\t\t\t<\/div><\/figure><figure class='gallery-item'>\n\t\t\t<div class='gallery-icon portrait'>\n\t\t\t\t<a href='https:\/\/wordpress.nibis.de\/gs-klint\/tag-des-schulgartens\/16_incollage_20210919_120020506\/'><img loading=\"lazy\" decoding=\"async\" width=\"141\" height=\"141\" src=\"https:\/\/wordpress.nibis.de\/gs-klint\/files\/16_inCollage_20210919_120020506-150x150.jpg\" class=\"attachment-thumbnail size-thumbnail\" alt=\"\" \/><\/a>\n\t\t\t<\/div><\/figure><figure class='gallery-item'>\n\t\t\t<div class='gallery-icon portrait'>\n\t\t\t\t<a href='https:\/\/wordpress.nibis.de\/gs-klint\/tag-des-schulgartens\/17_incollage_20210929_160545260\/'><img loading=\"lazy\" decoding=\"async\" width=\"141\" height=\"141\" src=\"https:\/\/wordpress.nibis.de\/gs-klint\/files\/17_inCollage_20210929_160545260-150x150.jpg\" class=\"attachment-thumbnail size-thumbnail\" alt=\"\" \/><\/a>\n\t\t\t<\/div><\/figure><figure class='gallery-item'>\n\t\t\t<div class='gallery-icon portrait'>\n\t\t\t\t<a href='https:\/\/wordpress.nibis.de\/gs-klint\/tag-des-schulgartens\/18_incollage_20210919_121735210\/'><img loading=\"lazy\" decoding=\"async\" width=\"141\" height=\"141\" src=\"https:\/\/wordpress.nibis.de\/gs-klint\/files\/18_inCollage_20210919_121735210-150x150.jpg\" class=\"attachment-thumbnail size-thumbnail\" alt=\"\" \/><\/a>\n\t\t\t<\/div><\/figure><figure class='gallery-item'>\n\t\t\t<div class='gallery-icon portrait'>\n\t\t\t\t<a href='https:\/\/wordpress.nibis.de\/gs-klint\/tag-des-schulgartens\/19_incollage_20210929_155243451\/'><img loading=\"lazy\" decoding=\"async\" width=\"141\" height=\"141\" src=\"https:\/\/wordpress.nibis.de\/gs-klint\/files\/19_inCollage_20210929_155243451-150x150.jpg\" class=\"attachment-thumbnail size-thumbnail\" alt=\"\" \/><\/a>\n\t\t\t<\/div><\/figure><figure class='gallery-item'>\n\t\t\t<div class='gallery-icon landscape'>\n\t\t\t\t<a href='https:\/\/wordpress.nibis.de\/gs-klint\/tag-des-schulgartens\/20_incollage_20211205_204755349\/'><img loading=\"lazy\" decoding=\"async\" width=\"141\" height=\"141\" src=\"https:\/\/wordpress.nibis.de\/gs-klint\/files\/20_inCollage_20211205_204755349-150x150.jpg\" class=\"attachment-thumbnail size-thumbnail\" alt=\"\" \/><\/a>\n\t\t\t<\/div><\/figure><figure class='gallery-item'>\n\t\t\t<div class='gallery-icon portrait'>\n\t\t\t\t<a href='https:\/\/wordpress.nibis.de\/gs-klint\/tag-des-schulgartens\/21_incollage_20210929_152229661\/'><img loading=\"lazy\" decoding=\"async\" width=\"141\" height=\"141\" src=\"https:\/\/wordpress.nibis.de\/gs-klint\/files\/21_inCollage_20210929_152229661-150x150.jpg\" class=\"attachment-thumbnail size-thumbnail\" alt=\"\" \/><\/a>\n\t\t\t<\/div><\/figure><figure class='gallery-item'>\n\t\t\t<div class='gallery-icon portrait'>\n\t\t\t\t<a href='https:\/\/wordpress.nibis.de\/gs-klint\/tag-des-schulgartens\/22_incollage_20210929_152639443\/'><img loading=\"lazy\" decoding=\"async\" width=\"141\" height=\"141\" src=\"https:\/\/wordpress.nibis.de\/gs-klint\/files\/22_inCollage_20210929_152639443-150x150.jpg\" class=\"attachment-thumbnail size-thumbnail\" alt=\"\" \/><\/a>\n\t\t\t<\/div><\/figure><figure class='gallery-item'>\n\t\t\t<div class='gallery-icon landscape'>\n\t\t\t\t<a href='https:\/\/wordpress.nibis.de\/gs-klint\/tag-des-schulgartens\/23_incollage_20211205_203902476\/'><img loading=\"lazy\" decoding=\"async\" width=\"141\" height=\"141\" src=\"https:\/\/wordpress.nibis.de\/gs-klint\/files\/23_inCollage_20211205_203902476-150x150.jpg\" class=\"attachment-thumbnail size-thumbnail\" alt=\"\" \/><\/a>\n\t\t\t<\/div><\/figure><figure class='gallery-item'>\n\t\t\t<div class='gallery-icon landscape'>\n\t\t\t\t<a href='https:\/\/wordpress.nibis.de\/gs-klint\/tag-des-schulgartens\/24_img-20210916-wa0001\/'><img loading=\"lazy\" decoding=\"async\" width=\"141\" height=\"141\" src=\"https:\/\/wordpress.nibis.de\/gs-klint\/files\/24_IMG-20210916-WA0001-150x150.jpg\" class=\"attachment-thumbnail size-thumbnail\" alt=\"\" srcset=\"https:\/\/wordpress.nibis.de\/gs-klint\/files\/24_IMG-20210916-WA0001-150x150.jpg 150w, https:\/\/wordpress.nibis.de\/gs-klint\/files\/24_IMG-20210916-WA0001-300x300.jpg 300w, https:\/\/wordpress.nibis.de\/gs-klint\/files\/24_IMG-20210916-WA0001-1024x1024.jpg 1024w, https:\/\/wordpress.nibis.de\/gs-klint\/files\/24_IMG-20210916-WA0001-768x768.jpg 768w, https:\/\/wordpress.nibis.de\/gs-klint\/files\/24_IMG-20210916-WA0001-1536x1536.jpg 1536w, https:\/\/wordpress.nibis.de\/gs-klint\/files\/24_IMG-20210916-WA0001.jpg 1599w\" sizes=\"auto, (max-width: 141px) 100vw, 141px\" \/><\/a>\n\t\t\t<\/div><\/figure>\n\t\t<\/div>\n\n","protected":false},"excerpt":{"rendered":"<p>Der \u201eTag des Schulgartens\u201c ist eine von der Bundesarbeitsgemeinschaft Schulgarten e.V. j\u00e4hrliche bundesweit initiierte Aktion. F\u00fcr die GS Klint war es im Juni 2021 die erste Teilnahme an dieser Aktion, eingebettet im zweij\u00e4hrigen Gesamtprojekt der Zertifizierung zur \u201cUmweltschule\u201d. Ziel des \u201eSchulgarten- Projektes\u201c ist, den Sch\u00fclerinnen (SuS) in ihrem direkten Lern- und Lebensumfeld Situationen zu schaffen, &hellip; <a href=\"https:\/\/wordpress.nibis.de\/gs-klint\/tag-des-schulgartens\/\" class=\"more-link\"><span class=\"screen-reader-text\">Tag des Schulgartens<\/span> weiterlesen <span class=\"meta-nav\">&rarr;<\/span><\/a><\/p>\n","protected":false},"author":9192438,"featured_media":0,"parent":0,"menu_order":0,"comment_status":"closed","ping_status":"closed","template":"","meta":{"footnotes":""},"class_list":["post-3494","page","type-page","status-publish","hentry"],"_links":{"self":[{"href":"https:\/\/wordpress.nibis.de\/gs-klint\/wp-json\/wp\/v2\/pages\/3494","targetHints":{"allow":["GET"]}}],"collection":[{"href":"https:\/\/wordpress.nibis.de\/gs-klint\/wp-json\/wp\/v2\/pages"}],"about":[{"href":"https:\/\/wordpress.nibis.de\/gs-klint\/wp-json\/wp\/v2\/types\/page"}],"author":[{"embeddable":true,"href":"https:\/\/wordpress.nibis.de\/gs-klint\/wp-json\/wp\/v2\/users\/9192438"}],"replies":[{"embeddable":true,"href":"https:\/\/wordpress.nibis.de\/gs-klint\/wp-json\/wp\/v2\/comments?post=3494"}],"version-history":[{"count":8,"href":"https:\/\/wordpress.nibis.de\/gs-klint\/wp-json\/wp\/v2\/pages\/3494\/revisions"}],"predecessor-version":[{"id":3666,"href":"https:\/\/wordpress.nibis.de\/gs-klint\/wp-json\/wp\/v2\/pages\/3494\/revisions\/3666"}],"wp:attachment":[{"href":"https:\/\/wordpress.nibis.de\/gs-klint\/wp-json\/wp\/v2\/media?parent=3494"}],"curies":[{"name":"wp","href":"https:\/\/api.w.org\/{rel}","templated":true}]}}