{"id":1288,"date":"2020-10-08T11:04:58","date_gmt":"2020-10-08T09:04:58","guid":{"rendered":"https:\/\/wordpress.nibis.de\/gsamwall\/?page_id=1288"},"modified":"2020-10-09T09:14:12","modified_gmt":"2020-10-09T07:14:12","slug":"einschulung-2020","status":"publish","type":"page","link":"https:\/\/wordpress.nibis.de\/gsamwall\/einschulung-2020\/","title":{"rendered":"Einschulung 2020"},"content":{"rendered":"\n<p><span style=\"font-size: large\">Am Samstag, den 29. August 2020 fand unsere diesj\u00e4hrige Einschulung statt.<br \/><\/span><\/p>\n<p><span style=\"font-size: large\">Aufgrund von Platzmangel auf dem Schulhof gab es in diesem Jahr zwei Feiern. Zuerst wurden die Kinder der 1a eingeschult und anschlie\u00dfend die Kinder der 1b und 1c.<\/span><\/p>\n<p><span style=\"font-size: large\">Aufgeregt sa\u00dfen die neuen Schulkinder auf ihren Pl\u00e4tzen und warteten gespannt, was sie nun erwarten w\u00fcrde. Aber nicht nur die Kinder waren aufgeregt, auch manchen Eltern und den zuk\u00fcnftigen Klassenlehrerinnen sah man die Aufregung an. <\/span><\/p>\n<p><span style=\"font-size: large\">Bei sch\u00f6nem Wetter begr\u00fc\u00dfte Frau Hinze alle und erz\u00e4hlte von dem kleinen Wir.<\/span><\/p>\n<p><span style=\"font-size: large\">Das kleine Wir ist ein kleines gr\u00fcnes Wesen, das immer dann zu finden ist, wenn sich die Menschen miteinander wohl f\u00fchlen. <br \/><\/span><\/p>\n<p><span style=\"font-size: large\">Als Vorbereitung f\u00fcr die Einschulungsfeier bekam jedes Kind eine Hausaufgabe per Post zugeschickt. Jeder sollte einen Bildausschnitt sch\u00f6n bunt ausmalen. Diese Bildausschnitte wurden beim Aufrufen der Kinder in ihre Klasse an einer Pinnwand zu einem gro\u00dfen Bild gepuzzelt. So hatten alle Kinder einer Klasse bereits ein gemeinsames Projekt bew\u00e4ltigt, obwohl sie sich noch nicht kannten. Am Ende war zu erkennen, dass auf dem Bild das kleine Wir mit mehreren Kindern abgebildet war.<\/span><\/p>\n<p><span style=\"font-size: large\">Anschlie\u00dfend gingen die neuen Lehrerinnen (Frau Burgunder 1a, Frau B\u00fchler 1b und Frau Berkefeld 1c) mit ihren Sch\u00fclerinnen und Sch\u00fclern in die neuen Klassenr\u00e4ume und verbrachten dort ihre erste Unterrichtsstunde.<br \/><\/span><\/p>\n<p><span style=\"font-size: large\">Es gab eine Vorstellungsrunde und mit strahlenden Augen wurden danach die Schult\u00fcten in Empfang genommen.<\/span><\/p>\n<p><span style=\"font-size: large\">Drau\u00dfen auf dem Schulhof wurden noch unz\u00e4hlige Fotos gemacht, bevor auch schon der erste Schultag zu Ende war und unsere neuen Sch\u00fclerinnen und Sch\u00fcler gl\u00fccklich aber auch ein bisschen ersch\u00f6pft nach Hause gingen.<br \/><\/span><\/p>\n<p><span style=\"font-size: large\">Liebe Erstkl\u00e4ssler wir freuen uns euch an unserer Schule begr\u00fc\u00dfen zu d\u00fcrfen und w\u00fcnschen euch viel Spa\u00df und Erfolg beim Lernen an unserer Schule.<\/span><\/p>\n\n\n\n<figure class=\"wp-block-gallery aligncenter columns-2 is-cropped wp-block-gallery-1 is-layout-flex wp-block-gallery-is-layout-flex\"><ul class=\"blocks-gallery-grid\"><li class=\"blocks-gallery-item\"><figure><img loading=\"lazy\" decoding=\"async\" width=\"1200\" height=\"675\" src=\"https:\/\/wordpress.nibis.de\/gsamwall\/files\/2020\/10\/IMG_6145-1200x675.jpg\" alt=\"\" data-id=\"1295\" data-full-url=\"https:\/\/wordpress.nibis.de\/gsamwall\/files\/2020\/10\/IMG_6145-scaled.jpg\" data-link=\"https:\/\/wordpress.nibis.de\/gsamwall\/einschulung-2020\/img_6145\/\" class=\"wp-image-1295\" srcset=\"https:\/\/wordpress.nibis.de\/gsamwall\/files\/2020\/10\/IMG_6145-1200x675.jpg 1200w, https:\/\/wordpress.nibis.de\/gsamwall\/files\/2020\/10\/IMG_6145-850x478.jpg 850w, https:\/\/wordpress.nibis.de\/gsamwall\/files\/2020\/10\/IMG_6145-250x141.jpg 250w\" sizes=\"auto, (max-width: 1200px) 100vw, 1200px\" \/><\/figure><\/li><li class=\"blocks-gallery-item\"><figure><img loading=\"lazy\" decoding=\"async\" width=\"1200\" height=\"675\" src=\"https:\/\/wordpress.nibis.de\/gsamwall\/files\/2020\/10\/IMG_6150-1200x675.jpg\" alt=\"\" data-id=\"1296\" data-full-url=\"https:\/\/wordpress.nibis.de\/gsamwall\/files\/2020\/10\/IMG_6150-scaled.jpg\" data-link=\"https:\/\/wordpress.nibis.de\/gsamwall\/einschulung-2020\/img_6150\/\" class=\"wp-image-1296\" srcset=\"https:\/\/wordpress.nibis.de\/gsamwall\/files\/2020\/10\/IMG_6150-1200x675.jpg 1200w, https:\/\/wordpress.nibis.de\/gsamwall\/files\/2020\/10\/IMG_6150-850x478.jpg 850w, https:\/\/wordpress.nibis.de\/gsamwall\/files\/2020\/10\/IMG_6150-250x141.jpg 250w\" sizes=\"auto, (max-width: 1200px) 100vw, 1200px\" \/><\/figure><\/li><li class=\"blocks-gallery-item\"><figure><img loading=\"lazy\" decoding=\"async\" width=\"1200\" height=\"675\" src=\"https:\/\/wordpress.nibis.de\/gsamwall\/files\/2020\/10\/IMG_6155-1200x675.jpg\" alt=\"\" data-id=\"1297\" data-full-url=\"https:\/\/wordpress.nibis.de\/gsamwall\/files\/2020\/10\/IMG_6155-scaled.jpg\" data-link=\"https:\/\/wordpress.nibis.de\/gsamwall\/einschulung-2020\/img_6155\/\" class=\"wp-image-1297\" srcset=\"https:\/\/wordpress.nibis.de\/gsamwall\/files\/2020\/10\/IMG_6155-1200x675.jpg 1200w, https:\/\/wordpress.nibis.de\/gsamwall\/files\/2020\/10\/IMG_6155-850x478.jpg 850w, https:\/\/wordpress.nibis.de\/gsamwall\/files\/2020\/10\/IMG_6155-250x141.jpg 250w\" sizes=\"auto, (max-width: 1200px) 100vw, 1200px\" \/><\/figure><\/li><li class=\"blocks-gallery-item\"><figure><img loading=\"lazy\" decoding=\"async\" width=\"1200\" height=\"675\" src=\"https:\/\/wordpress.nibis.de\/gsamwall\/files\/2020\/10\/IMG_6158-1200x675.jpg\" alt=\"\" data-id=\"1298\" data-full-url=\"https:\/\/wordpress.nibis.de\/gsamwall\/files\/2020\/10\/IMG_6158-scaled.jpg\" data-link=\"https:\/\/wordpress.nibis.de\/gsamwall\/einschulung-2020\/img_6158\/\" class=\"wp-image-1298\" srcset=\"https:\/\/wordpress.nibis.de\/gsamwall\/files\/2020\/10\/IMG_6158-1200x675.jpg 1200w, https:\/\/wordpress.nibis.de\/gsamwall\/files\/2020\/10\/IMG_6158-850x478.jpg 850w, https:\/\/wordpress.nibis.de\/gsamwall\/files\/2020\/10\/IMG_6158-250x141.jpg 250w\" sizes=\"auto, (max-width: 1200px) 100vw, 1200px\" \/><\/figure><\/li><li class=\"blocks-gallery-item\"><figure><img loading=\"lazy\" decoding=\"async\" width=\"1200\" height=\"675\" src=\"https:\/\/wordpress.nibis.de\/gsamwall\/files\/2020\/10\/IMG_6133-1200x675.jpg\" alt=\"\" data-id=\"1292\" data-full-url=\"https:\/\/wordpress.nibis.de\/gsamwall\/files\/2020\/10\/IMG_6133-scaled.jpg\" data-link=\"https:\/\/wordpress.nibis.de\/gsamwall\/einschulung-2020\/img_6133\/\" class=\"wp-image-1292\" srcset=\"https:\/\/wordpress.nibis.de\/gsamwall\/files\/2020\/10\/IMG_6133-1200x675.jpg 1200w, https:\/\/wordpress.nibis.de\/gsamwall\/files\/2020\/10\/IMG_6133-850x478.jpg 850w, https:\/\/wordpress.nibis.de\/gsamwall\/files\/2020\/10\/IMG_6133-250x141.jpg 250w\" sizes=\"auto, (max-width: 1200px) 100vw, 1200px\" \/><\/figure><\/li><\/ul><\/figure>\n","protected":false},"excerpt":{"rendered":"<p>Am Samstag, den 29. August 2020 fand unsere diesj\u00e4hrige Einschulung statt. Aufgrund von Platzmangel auf dem Schulhof gab es in diesem Jahr zwei Feiern. Zuerst wurden die Kinder der 1a eingeschult und anschlie\u00dfend die Kinder der 1b und 1c. Aufgeregt sa\u00dfen die neuen Schulkinder auf ihren Pl\u00e4tzen und warteten gespannt, was sie nun erwarten w\u00fcrde. &hellip; <a href=\"https:\/\/wordpress.nibis.de\/gsamwall\/einschulung-2020\/\" class=\"more-link\"><span class=\"screen-reader-text\">Einschulung 2020<\/span> weiterlesen <span class=\"meta-nav\">&rarr;<\/span><\/a><\/p>\n","protected":false},"author":9193468,"featured_media":0,"parent":0,"menu_order":0,"comment_status":"closed","ping_status":"closed","template":"","meta":{"footnotes":""},"class_list":["post-1288","page","type-page","status-publish","hentry"],"_links":{"self":[{"href":"https:\/\/wordpress.nibis.de\/gsamwall\/wp-json\/wp\/v2\/pages\/1288","targetHints":{"allow":["GET"]}}],"collection":[{"href":"https:\/\/wordpress.nibis.de\/gsamwall\/wp-json\/wp\/v2\/pages"}],"about":[{"href":"https:\/\/wordpress.nibis.de\/gsamwall\/wp-json\/wp\/v2\/types\/page"}],"author":[{"embeddable":true,"href":"https:\/\/wordpress.nibis.de\/gsamwall\/wp-json\/wp\/v2\/users\/9193468"}],"replies":[{"embeddable":true,"href":"https:\/\/wordpress.nibis.de\/gsamwall\/wp-json\/wp\/v2\/comments?post=1288"}],"version-history":[{"count":3,"href":"https:\/\/wordpress.nibis.de\/gsamwall\/wp-json\/wp\/v2\/pages\/1288\/revisions"}],"predecessor-version":[{"id":1300,"href":"https:\/\/wordpress.nibis.de\/gsamwall\/wp-json\/wp\/v2\/pages\/1288\/revisions\/1300"}],"wp:attachment":[{"href":"https:\/\/wordpress.nibis.de\/gsamwall\/wp-json\/wp\/v2\/media?parent=1288"}],"curies":[{"name":"wp","href":"https:\/\/api.w.org\/{rel}","templated":true}]}}