{"id":198,"date":"2020-04-14T19:06:26","date_gmt":"2020-04-14T17:06:26","guid":{"rendered":"https:\/\/wordpress.nibis.de\/gsamwall\/?page_id=198"},"modified":"2020-12-05T12:54:55","modified_gmt":"2020-12-05T11:54:55","slug":"impressum","status":"publish","type":"page","link":"https:\/\/wordpress.nibis.de\/gsamwall\/impressum\/","title":{"rendered":"Impressum"},"content":{"rendered":"\n<div id=\"txt_136\">\n<p class=\"Untertitel-P\"><strong><span class=\"Normal-C2\">Land Niedersachsen<\/span><\/strong><span class=\"Normal-C1\"> (Dienstanbieter im Sinne des <\/span>Telemediengesetzes)<\/p>\n<\/div>\n<div id=\"txt_144\">\n<p class=\"Normal-P0\"><span class=\"Normal-C2\">\u00a0<\/span><\/p>\n<p class=\"Normal-P0\"><span class=\"Normal-C1\">Das Land Niedersachsen ist eine juristische Person <\/span><span class=\"Normal-C1\">des \u00f6ffentlichen Rechts.<\/span><\/p>\n<p class=\"Normal-P0\"><span class=\"Normal-C1\">\u00a0<\/span><span class=\"Normal-C1\">vertreten durch<\/span><\/p>\n<p class=\"Normal-P0\"><span class=\"Normal-C1\">\u00a0<\/span><span class=\"Normal-C1\">Nadine Hinze \u00a0&#8211; Schulleiterin<\/span><\/p>\n<p class=\"Normal-P0\"><span class=\"Normal-C1\">\u00a0<\/span><strong><span class=\"Normal-C2\">Grundschule am Wall<\/span><\/strong><\/p>\n<p class=\"Normal-P0\"><span class=\"Normal-C1\">&#8211; Ganztagsschule mit Sprachheilklassen &#8211; \u00a0\u00a0\u00a0\u00a0\u00a0\u00a0\u00a0\u00a0\u00a0\u00a0\u00a0\u00a0\u00a0<\/span><\/p>\n<p class=\"Normal-P0\"><span class=\"Normal-C1\">Parkstra\u00dfe 8<\/span><\/p>\n<p class=\"Normal-P0\"><span class=\"Normal-C1\">34346 Hann. M\u00fcnden<\/span><\/p>\n<p class=\"Normal-P0\"><span class=\"Normal-C1\">Telefon: 05541 \/ 72496<\/span><\/p>\n<p class=\"Normal-P0\"><span class=\"Normal-C1\">Telefax: 05541 \/ 989304<\/span><\/p>\n<p class=\"Normal-P0\"><span class=\"Normal-C1\">E-Mail: <strong>&#103;s&#119;a&#108;l&#x40;h&#x61;n&#x6e;&#46;&#x6d;u&#x65;n&#x64;e&#x6e;&#46;&#x64;e<\/strong><\/span><\/p>\n<p class=\"Normal-P0\"><span class=\"Normal-C1\">\u00a0<\/span><\/p>\n<p class=\"Normal-P1\"><strong><span class=\"Normal-C2\">Wir bem\u00fchen uns um eine stetige Aktualisierung unseres Internetauftritts. Entstehende L\u00fccken bitten wir zu entschuldigen. F\u00fcr konstruktive Kritik sowie Fragen und Anregungen stehen wir gerne zur Verf\u00fcgung!<\/span><\/strong><\/p>\n<p class=\"Normal-P1\"><span class=\"Normal-C2\">\u00a0<\/span><\/p>\n<p class=\"Normal-P1\"><strong><span class=\"Normal-C2\">Disclaimer<\/span><\/strong><\/p>\n<p class=\"Normal-P1\"><strong><span class=\"Normal-C2\">1. Haftung f\u00fcr Inhalte<\/span><\/strong><\/p>\n<p class=\"Normal-P1\"><span class=\"Normal-C1\">Die Inhalte unserer Seiten wurden mit gr\u00f6\u00dfter Sorgfalt erstellt. F\u00fcr die Richtigkeit, Vollst\u00e4ndigkeit und Aktualit\u00e4t der Inhalte k\u00f6nnen wir jedoch keine Gew\u00e4hr \u00fcbernehmen.<\/span><\/p>\n<p class=\"Normal-P1\"><span class=\"Normal-C1\">Als Diensteanbieter sind wir gem\u00e4\u00df \u00a7 7 Abs. 1 TMG f\u00fcr eigene Inhalte auf diesen Seiten nach den allgemeinen Gesetzen verantwortlich. Nach \u00a7\u00a7 8 bis 10 TMG sind wir als Diensteanbieter jedoch nicht verpflichtet, \u00fcbermittelte oder gespeicherte fremde Informationen zu \u00fcberwachen oder nach Umst\u00e4nden zu forschen, die auf eine rechtswidrige T\u00e4tigkeit hinweisen. Verpflichtungen zur Entfernung oder Sperrung der Nutzung von Informationen nach den allgemeinen Gesetzen bleiben hiervon unber\u00fchrt. Eine diesbez\u00fcgliche Haftung ist jedoch erst ab dem Zeitpunkt der Kenntnis einer konkreten Rechtsverletzung m\u00f6glich. Bei bekannt werden von entsprechenden Rechtsverletzungen werden wir diese Inhalte umgehend entfernen.<\/span><\/p>\n<p class=\"Normal-P1\"><span class=\"Normal-C1\">\u00a0<\/span><\/p>\n<p class=\"Normal-P1\"><strong><span class=\"Normal-C2\">2. Haftung f\u00fcr Links<\/span><\/strong><\/p>\n<p class=\"Normal-P1\"><span class=\"Normal-C1\">Unser Angebot enth\u00e4lt Links zu externen Webseiten Dritter, auf deren Inhalte wir keinen Einfluss haben. Deshalb k\u00f6nnen wir f\u00fcr diese fremden Inhalte auch keine Gew\u00e4hr \u00fcbernehmen. F\u00fcr die Inhalte der verlinkten Seiten ist stets der jeweilige Anbieter oder Betreiber der Seiten verantwortlich. Die verlinkten Seiten wurden zum Zeitpunkt der Verlinkung auf m\u00f6gliche Rechtsverst\u00f6\u00dfe \u00fcberpr\u00fcft. Rechtswidrige Inhalte waren zum Zeitpunkt der Verlinkung nicht erkennbar. Eine permanente inhaltliche Kontrolle der verlinkten Seiten ist jedoch ohne konkrete Anhaltspunkte einer Rechtsverletzung nicht zumutbar. Bei bekannt werden von Rechtsverletzungen werden wir derartige Links umgehend entfernen.<\/span><\/p>\n<p class=\"Normal-P1\"><span class=\"Normal-C1\">\u00a0<\/span><\/p>\n<p class=\"Normal-P1\"><strong><span class=\"Normal-C2\">3. Urheberrecht<\/span><\/strong><\/p>\n<p class=\"Normal-P1\"><span class=\"Normal-C1\">Die durch die Seitenbetreiber erstellten Inhalte und Werke auf diesen Seiten unterliegen dem deutschen Urheberrecht. Beitr\u00e4ge Dritter sind als solche gekennzeichnet. Die Vervielf\u00e4ltigung, Bearbeitung, Verbreitung und jede Art der Verwertung au\u00dferhalb der Grenzen des Urheberrechtes bed\u00fcrfen der schriftlichen Zustimmung des jeweiligen Autors bzw. Erstellers. Downloads und Kopien dieser Seite sind nur f\u00fcr den privaten, nicht kommerziellen Gebrauch gestattet.<\/span><\/p>\n<p class=\"Normal-P1\"><span class=\"Normal-C1\">Die Betreiber der Seiten sind bem\u00fcht, stets die Urheberrechte anderer zu beachten bzw. auf selbst erstellte sowie lizenzfreie Werke zur\u00fcckzugreifen.<\/span><\/p>\n<p class=\"Normal-P1\"><span class=\"Normal-C1\">\u00a0<\/span><\/p>\n<p class=\"Normal-P1\"><strong><span class=\"Normal-C2\">4. Datenschutz<\/span><\/strong><\/p>\n<p class=\"Normal-P1\"><span class=\"Normal-C1\">Soweit auf unseren Seiten personenbezogene Daten (beispielsweise Name, Anschrift, Bilder oder E-Mail-Adressen) erhoben werden, erfolgt dies soweit m\u00f6glich stets auf freiwilliger Basis. Die Nutzung der Angebote und Dienste ist, soweit m\u00f6glich, stets ohne Angabe personenbezogener Daten m\u00f6glich.<\/span><\/p>\n<p class=\"Normal-P1\"><span class=\"Normal-C1\">Wir weisen darauf hin, dass die Daten\u00fcbertragung im Internet (z.B. bei der Kommunikation per E-Mail) Sicherheitsl\u00fccken aufweisen kann. Ein l\u00fcckenloser Schutz der Daten vor dem Zugriff durch Dritte ist nicht m\u00f6glich.<\/span><\/p>\n<p class=\"Normal-P1\"><span class=\"Normal-C1\">Der Nutzung von im Rahmen der Impressumspflicht ver\u00f6ffentlichten Kontaktdaten durch Dritte zur \u00dcbersendung von nicht ausdr\u00fccklich angeforderter Werbung und Informationsmaterialien wird hiermit ausdr\u00fccklich widersprochen. Die Betreiber der Seiten behalten sich ausdr\u00fccklich rechtliche Schritte im Falle der unverlangten Zusendung von Werbeinformationen, etwa durch Spam-Mails, vor.<\/span><\/p>\n<p class=\"Normal-P1\"><span class=\"Normal-C1\">\u00a0<\/span><\/p>\n<\/div>\n","protected":false},"excerpt":{"rendered":"<p>Land Niedersachsen (Dienstanbieter im Sinne des Telemediengesetzes) \u00a0 Das Land Niedersachsen ist eine juristische Person des \u00f6ffentlichen Rechts. \u00a0vertreten durch \u00a0Nadine Hinze \u00a0&#8211; Schulleiterin \u00a0Grundschule am Wall &#8211; Ganztagsschule mit Sprachheilklassen &#8211; \u00a0\u00a0\u00a0\u00a0\u00a0\u00a0\u00a0\u00a0\u00a0\u00a0\u00a0\u00a0\u00a0 Parkstra\u00dfe 8 34346 Hann. M\u00fcnden Telefon: 05541 \/ 72496 Telefax: 05541 \/ 989304 E-Mail: &#x67;&#115;w&#x61;&#108;l&#x40;&#104;a&#x6e;&#110;&#46;&#x6d;&#117;e&#x6e;&#100;e&#x6e;&#46;d&#x65; \u00a0 Wir bem\u00fchen uns um eine stetige &hellip; <a href=\"https:\/\/wordpress.nibis.de\/gsamwall\/impressum\/\" class=\"more-link\"><span class=\"screen-reader-text\">Impressum<\/span> weiterlesen <span class=\"meta-nav\">&rarr;<\/span><\/a><\/p>\n","protected":false},"author":9193468,"featured_media":0,"parent":0,"menu_order":0,"comment_status":"closed","ping_status":"closed","template":"","meta":{"footnotes":""},"class_list":["post-198","page","type-page","status-publish","hentry"],"_links":{"self":[{"href":"https:\/\/wordpress.nibis.de\/gsamwall\/wp-json\/wp\/v2\/pages\/198","targetHints":{"allow":["GET"]}}],"collection":[{"href":"https:\/\/wordpress.nibis.de\/gsamwall\/wp-json\/wp\/v2\/pages"}],"about":[{"href":"https:\/\/wordpress.nibis.de\/gsamwall\/wp-json\/wp\/v2\/types\/page"}],"author":[{"embeddable":true,"href":"https:\/\/wordpress.nibis.de\/gsamwall\/wp-json\/wp\/v2\/users\/9193468"}],"replies":[{"embeddable":true,"href":"https:\/\/wordpress.nibis.de\/gsamwall\/wp-json\/wp\/v2\/comments?post=198"}],"version-history":[{"count":2,"href":"https:\/\/wordpress.nibis.de\/gsamwall\/wp-json\/wp\/v2\/pages\/198\/revisions"}],"predecessor-version":[{"id":1385,"href":"https:\/\/wordpress.nibis.de\/gsamwall\/wp-json\/wp\/v2\/pages\/198\/revisions\/1385"}],"wp:attachment":[{"href":"https:\/\/wordpress.nibis.de\/gsamwall\/wp-json\/wp\/v2\/media?parent=198"}],"curies":[{"name":"wp","href":"https:\/\/api.w.org\/{rel}","templated":true}]}}