{"id":2121,"date":"2022-10-06T14:02:51","date_gmt":"2022-10-06T12:02:51","guid":{"rendered":"https:\/\/wordpress.nibis.de\/gsamwall\/?page_id=2121"},"modified":"2022-10-06T14:02:51","modified_gmt":"2022-10-06T12:02:51","slug":"einschulung-2022","status":"publish","type":"page","link":"https:\/\/wordpress.nibis.de\/gsamwall\/einschulung-2022\/","title":{"rendered":"Einschulung 2022"},"content":{"rendered":"\n<p>Am 27.08.2022 war es wieder soweit: Wir durften viele neue Jungen und M\u00e4dchen herzlich bei und begr\u00fc\u00dfen und ihnen sagen: Ihr seit jetzt mit uns zusammen die &#8222;Kinder vom Wall&#8220;.  Aufgeregt, schick angezogen und mit Schulranzen und Schult\u00fcte bepackt kamen mehr als 40 neue Erstkl\u00e4ssler und Schulkindergarten-Kinder zusammen mit ihren Familien morgens auf den Schulhof. <\/p>\n\n\n\n<p>10 Uhr startete dann die Einschulung. Herr Gritzka begr\u00fc\u00dfte jedes Kind einzeln und las vorher verfasste W\u00fcnsche der Kinder vor. Danach trafen sich alle Jungen und M\u00e4dchen klassenweise und lie\u00dfen ihre W\u00fcnsche an Helium-Ballons in die L\u00fcfte steigen. Begleitet von toller Musik brachte dieser Moment dem ein oder anderen G\u00e4nsehaut oder sogar ein kleines Freudentr\u00e4nchen. <br><br>Danach gingen die neuen Erstkl\u00e4ssler und unsere &#8222;Schukis&#8220; dann mit ihren Lehrerinnen Frau Hinske, Frau Burgunder, Frau J\u00e4ger und Frau Gebhardt in die Klasse, um gemeinsam ihre erste Schulstunde zu verbringen. <br>Nach 45 Minuten \u00fcbergaben wir die gl\u00fccklichen Sch\u00fclerinnen und Sch\u00fcler dann wieder an ihre Eltern und entlie\u00dfen sie in einen tollen Einschulungstag. <br>Wir w\u00fcnschen allen Kindern, Eltern und Lehrern einen tollen Start ins Schuljahr 2022 \/ 2023 und freuen uns auf viele spannende, aufregende und sch\u00f6ne Momente mit den Kindern. <\/p>\n\n\n\n<figure class=\"wp-block-gallery has-nested-images columns-default is-cropped wp-block-gallery-1 is-layout-flex wp-block-gallery-is-layout-flex\">\n<figure class=\"wp-block-image size-large\"><img loading=\"lazy\" decoding=\"async\" width=\"640\" height=\"480\" data-id=\"2126\" src=\"https:\/\/wordpress.nibis.de\/gsamwall\/files\/2022\/10\/fliegnnde-Ballons.jpg\" alt=\"\" class=\"wp-image-2126\" \/><\/figure>\n\n\n\n<figure class=\"wp-block-image size-large\"><img loading=\"lazy\" decoding=\"async\" width=\"480\" height=\"640\" data-id=\"2123\" src=\"https:\/\/wordpress.nibis.de\/gsamwall\/files\/2022\/10\/Herr-Gritzka.jpg\" alt=\"\" class=\"wp-image-2123\" \/><\/figure>\n\n\n\n<figure class=\"wp-block-image size-large\"><img loading=\"lazy\" decoding=\"async\" width=\"640\" height=\"480\" data-id=\"2122\" src=\"https:\/\/wordpress.nibis.de\/gsamwall\/files\/2022\/10\/Klasse-1c.jpeg\" alt=\"\" class=\"wp-image-2122\" \/><\/figure>\n\n\n\n<figure class=\"wp-block-image size-large\"><img loading=\"lazy\" decoding=\"async\" width=\"480\" height=\"640\" data-id=\"2124\" src=\"https:\/\/wordpress.nibis.de\/gsamwall\/files\/2022\/10\/Klassenraum.jpeg\" alt=\"\" class=\"wp-image-2124\" \/><\/figure>\n\n\n\n<figure class=\"wp-block-image size-large\"><img loading=\"lazy\" decoding=\"async\" width=\"480\" height=\"640\" data-id=\"2125\" src=\"https:\/\/wordpress.nibis.de\/gsamwall\/files\/2022\/10\/Schultu\u0308ten.jpeg\" alt=\"\" class=\"wp-image-2125\" \/><\/figure>\n<\/figure>\n\n\n\n<p><\/p>\n","protected":false},"excerpt":{"rendered":"<p>Am 27.08.2022 war es wieder soweit: Wir durften viele neue Jungen und M\u00e4dchen herzlich bei und begr\u00fc\u00dfen und ihnen sagen: Ihr seit jetzt mit uns zusammen die &#8222;Kinder vom Wall&#8220;. Aufgeregt, schick angezogen und mit Schulranzen und Schult\u00fcte bepackt kamen mehr als 40 neue Erstkl\u00e4ssler und Schulkindergarten-Kinder zusammen mit ihren Familien morgens auf den Schulhof. &hellip; <a href=\"https:\/\/wordpress.nibis.de\/gsamwall\/einschulung-2022\/\" class=\"more-link\"><span class=\"screen-reader-text\">Einschulung 2022<\/span> weiterlesen <span class=\"meta-nav\">&rarr;<\/span><\/a><\/p>\n","protected":false},"author":9193468,"featured_media":0,"parent":0,"menu_order":0,"comment_status":"closed","ping_status":"closed","template":"","meta":{"footnotes":""},"class_list":["post-2121","page","type-page","status-publish","hentry"],"_links":{"self":[{"href":"https:\/\/wordpress.nibis.de\/gsamwall\/wp-json\/wp\/v2\/pages\/2121","targetHints":{"allow":["GET"]}}],"collection":[{"href":"https:\/\/wordpress.nibis.de\/gsamwall\/wp-json\/wp\/v2\/pages"}],"about":[{"href":"https:\/\/wordpress.nibis.de\/gsamwall\/wp-json\/wp\/v2\/types\/page"}],"author":[{"embeddable":true,"href":"https:\/\/wordpress.nibis.de\/gsamwall\/wp-json\/wp\/v2\/users\/9193468"}],"replies":[{"embeddable":true,"href":"https:\/\/wordpress.nibis.de\/gsamwall\/wp-json\/wp\/v2\/comments?post=2121"}],"version-history":[{"count":1,"href":"https:\/\/wordpress.nibis.de\/gsamwall\/wp-json\/wp\/v2\/pages\/2121\/revisions"}],"predecessor-version":[{"id":2127,"href":"https:\/\/wordpress.nibis.de\/gsamwall\/wp-json\/wp\/v2\/pages\/2121\/revisions\/2127"}],"wp:attachment":[{"href":"https:\/\/wordpress.nibis.de\/gsamwall\/wp-json\/wp\/v2\/media?parent=2121"}],"curies":[{"name":"wp","href":"https:\/\/api.w.org\/{rel}","templated":true}]}}