{"id":248,"date":"2020-04-14T19:30:52","date_gmt":"2020-04-14T17:30:52","guid":{"rendered":"https:\/\/wordpress.nibis.de\/gsamwall\/?page_id=248"},"modified":"2025-07-14T08:59:24","modified_gmt":"2025-07-14T06:59:24","slug":"sozialarbeit","status":"publish","type":"page","link":"https:\/\/wordpress.nibis.de\/gsamwall\/sozialarbeit\/","title":{"rendered":"Sozialarbeit"},"content":{"rendered":"<p class=\"Normal-P\"><span class=\"Normal-C0\">Seit einiger Zeit steht unserer Schule eine Sozialarbeiterin zur Verf\u00fcgung.<\/span><\/p>\n<p class=\"Normal-P\"><span class=\"Normal-C0\">Hier eine kurze Vorstellung des Aufgabengebietes.<\/span><\/p>\n<p class=\"Normal-P\"><strong><span class=\"Normal-C0\">Sozialp\u00e4dagogin Silvana Erbe<\/span><\/strong><\/p>\n<p class=\"p2\">Seit 2019 begleite und unterstu\u0308tze ich als Sozialp\u00e4dagogin die Kinder in ihrer schulischen und pers\u00f6nlichen Entwicklung.<\/p>\n<p class=\"p2\">Besonders am Herzen liegt mir, jedes Kind in seiner Einzigartigkeit wahrzunehmen und zu st\u00e4rken &#8211; ob im Gespr\u00e4ch, im Spiel oder im sozialen Miteinander.<\/p>\n<p class=\"p2\">Ich berate alle am Schulleben Beteiligte und bin Ansprechpartnerin bei s\u00e4mtlichen Fragen, Problemen und Schwierigkeiten zu sozialen Themen welche im Kontext Schule und Kindheit\u00a0 stehen. Durch meine Vernetzung mitexternen Fachstellen und Institutionen gelingt es bedarfsgerechte Unterstu\u0308tzung zu finden.<\/p>\n<p class=\"p2\">Im Schulalltag gestalte ich fu\u0308r und mit den Kindern Pausenhofangebote, fu\u0308hre eine AG im Nachmittagsbereich, biete individuelle Einzelfallhilfe nach Absprache an und setze in folgenden Klassen unterschiedliche Sozial- und Gewaltpr\u00e4ventionstrainings im Unterricht um:<\/p>\n<p class=\"p2\">1.Klasse: \u201eLubo aus dem All!\u201c<\/p>\n<p class=\"p2\">2. Klasse: \u201eLubo aus dem All!\u201c und Monsterstarke Kinderrechte<\/p>\n<p class=\"p2\">3. Klasse: \u201eZieh dich raus\u201c und Streitschlichterausbildung<\/p>\n<p class=\"p2\">4. Klasse: Streitschlichter werden aktiv und Fairness ist cool<\/p>\n<p class=\"p2\">Ich freue mich auf eine vertrauensvolle Zusammenarbeit mit Ihnen und Ihren Kindern. Bei Fragen oder kleinen und gro\u00dfen Sorgen k\u00f6nnen Sie mich gerne telefonisch oder per Mail erreichen.<\/p>\n<p class=\"p2\"><strong>Telefon:<\/strong> 05541- 989302<\/p>\n<p class=\"p2\"><strong>Email:<\/strong> silvana&#46;erbe&#64;&#115;&#99;&#104;&#117;&#108;&#101;&#45;&#110;&#100;&#115;&#46;&#100;&#101;<\/p>\n<p class=\"p2\"><strong>Sekretariat:<\/strong> 05541-71496 ( gerne Anrufen, falls ich nicht erreichbar bin)<\/p>\n<p class=\"Standard-P\"><span class=\"Normal-C0\">\u00a0<\/span><\/p>\n<p class=\"Standard-P\"><img loading=\"lazy\" decoding=\"async\" class=\"size-full wp-image-2690 aligncenter\" src=\"https:\/\/wordpress.nibis.de\/gsamwall\/files\/2025\/07\/WhatsApp-Image-2025-06-16-at-11.52.30.jpeg\" alt=\"\" width=\"1600\" height=\"1600\" srcset=\"https:\/\/wordpress.nibis.de\/gsamwall\/files\/2025\/07\/WhatsApp-Image-2025-06-16-at-11.52.30.jpeg 1600w, https:\/\/wordpress.nibis.de\/gsamwall\/files\/2025\/07\/WhatsApp-Image-2025-06-16-at-11.52.30-768x768.jpeg 768w, https:\/\/wordpress.nibis.de\/gsamwall\/files\/2025\/07\/WhatsApp-Image-2025-06-16-at-11.52.30-1536x1536.jpeg 1536w\" sizes=\"auto, (max-width: 1600px) 100vw, 1600px\" \/><\/p>\n","protected":false},"excerpt":{"rendered":"<p>Seit einiger Zeit steht unserer Schule eine Sozialarbeiterin zur Verf\u00fcgung. Hier eine kurze Vorstellung des Aufgabengebietes. Sozialp\u00e4dagogin Silvana Erbe Seit 2019 begleite und unterstu\u0308tze ich als Sozialp\u00e4dagogin die Kinder in ihrer schulischen und pers\u00f6nlichen Entwicklung. Besonders am Herzen liegt mir, jedes Kind in seiner Einzigartigkeit wahrzunehmen und zu st\u00e4rken &#8211; ob im Gespr\u00e4ch, im Spiel &hellip; <a href=\"https:\/\/wordpress.nibis.de\/gsamwall\/sozialarbeit\/\" class=\"more-link\"><span class=\"screen-reader-text\">Sozialarbeit<\/span> weiterlesen <span class=\"meta-nav\">&rarr;<\/span><\/a><\/p>\n","protected":false},"author":9193468,"featured_media":0,"parent":0,"menu_order":0,"comment_status":"closed","ping_status":"closed","template":"","meta":{"footnotes":""},"class_list":["post-248","page","type-page","status-publish","hentry"],"_links":{"self":[{"href":"https:\/\/wordpress.nibis.de\/gsamwall\/wp-json\/wp\/v2\/pages\/248","targetHints":{"allow":["GET"]}}],"collection":[{"href":"https:\/\/wordpress.nibis.de\/gsamwall\/wp-json\/wp\/v2\/pages"}],"about":[{"href":"https:\/\/wordpress.nibis.de\/gsamwall\/wp-json\/wp\/v2\/types\/page"}],"author":[{"embeddable":true,"href":"https:\/\/wordpress.nibis.de\/gsamwall\/wp-json\/wp\/v2\/users\/9193468"}],"replies":[{"embeddable":true,"href":"https:\/\/wordpress.nibis.de\/gsamwall\/wp-json\/wp\/v2\/comments?post=248"}],"version-history":[{"count":17,"href":"https:\/\/wordpress.nibis.de\/gsamwall\/wp-json\/wp\/v2\/pages\/248\/revisions"}],"predecessor-version":[{"id":2691,"href":"https:\/\/wordpress.nibis.de\/gsamwall\/wp-json\/wp\/v2\/pages\/248\/revisions\/2691"}],"wp:attachment":[{"href":"https:\/\/wordpress.nibis.de\/gsamwall\/wp-json\/wp\/v2\/media?parent=248"}],"curies":[{"name":"wp","href":"https:\/\/api.w.org\/{rel}","templated":true}]}}