{"id":31,"date":"2016-02-19T09:26:56","date_gmt":"2016-02-19T08:26:56","guid":{"rendered":"http:\/\/wordpress.nibis.de\/gsaos\/?page_id=31"},"modified":"2023-11-22T06:14:31","modified_gmt":"2023-11-22T05:14:31","slug":"chronik","status":"publish","type":"page","link":"https:\/\/wordpress.nibis.de\/gsaos\/chronik\/","title":{"rendered":"Chronik"},"content":{"rendered":"<p>Die Aller-Oker-Schule (fr\u00fcher: Grundschule M\u00fcden) besteht seit dem Jahr 1952. Bei unserem R\u00fcckblick beginnen wir jedoch vor dem Jahr 1952, um die inhaltlichen Zusammenh\u00e4nge besser verdeutlichen zu k\u00f6nnen.<\/p>\n<p>Vor \u00fcber 200 Jahren war das Schulhaus Eigentum des freiherrlichen Gutes auf Dieckhorst. Der Schulmeister wohnte in demselben Geb\u00e4ude, hatte einen Gem\u00fcsegarten, eine Weideberechtigung f\u00fcr zwei St\u00fcck Hornvieh und ein karges Gehalt.<\/p>\n<p>Der Unterricht von 47 Kindern fand im Winterhalbjahr statt, da die Kinder im Sommer arbeiten mussten. Lehrer waren nebenher als Schneider, Tagel\u00f6hner und Chirurgen t\u00e4tig. Ein bestimmtes Schulhaus gab es nicht. Die \u00d6rtlichkeiten wechselten und waren als Schulzimmer nicht besonders geeignet, denn Luft und Licht gab es in den kleinen Wohnstuben-Schulzimmern nicht ausreichend.<\/p>\n<p>1863 wurde in Dieckhorst ein neues Schulhaus gebaut.<\/p>\n<p>Als es in Dieckhorst 80-90 Sch\u00fcler und in M\u00fcden 130 Sch\u00fcler gab, schlug der Schulrat Baumgarten eine Zusammenlegung zu einem Gesamtschulverbund vor, worauf sich die Gemeinden jedoch nicht verst\u00e4ndigen konnten. Jede Gemeinde wollte Ihre Selbstst\u00e4ndigkeit behalten.<\/p>\n<p>1922 einigte man sich aber darauf, alle Sch\u00fcler aus beiden Orten gemeinsam von allen Lehrern unterrichten zu lassen. Dies fand in<br \/>\n3 Schulh\u00e4usern statt:<br \/>\n&#8211; in Dieckhorst (Sandeck)<br \/>\n&#8211; an der Kirche<br \/>\n&#8211; und am Friedhof.<\/p>\n<p>1930 kam es zur Gr\u00fcndung eines Gesamtschulverbandes.<\/p>\n<p>Die Unterrichtszeit war von 8 Uhr in der Fr\u00fch bis um 18 Uhr \u2013 wegen mangelnden Schulraums.<\/p>\n<p>Pl\u00e4ne f\u00fcr einen Schulneubau hatte man vor dem Krieg gemacht, die aber f\u00fcr viele Jahre verschoben werden mussten.<\/p>\n<p>Im Jahre 1952 wurde der 1. Teil des neuen Schulgeb\u00e4udes als Volksschule M\u00fcden-Dieckhorst eingeweiht.<\/p>\n<p>\u00dcber 300 Kinder aus beiden Ortsteilen besuchten die Klassen 1 bis 8. Die Klassenst\u00e4rke lag bei 40-50 Sch\u00fclern.<br \/>\nDa nur 6 Klassenr\u00e4ume zur Verf\u00fcgung standen, gab es den so genannten \u201eSchichtunterricht\u201c. Er dauerte von 8.00 Uhr bis 18.00 Uhr. Die gro\u00dfen Sch\u00fcler kamen vormittags, die Kleinen ab 13.00 Uhr.<\/p>\n<p>1962 wurde das 9. Schuljahr an den Volksschulen verbindlich eingef\u00fchrt. Zeitgleich fand die Erweiterung des M\u00fcdener Schulgeb\u00e4udes statt.<br \/>\nEs kam die Turnhalle hinzu, &#8211; ebenso ein Physikraum, ein Werkraum und eine volksschulgerechte Lehrk\u00fcche.<br \/>\nDer Sportplatz wurde bereits einige Jahre davor angelegt.<\/p>\n<p>In der Folgezeit kamen aus den Volksschulen Ettenb\u00fcttel und Flettmar zuerst die gr\u00f6\u00dferen Sch\u00fcler und sp\u00e4ter alle Sch\u00fcler nach M\u00fcden. Die M\u00fcdener Schule wurde eine so genannte Mittelpunktschule.<\/p>\n<p>Mehrmals in der Woche gab es auch nachmittags Unterricht: Sport, Kochen, Werken und Nadelarbeit.<\/p>\n<p>Ein VW-Bus war vor- und nachmittags unterwegs, um die Sch\u00fcler zum Unterricht und sp\u00e4ter wieder nach Hause zu bringen.<\/p>\n<p>Da schlie\u00dflich auch ein zweiter VW-Bus den Sch\u00fclertransport nicht mehr bew\u00e4ltigen konnte, kaufte der damalige Schulzweckverband einen gro\u00dfen Bus.<\/p>\n<p>1968 wurde das Lehrschwimmbecken im Rahmen einer Elterninitiative fertig gestellt.<\/p>\n<p>1974 wurde aus der M\u00fcdener Mittelpunktschule eine Grund- und Hauptschule.<\/p>\n<p>Da die Sch\u00fclerzahl weiter anstieg \u2013 und zudem die Kinder aus Hahnenhorn hinzukamen \u2013 entschloss man sich, den Dachausbau in Angriff zu nehmen.<\/p>\n<p>Ab 1978 besuchten die Sch\u00fcler der Jahrg\u00e4nge 5 und 6 die neu gegr\u00fcndete OS Meinersen.<\/p>\n<p>Auch die \u00e4lteren Sch\u00fcler und viele Lehrkr\u00e4fte gingen nach Meinersen. Zur\u00fcck blieb in M\u00fcden eine 2-z\u00fcgige Grundschule.<br \/>\nJede Klasse hatte ihren eigenen Raum und die Lehrkr\u00e4fte ein geeignetes Lehrerzimmer.<\/p>\n<p>Im Laufe der Jahre wuchs die Sch\u00fclerzahl stetig. 1992 war die Grundschule 3-z\u00fcgig. Da die Klassenfrequenzen sehr hoch waren, zeichnete sich eine 4-Z\u00fcgigkeit und damit eine Raumnot ab.<\/p>\n<p>Aus diesem Grunde beschloss der Rat der Samtgemeinde, eine Erweiterung und grundlegende Sanierung der bestehenden Geb\u00e4ude vorzunehmen.<\/p>\n<p>1994 war Baubeginn<\/p>\n<p>Ende 1995 war der Neubau nach einigen Verz\u00f6gerungen fertig gestellt.<\/p>\n<p>1996 folgte der 2. Bauabschnitt. Der Trakt Dehnenweg wurde saniert und das Dach erneuert und umgestaltet.<br \/>\nEbenfalls im Jahr 1996 wurde die M\u00fcdener Grundschule in Aller-Oker-Grundschule umbenannt.<\/p>\n<p>Ca. ein Jahr sp\u00e4ter waren die Bauarbeiten beendet und es fand am 12.03.1997 eine gro\u00dfe Einweihungsfeier statt.<\/p>\n<p>1998 erfolgte die Gr\u00fcndung des F\u00f6rdervereins.<\/p>\n<p>Um der Schulraumnot im Schulzentrum Meinersen entgegenzuwirken, beschloss die Samtgemeinde, in M\u00fcden eine Orientierungsstufe einzurichten.<\/p>\n<p>Der 3. Bauabschnitt schaffte hierzu die notwendigen Voraussetzungen. Zum Schuljahresbeginn 1998\/1999 wurde schlie\u00dflich die Orientierungsstufe als Au\u00dfenstelle der Orientierungsstufe Meinersen eingerichtet, im Februar 2000 wurde sie selbstst\u00e4ndig.<\/p>\n<p>2001 wurde die Aller-Oker-Schule \u201eVerl\u00e4ssliche Grundschule\u201c<\/p>\n<p>2004 wurde die Orientierungsstufe in Niedersachsen abgeschafft. Damit kam auch das Ende der OS in M\u00fcden.<\/p>\n<p>Von August 2004 bis Juli 2005 zog dann die Hauptschule Meinersen mit einer Au\u00dfenstelle in die freigewordenen R\u00e4ume ein.<\/p>\n<p>2008 zog die Kita M\u00fcden als Au\u00dfenstelle der Kita Ettenb\u00fcttel mit in das Schulgeb\u00e4ude ein. Sie \u00fcbernahm den Trakt zum Quellengrund hin und einen Teil des Innenhofs als Spielfl\u00e4che.<\/p>\n<p><a href=\"https:\/\/wordpress.nibis.de\/gsaos\/unicef-kinderrechteschule\/\">zur Startseite<\/a><\/p>\n","protected":false},"excerpt":{"rendered":"<p>Die Aller-Oker-Schule (fr\u00fcher: Grundschule M\u00fcden) besteht seit dem Jahr 1952. Bei unserem R\u00fcckblick beginnen wir jedoch vor dem Jahr 1952, um die inhaltlichen Zusammenh\u00e4nge besser verdeutlichen zu k\u00f6nnen. Vor \u00fcber 200 Jahren war das Schulhaus Eigentum des freiherrlichen Gutes auf &hellip; <a href=\"https:\/\/wordpress.nibis.de\/gsaos\/chronik\/\">Weiterlesen <span class=\"meta-nav\">&rarr;<\/span><\/a><\/p>\n","protected":false},"author":937,"featured_media":0,"parent":0,"menu_order":0,"comment_status":"closed","ping_status":"closed","template":"","meta":{"footnotes":""},"class_list":["post-31","page","type-page","status-publish","hentry"],"_links":{"self":[{"href":"https:\/\/wordpress.nibis.de\/gsaos\/wp-json\/wp\/v2\/pages\/31","targetHints":{"allow":["GET"]}}],"collection":[{"href":"https:\/\/wordpress.nibis.de\/gsaos\/wp-json\/wp\/v2\/pages"}],"about":[{"href":"https:\/\/wordpress.nibis.de\/gsaos\/wp-json\/wp\/v2\/types\/page"}],"author":[{"embeddable":true,"href":"https:\/\/wordpress.nibis.de\/gsaos\/wp-json\/wp\/v2\/users\/937"}],"replies":[{"embeddable":true,"href":"https:\/\/wordpress.nibis.de\/gsaos\/wp-json\/wp\/v2\/comments?post=31"}],"version-history":[{"count":4,"href":"https:\/\/wordpress.nibis.de\/gsaos\/wp-json\/wp\/v2\/pages\/31\/revisions"}],"predecessor-version":[{"id":1678,"href":"https:\/\/wordpress.nibis.de\/gsaos\/wp-json\/wp\/v2\/pages\/31\/revisions\/1678"}],"wp:attachment":[{"href":"https:\/\/wordpress.nibis.de\/gsaos\/wp-json\/wp\/v2\/media?parent=31"}],"curies":[{"name":"wp","href":"https:\/\/api.w.org\/{rel}","templated":true}]}}