{"id":37,"date":"2016-02-19T09:47:19","date_gmt":"2016-02-19T08:47:19","guid":{"rendered":"http:\/\/wordpress.nibis.de\/gsaos\/?page_id=37"},"modified":"2024-08-23T05:27:32","modified_gmt":"2024-08-23T03:27:32","slug":"schul-abc","status":"publish","type":"page","link":"https:\/\/wordpress.nibis.de\/gsaos\/schul-abc\/","title":{"rendered":"Schul-ABC"},"content":{"rendered":"<p><strong>Anfang<\/strong><br \/>\nDie erste Stunde beginnt um 08.05 Uhr. Ab 7.50 Uhr werden die Kinder auf dem Schulhof beaufsichtigt. Zum ersten Klingeln um 08.00 Uhr werden die Kinder von ihrer Lehrkraft oder den Klassensprecher*innen in die Klasse geleitet.<\/p>\n<p><strong>Ausfl\u00fcge<\/strong><br \/>\nAlle Klassen unternehmen regelm\u00e4\u00dfig im Rahmen des Unterrichtes Ausfl\u00fcge.<\/p>\n<p><strong>Betreuung<\/strong><br \/>\nBetreuung bis 12.54 Uhr findet t\u00e4glich im Anschluss an den Unterricht in den Betreuungsr\u00e4umen statt. Die Anmeldung ist erforderlich und verbindlich.<br \/>\nBetreuungskr\u00e4fte: Frau Batke und Frau Gadacz-Paluch<\/p>\n<p><strong>Brezelverkauf<\/strong><br \/>\nJeden Montag zur Fr\u00fchst\u00fcckspause k\u00f6nnen Brezeln erworben werde. Die Eltern der Klassen organisieren dieses Angebot.<\/p>\n<p><strong>Computer, elektronische Tafeln &amp; Tablets<\/strong><br \/>\nDie Schule verf\u00fcgt \u00fcber einen Computerraum mit 25 internetf\u00e4higen Computern. Au\u00dferdem ist jeder Klassenraum ebenfalls mit einer elektronischen Tafel und einem Computer ausger\u00fcstet. Seit dem letzten Schuljahr sind zus\u00e4tzlich 4 iPad-Koffer angeschafft worden f\u00fcr die Nutzung im Unterricht.<span style=\"font-family: comic sans ms,sans-serif\"><br \/>\n<\/span><\/p>\n<p><strong>Elternsprechtage<\/strong><br \/>\nDiese finden zweimal im Schuljahr (im November und Februar\/M\u00e4rz) statt. Dar\u00fcber hinaus k\u00f6nnen Sie jederzeit einen Termin mit den Lehrkr\u00e4ften Ihres Kindes vereinbaren.<\/p>\n<p><strong>Entschuldigung<\/strong><br \/>\nBitte entschuldigen Sie Ihr Kind am 1. Fehltag vor Unterrichtsbeginn durch einen Anruf in der Schule, Tel: 05375-340. Eine schriftliche Entschuldigung sollte Ihr Kind bei der Klassenlehrkraft abgeben, wenn es wieder am Unterricht teilnimmt. Auch f\u00fcr alle folgenden Tage ist eine telefonische Entschuldigung vor dem Unterricht erforderlich. Diese kann auch f\u00fcr mehrere Tage erfolgen.<\/p>\n<p><strong>F\u00f6rderunterricht<\/strong><br \/>\nIn diesem Schuljahr k\u00f6nnen wir f\u00fcr alle Jahrg\u00e4nge F\u00f6rderunterricht anbieten. Dieser findet in kleinen Gruppen statt.<\/p>\n<p><strong>Forum<\/strong><br \/>\nEinmal im Monat findet das Forum statt. Alle Sch\u00fcler*innen und Lehrkr\u00e4fte versammeln sich dazu in der Pausenhalle. Es werden aktuelle Themen besprochen, das Motto des Monats vorgestellt, Sch\u00fcler*innenbeitr\u00e4ge gezeigt und Sch\u00fcler*innenw\u00fcnsche vorgebracht.<\/p>\n<p><strong>F\u00f6rderverein<\/strong><br \/>\nEine wichtige Einrichtung ist unser F\u00f6rderverein. Durch viele ehrenamtliche Aktionen und Geldzuwendungen tr\u00e4gt er zu einem aktiven Schulleben bei. So finanziert er Preise f\u00fcr unsere j\u00e4hrlichen Mal- und Lesewettbewerbe, unterst\u00fctzt Projekte (z.B. Zirkusprojekt, Theaterauff\u00fchrungen, Autorenlesungen, &#8230;) und spendet Ger\u00e4te und Medien. Vor allem k\u00fcmmert er sich um die Erhaltung und den Betrieb des Lehrschwimmbeckens.<br \/>\nVorsitzender: Guido Schmidt &#8211; Stellvertreterin: Sina Matijevic<\/p>\n<p><strong>Fr\u00fchst\u00fcck<\/strong><br \/>\nDie Kinder fr\u00fchst\u00fccken vor der ersten gro\u00dfen Pause und k\u00f6nnen ihr Fr\u00fchst\u00fcck in der Pause fortf\u00fchren. Bitte geben Sie Ihrem Kind t\u00e4glich etwas zu essen und zu trinken mit. Unterst\u00fctzen Sie Ihr Kind beim Lernen durch ein gesundes Schulfr\u00fchst\u00fcck.<\/p>\n<p><strong>Ganztag<\/strong><br \/>\nSeit September 2012 sind wir eine offene Ganztagsgrundschule. Die Sch\u00fcler*innen k\u00f6nnen an einem oder maximal vier Nachmittagen, montags bis donnerstags, von 13.00h bis 15.30h den Ganztagsbereich der Schule besuchen.<\/p>\n<p><strong>Hausaufgaben<\/strong><br \/>\nInformationen rund um die Thematik der Hausaufgaben finden Sie hier:<\/p>\n<p>Hausaufgabenkonzept<\/p>\n<p><strong>Krankheiten<\/strong><br \/>\nBitte melden Sie ihr Kind f\u00fcr jeden Tag in der Schule krank, an dem es nicht am Unterricht teilnehmen kann. Sollte Ihr Kind an einer ansteckenden Krankheit leiden oder Kopfl\u00e4use haben, sind sie verpflichtet, das zum Schutz der anderen Kinder umgehend der Schule zu melden.<\/p>\n<p><strong>Lehrschwimmbecken<\/strong><br \/>\nNachmittags kann das Lehrschwimmbecken von allen Sch\u00fcler*innen w\u00e4hrend der Schwimmsaison genutzt werden.<\/p>\n<p><strong>Methodentraining<\/strong><br \/>\nIn allen Jahrg\u00e4ngen findet aufeinander aufbauend Methodentraining statt. Hier werden wichtige Schl\u00fcsselqualifikationen vermittelt, die bei der Erschlie\u00dfung von Unterrichtsinhalten und Alltagssituationen helfen. So geht es beispielsweise um die Gestaltung des Arbeitsplatzes\u00a0 im Jahrgang 1 und um das Markieren und Pr\u00e4sentieren im Jahrgang 3.<\/p>\n<p><strong>Patenklassen<\/strong><br \/>\nJedes Kind der neuen erste Klasse bekommt einen Paten oder eine Patin aus dem vierten Jahrgang. Es finden gemeinsame Unternehmungen statt und die &#8222;Gro\u00dfen&#8220; k\u00fcmmern sich auch in den Pausen um die &#8222;Kleinen&#8220;.<\/p>\n<p><strong>Schulelternrat<\/strong><br \/>\nDer Schulelternrat (SER) setzt sich aus den 1. und 2. Elternvertreter*innen jeder Klasse zusammen. Von den Mitgliedern werden die 1. Vorsitzende und die 2. Vorsitzende gew\u00e4hlt. Der SER ist das Bindeglied zwischen Schule und Eltern und arbeitet eng mit dem Schulf\u00f6rderverein zusammen. Die Elternvertreter*innen geben auf den Elternabenden\u00a0 Informationen aus dem SER weiter. Das Organisieren von Schulfesten, Flohm\u00e4rkten, Schulfotograf*innen oder der Cafeteria w\u00e4hrend der Einschulungsveranstaltung geh\u00f6ren genauso in den Verantwortungsbereich des Schulelternrates wie auch die Organisation des w\u00f6chentlichen Brezelverkaufs am Montag.<\/p>\n<p><strong>Sekretariat<\/strong><br \/>\nFrau Blidon-Brehm, unsere Sekret\u00e4rin, ist von Montag bis Freitag von 8.00-12.00 Uhr erreichbar.<\/p>\n<p><strong>Sportunterricht<\/strong><br \/>\nDie Sch\u00fcler*innen benutzen die Sporthalle an der Schule. In den Sommermonaten steht uns auch das Lehrschwimmbecken sowie der Sportplatz im Sportunterricht zur Verf\u00fcgung.<\/p>\n<p><strong>Stundenzeiten<\/strong><br \/>\n0. Stunde: 7.15 &#8211; 08.00 Uhr<br \/>\n1. Stunde: 8.05 &#8211; 08.50 Uhr<br \/>\n2. Stunde: 8.55 &#8211; 09.35 Uhr<br \/>\n<em>Fr\u00fchst\u00fcckspause bis 09.45 Uhr<\/em><br \/>\n<em>1. gro\u00dfe Pause<\/em><br \/>\n3. Stunde: 10.05 &#8211; 10.50 Uhr<br \/>\n4. Stunde: 10.55 &#8211; 11.40 Uhr<br \/>\n<em>2. gro\u00dfe Pause<\/em><br \/>\n5. Stunde: 12.00 &#8211; 12.54 Uhr<\/p>\n<p><strong>Unterrichtsausfall<\/strong><br \/>\nKommt es z. B. durch Witterungsverh\u00e4ltnisse, Heizungsausfall, Brand oder Wasserrohrbruch zu Unterrichtsausfall, werden die Eltern durch den Rundfunk oder die Telefonketten der Klassen davon in Kenntnis gesetzt. Eine Notbetreuung findet in jedem Fall statt.<\/p>\n<p>Bitte beachten:\u00a0Informationen \u00fcber einen witterungsbedingten\u00a0Unterrichtsausfall erhalten Sie \u00fcber die Landkreisseite: <span style=\"font-family: 'comic sans ms', sans-serif\"><a href=\"https:\/\/www.gifhorn.de\/start\/\">gifhorn.de<\/a> o<\/span>der \u00fcber die bekannten regionalen Rundfunksender mit den Verkehrshinweisen nach den Nachrichten oder bei der<span style=\"font-family: 'comic sans ms', sans-serif\"><a href=\"https:\/\/www.vmz-niedersachsen.de\/\">Verkehrsmanagementzentrale Niedersachsen<\/a>. <\/span>Wird ein solcher Unterrichtsausfall bekannt gegeben, findet kein Unterricht statt. F\u00fcr Kinder, die aber trotz des generellen Unterrichtsausfalls zur Schule gekommen sind, gew\u00e4hrleistet die Schule eine Betreuung. Eine gesonderte Information der Schule \u00fcber einen Schulausfall erhalten Sie nicht. Grunds\u00e4tzlich gilt, dass Sie als Eltern, Ihre Kinder auch dann zu Hause behalten oder vorzeitig vom Unterricht abholen k\u00f6nnen, wenn Sie eine unzumutbare Gef\u00e4hrdung Ihrer Kinder auf dem Schulweg durch extreme Witterungsverh\u00e4ltnisse bef\u00fcrchten, auch wenn kein genereller Unterrichtsausfall angeordnet worden ist.<\/p>\n<p><strong>Unfall<\/strong><br \/>\nDie Sch\u00fcler*innen werden bei kleinen Verletzungen durch die Lehrkr\u00e4fte oder Mitarbeitenden der Schule versorgt, welche regelm\u00e4\u00dfig Erste Hilfe Kurse absolvieren. Bei schwereren Verletzungen wird umgehend eine*ein \u00c4rztin*Arzt bzw. Krankenwagen gerufen und die Eltern werden informiert.<\/p>\n<p><strong>Verl\u00e4sslichkeit<\/strong><br \/>\nUnsere Grundschule ist verl\u00e4sslich \u2013 d.h., es f\u00e4llt kein Unterricht aus. Au\u00dferdem k\u00f6nnen Ihre Kinder \u00fcber den stundenplanm\u00e4\u00dfigen Unterricht hinaus nach Anmeldung am Betreuungsangebot bis 12.54 Uhr teilnehmen.<\/p>\n<p><strong>WorldWideWeb<\/strong><br \/>\nSie finden die Grundschule M\u00fcden unter:<span style=\"font-family: comic sans ms,sans-serif\"><br \/>\n<a href=\"https:\/\/www.wordpress.nibis.de\/gsaos\/\">https:\/\/www.wordpress.nibis.de\/gsaos\/<\/a><br \/>\n<\/span><\/p>\n<p><a href=\"https:\/\/wordpress.nibis.de\/gsaos\/\">zur Startseite<\/a><\/p>\n","protected":false},"excerpt":{"rendered":"<p>Anfang Die erste Stunde beginnt um 08.05 Uhr. Ab 7.50 Uhr werden die Kinder auf dem Schulhof beaufsichtigt. Zum ersten Klingeln um 08.00 Uhr werden die Kinder von ihrer Lehrkraft oder den Klassensprecher*innen in die Klasse geleitet. Ausfl\u00fcge Alle Klassen &hellip; <a href=\"https:\/\/wordpress.nibis.de\/gsaos\/schul-abc\/\">Weiterlesen <span class=\"meta-nav\">&rarr;<\/span><\/a><\/p>\n","protected":false},"author":937,"featured_media":0,"parent":0,"menu_order":0,"comment_status":"closed","ping_status":"closed","template":"","meta":{"footnotes":""},"class_list":["post-37","page","type-page","status-publish","hentry"],"_links":{"self":[{"href":"https:\/\/wordpress.nibis.de\/gsaos\/wp-json\/wp\/v2\/pages\/37","targetHints":{"allow":["GET"]}}],"collection":[{"href":"https:\/\/wordpress.nibis.de\/gsaos\/wp-json\/wp\/v2\/pages"}],"about":[{"href":"https:\/\/wordpress.nibis.de\/gsaos\/wp-json\/wp\/v2\/types\/page"}],"author":[{"embeddable":true,"href":"https:\/\/wordpress.nibis.de\/gsaos\/wp-json\/wp\/v2\/users\/937"}],"replies":[{"embeddable":true,"href":"https:\/\/wordpress.nibis.de\/gsaos\/wp-json\/wp\/v2\/comments?post=37"}],"version-history":[{"count":26,"href":"https:\/\/wordpress.nibis.de\/gsaos\/wp-json\/wp\/v2\/pages\/37\/revisions"}],"predecessor-version":[{"id":1814,"href":"https:\/\/wordpress.nibis.de\/gsaos\/wp-json\/wp\/v2\/pages\/37\/revisions\/1814"}],"wp:attachment":[{"href":"https:\/\/wordpress.nibis.de\/gsaos\/wp-json\/wp\/v2\/media?parent=37"}],"curies":[{"name":"wp","href":"https:\/\/api.w.org\/{rel}","templated":true}]}}