{"id":119,"date":"2016-05-08T13:39:04","date_gmt":"2016-05-08T11:39:04","guid":{"rendered":"http:\/\/wordpress.nibis.de\/gsbernhard\/?page_id=119"},"modified":"2026-08-27T07:50:25","modified_gmt":"2026-08-27T05:50:25","slug":"termine","status":"publish","type":"page","link":"https:\/\/wordpress.nibis.de\/gsbernhard\/termine\/","title":{"rendered":"Termine"},"content":{"rendered":"<h3><span style=\"color: #008000\"><strong><span style=\"text-decoration: underline\">August<\/span><\/strong><\/span><\/h3>\n<p>13.08.2026:\u00a0 \u00a0 \u00a0 Erster Schultag: Unterrichtsende um 12:30 Uhr<\/p>\n<p>13.08.2026:\u00a0 \u00a0 \u00a0 18:30 Uhr: Infoabend f\u00fcr Eltern der Kinder des Schulkindergartens<\/p>\n<p>13.08.2026:\u00a0 \u00a0 \u00a0 19:30 Uhr: Infoabend f\u00fcr Eltern der Kinder des Jahrgangs 1<\/p>\n<p>15.08.2026:\u00a0 \u00a0 \u00a0 Einschulung (8:30 Uhr Schulkindergarten, 9:00 Uhr Jahrgang 1)<\/p>\n<p>17.08.2026:\u00a0 \u00a0 \u00a0 Fototermin Erstkl\u00e4ssler\u00a0<\/p>\n<p>18.08.2026:\u00a0 \u00a0 \u00a0 Treffen Kita &#8211; Schule Planung &#8222;Br\u00fcckenjahr&#8220; in der Kita Jakobus<\/p>\n<p>21.08.2026:\u00a0 \u00a0 \u00a0 Aktionstag &#8222;Gelbe F\u00fc\u00dfe&#8220; f\u00fcr die Klassen 1<\/p>\n<p>26.08.2026:\u00a0 \u00a0 \u00a0 19:00 Uhr: Inforveranstaltung Einschulung 2027 (Kita Jakobus &amp; Sonnenh\u00fcgel)<\/p>\n<p>26.08.2026:\u00a0 \u00a0 \u00a0 19: 30 Uhr: Elternabend Klasse 1 (mit Wahl der Elternvertreter + Infos Polizei)<\/p>\n<p>27.08.2026:\u00a0 \u00a0 \u00a0 19: 30 Uhr: Infoveranstaltung Einschulung 2027 (Kita Arche Noah,<\/p>\n<p>\u00a0 \u00a0 \u00a0 \u00a0 \u00a0 \u00a0 \u00a0 \u00a0 \u00a0 \u00a0 \u00a0 \u00a0 \u00a0 \u00a0 \u00a0 Kunterbunt und Sprachheilkindergarten)<\/p>\n<p>31.08.2026:\u00a0 \u00a0 \u00a0 19: 00 Uhr: Elternabend Klasse 3 (mit Wahl der Elternvertreter)<\/p>\n<p><span style=\"background-color: #ffffff;color: #ffffff\">.<\/span><\/p>\n<h3><span style=\"color: #008000\"><strong><span style=\"text-decoration: underline\">September<\/span><\/strong><\/span><\/h3>\n<p>02.09.2026:\u00a0 \u00a0 \u00a0 19: 30 Uhr: Elternabend Klasse 4 (Informationen zu den Beratungsgesrp\u00e4chen)<\/p>\n<p>14.09.2026:\u00a0 \u00a0 \u00a0 bis 18.09.2026: Projekt &#8222;Gr\u00fcne Meilen&#8220; f\u00fcr den Klimaschutz<\/p>\n<p>15.09.2026:\u00a0 \u00a0 \u00a0 19:30Uhr: Schulelternratssitzung in der Bernhardschule<\/p>\n<p>23.09.2026:\u00a0 \u00a0 \u00a0 Fachkonferenzen<\/p>\n<p>24.09.2026:\u00a0 \u00a0 \u00a0 Fachkonferenzen<\/p>\n<p>&nbsp;<\/p>\n<h3><span style=\"text-decoration: underline;color: #008000\"><strong>Oktober<\/strong><\/span><\/h3>\n<p>05.10.2026:\u00a0 \u00a0 \u00a0 Fahrradkontrolle durch Polizei und Fahrrad Koopmann<\/p>\n<p>06.10.2026:\u00a0 \u00a0 \u00a0 Fahrradkontrolle durch Polizei und Fahrrad Koopmann<\/p>\n<p>28.10.2026:\u00a0 \u00a0 \u00a0 Theaterst\u00fcck &#8222;Kinderrechte &#8211; Superkr\u00e4fte&#8220; in der Aula des Gymnasiums\u00a0<\/p>\n<p>\u00a0 \u00a0 \u00a0 \u00a0 \u00a0 \u00a0 \u00a0 \u00a0 \u00a0 \u00a0 \u00a0 \u00a0 \u00a0 \u00a0 \u00a0 f\u00fcr die Klassen 4<\/p>\n<p>&nbsp;<\/p>\n<p><span style=\"color: #ffffff\">.<\/span><\/p>\n<p style=\"text-align: center\"><strong><span style=\"color: #ff6600\">12.10.2026 &#8211; 24.10.2026 Herbstferien<\/span><\/strong><\/p>\n<p style=\"text-align: center\"><strong>\u00a0<\/strong><\/p>\n\n\n<p class=\"wp-block-paragraph\"><\/p>\n","protected":false},"excerpt":{"rendered":"<p>August 13.08.2026:\u00a0 \u00a0 \u00a0 Erster Schultag: Unterrichtsende um 12:30 Uhr 13.08.2026:\u00a0 \u00a0 \u00a0 18:30 Uhr: Infoabend f\u00fcr Eltern der Kinder des Schulkindergartens 13.08.2026:\u00a0 \u00a0 \u00a0 19:30 Uhr: Infoabend f\u00fcr Eltern der Kinder des Jahrgangs 1 15.08.2026:\u00a0 \u00a0 \u00a0 Einschulung (8:30 Uhr Schulkindergarten, 9:00 Uhr Jahrgang 1) 17.08.2026:\u00a0 \u00a0 \u00a0 Fototermin Erstkl\u00e4ssler\u00a0 18.08.2026:\u00a0 \u00a0 \u00a0 Treffen Kita &#8211; Schule Planung &#8222;Br\u00fcckenjahr&#8220; in der Kita Jakobus 21.08.2026:\u00a0 \u00a0 \u00a0 Aktionstag &#8222;Gelbe F\u00fc\u00dfe&#8220; f\u00fcr die Klassen 1 26.08.2026:\u00a0 \u00a0 \u00a0 19:00 Uhr: Inforveranstaltung&#8230;<\/p>\n<p class=\"read-more\"><a class=\"btn btn-default\" href=\"https:\/\/wordpress.nibis.de\/gsbernhard\/termine\/\">Weiterlesen<span class=\"screen-reader-text\"> Weiterlesen<\/span><\/a><\/p>\n","protected":false},"author":1002,"featured_media":0,"parent":0,"menu_order":0,"comment_status":"closed","ping_status":"closed","template":"","meta":{"footnotes":""},"class_list":["post-119","page","type-page","status-publish","hentry"],"_links":{"self":[{"href":"https:\/\/wordpress.nibis.de\/gsbernhard\/wp-json\/wp\/v2\/pages\/119","targetHints":{"allow":["GET"]}}],"collection":[{"href":"https:\/\/wordpress.nibis.de\/gsbernhard\/wp-json\/wp\/v2\/pages"}],"about":[{"href":"https:\/\/wordpress.nibis.de\/gsbernhard\/wp-json\/wp\/v2\/types\/page"}],"author":[{"embeddable":true,"href":"https:\/\/wordpress.nibis.de\/gsbernhard\/wp-json\/wp\/v2\/users\/1002"}],"replies":[{"embeddable":true,"href":"https:\/\/wordpress.nibis.de\/gsbernhard\/wp-json\/wp\/v2\/comments?post=119"}],"version-history":[{"count":117,"href":"https:\/\/wordpress.nibis.de\/gsbernhard\/wp-json\/wp\/v2\/pages\/119\/revisions"}],"predecessor-version":[{"id":5235,"href":"https:\/\/wordpress.nibis.de\/gsbernhard\/wp-json\/wp\/v2\/pages\/119\/revisions\/5235"}],"wp:attachment":[{"href":"https:\/\/wordpress.nibis.de\/gsbernhard\/wp-json\/wp\/v2\/media?parent=119"}],"curies":[{"name":"wp","href":"https:\/\/api.w.org\/{rel}","templated":true}]}}