{"id":20,"date":"2026-03-02T00:00:02","date_gmt":"2026-03-01T23:00:02","guid":{"rendered":"https:\/\/wordpress.nibis.de\/gscalberlah\/?page_id=20"},"modified":"2026-08-18T13:30:54","modified_gmt":"2026-08-18T11:30:54","slug":"ganztagsschule","status":"publish","type":"page","link":"https:\/\/wordpress.nibis.de\/gscalberlah\/ganztagsschule\/","title":{"rendered":"Ganztagsschule"},"content":{"rendered":"<p><span style=\"color: #000000\"><span style=\"font-size: 14pt;font-family: arial, helvetica, sans-serif\">\ud83d\udcf1<\/span><span style=\"font-size: 14pt;font-family: arial, helvetica, sans-serif\">0178-5859814 &#8211; ab 13 Uhr<\/span><\/span><\/p>\n<h1><span style=\"color: #ff6600;font-family: arial, helvetica, sans-serif\"><strong>Anmeldeunterlagen Schuljahr 2026\/27<\/strong><\/span><\/h1>\n<p><span style=\"font-family: arial, helvetica, sans-serif\"><strong>Bitte geben Sie die Anmeldung ausgef\u00fcllt bis zum\u00a0<span style=\"font-size: 18pt\"><span style=\"font-size: 12pt\">19. M\u00e4rz 2026 ab.<\/span><\/span><\/strong><\/span><\/p>\n<ul>\n<li><span style=\"color: #ff0000\"><strong>NEU<\/strong><\/span> <a href=\"https:\/\/wordpress.nibis.de\/gscalberlah\/files\/2026\/03\/GSC-Anmeldung-Ganztag-2026_2027.pdf\">GSC Ganztag Anmeldeunterlagen 2026\/27<\/a><\/li>\n<\/ul>\n<hr \/>\n<p>&nbsp;<\/p>\n<p><span style=\"color: #ff6600;font-family: arial, helvetica, sans-serif\"><strong><span style=\"font-size: 24pt\">Wir sind eine verl\u00e4ssliche und offene Ganztagsschule.<\/span><\/strong><\/span><\/p>\n<p><span style=\"font-family: arial, helvetica, sans-serif\">Das hei\u00dft, dass wir folgende Angebote f\u00fcr Sie haben:<\/span><\/p>\n<ul>\n<li><span style=\"font-family: arial, helvetica, sans-serif\">Pflichtunterricht: je nach Klassenstufe von 08:00 Uhr bis 12:10 Uhr bzw. 13:00 Uhr (inkl. offenem Anfang und Ende)<\/span><\/li>\n<li><span style=\"font-family: arial, helvetica, sans-serif\">\u201eVerl\u00e4ssliche Grundschule\u201c f\u00fcr die Jahrg\u00e4nge 1 und 2: t\u00e4gliches Schulangebot von 08:00 Uhr bis 13:00 Uhr (5 Zeitstunden)<\/span><\/li>\n<li><span style=\"font-family: arial, helvetica, sans-serif\">Ganztagsschule: von 13:00 Uhr bis 16:00 Uhr; freiwillige und kostenfreie Teilnahme von Montag bis Freitag. Die Anmeldung erfolgt verbindlich f\u00fcr die gew\u00e4hlten Tage. Die Teilnahme an Ganztagsangeboten einer offenen Ganztagsschule ist grunds\u00e4tzlich freiwillig.<\/span><\/li>\n<li><span style=\"font-family: arial, helvetica, sans-serif\">Eine kostenpflichtige Fr\u00fchbetreuung besteht derzeit nicht. Bei entsprechendem Bedarf pr\u00fcfen wir gemeinsam mit unserem Kooperationspartner die Einrichtung einer Gruppe.<\/span><\/li>\n<\/ul>\n<hr \/>\n<h1><span style=\"font-family: arial, helvetica, sans-serif\"><strong><span style=\"color: #ff6600\">Die Arbeit unserer Ganztagsschule<\/span><\/strong><\/span><\/h1>\n<p><span style=\"font-family: arial, helvetica, sans-serif\">Das folgende <strong>Video <\/strong>hat in den Jahren 2021 und 2022 den Elternabend ersetzt, und gibt Ihnen weiterhin erste <strong>Informationen und einen \u00dcberblick \u00fcber die Arbeit unserer Ganztagsschule<\/strong>. Dieses\u00a0<strong>Video<\/strong>\u00a0k\u00f6nnen Sie auch gerne\u00a0<strong>mit Ihrem Kind zusammen ansehen<\/strong>.<\/span><\/p>\n<p><span style=\"font-family: arial, helvetica, sans-serif\"><figure class=\"wp-block-embed wp-block-embed-youtube is-type-video is-provider-youtube epyt-figure\"><div class=\"wp-block-embed__wrapper\"><iframe loading=\"lazy\"  id=\"_ytid_52657\"  width=\"600\" height=\"338\"  data-origwidth=\"600\" data-origheight=\"338\" src=\"https:\/\/www.youtube.com\/embed\/UVLLPx6QUjI?enablejsapi=1&autoplay=0&cc_load_policy=0&cc_lang_pref=&iv_load_policy=1&loop=0&rel=1&fs=1&playsinline=0&autohide=2&theme=dark&color=red&controls=1&disablekb=0&\" class=\"__youtube_prefs__  no-lazyload\" title=\"YouTube player\"  allow=\"fullscreen; accelerometer; autoplay; clipboard-write; encrypted-media; gyroscope; picture-in-picture; web-share\" referrerpolicy=\"strict-origin-when-cross-origin\" allowfullscreen data-no-lazy=\"1\" data-skipgform_ajax_framebjll=\"\"><\/iframe><\/div><\/figure><\/span><\/p>\n<p>&nbsp;<\/p>\n","protected":false},"excerpt":{"rendered":"<p>\ud83d\udcf10178-5859814 &#8211; ab 13 Uhr Anmeldeunterlagen Schuljahr 2026\/27 Bitte geben Sie die Anmeldung ausgef\u00fcllt bis zum\u00a019. M\u00e4rz 2026 ab. NEU GSC Ganztag Anmeldeunterlagen 2026\/27 &nbsp; Wir sind eine verl\u00e4ssliche und offene Ganztagsschule. Das hei\u00dft, dass wir folgende Angebote f\u00fcr Sie haben: Pflichtunterricht: je nach Klassenstufe von 08:00 Uhr bis 12:10 Uhr bzw. 13:00 Uhr (inkl. [&hellip;]<\/p>\n","protected":false},"author":9192886,"featured_media":0,"parent":0,"menu_order":0,"comment_status":"closed","ping_status":"closed","template":"","meta":{"footnotes":""},"class_list":["post-20","page","type-page","status-publish","hentry"],"_links":{"self":[{"href":"https:\/\/wordpress.nibis.de\/gscalberlah\/wp-json\/wp\/v2\/pages\/20","targetHints":{"allow":["GET"]}}],"collection":[{"href":"https:\/\/wordpress.nibis.de\/gscalberlah\/wp-json\/wp\/v2\/pages"}],"about":[{"href":"https:\/\/wordpress.nibis.de\/gscalberlah\/wp-json\/wp\/v2\/types\/page"}],"author":[{"embeddable":true,"href":"https:\/\/wordpress.nibis.de\/gscalberlah\/wp-json\/wp\/v2\/users\/9192886"}],"replies":[{"embeddable":true,"href":"https:\/\/wordpress.nibis.de\/gscalberlah\/wp-json\/wp\/v2\/comments?post=20"}],"version-history":[{"count":82,"href":"https:\/\/wordpress.nibis.de\/gscalberlah\/wp-json\/wp\/v2\/pages\/20\/revisions"}],"predecessor-version":[{"id":6381,"href":"https:\/\/wordpress.nibis.de\/gscalberlah\/wp-json\/wp\/v2\/pages\/20\/revisions\/6381"}],"wp:attachment":[{"href":"https:\/\/wordpress.nibis.de\/gscalberlah\/wp-json\/wp\/v2\/media?parent=20"}],"curies":[{"name":"wp","href":"https:\/\/api.w.org\/{rel}","templated":true}]}}