{"id":90,"date":"2021-03-19T13:00:19","date_gmt":"2021-03-19T12:00:19","guid":{"rendered":"https:\/\/wordpress.nibis.de\/gsdungel\/?page_id=90"},"modified":"2025-01-27T18:18:45","modified_gmt":"2025-01-27T17:18:45","slug":"aktivitaeten-des-foerdervereins","status":"publish","type":"page","link":"https:\/\/wordpress.nibis.de\/gsdungel\/aktivitaeten-des-foerdervereins\/","title":{"rendered":"Aktivit\u00e4ten des F\u00f6rdervereins"},"content":{"rendered":"\n<h2 class=\"wp-block-heading\"><strong>Fr\u00fchjahrsbasar am 08.03.2025 12-15 Uhr<\/strong><\/h2>\n\n\n\n<figure class=\"wp-block-image size-large is-resized\"><img loading=\"lazy\" decoding=\"async\" src=\"https:\/\/wordpress.nibis.de\/gsdungel\/files\/2023\/07\/80a2f0c9-a247-4915-b639-036767a90c4c-1200x675.jpg\" alt=\"\" class=\"wp-image-1319\" width=\"226\" height=\"126\" srcset=\"https:\/\/wordpress.nibis.de\/gsdungel\/files\/2023\/07\/80a2f0c9-a247-4915-b639-036767a90c4c-1200x675.jpg 1200w, https:\/\/wordpress.nibis.de\/gsdungel\/files\/2023\/07\/80a2f0c9-a247-4915-b639-036767a90c4c-850x478.jpg 850w, https:\/\/wordpress.nibis.de\/gsdungel\/files\/2023\/07\/80a2f0c9-a247-4915-b639-036767a90c4c-250x141.jpg 250w\" sizes=\"auto, (max-width: 226px) 100vw, 226px\" \/><\/figure>\n\n\n\n<p>Am zweiten Samstag im M\u00e4rz findet wieder unser beliebter Kinderbasar in der Turnhalle statt.<\/p>\n\n\n\n<p>Nach Gr\u00f6\u00dfen geordnet findet ihr hier Baby- und Kinderkleidung, sowie Schuhe, Spielzeug, Fahrzeuge und mehr. Auch f\u00fcr das leibliche Wohl ist mit einem Kuchenbasar gesorgt. <\/p>\n\n\n\n<figure class=\"wp-block-image size-large is-resized\"><img loading=\"lazy\" decoding=\"async\" src=\"https:\/\/wordpress.nibis.de\/gsdungel\/files\/2025\/01\/Flyer_Wahlcafe_2025_02_23-1-e1737998112926-1200x675.png\" alt=\"\" class=\"wp-image-1408\" width=\"262\" height=\"146\" srcset=\"https:\/\/wordpress.nibis.de\/gsdungel\/files\/2025\/01\/Flyer_Wahlcafe_2025_02_23-1-e1737998112926-1200x675.png 1200w, https:\/\/wordpress.nibis.de\/gsdungel\/files\/2025\/01\/Flyer_Wahlcafe_2025_02_23-1-e1737998112926-850x478.png 850w\" sizes=\"auto, (max-width: 262px) 100vw, 262px\" \/><\/figure>\n\n\n\n<h2 class=\"wp-block-heading\">Wahlcaf\u00e9 am 23.02.2025<\/h2>\n\n\n\n<p>Am Wahlsamstag verw\u00f6hnen wir euch wieder mit leckerem Geb\u00e4ck, Kaffee und Kuchen, gleich um die Ecke vom Wahllokal im Geb\u00e4ude der Grundschule Dungelbeck. Kommt vorbei! Eure Spenden kommen dem Schulgarten zugute, der wachsen soll.<\/p>\n\n\n\n<figure class=\"wp-block-image size-large is-resized\"><img loading=\"lazy\" decoding=\"async\" src=\"https:\/\/wordpress.nibis.de\/gsdungel\/files\/2025\/01\/Zeugnisparty_20253101_flyer-1200x675.png\" alt=\"\" class=\"wp-image-1404\" width=\"255\" height=\"142\" srcset=\"https:\/\/wordpress.nibis.de\/gsdungel\/files\/2025\/01\/Zeugnisparty_20253101_flyer-1200x675.png 1200w, https:\/\/wordpress.nibis.de\/gsdungel\/files\/2025\/01\/Zeugnisparty_20253101_flyer-850x478.png 850w\" sizes=\"auto, (max-width: 255px) 100vw, 255px\" \/><\/figure>\n\n\n\n<h2 class=\"wp-block-heading\">Zeugnisparty am 31.01.2025<\/h2>\n\n\n\n<p>Am Freitag, 31.01.2025 steigt nach der dritten Stunde wieder unsere Zeugnisparty im JuFz mit Hot Dogs, Getr\u00e4nken, Spielen und Bastelangeboten. Anmeldungen erfolgen bis zum 24.01 \u00fcber die e-mail des F\u00f6rdervereins &#102;&#x76;&#x2d;v&#103;&#x73;d&#117;&#x6e;g&#101;&#x6c;b&#101;&#x63;&#x6b;&#64;&#x77;&#x65;b&#46;&#x64;e<\/p>\n\n\n\n<h2 class=\"wp-block-heading\">Herbstbasar am 28.09.2024, 12\u201315 Uhr<\/h2>\n\n\n\n<div class=\"wp-block-media-text alignwide is-stacked-on-mobile\" style=\"grid-template-columns:34% auto\"><figure class=\"wp-block-media-text__media\"><img loading=\"lazy\" decoding=\"async\" width=\"1200\" height=\"675\" src=\"https:\/\/wordpress.nibis.de\/gsdungel\/files\/2023\/07\/80a2f0c9-a247-4915-b639-036767a90c4c-1200x675.jpg\" alt=\"\" class=\"wp-image-1319 size-full\" srcset=\"https:\/\/wordpress.nibis.de\/gsdungel\/files\/2023\/07\/80a2f0c9-a247-4915-b639-036767a90c4c-1200x675.jpg 1200w, https:\/\/wordpress.nibis.de\/gsdungel\/files\/2023\/07\/80a2f0c9-a247-4915-b639-036767a90c4c-850x478.jpg 850w, https:\/\/wordpress.nibis.de\/gsdungel\/files\/2023\/07\/80a2f0c9-a247-4915-b639-036767a90c4c-250x141.jpg 250w\" sizes=\"auto, (max-width: 1200px) 100vw, 1200px\" \/><\/figure><div class=\"wp-block-media-text__content\">\n<p class=\"has-medium-font-size\">Am letzten Septembersamstag wird&#8217;s wieder bunt in der Turnhalle!<\/p>\n\n\n\n<p class=\"has-medium-font-size\">Kommt vorbei, um Kinderkleidung und Spielzeug zu shoppen. Es gibt auch Kaffee und Kuchen. <\/p>\n\n\n\n<p><a href=\"&#x6d;&#x61;&#x69;&#x6c;&#x74;&#111;&#58;&#107;&#105;nde&#x72;&#x62;&#x61;&#x73;&#x61;&#x72;&#46;&#100;&#117;nge&#x6c;&#x62;&#x65;&#x63;&#x6b;&#x40;&#103;&#109;&#97;&#105;l&#46;c&#x6f;&#x6d;\">ki&#110;&#100;&#101;&#x72;&#x62;&#x61;&#x73;&#x61;r&#46;&#100;&#117;&#110;&#x67;&#x65;&#x6c;&#x62;&#x65;ck&#64;&#103;&#109;&#x61;&#x69;&#x6c;&#x2e;&#x63;om<\/a><\/p>\n\n\n\n<p><\/p>\n<\/div><\/div>\n\n\n\n<h2 class=\"wp-block-heading\">Vollgas mit neuem Schulhof-Equipment<\/h2>\n\n\n\n<div class=\"wp-block-media-text alignwide has-media-on-the-right is-stacked-on-mobile\" style=\"grid-template-columns:auto 49%\"><figure class=\"wp-block-media-text__media\"><img loading=\"lazy\" decoding=\"async\" width=\"1024\" height=\"675\" src=\"https:\/\/wordpress.nibis.de\/gsdungel\/files\/2023\/07\/3f4d7704-0731-4bbd-84fd-0ea36e0694f5-1024x675.jpeg\" alt=\"\" class=\"wp-image-1323 size-full\" \/><\/figure><div class=\"wp-block-media-text__content\">\n<p class=\"has-medium-font-size\">Ta da \u2013 6 neue Fahrzeuge f\u00fcr unsere gro\u00dfen Schulkinder! Doppeltaxi, Sulky, Liegedreirad &amp; Co. finden im neuen Spielger\u00e4teschuppen Platz. Alles dank eurer Unterst\u00fctzung (Beitr\u00e4ge, Basare, Wahlcaf\u00e9s etc.) und finanziellem Support der Spendenplattform &#8222;Heimatherzen&#8220; (Sparkasse Hildesheim Goslar Peine).<\/p>\n<\/div><\/div>\n\n\n\n<h2 class=\"wp-block-heading\">Herbstbasar am 02.09.2023, 12\u201315 Uhr<\/h2>\n\n\n\n<div class=\"wp-block-media-text alignwide is-stacked-on-mobile\" style=\"grid-template-columns:34% auto\"><figure class=\"wp-block-media-text__media\"><img loading=\"lazy\" decoding=\"async\" width=\"1200\" height=\"675\" src=\"https:\/\/wordpress.nibis.de\/gsdungel\/files\/2023\/07\/80a2f0c9-a247-4915-b639-036767a90c4c-1200x675.jpg\" alt=\"\" class=\"wp-image-1319 size-full\" srcset=\"https:\/\/wordpress.nibis.de\/gsdungel\/files\/2023\/07\/80a2f0c9-a247-4915-b639-036767a90c4c-1200x675.jpg 1200w, https:\/\/wordpress.nibis.de\/gsdungel\/files\/2023\/07\/80a2f0c9-a247-4915-b639-036767a90c4c-850x478.jpg 850w, https:\/\/wordpress.nibis.de\/gsdungel\/files\/2023\/07\/80a2f0c9-a247-4915-b639-036767a90c4c-250x141.jpg 250w\" sizes=\"auto, (max-width: 1200px) 100vw, 1200px\" \/><\/figure><div class=\"wp-block-media-text__content\">\n<p class=\"has-medium-font-size\">Am ersten Septembersamstag wird&#8217;s wieder bunt in der Turnhalle!<\/p>\n\n\n\n<p>Mitmachen und Verk\u00e4ufernummer sichern: <\/p>\n\n\n\n<p><a href=\"ma&#105;&#108;&#116;&#x6f;&#x3a;&#x6b;&#x69;nd&#101;&#114;&#98;&#x61;&#x73;&#x61;&#x72;&#46;d&#117;&#110;&#103;&#x65;&#x6c;&#x62;&#x65;ck&#64;&#103;&#109;&#x61;&#x69;&#x6c;&#x2e;co&#109;\">&#x6b;i&#x6e;&#100;&#x65;&#114;b&#x61;&#115;&#x61;&#114;&#46;&#x64;&#117;&#x6e;&#103;e&#x6c;b&#x65;&#99;&#x6b;&#x40;g&#x6d;&#97;&#x69;&#108;&#46;&#x63;&#111;&#x6d;<\/a><\/p>\n<\/div><\/div>\n\n\n\n<h2 class=\"wp-block-heading\">800 Jahre Peine<\/h2>\n\n\n\n<div class=\"wp-block-media-text alignwide has-media-on-the-right is-stacked-on-mobile\" style=\"grid-template-columns:auto 49%\"><figure class=\"wp-block-media-text__media\"><img loading=\"lazy\" decoding=\"async\" width=\"1024\" height=\"675\" src=\"https:\/\/wordpress.nibis.de\/gsdungel\/files\/2023\/07\/128a1967-8392-48a0-a1c4-057463d5e887-1024x675.jpeg\" alt=\"\" class=\"wp-image-1316 size-full\" \/><\/figure><div class=\"wp-block-media-text__content\">\n<p class=\"has-medium-font-size\">Am 10. Juni 2023 waren wir mit vielen anderen Vereinen fr\u00fchmorgens in Peine unterwegs, um unser sch\u00f6nes Dorf, die Schule und unseren F\u00f6rderverein zu vertreten. Sch\u00f6n war&#8217;s!<\/p>\n<\/div><\/div>\n\n\n\n<h2 class=\"wp-block-heading\"> <\/h2>\n\n\n\n<h2 class=\"wp-block-heading\">Macht mit beim Fr\u00fchjahrsbasar!<\/h2>\n\n\n\n<div class=\"wp-block-media-text alignwide is-stacked-on-mobile\" style=\"grid-template-columns:34% auto\"><figure class=\"wp-block-media-text__media\"><img loading=\"lazy\" decoding=\"async\" width=\"940\" height=\"788\" src=\"https:\/\/wordpress.nibis.de\/gsdungel\/files\/2023\/01\/BasarRundumsKind_Fruehjahr2023.png\" alt=\"\" class=\"wp-image-1271 size-full\" srcset=\"https:\/\/wordpress.nibis.de\/gsdungel\/files\/2023\/01\/BasarRundumsKind_Fruehjahr2023.png 940w, https:\/\/wordpress.nibis.de\/gsdungel\/files\/2023\/01\/BasarRundumsKind_Fruehjahr2023-768x644.png 768w\" sizes=\"auto, (max-width: 940px) 100vw, 940px\" \/><\/figure><div class=\"wp-block-media-text__content\">\n<p class=\"has-medium-font-size\">Kommt zum Shoppen vorbei und deckt euch f\u00fcr Ostern und den Sommer ein \ud83d\ude42<\/p>\n\n\n\n<p>Alle Verk\u00e4ufernummern waren nach k\u00fcrzester Zeit vergeben. HelferInnen beim Auf-\/Abbau und Basar sind herzlich willkommen.<\/p>\n<\/div><\/div>\n\n\n\n<h2 class=\"wp-block-heading\">Die Zeugnisparty 2023 &#8230;<\/h2>\n\n\n\n<div class=\"wp-block-media-text alignwide has-media-on-the-right is-stacked-on-mobile\" style=\"grid-template-columns:auto 49%\"><figure class=\"wp-block-media-text__media\"><img loading=\"lazy\" decoding=\"async\" width=\"1200\" height=\"675\" src=\"https:\/\/wordpress.nibis.de\/gsdungel\/files\/2023\/01\/7f75cf13-3435-4ada-8812-d2e384125d96-1200x675.jpg\" alt=\"\" class=\"wp-image-1269 size-full\" srcset=\"https:\/\/wordpress.nibis.de\/gsdungel\/files\/2023\/01\/7f75cf13-3435-4ada-8812-d2e384125d96-1200x675.jpg 1200w, https:\/\/wordpress.nibis.de\/gsdungel\/files\/2023\/01\/7f75cf13-3435-4ada-8812-d2e384125d96-850x478.jpg 850w, https:\/\/wordpress.nibis.de\/gsdungel\/files\/2023\/01\/7f75cf13-3435-4ada-8812-d2e384125d96-250x141.jpg 250w\" sizes=\"auto, (max-width: 1200px) 100vw, 1200px\" \/><\/figure><div class=\"wp-block-media-text__content\">\n<p class=\"has-medium-font-size\">&#8230; war wieder ein voller Erfolg! Mit bunten Masken, Glitzer-Tattoos, Stopp-Tanz und leckeren Hotdogs sind wir gut gelaunt in die Zeugnisferien gestartet.<\/p>\n<\/div><\/div>\n\n\n\n<h2 class=\"wp-block-heading\">Wir feiern wieder mit Euch!<\/h2>\n\n\n\n<div class=\"wp-block-media-text alignwide is-stacked-on-mobile is-vertically-aligned-center\"><figure class=\"wp-block-media-text__media\"><img loading=\"lazy\" decoding=\"async\" width=\"1200\" height=\"675\" src=\"https:\/\/wordpress.nibis.de\/gsdungel\/files\/2023\/01\/Zeugnisparty-2023-1200x675.png\" alt=\"\" class=\"wp-image-1256 size-full\" srcset=\"https:\/\/wordpress.nibis.de\/gsdungel\/files\/2023\/01\/Zeugnisparty-2023-1200x675.png 1200w, https:\/\/wordpress.nibis.de\/gsdungel\/files\/2023\/01\/Zeugnisparty-2023-850x478.png 850w, https:\/\/wordpress.nibis.de\/gsdungel\/files\/2023\/01\/Zeugnisparty-2023-250x141.png 250w\" sizes=\"auto, (max-width: 1200px) 100vw, 1200px\" \/><\/figure><div class=\"wp-block-media-text__content\">\n<h6 class=\"has-large-font-size\" style=\"text-align: left\">Anmeldung via IServ (oder Zettel) bis <span style=\"text-decoration: underline\"><strong>23.1.<\/strong><\/span>!<\/h6>\n<\/div><\/div>\n\n\n\n<h2 class=\"wp-block-heading\">Party zum Sommerferienstart<\/h2>\n\n\n\n<div class=\"wp-block-media-text alignwide has-media-on-the-right is-stacked-on-mobile\" style=\"grid-template-columns:auto 49%\"><figure class=\"wp-block-media-text__media\"><img loading=\"lazy\" decoding=\"async\" width=\"1200\" height=\"675\" src=\"https:\/\/wordpress.nibis.de\/gsdungel\/files\/2022\/07\/ae00c892-ea98-4f57-ad12-920c3dfc7539-1200x675.jpeg\" alt=\"\" class=\"wp-image-1208 size-full\" srcset=\"https:\/\/wordpress.nibis.de\/gsdungel\/files\/2022\/07\/ae00c892-ea98-4f57-ad12-920c3dfc7539-1200x675.jpeg 1200w, https:\/\/wordpress.nibis.de\/gsdungel\/files\/2022\/07\/ae00c892-ea98-4f57-ad12-920c3dfc7539-850x478.jpeg 850w, https:\/\/wordpress.nibis.de\/gsdungel\/files\/2022\/07\/ae00c892-ea98-4f57-ad12-920c3dfc7539-250x141.jpeg 250w\" sizes=\"auto, (max-width: 1200px) 100vw, 1200px\" \/><\/figure><div class=\"wp-block-media-text__content\">\n<p class=\"has-medium-font-size\">Am letzten Schultag haben wir mit 75 Kids die traditionelle Zeugnisparty gefeiert \u2013 diesmal als Sommerparty mit Spiel &amp; Spa\u00df, Basteln &amp; Stopp-Tanz, Hot Dogs u. v. m. Wir w\u00fcnschen euch unbeschwerte Sommerferien und freuen uns schon auf die n\u00e4chste Party vor den Zeugnisferien!<\/p>\n<\/div><\/div>\n\n\n\n<h2 class=\"wp-block-heading\">Ausflug in der Familienpark Sottrum<\/h2>\n\n\n\n<div class=\"wp-block-media-text alignwide is-stacked-on-mobile\" style=\"grid-template-columns:49% auto\"><figure class=\"wp-block-media-text__media\"><img loading=\"lazy\" decoding=\"async\" width=\"1200\" height=\"675\" src=\"https:\/\/wordpress.nibis.de\/gsdungel\/files\/2022\/07\/IMG-20220627-WA0003-1200x675.jpg\" alt=\"\" class=\"wp-image-1206 size-full\" srcset=\"https:\/\/wordpress.nibis.de\/gsdungel\/files\/2022\/07\/IMG-20220627-WA0003-1200x675.jpg 1200w, https:\/\/wordpress.nibis.de\/gsdungel\/files\/2022\/07\/IMG-20220627-WA0003-850x478.jpg 850w, https:\/\/wordpress.nibis.de\/gsdungel\/files\/2022\/07\/IMG-20220627-WA0003-250x141.jpg 250w\" sizes=\"auto, (max-width: 1200px) 100vw, 1200px\" \/><\/figure><div class=\"wp-block-media-text__content\">\n<p class=\"has-medium-font-size\">Am 16.06.2022 waren wir mit der ganzen Schule bei strahlendem Sonnenschein im Familienpark Sottrum. F\u00fcr die Kinder ein echtes Highlight nach so vielen Jahren Pandemie-Pause \u2013 und f\u00fcr uns auch \ud83d\ude42<\/p>\n<\/div><\/div>\n\n\n\n<h2 class=\"wp-block-heading\">Basar-Wochenende am 13. und 14. Mai 2022<\/h2>\n\n\n\n<div class=\"wp-block-media-text alignwide has-media-on-the-right is-stacked-on-mobile\" style=\"grid-template-columns:auto 15%\"><figure class=\"wp-block-media-text__media\"><img decoding=\"async\" src=\"https:\/\/wordpress.nibis.de\/gsdungel\/files\/2022\/03\/Basar_Dungelbeck_Plakat_Maerz2022_EndH-scaled.jpg\" alt=\"\" class=\"wp-image-1185 size-full\" \/><\/figure><div class=\"wp-block-media-text__content\">\n<p class=\"has-medium-font-size\">Endlich wieder Basar, und dann gleich ein ganzes Wochenende! Jetzt <a href=\"&#x6b;&#x69;&#x6e;&#x64;&#x65;&#x72;&#x62;&#x61;&#x73;&#x61;&#x72;&#46;&#100;&#117;&#110;&#103;&#101;&#108;beck&#64;g&#x6d;&#x61;&#x69;&#x6c;&#x2e;&#x63;&#x6f;&#x6d;\">anmelden<\/a><\/p>\n<\/div><\/div>\n\n\n\n<h2 class=\"wp-block-heading\">Osterhasen shoppen AmazonSmile<\/h2>\n\n\n\n<div class=\"wp-block-media-text alignwide is-stacked-on-mobile\"><figure class=\"wp-block-media-text__media\"><img loading=\"lazy\" decoding=\"async\" width=\"1080\" height=\"1080\" src=\"https:\/\/wordpress.nibis.de\/gsdungel\/files\/2022\/03\/DE_AmazonSmile_OA_Banner_1080x1080px.001-3.png\" alt=\"\" class=\"wp-image-1180 size-full\" srcset=\"https:\/\/wordpress.nibis.de\/gsdungel\/files\/2022\/03\/DE_AmazonSmile_OA_Banner_1080x1080px.001-3.png 1080w, https:\/\/wordpress.nibis.de\/gsdungel\/files\/2022\/03\/DE_AmazonSmile_OA_Banner_1080x1080px.001-3-768x768.png 768w\" sizes=\"auto, (max-width: 1080px) 100vw, 1080px\" \/><\/figure><div class=\"wp-block-media-text__content\">\n<p class=\"has-medium-font-size\">So k\u00f6nnt Ihr Euren Kids was Sch\u00f6nes ins Nest legen und dabei gleich noch unseren F\u00f6rderverein <a href=\"https:\/\/smile.amazon.de\/ch\/38-202-05669\">unterst\u00fctzen<\/a>! <\/p>\n<\/div><\/div>\n\n\n\n<h2 class=\"wp-block-heading\"><\/h2>\n\n\n\n<h2 class=\"wp-block-heading\">Schulhof-Aktion: Wahlcaf\u00e9 am 12.09. &amp; 26.09.21<\/h2>\n\n\n\n<p>Unser Schulhof soll sch\u00f6ner werden und endlich wieder mit neuen, funktionsf\u00e4higen Spielger\u00e4ten ausgestattet werden. Um das n\u00f6tige Kleingeld zu beschaffen, legt sich Euer F\u00f6rderverein gerade m\u00e4chtig ins Zeug. An den beiden Wahlsonntagen im September m\u00f6chten wir f\u00fcr diesen guten Zweck Kuchen am Sporthaus verkaufen.<\/p>\n<p>Wir freuen uns \u00fcber Kuchenspenden und Mithilfe beim Verkauf: <br>&#102;&#x76;-&#x76;&#x67;&#115;&#x64;u&#110;&#x67;&#101;&#x6c;b&#101;&#x63;k&#x40;w&#101;&#x62;&#46;&#x64;&#x65;<\/p>\n<p>&nbsp;<\/p>\n\n\n\n<figure class=\"wp-block-image size-full is-style-tw-frame\"><img loading=\"lazy\" decoding=\"async\" width=\"1683\" height=\"1190\" src=\"https:\/\/wordpress.nibis.de\/gsdungel\/files\/2021\/03\/Masken-web-1.png\" alt=\"\" class=\"wp-image-1063\" srcset=\"https:\/\/wordpress.nibis.de\/gsdungel\/files\/2021\/03\/Masken-web-1.png 1683w, https:\/\/wordpress.nibis.de\/gsdungel\/files\/2021\/03\/Masken-web-1-768x543.png 768w, https:\/\/wordpress.nibis.de\/gsdungel\/files\/2021\/03\/Masken-web-1-1536x1086.png 1536w\" sizes=\"auto, (max-width: 1683px) 100vw, 1683px\" \/><\/figure>\n\n\n\n<h2 class=\"wp-block-heading\">Fr\u00f6hliche Zeugnisferien!<\/h2>\n\n\n\n<p>Corona h\u00e4lt sich hartn\u00e4ckig, deshalb kann unsere beliebte Zeugnisparty 2021 leider nicht stattfinden. Unser Gute-Laune-Tipp f\u00fcr zu Hause: Feiert Eure eigene kleine Zeugnisparty, z. B. mit leckeren selbstgemachten <a href=\"https:\/\/wordpress.nibis.de\/gsdungel\/files\/2021\/01\/HotDog-Buns.pdf\">Hot Dog-Br\u00f6tchen <\/a>und einer lustigen <a href=\"https:\/\/wordpress.nibis.de\/gsdungel\/files\/2021\/01\/Konfetti-DIY.pdf\">Bastelei<\/a> wie dieser \ud83d\ude42<\/p>\n<p>Unsere Kids haben es sich verdient, und n\u00e4chstes Jahr steigt dann hoffentlich wieder unsere fette Fete im JFZ. Bleibt tapfer, bleibt fr\u00f6hlich, bleibt gesund!<span class=\"Apple-converted-space\">&nbsp;<\/span><\/p>\n<p>Euer Team vom F\u00f6rderverein<\/p>\n\n\n\n<h2 class=\"wp-block-heading\">Er\u00f6ffnung unserer modernisierten Schulb\u00fccherei<\/h2>\n\n\n\n<p>Bereits im vergangenen Jahr haben wir begonnen, unsere kleine Schulb\u00fccherei nach und nach in ein wahres Leseparadies zu verwandeln. Nat\u00fcrlich mit tatkr\u00e4ftiger Unterst\u00fctzung der Schulleitung, gro\u00dfz\u00fcgigen Buchspenden der Buchhandlung Thalia Peine und der V\u00f6hrumer B\u00fccherstube und nicht zuletzt durch den F\u00f6rderbetrag der Sparkasse Hildesheim Goslar Peine. Die 500 Euro haben wir in zeitgem\u00e4\u00dfe B\u00fccherregale, bequeme Polsterhocker und nat\u00fcrlich Sachb\u00fccher, z. B. von \u201eWAS IST WAS\u201c, investiert. Eine wunderbare Erg\u00e4nzung zu den umfangreichen Buchpaketen von Thalia und der V\u00f6hrumer B\u00fccherstube: Von Hexe Lilli bis Harry Potter ist nun f\u00fcr jeden Lesegeschmack etwas dabei. Mit vereinten Kr\u00e4ften haben wir alles aufgebaut, sortiert und einger\u00e4umt \u2013 das Ergebnis kann sich sehen lassen.<\/p>\n<p>Und noch etwas ist neu: Frau Hintz hat die Buchausleihe komplett digitalisiert. Nun k\u00f6nnen unsere Vierties die B\u00fccher wie in der &#8222;gro\u00dfen B\u00fccherei&#8220; abscannen und das Ver- und Ausleihen wird noch cooler. Und in den Pausen k\u00f6nnen es sich die Kids auf der chilligen Couch gem\u00fctlich machen, die wir aus einer privaten Spende erhalten haben.<\/p>\n\n\n\n<figure class=\"wp-block-image size-large\"><img loading=\"lazy\" decoding=\"async\" width=\"1200\" height=\"675\" src=\"https:\/\/wordpress.nibis.de\/gsdungel\/files\/2020\/11\/Schulbuecherei_Dungelbeck-1200x675.jpg\" alt=\"\" class=\"wp-image-952\" srcset=\"https:\/\/wordpress.nibis.de\/gsdungel\/files\/2020\/11\/Schulbuecherei_Dungelbeck-1200x675.jpg 1200w, https:\/\/wordpress.nibis.de\/gsdungel\/files\/2020\/11\/Schulbuecherei_Dungelbeck-850x478.jpg 850w, https:\/\/wordpress.nibis.de\/gsdungel\/files\/2020\/11\/Schulbuecherei_Dungelbeck-250x141.jpg 250w\" sizes=\"auto, (max-width: 1200px) 100vw, 1200px\" \/><\/figure>\n\n\n\n<p>Bei der offiziellen Er\u00f6ffnung am 26.10.20 waren die Klassensprecher und Vertreter der 4. Klasse nat\u00fcrlich auch dabei. Von links:&nbsp;Karin Klages (Buchhandlung Thalia Peine), Julius, Claudia Schneider (V\u00f6hrumer B\u00fccherstube), Hedi, Emilia, Marion E\u00dfmann (Sparkasse Hildesheim Goslar Peine), Anne Hinrichs (F\u00f6rderverein Grundschule Dungelbeck e. V.), Natascha Kr\u00fctzfeld und Sophia.<\/p>\n\n\n\n<h2 class=\"wp-block-heading\">AmazonSmile jetzt auch in der App<\/h2>\n\n\n\n<figure class=\"wp-block-image\"><img decoding=\"async\" src=\"https:\/\/m.media-amazon.com\/images\/G\/03\/x-locale\/paladin\/email\/charity\/mobile\/AmazonSmile_in_App_DE_WEB_300x250._CB410490038_.png\" alt=\"\" \/><\/figure>\n\n\n\n<figure class=\"wp-block-image\"><img decoding=\"async\" src=\"https:\/\/m.media-amazon.com\/images\/G\/03\/x-locale\/paladin\/email\/charity\/mobile\/AmazonSmile_in_App_DE_WEB_300x250._CB410490038_.png\" alt=\"\" \/><\/figure>\n\n\n\n<figure class=\"wp-block-gallery has-nested-images columns-default is-cropped wp-block-gallery-1 is-layout-flex wp-block-gallery-is-layout-flex\">\n<figure class=\"wp-block-image size-large\"><img loading=\"lazy\" decoding=\"async\" width=\"1200\" height=\"626\" data-id=\"868\" src=\"https:\/\/wordpress.nibis.de\/gsdungel\/files\/2020\/07\/AmazonSmile2020-1200x626.png\" alt=\"\" class=\"wp-image-868\" \/><\/figure>\n<\/figure>\n\n\n\n<p>Online-Shopper aufgepasst: Als AmazonSmile-Nutzer k\u00f6nnt Ihr unseren F\u00f6rderverein (dort gelistet als &#8222;Foerderverein Grundschule Dungelbeck e.V.&#8220;)&nbsp; jetzt auch in der Amazon Shopping-App f\u00fcr iPhone und Android ohne Extrakosten unterst\u00fctzen! Folgt einfach diesen Schritten, um AmazonSmile in der App zu aktivieren, dann z\u00e4hlen Eure App-Eink\u00e4ufe automatisch und ganz bequem.<\/p>\n<ol>\n<li>\u00d6ffnet die Amazon Shopping-App auf dem Mobiltelefon.<\/li>\n<li>Tippt auf das Men\u00fc-Symbol (\u2630) und dann auf &#8218;Einstellungen&#8216;.<\/li>\n<li>W\u00e4hlt jetzt &#8218;AmazonSmile&#8216; und folgt den Anweisungen, um die Aktivierung abzuschlie\u00dfen.<\/li>\n<\/ol>\n<p>Wichtig: Zuerst die neueste Version der Amazon Shopping-App laden bzw. aktualisieren. <a href=\"https:\/\/www.amazon.de\/b?ie=UTF8&amp;node=17343423031&amp;ref=smi_em_char_mht_mob_mkt&amp;ref_=pe_3223381_482832931#ace-7038974143\">Hier<\/a> geht&#8217;s zu den Infos \u2013 auch hilfreich, wenn man sich zum ersten Mal bei AmazonSmile anmelden m\u00f6chte.<\/p>\n\n\n\n<h2 class=\"wp-block-heading\">Der Fr\u00fchlingsbasar findet Freitag nicht statt!<\/h2>\n\n\n\n<p>Wir haben uns die Entscheidung nicht leicht gemacht, aber der f\u00fcr den kommenden Freitag, 13.03.20 geplante After Work Kommissionsbasar Rund ums Kind findet nun leider doch nicht statt. Grund ist die anhaltende Angst vor Corona in der Bev\u00f6lkerung, auch wenn es zum Gl\u00fcck im Peiner Land noch keinen Fall gab. Massenveranstaltungen bergen einfach ein erh\u00f6htes Risiko einer Ansteckung, und wir m\u00f6chten unsere Kinder und uns besch\u00fctzen. Wir sind mindestens genauso traurig wie Ihr auch. Bis zum Herbstbasar <strong>04.09.2020<\/strong> hat sich dieses schreckliche Virus hoffentlich l\u00e4ngst verzogen.<\/p>\n<p>Danke f\u00fcr Euer Verst\u00e4ndnis!<\/p>\n\n\n\n<h2 class=\"wp-block-heading\">Zeugnisparty 2020<\/h2>\n\n\n\n<p><img loading=\"lazy\" decoding=\"async\" class=\"alignnone size-medium wp-image-517\" src=\"https:\/\/wordpress.nibis.de\/gsdungel\/files\/2020\/02\/Zeugnisparty2020-800x478.jpg\" alt=\"\" width=\"800\" height=\"478\">Am Freitag, den 31. Januar haben wir wieder den Start der Zeugnisferien mit einer fetten Party im JFZ gerockt. Gut 60 Kinder feierten zwischen Kicker, Tanzfl\u00e4che und Billardtisch das Ende des Schulhalbjahres. Neben einer Bastelaktion mit JFZ-Leiterin Claudia Sch\u00fctte gab es Glitzertattoos und Disco mit Stopptanz. Die kostenlosen Hot Dogs, gesponsert vom F\u00f6rderverein, waren wie immer ein Dauerbrenner.<\/p>\n\n\n\n<h2 class=\"wp-block-heading\">Fr\u00fchjahrsbasar am Freitag, 13. M\u00e4rz<\/h2>\n\n\n\n\n\n<p>Am <strong>Freitag, 13. M\u00e4rz 2020<\/strong> findet wieder der beliebte After-Work Kommissions-Basar Rund ums Kind statt. Im Gemeindehaus der St.-Johannis-Kirche k\u00f6nnen sich Schn\u00e4ppchenj\u00e4ger von <strong>18:00 bis 20:00 Uhr<\/strong> f\u00fcr die Fr\u00fchjahrs-\/Sommersaison eindecken (Exklusiv-Einlass f\u00fcr Schwangere plus Begleitperson ab 17:30 Uhr). Im Angebot stehen gut erhaltene gebrauchte Baby- und Kinderkleidung sowie Schuhe, Spielsachen f\u00fcr drau\u00dfen und drinnen, B\u00fccher u. v. m.<br>Nummern gibt\u2019s f\u00fcr eine begrenzte Anzahl von Helfern (Auf- und Abbau plus Basar selbst) ab sofort. Alle anderen k\u00f6nnen sich <strong>ab dem 24.02.2020 per E-Mail ihre Nummer sichern:<\/strong> <a href=\"mail&#116;&#111;&#58;&#107;&#105;&#x6e;&#x64;&#x65;&#x72;&#x62;&#x61;&#x73;ar&#46;d&#117;&#110;&#103;&#101;&#108;&#x62;&#x65;&#x63;&#x6b;&#x40;&#x67;&#x6d;&#x61;il&#46;c&#111;&#109;\">&#x6b;&#105;n&#x64;&#x65;&#114;b&#x61;&#115;a&#x72;&#x2e;&#100;u&#x6e;&#103;e&#x6c;&#x62;&#101;c&#x6b;&#x40;&#103;&#x6d;&#x61;&#105;l&#x2e;&#x63;&#111;m<\/a><\/p>\n\n\n\n<h2 class=\"wp-block-heading\">Shoppen und Gutes tun!<\/h2>\n\n\n\n<p>+++ Nicht nur zum Black Friday: klickt <a href=\"https:\/\/smile.amazon.de\/ch\/38-202-05669\">https:\/\/smile.amazon.de\/ch\/38-202-05669<\/a> und unterst\u00fctzt mit Eurem Einkauf unseren F\u00f6rderverein +++ <\/p>\n<p>An alle flei\u00dfigen Weihnachtsm\u00e4nner- und frauen: Wenn Ihr bei Amazon Smile und anderen Online-Shoppingdiensten einkauft, k\u00f6nnt Ihr unseren F\u00f6rderverein mit wenigen Klicks und ohne Aufwand ganz automatisch unterst\u00fctzen! Wie das genau funktioniert, lest Ihr <a href=\"https:\/\/wordpress.nibis.de\/gsdungel\/files\/2019\/11\/Elternbrief-amazon-smile-schulengel_Erinnerung-15.11.2019.pdf\">hier<\/a>.<\/p>\n<p><img loading=\"lazy\" decoding=\"async\" class=\"alignnone size-medium wp-image-484\" src=\"https:\/\/wordpress.nibis.de\/gsdungel\/files\/2019\/11\/Bildschirmfoto-2019-11-18-um-11.13.07-557x478.png\" alt=\"\" width=\"557\" height=\"478\"><\/p>\n\n\n\n<h2 class=\"wp-block-heading\">Bienentag im Tier- und \u00d6kogarten Peine<\/h2>\n\n\n\n<p>32 aufgeregte Dritt- und Viertkl\u00e4ssler fuhren am Freitagmorgen zusammen mit Schulleiterin Andrea Hintz und Anke Bonneberg vom Vorstand des F\u00f6rdervereins per Schwimmbus zum Tier- und \u00d6kogarten Peine neben der IGS Peine in V\u00f6hrum. Dort hatte Leiterin Frau Gube mit ihrem Team bereits alles f\u00fcr einen spannenden Bienen-Vormittag vorbereitet: Die Kinder wurden in vier Gruppen eingeteilt und durchliefen nacheinander vier Stationen:<\/p>\n<p>Am <strong>Lehrbienenstand des \u00f6rtlichen Imkervereins<\/strong> empfing uns der Imker Herr Tostmann und brachte mit unglaublichen Fakten so manchen zum Staunen.<\/p>\n<p>Im Aquarienraum erfuhren wir dann, wie die Biene heranw\u00e4chst und welche unterschiedlichen Bienen es gibt: <strong>die K\u00f6nigin, die Arbeitsbiene und die Drohne<\/strong> (das M\u00e4nnchen). Auf Arbeitsbl\u00e4ttern haben die Kinder die verschiedenen Aufgaben der weiblichen Bienen (Putzen, Larven f\u00fcttern, Bauen und Nektar sammeln) geordnet und durften echte Honigwaben anfassen. Unter der Lupe und unter dem Mikroskop haben die Kids dann gut erkannt, worin sich weibliche und m\u00e4nnliche Bienen unterscheiden.<\/p>\n<p><img loading=\"lazy\" decoding=\"async\" class=\"alignnone size-medium wp-image-481\" src=\"https:\/\/wordpress.nibis.de\/gsdungel\/files\/2019\/11\/UNADJUSTEDNONRAW_thumb_4d6-450x478.jpg\" alt=\"\" width=\"450\" height=\"478\"><\/p>\n<p>Nach einer Fr\u00fchst\u00fcckspause, bei der auch leckere Honigbrote mit echtem \u00d6kogarten-Honig verk\u00f6stigt wurden, zeigte Frau Gube noch mal am \u00fcberlebensgro\u00dfen <strong>Bienenmodell<\/strong>, wie eine Biene von innen aussieht.<\/p>\n<p>Im Gew\u00e4chshaus haben die Kinder in Zweierteams niedliche <strong>Bienenhotels<\/strong> aus Konservendosen gebastelt. Sie werden im Fr\u00fchjahr an der Schule aufgeh\u00e4ngt und sind in der n\u00e4chsten Saison bestimmt schnell ausgebucht!<\/p>\n<p><img loading=\"lazy\" decoding=\"async\" class=\"alignnone size-medium wp-image-480\" src=\"https:\/\/wordpress.nibis.de\/gsdungel\/files\/2019\/11\/UNADJUSTEDNONRAW_thumb_4e5-450x478.jpg\" alt=\"\" width=\"450\" height=\"478\"><\/p>\n<p>Abschlie\u00dfend durften sich die Kinder noch frei im Tier- und \u00d6kogarten umsehen und haben sich zum Schluss auf der Wiese noch bei einem Bewegungsspiel ausgepowert. Ein rundum gelungener Vormittag \u2013 Danke an das engagierte \u00d6kogarten-Team!<\/p>\n<p><img loading=\"lazy\" decoding=\"async\" class=\"alignnone size-medium wp-image-479\" src=\"https:\/\/wordpress.nibis.de\/gsdungel\/files\/2019\/11\/Bienentag8.11.19_gruppenbild-800x478.jpg\" alt=\"\" width=\"800\" height=\"478\"><\/p>\n\n\n\n<p><strong>Stimmen der Kinder zum Bienentag im Tier- und \u00d6kogarten am 08.11.2019:<\/strong><\/p>\n<p>\u201eDer \u00d6kogarten ist voll cool!\u201c | \u201eIch m\u00f6chte keine Biene sein \u2013 aber wow, was die alles k\u00f6nnen!\u201c |&nbsp;\u201eDrohnen sind nur zum Babys machen da \u2026\u201c (naja, aber das ist auch nicht unwichtig \ud83d\ude09 | \u201eWer nicht arbeitet, fliegt raus!\u201c (Faule Bienen haben es wirklich schwer!) | \u201eMeerschweinchen ziehen mich in ihren Niedlichkeitsbann!\u201c | \u201eDas war sooo ein toller Tag!\u201c<\/p>\n\n\n\n<h2 class=\"wp-block-heading\">Ausflug zum Imker nach Schmedenstedt<\/h2>\n\n\n\n<p>Am 09.09.2019 haben die Sch\u00fcler der 1. und 2. Klasse in Begleitung ihrer Klassenlehrerinnen und Sabine M\u00fchlfelder vom F\u00f6rderverein einen Ausflug zum Imker Friedhelm Kolshorn nach Schmedenstedt unternommen.&nbsp;<\/p>\n<p><img loading=\"lazy\" decoding=\"async\" class=\"alignnone size-medium wp-image-458\" src=\"https:\/\/wordpress.nibis.de\/gsdungel\/files\/2019\/11\/Beim-Imker-800x478.jpg\" alt=\"\" width=\"800\" height=\"478\"><\/p>\n<p>Nach der Begr\u00fc\u00dfung durch Herrn Kolshorn und seiner Mitarbeiterin Gesa Stoschik haben die Kinder klassenweise verschiedene Stationen durchlaufen. Die Erstkl\u00e4ssler haben nach einer Einweisung durch Frau Stoschik zun\u00e4chst verschiedene Insektenpr\u00e4parate mit Becherlupen untersucht und versucht, diese anhand von Schaubildern den verschiedenen Bienen-, Wespen- und Hornissenarten zuzuordnen.<\/p>\n<p><img loading=\"lazy\" decoding=\"async\" class=\"alignnone size-medium wp-image-459\" src=\"https:\/\/wordpress.nibis.de\/gsdungel\/files\/2019\/11\/Bienen-unter-der-Lupe-800x478.jpg\" alt=\"\" width=\"800\" height=\"478\"><br>Im Anschluss haben die Sch\u00fcler selbst eine Kerze aus einer Bienenwachsplatte gedreht und mit einer kleinen Steckbiene verziert.&nbsp;<br>In der Zwischenzeit haben die Zweitkl\u00e4ssler den Bienenstock besichtigt und anhand der Erl\u00e4uterungen von Herrn Kolshorn viel Interessantes \u00fcber das Bienenvolk, ihr Leben und Arbeiten, ihre Feinde und vieles mehr erfahren.<\/p>\n<p><img loading=\"lazy\" decoding=\"async\" class=\"alignnone size-full wp-image-461\" src=\"https:\/\/wordpress.nibis.de\/gsdungel\/files\/2019\/11\/Bienenstock-Zweities-e1572863122866.jpg\" alt=\"\" width=\"450\" height=\"600\"><br>Mit dem anschlie\u00dfenden Film, der im Schleuderraum gezeigt wurde, konnten sie ihre neu gewonnenen Bienenkenntnisse noch vertiefen und wissen nun zum Beispiel, warum man in N\u00e4he eines Bienenstocks keine Banane essen sollte. Auch die Funktionsweise der Honigschleuder wurde ihnen direkt am Ger\u00e4t erkl\u00e4rt. <br>Nach einer gemeinsamen Fr\u00fchst\u00fcckspause haben sich die beiden Gruppen abgewechselt und es ging f\u00fcr die Erstkl\u00e4ssler an den Bienenstock. Die Sch\u00fcler waren ganz gebannt, als Frau Stoschik eine Platte mit Bienen aus dem Stock geholt und ihnen die Bienen \u201ein Aktion\u201c gezeigt hat.<\/p>\n<p><img loading=\"lazy\" decoding=\"async\" class=\"alignnone size-medium wp-image-460\" src=\"https:\/\/wordpress.nibis.de\/gsdungel\/files\/2019\/11\/Bienenstock_Ersties-800x478.jpg\" alt=\"\" width=\"800\" height=\"478\"><br>Zum Abschluss konnten die Kinder ein Glas Honig selbst etikettieren und erwerben, um es zur Erinnerung \u2013 und zum Vernaschen \u2013 mit nach Hause zu nehmen.<\/p>\n<p>Schnell war dieser interessante Vormittag vorbei und es ging p\u00fcnktlich zum Schulschluss zur\u00fcck zur Schule. Dank der Unterst\u00fctzung der Eltern haben sich die Sch\u00fcler in Fahrgemeinschaften zusammengefunden und die Hin- und R\u00fcckfahrt konnte auf diese Weise organisiert werden. <br>F\u00fcr uns alle war es ein toller Ausflug, den wir gerne mit den neuen Sch\u00fclern der n\u00e4chsten Jahrg\u00e4nge wiederholen werden.<\/p>\n\n\n\n<h2 class=\"wp-block-heading\">Schulb\u00fccherei-Update: Neues Futter f\u00fcr Leseratten<\/h2>\n\n\n\n<p>Weil uns aufgefallen ist, dass einige B\u00fccher schon stark in die Jahre gekommen sind, haben wir vom F\u00f6rderverein die Modernisierung unserer Schulb\u00fccherei angesto\u00dfen. Dazu haben wir mit einem <a href=\"https:\/\/wordpress.nibis.de\/gsdungel\/files\/2019\/10\/Plakat_Buechersammlung.pdf\">Plakat_Buechersammlung<\/a> zu Buchspenden aufgerufen und ein B\u00fccherregal auf dem Dorffest aufgestellt. <strong>Ihr k\u00f6nnt aber gerne weiterhin Sach- und Taschenb\u00fccher spenden,<\/strong> wenn Ihr noch ein paar Sch\u00e4tze im Keller liegen habt. Bringt die B\u00fccher entweder bei einem von uns vorbei oder gebt sie direkt bei Frau Finke im Sekretariat ab.<\/p>\n<p>Parallel zur Buchaktion hat Frau Hintz die <strong>Digitalisierung<\/strong> mit einem Programm eingef\u00fchrt, damit die Ausleihe in Zukunft wie in der Stadtb\u00fccherei via Scanner erfolgen kann. Mit vereinten Kr\u00e4ften haben wir an einem Ferientag flei\u00dfig ausgemistet und die B\u00fccher nach Klassen farbkodiert. Das Ergebnis kann sich sehen lassen.<\/p>\n<p><strong>Nach den Herbstferien wird die Schulb\u00fccherei neu er\u00f6ffnet \u2013 damit unsere kleinen B\u00fccherw\u00fcrmer noch mehr Spa\u00df beim Schm\u00f6kern haben.<\/strong><\/p>\n<p>&nbsp;<\/p>\n\n\n\n<h2 class=\"wp-block-heading\">Leckeres auf dem Dorffest 2019<\/h2>\n\n\n\n<p>Das diesj\u00e4hrige Dungelbecker Dorffest fand am 29.06.2019 bei sch\u00f6nstem Sommerwetter auf dem schattigen Schulhof und unter den Platanen statt. Der F\u00f6rderverein Grundschule Dungelbeck war mit einem Waffelstand in den R\u00e4umen des angenehm k\u00fchlen Jugendfreizeitzentrums vertreten.<\/p>\n<p>Dank des leckeren Waffelteigs unserer 1. Vorsitzenden Stephanie, unserer erfahrenen Br\u00f6tchenzubereiterinnen und unserer tollen Waffelb\u00e4ckerinnen und -verk\u00e4uferinnen konnten es sich die G\u00e4ste des Dorffestes so richtig schmecken lassen.<\/p>\n<p><img loading=\"lazy\" decoding=\"async\" class=\"size-medium wp-image-389 aligncenter\" src=\"https:\/\/wordpress.nibis.de\/gsdungel\/files\/2019\/10\/Dorffest2019_2-450x478.jpg\" alt=\"\" width=\"450\" height=\"478\"><\/p>\n<p>Zus\u00e4tzlich haben wir eine Kostprobe unseres \u201eGesunden Fr\u00fchst\u00fccks\u201c pr\u00e4sentiert, das mittwochs in der Schule angeboten wird und nur durch die engagierten Eltern der Sch\u00fcler m\u00f6glich ist. Wer selbst einmal beim Br\u00f6tchenschmieren und Verkaufen in der 1. gro\u00dfen Pause dabei sein m\u00f6chte, kann sich sehr gern an uns wenden \u2013 helfende H\u00e4nde werden immer gesucht! Und die Kids freuen sich riesig, wenn Mama oder Papa am Verkaufstresen steht, gemeinsam mit zwei Viertkl\u00e4sslern.<\/p>\n<p><img loading=\"lazy\" decoding=\"async\" class=\"size-medium wp-image-390 aligncenter\" src=\"https:\/\/wordpress.nibis.de\/gsdungel\/files\/2019\/10\/Dorffest2019_3-450x478.jpg\" alt=\"\" width=\"450\" height=\"478\"><\/p>\n\n\n\n<h2 class=\"wp-block-heading\">Vortrag Medienkompetenz<\/h2>\n\n\n\n<p>Am 18.06.2019 fand in der Aula der Grundschule ein Vortrag zum Thema \u201eMedienkompetenz im Grundschulalter\u201c statt. Hierf\u00fcr konnte der F\u00f6rderverein als Referentin Frau Dr. Maren Risch des Blickwechsel e.V. \u2013 Verein f\u00fcr Medien- und Kulturp\u00e4dagogik, G\u00f6ttingen, gewinnen.<\/p>\n<p><img loading=\"lazy\" decoding=\"async\" class=\"alignnone size-medium wp-image-385\" src=\"https:\/\/wordpress.nibis.de\/gsdungel\/files\/2019\/10\/Vortrag_Medienkompetenz2019_1-800x478.jpg\" alt=\"\" width=\"800\" height=\"478\"><\/p>\n<p>Der digitale Wandel geht mit Smartphones, WhatsApp, Instagram &amp; Co. nicht spurlos an unseren Kindern vorbei. Aber auch Fernsehkonsum und Spielkonsolen sind nach wie vor aktuelle Themen. So konnte Frau Dr. Risch den ca. 20 Teilnehmern nach einem \u00dcberblick der breiten Angebotspalette und damit einhergehenden m\u00f6glichen Problemen ebenso Tipps und Tricks f\u00fcr einen entspannteren Familienalltag mit Medien mitgeben. Wir danken Frau Dr. Risch f\u00fcr ihre Ausf\u00fchrungen und die praxisnahen Beispiele, die dem einen oder der anderen sicher ein wenig Licht in den Dschungel \u201eDigitalisierung\u201c gebracht haben.<\/p>\n\n\n\n<h2 class=\"wp-block-heading\">Aktivit\u00e4ten im Schuljahr 2021\/2022<\/h2>\n\n\n\n<p>Hier findet Ihr noch einmal eine Auflistung unserer Aktionen und Projekte aus dem vergangenen Schuljahr: <a href=\"https:\/\/wordpress.nibis.de\/gsdungel\/files\/2023\/07\/Aktivita\u0308ten-2021-2022-1.pdf\">Aktivita\u0308ten 2021-2022-1<\/a><\/p>\n\n\n\n<p><\/p>\n\n\n\n<p><\/p>\n\n\n\n<p><\/p>\n\n\n\n<h2 class=\"wp-block-heading\"><\/h2>\n\n\n\n<h2 class=\"wp-block-heading\"><\/h2>\n","protected":false},"excerpt":{"rendered":"<p>Fr\u00fchjahrsbasar am 08.03.2025 12-15 Uhr Am zweiten Samstag im M\u00e4rz findet wieder unser beliebter Kinderbasar in der Turnhalle statt. Nach Gr\u00f6\u00dfen geordnet findet ihr hier Baby- und Kinderkleidung, sowie Schuhe, Spielzeug, Fahrzeuge und mehr. Auch f\u00fcr das leibliche Wohl ist &hellip; <a href=\"https:\/\/wordpress.nibis.de\/gsdungel\/aktivitaeten-des-foerdervereins\/\">Weiterlesen <span class=\"meta-nav\">&rarr;<\/span><\/a><\/p>\n","protected":false},"author":9193146,"featured_media":0,"parent":0,"menu_order":0,"comment_status":"closed","ping_status":"closed","template":"","meta":{"footnotes":""},"class_list":["post-90","page","type-page","status-publish","hentry"],"_links":{"self":[{"href":"https:\/\/wordpress.nibis.de\/gsdungel\/wp-json\/wp\/v2\/pages\/90","targetHints":{"allow":["GET"]}}],"collection":[{"href":"https:\/\/wordpress.nibis.de\/gsdungel\/wp-json\/wp\/v2\/pages"}],"about":[{"href":"https:\/\/wordpress.nibis.de\/gsdungel\/wp-json\/wp\/v2\/types\/page"}],"author":[{"embeddable":true,"href":"https:\/\/wordpress.nibis.de\/gsdungel\/wp-json\/wp\/v2\/users\/9193146"}],"replies":[{"embeddable":true,"href":"https:\/\/wordpress.nibis.de\/gsdungel\/wp-json\/wp\/v2\/comments?post=90"}],"version-history":[{"count":145,"href":"https:\/\/wordpress.nibis.de\/gsdungel\/wp-json\/wp\/v2\/pages\/90\/revisions"}],"predecessor-version":[{"id":1409,"href":"https:\/\/wordpress.nibis.de\/gsdungel\/wp-json\/wp\/v2\/pages\/90\/revisions\/1409"}],"wp:attachment":[{"href":"https:\/\/wordpress.nibis.de\/gsdungel\/wp-json\/wp\/v2\/media?parent=90"}],"curies":[{"name":"wp","href":"https:\/\/api.w.org\/{rel}","templated":true}]}}