{"id":167,"date":"2019-03-03T20:38:10","date_gmt":"2019-03-03T19:38:10","guid":{"rendered":"https:\/\/wordpress.nibis.de\/gsemmeln\/?page_id=167"},"modified":"2020-10-23T10:35:41","modified_gmt":"2020-10-23T08:35:41","slug":"termine","status":"publish","type":"page","link":"https:\/\/wordpress.nibis.de\/gsemmeln\/termine\/","title":{"rendered":"Termine"},"content":{"rendered":"<h2 id=\"tablepress-3-name\" class=\"tablepress-table-name tablepress-table-name-id-3\">Termine Schuljahr 2026-2027<\/h2>\n\n<table id=\"tablepress-3\" class=\"tablepress tablepress-id-3\" aria-labelledby=\"tablepress-3-name\">\n<thead>\n<tr class=\"row-1\">\n\t<th class=\"column-1\">Datum<\/th><th class=\"column-2\">Ereignis<\/th>\n<\/tr>\n<\/thead>\n<tbody class=\"row-striping row-hover\">\n<tr class=\"row-2\">\n\t<td class=\"column-1\">13.08.2026<\/td><td class=\"column-2\">1. Schultag<\/td>\n<\/tr>\n<tr class=\"row-3\">\n\t<td class=\"column-1\">15.08.2026<\/td><td class=\"column-2\">Einschulung<\/td>\n<\/tr>\n<tr class=\"row-4\">\n\t<td class=\"column-1\">19.08.2026<\/td><td class=\"column-2\">Start Aktionszeitraum \u201eBewegungspass 2026\u201c <\/td>\n<\/tr>\n<tr class=\"row-5\">\n\t<td class=\"column-1\">27.08.2026<\/td><td class=\"column-2\">zahn\u00e4rztliche Untersuchung<\/td>\n<\/tr>\n<tr class=\"row-6\">\n\t<td class=\"column-1\">01.09.2026<\/td><td class=\"column-2\">Aktion \u201eGelbe F\u00fc\u00dfe\u201c<\/td>\n<\/tr>\n<tr class=\"row-7\">\n\t<td class=\"column-1\">02.09.2026<\/td><td class=\"column-2\">Beginn des Schulschwimmens<\/td>\n<\/tr>\n<tr class=\"row-8\">\n\t<td class=\"column-1\">06.09.2026<\/td><td class=\"column-2\">Rad und Schritt \u2013 Emmeln macht mit, 09.30 Uhr Familiengottesdienst mit Liedbeitrag<\/td>\n<\/tr>\n<tr class=\"row-9\">\n\t<td class=\"column-1\">22.09.2026<\/td><td class=\"column-2\">Start Schulobst<\/td>\n<\/tr>\n<tr class=\"row-10\">\n\t<td class=\"column-1\">28.09.2026<\/td><td class=\"column-2\">Sitzung Elternrat, 19.00 Uhr<\/td>\n<\/tr>\n<tr class=\"row-11\">\n\t<td class=\"column-1\">30.09.2026<\/td><td class=\"column-2\">Sch\u00fclerforum<\/td>\n<\/tr>\n<tr class=\"row-12\">\n\t<td class=\"column-1\">02.10.2026<\/td><td class=\"column-2\">Laufabzeichenwettbewerb, Sportgel\u00e4nde des SV Eintracht Emmeln, 10.15 Uhr \u2013 11.45 Uhr<\/td>\n<\/tr>\n<tr class=\"row-13\">\n\t<td class=\"column-1\">08.10.2026<\/td><td class=\"column-2\">Fu\u00dfg\u00e4nger-Diplom (Jahrgang 2)<\/td>\n<\/tr>\n<tr class=\"row-14\">\n\t<td class=\"column-1\">12.10.2026-24.10.2026<\/td><td class=\"column-2\">Herbstferien<\/td>\n<\/tr>\n<tr class=\"row-15\">\n\t<td class=\"column-1\">27.10.2026<\/td><td class=\"column-2\">Pr\u00e4ventionstheaterst\u00fcck \u201eKinderrechte Superkr\u00e4fte\u201c, 8.45 Uhr Theater Meppen (Jahrgang 4)<\/td>\n<\/tr>\n<tr class=\"row-16\">\n\t<td class=\"column-1\">16.11.2026-20.11.2026<\/td><td class=\"column-2\">Elternsprechtage Klassen 1 \u2013 4<\/td>\n<\/tr>\n<tr class=\"row-17\">\n\t<td class=\"column-1\">20.11.2026<\/td><td class=\"column-2\">Bundesweiter Vorlesetag \u201eIch lese vor \u2013 Du auch?\u201c<\/td>\n<\/tr>\n<tr class=\"row-18\">\n\t<td class=\"column-1\">23.11.2026<\/td><td class=\"column-2\">V\u00f6lkerballturnier f\u00fcr M\u00e4dchen Kl. 4<\/td>\n<\/tr>\n<tr class=\"row-19\">\n\t<td class=\"column-1\">25.11.2026<\/td><td class=\"column-2\">Sch\u00fclerforum<\/td>\n<\/tr>\n<tr class=\"row-20\">\n\t<td class=\"column-1\">30.11.2026<\/td><td class=\"column-2\">kl. Adventsbesinnung in der 1. Stunde<br \/>\n<br \/>\nGesamtkonferenz, 17.00 Uhr <\/td>\n<\/tr>\n<tr class=\"row-21\">\n\t<td class=\"column-1\">04.12.2026<\/td><td class=\"column-2\">Waffelbackaktion der SV\/ Basteltag<br \/>\n<br \/>\nNikolaus-Umzug (Raken und St. Josef Kirche), 16 Uhr Reithalle L\u00fcssing, 17 Uhr Kirche<\/td>\n<\/tr>\n<tr class=\"row-22\">\n\t<td class=\"column-1\">12.12.2026-13.12.2026<\/td><td class=\"column-2\">Weihnachtsmarkt Emmeln<\/td>\n<\/tr>\n<tr class=\"row-23\">\n\t<td class=\"column-1\">16.12.2026<\/td><td class=\"column-2\">Weihnachtsschwimmen im Harske Badehuus<\/td>\n<\/tr>\n<tr class=\"row-24\">\n\t<td class=\"column-1\">22.12.2026<\/td><td class=\"column-2\">schulinterne Weihnachtsfeier in der 2.\/3. Stunde<\/td>\n<\/tr>\n<tr class=\"row-25\">\n\t<td class=\"column-1\">23.12.2026 - 09.01.2027<\/td><td class=\"column-2\">Weihnachtsferien<\/td>\n<\/tr>\n<tr class=\"row-26\">\n\t<td class=\"column-1\">12.01.2027+14.01.2027<\/td><td class=\"column-2\">Wintersportfest<\/td>\n<\/tr>\n<tr class=\"row-27\">\n\t<td class=\"column-1\">20.01.2027<\/td><td class=\"column-2\">Zeugniskonferenzen Kl. 2 \u2013 4<\/td>\n<\/tr>\n<tr class=\"row-28\">\n\t<td class=\"column-1\">27.01.2027<\/td><td class=\"column-2\">Sch\u00fclerforum<\/td>\n<\/tr>\n<tr class=\"row-29\">\n\t<td class=\"column-1\">01.02.2027-02.02.2027<\/td><td class=\"column-2\">Winterferien<\/td>\n<\/tr>\n<tr class=\"row-30\">\n\t<td class=\"column-1\">05.02.2027<\/td><td class=\"column-2\">Start Schnupperschule<\/td>\n<\/tr>\n<tr class=\"row-31\">\n\t<td class=\"column-1\">08.02.2027<\/td><td class=\"column-2\">Rosenmontag<\/td>\n<\/tr>\n<tr class=\"row-32\">\n\t<td class=\"column-1\">10.02.2027<\/td><td class=\"column-2\">Aschermittwoch (WGD), 8.00 Uhr<\/td>\n<\/tr>\n<tr class=\"row-33\">\n\t<td class=\"column-1\">28.02.2027<\/td><td class=\"column-2\">Fastenmarsch \u2013 Solilauf im Dekanat Emsland Nord<\/td>\n<\/tr>\n<tr class=\"row-34\">\n\t<td class=\"column-1\">08.03.2027\u201312.03.2027<\/td><td class=\"column-2\">Elternsprechtage Klassen 1 \u2013 4<\/td>\n<\/tr>\n<tr class=\"row-35\">\n\t<td class=\"column-1\">17.03.2027<\/td><td class=\"column-2\">Sch\u00fclerforum<\/td>\n<\/tr>\n<tr class=\"row-36\">\n\t<td class=\"column-1\">19.03.2027<\/td><td class=\"column-2\">Joseftag<\/td>\n<\/tr>\n<tr class=\"row-37\">\n\t<td class=\"column-1\">22.03.2027-03.04.2027<\/td><td class=\"column-2\">Osterferien<\/td>\n<\/tr>\n<tr class=\"row-38\">\n\t<td class=\"column-1\">08.04.2027<\/td><td class=\"column-2\">K\u00e4nguru der Mathematik (Jahrgang 4)<\/td>\n<\/tr>\n<tr class=\"row-39\">\n\t<td class=\"column-1\">23.04.2027<\/td><td class=\"column-2\">Welttag des Buches (Klasse 4)<br \/>\n<br \/>\nLow-T-Ball-Turnier (schulintern)<\/td>\n<\/tr>\n<tr class=\"row-40\">\n\t<td class=\"column-1\">25.04.2027<\/td><td class=\"column-2\">Erstkommunionfeier in St. Josef Emmeln<\/td>\n<\/tr>\n<tr class=\"row-41\">\n\t<td class=\"column-1\">26.04.2027<\/td><td class=\"column-2\">unterrichtsfrei f\u00fcr die Erstkommunionkinder (Klasse 3), Teilnahme am Dankgottesdienst, anschl. gemeinsames Fr\u00fchst\u00fcck im Pfarrheim St. Josef<\/td>\n<\/tr>\n<tr class=\"row-42\">\n\t<td class=\"column-1\">28.04.2027<\/td><td class=\"column-2\">Sch\u00fclerforum<\/td>\n<\/tr>\n<tr class=\"row-43\">\n\t<td class=\"column-1\">30.04.2027<\/td><td class=\"column-2\">Abgabefrist Antrag auf Verbleib im Kindergarten f\u00fcr Flexi-Kinder Einschulung 2027<\/td>\n<\/tr>\n<tr class=\"row-44\">\n\t<td class=\"column-1\">03.05.2027-05.05.2027<\/td><td class=\"column-2\">Schulanmeldung Einschulung 2028<\/td>\n<\/tr>\n<tr class=\"row-45\">\n\t<td class=\"column-1\">06.05.2027+07.05.2027<\/td><td class=\"column-2\">Christi Himmelfahrt + Br\u00fcckentag (unterrichtsfrei)<\/td>\n<\/tr>\n<tr class=\"row-46\">\n\t<td class=\"column-1\">15.05.2027-18.05.2027<\/td><td class=\"column-2\">Pfingstferien<\/td>\n<\/tr>\n<tr class=\"row-47\">\n\t<td class=\"column-1\">16.05.2027-19.05.2027<\/td><td class=\"column-2\">Opferfest (Islam)<\/td>\n<\/tr>\n<tr class=\"row-48\">\n\t<td class=\"column-1\">21.05.2026 - 23.05.2026<\/td><td class=\"column-2\">\u201eKlasse! Wir singen\u201c in der EMSLANDArena Lingen<\/td>\n<\/tr>\n<tr class=\"row-49\">\n\t<td class=\"column-1\">24.05.2027<\/td><td class=\"column-2\">Gesamtkonferenz, 17.00 Uhr<\/td>\n<\/tr>\n<tr class=\"row-50\">\n\t<td class=\"column-1\">26.05.2027<\/td><td class=\"column-2\">Sch\u00fclerforum<\/td>\n<\/tr>\n<tr class=\"row-51\">\n\t<td class=\"column-1\">28.05.2027<\/td><td class=\"column-2\">Sommersportfest im Emspark-Stadion Haren <\/td>\n<\/tr>\n<tr class=\"row-52\">\n\t<td class=\"column-1\">14.06.2027<\/td><td class=\"column-2\">Besuch vom Sch\u00fctzenverein Emmeln<\/td>\n<\/tr>\n<tr class=\"row-53\">\n\t<td class=\"column-1\">22.06.2027<\/td><td class=\"column-2\">Dankesch\u00f6n-Fr\u00fchst\u00fcck f\u00fcr die HelferInnen beim Schulobst, 08.30 Uhr \u2013 10.30 Uhr<\/td>\n<\/tr>\n<tr class=\"row-54\">\n\t<td class=\"column-1\">23.06.2027<\/td><td class=\"column-2\">Zeugniskonferenzen Klassen 1 \u2013 4<\/td>\n<\/tr>\n<tr class=\"row-55\">\n\t<td class=\"column-1\">28.06.2027<\/td><td class=\"column-2\">Elterninfoabend Klasse 1 NEU, 19.00 Uhr Aula<\/td>\n<\/tr>\n<tr class=\"row-56\">\n\t<td class=\"column-1\">30.06.2027<\/td><td class=\"column-2\">Abgabe der Leihb\u00fccher<br \/>\n<br \/>\nSch\u00fclerforum<\/td>\n<\/tr>\n<tr class=\"row-57\">\n\t<td class=\"column-1\">02.07.2027<\/td><td class=\"column-2\">Letzter Termin \u201eSchnupperschule\u201c<\/td>\n<\/tr>\n<tr class=\"row-58\">\n\t<td class=\"column-1\">05.07.2027<\/td><td class=\"column-2\">Klassenbildungstag am Gymnasium Haren (Ems) und an der Martinus-Oberschule Haren (Ems)<\/td>\n<\/tr>\n<tr class=\"row-59\">\n\t<td class=\"column-1\">06.07.2027<\/td><td class=\"column-2\">Abschlussgottesdienst in der Josefschule (Schulhof\/Turnhalle), 10.00 Uhr<br \/>\n<br \/>\nFundsachen \u2013 Letzte Gelegenheit zur Sichtung<\/td>\n<\/tr>\n<tr class=\"row-60\">\n\t<td class=\"column-1\">07.07.2027<\/td><td class=\"column-2\">Zeugnisausgabe, \u201eRausschmiss\u201c (Klasse 4) <\/td>\n<\/tr>\n<tr class=\"row-61\">\n\t<td class=\"column-1\">08.07.2027-18.08.2027<\/td><td class=\"column-2\">Sommerferien<\/td>\n<\/tr>\n<tr class=\"row-62\">\n\t<td class=\"column-1\"><\/td><td class=\"column-2\"><\/td>\n<\/tr>\n<tr class=\"row-63\">\n\t<td class=\"column-1\"><\/td><td class=\"column-2\"><\/td>\n<\/tr>\n<tr class=\"row-64\">\n\t<td class=\"column-1\"><\/td><td class=\"column-2\"><\/td>\n<\/tr>\n<tr class=\"row-65\">\n\t<td class=\"column-1\"><\/td><td class=\"column-2\"><\/td>\n<\/tr>\n<tr class=\"row-66\">\n\t<td class=\"column-1\"><\/td><td class=\"column-2\"><\/td>\n<\/tr>\n<tr class=\"row-67\">\n\t<td class=\"column-1\"><\/td><td class=\"column-2\"><\/td>\n<\/tr>\n<tr class=\"row-68\">\n\t<td class=\"column-1\"><\/td><td class=\"column-2\"><\/td>\n<\/tr>\n<tr class=\"row-69\">\n\t<td class=\"column-1\"><\/td><td class=\"column-2\"><\/td>\n<\/tr>\n<tr class=\"row-70\">\n\t<td class=\"column-1\"><\/td><td class=\"column-2\"><\/td>\n<\/tr>\n<tr class=\"row-71\">\n\t<td class=\"column-1\"><\/td><td class=\"column-2\"><\/td>\n<\/tr>\n<tr class=\"row-72\">\n\t<td class=\"column-1\"><\/td><td class=\"column-2\"><\/td>\n<\/tr>\n<tr class=\"row-73\">\n\t<td class=\"column-1\"><\/td><td class=\"column-2\"><\/td>\n<\/tr>\n<tr class=\"row-74\">\n\t<td class=\"column-1\"><\/td><td class=\"column-2\"><\/td>\n<\/tr>\n<tr class=\"row-75\">\n\t<td class=\"column-1\"><\/td><td class=\"column-2\"><\/td>\n<\/tr>\n<tr class=\"row-76\">\n\t<td class=\"column-1\"><\/td><td class=\"column-2\"><\/td>\n<\/tr>\n<tr class=\"row-77\">\n\t<td class=\"column-1\"><\/td><td class=\"column-2\"><\/td>\n<\/tr>\n<tr class=\"row-78\">\n\t<td class=\"column-1\"><\/td><td class=\"column-2\"><\/td>\n<\/tr>\n<tr class=\"row-79\">\n\t<td class=\"column-1\"><\/td><td class=\"column-2\"><\/td>\n<\/tr>\n<tr class=\"row-80\">\n\t<td class=\"column-1\"><\/td><td class=\"column-2\"><\/td>\n<\/tr>\n<tr class=\"row-81\">\n\t<td class=\"column-1\"><\/td><td class=\"column-2\"><\/td>\n<\/tr>\n<tr class=\"row-82\">\n\t<td class=\"column-1\"><\/td><td class=\"column-2\"><\/td>\n<\/tr>\n<tr class=\"row-83\">\n\t<td class=\"column-1\"><\/td><td class=\"column-2\"><\/td>\n<\/tr>\n<tr class=\"row-84\">\n\t<td class=\"column-1\"><\/td><td class=\"column-2\"><\/td>\n<\/tr>\n<tr class=\"row-85\">\n\t<td class=\"column-1\"><\/td><td class=\"column-2\"><\/td>\n<\/tr>\n<tr class=\"row-86\">\n\t<td class=\"column-1\"><\/td><td class=\"column-2\"><\/td>\n<\/tr>\n<tr class=\"row-87\">\n\t<td class=\"column-1\"><\/td><td class=\"column-2\"><\/td>\n<\/tr>\n<tr class=\"row-88\">\n\t<td class=\"column-1\"><\/td><td class=\"column-2\"><\/td>\n<\/tr>\n<tr class=\"row-89\">\n\t<td class=\"column-1\"><\/td><td class=\"column-2\"><\/td>\n<\/tr>\n<tr class=\"row-90\">\n\t<td class=\"column-1\"><\/td><td class=\"column-2\"><\/td>\n<\/tr>\n<tr class=\"row-91\">\n\t<td class=\"column-1\"><\/td><td class=\"column-2\"><\/td>\n<\/tr>\n<tr class=\"row-92\">\n\t<td class=\"column-1\"><\/td><td class=\"column-2\"><\/td>\n<\/tr>\n<tr class=\"row-93\">\n\t<td class=\"column-1\"><\/td><td class=\"column-2\"><\/td>\n<\/tr>\n<\/tbody>\n<\/table>\n<!-- #tablepress-3 from cache -->\n","protected":false},"excerpt":{"rendered":"","protected":false},"author":9193017,"featured_media":0,"parent":0,"menu_order":0,"comment_status":"closed","ping_status":"closed","template":"","meta":{"footnotes":""},"class_list":["post-167","page","type-page","status-publish","hentry"],"_links":{"self":[{"href":"https:\/\/wordpress.nibis.de\/gsemmeln\/wp-json\/wp\/v2\/pages\/167","targetHints":{"allow":["GET"]}}],"collection":[{"href":"https:\/\/wordpress.nibis.de\/gsemmeln\/wp-json\/wp\/v2\/pages"}],"about":[{"href":"https:\/\/wordpress.nibis.de\/gsemmeln\/wp-json\/wp\/v2\/types\/page"}],"author":[{"embeddable":true,"href":"https:\/\/wordpress.nibis.de\/gsemmeln\/wp-json\/wp\/v2\/users\/9193017"}],"replies":[{"embeddable":true,"href":"https:\/\/wordpress.nibis.de\/gsemmeln\/wp-json\/wp\/v2\/comments?post=167"}],"version-history":[{"count":2,"href":"https:\/\/wordpress.nibis.de\/gsemmeln\/wp-json\/wp\/v2\/pages\/167\/revisions"}],"predecessor-version":[{"id":1256,"href":"https:\/\/wordpress.nibis.de\/gsemmeln\/wp-json\/wp\/v2\/pages\/167\/revisions\/1256"}],"wp:attachment":[{"href":"https:\/\/wordpress.nibis.de\/gsemmeln\/wp-json\/wp\/v2\/media?parent=167"}],"curies":[{"name":"wp","href":"https:\/\/api.w.org\/{rel}","templated":true}]}}