{"id":792,"date":"2021-05-25T13:21:00","date_gmt":"2021-05-25T11:21:00","guid":{"rendered":"https:\/\/wordpress.nibis.de\/gsesterw\/?page_id=792"},"modified":"2021-05-25T13:21:00","modified_gmt":"2021-05-25T11:21:00","slug":"e","status":"publish","type":"page","link":"https:\/\/wordpress.nibis.de\/gsesterw\/e\/","title":{"rendered":"E"},"content":{"rendered":"<p><strong>Einschulung<\/strong><br \/>\nDie Einschulung erfolgt normalerweise jeweils am ersten Samstag<br \/>\nnach den Sommerferien.<br \/>\nWir beginnen mit einer kurzen Andacht und Segnung der Schulneulinge in der Kirche. Anschlie\u00dfend findet die Einschulungsfeier in der Aula statt, an der alle Schulneulinge sowie der vierte Jahrgang, der die Einschulungsfeier gestaltet, teilnehmen. W\u00e4hrend die Kinder ihre \u201eerste Unterrichtsstunde\u201c bei ihrer Lehrkraft erhalten, k\u00f6nnen die Eltern und Verwandten sich mit Kaffee und Kuchen vom F\u00f6rderverein verw\u00f6hnen lassen.<\/p>\n<p><strong>Elternabend<\/strong><br \/>\nBereits vor den Sommerferien ist ein erster Elternabend f\u00fcr die Eltern der Schulneulinge statt. In den ersten Wochen nach den Sommerferien findet ein Elternabend f\u00fcr alle Jahrg\u00e4nge geplant.<br \/>\nIm Schulkindergarten und in den ersten und dritten Jahrg\u00e4ngen werden die Klassenelternschaftswahlen durchgef\u00fchrt und Hinweise zum Unterricht sowie zur Leistungsbeurteilung und Leistungsbewertung gegeben.<\/p>\n<p><strong>Elternlotsendienst<\/strong><br \/>\nSeit l\u00e4ngerer Zeit gibt es den Elternlotsendienst an der Grundschule<br \/>\nEsterwegen. Die Elternlotsen sorgen daf\u00fcr, dass die Kinder morgens<br \/>\nund mittags sicher die Stra\u00dfe \u00fcberqueren k\u00f6nnen. Dieser wichtige<br \/>\nDienst sollte m\u00f6glichst von allen betroffenen Eltern unterst\u00fctzt werden.<\/p>\n<p><strong>Elternsprechtag<\/strong><br \/>\nElternsprechtage finden an unserer Schule zweimal j\u00e4hrlich statt. Die<br \/>\nEltern erhalten eine gesonderte Einladung. Alle Lehrkr\u00e4fte stehen<br \/>\nden Erziehungsberechtigten zu einem Gespr\u00e4ch \u00fcber ihr Kind zur<br \/>\nVerf\u00fcgung. Bei erh\u00f6htem Gespr\u00e4chsbedarf k\u00f6nnen gesonderte Gespr\u00e4chstermine \u00fcber das Sekretariat oder direkt mit der Lehrkraft<br \/>\nvereinbart werden.<\/p>\n<p><strong>Elternvertreter<\/strong><br \/>\nDie gemeinsame Verantwortung von Eltern und Schule f\u00fcr die Erziehung und Bildung der Sch\u00fcler erfordert ihre vertrauensvolle Zusammenarbeit. Schule und Eltern unterst\u00fctzen sich bei der Erziehung und Bildung. So haben die Eltern Gelegenheit, in den Gremien Klassenelternversammlung, Elternrat und Schulkonferenz mitzuwirken.<br \/>\nAndererseits wirken Eltern durch vielf\u00e4ltige Aktivit\u00e4ten innerhalb des<br \/>\nSchullebens mit. Die Eltern der Klasse bilden die Klassenelternversammlung. Sie wirdzweimal im Schuljahr einberufen und dient der Information und dem Meinungsaustausch \u00fcber alle schulischen Angelegenheiten, insbesondere \u00fcber die Unterrichts- und Erziehungsarbeit in der Klasse. Den Elternrat der Schule bilden die Elternsprecher. Er vertritt die Interessen der Eltern gegen\u00fcber der Schule, dem Schultr\u00e4ger und den Schulaufsichtsbeh\u00f6rden.<br \/>\n<strong>Aufgaben:<\/strong><br \/>\n\u2022\u00a0 \u00a0 die Interessen der Eltern der Sch\u00fcler und Sch\u00fclerinnen zu<br \/>\nvertretenden Eltern Gelegenheit zu geben, sich zu informieren und auszusprechen<br \/>\n\u2022\u00a0 \u00a0 W\u00fcnsche, Anregungen und Vorschl\u00e4ge der Eltern zu beraten;<br \/>\n\u2022\u00a0 \u00a0 Unterst\u00fctzung und Begleitung von Unterrichtsg\u00e4ngen, Wandertagen, Klassenfahrten, Theaterbesuchen u.\u00e4.<br \/>\n\u2022\u00a0 \u00a0 AG-Leitung;<br \/>\n\u2022\u00a0 \u00a0 Mitarbeit bei Sportveranstaltungen, bei Feiern und Festen sowie Projekten;<br \/>\n\u2022\u00a0 \u00a0 Mitorganisation von Bastelnachmittagen.<br \/>\nZiel ist es, dass sich die Lehrerinnen und Lehrer, die Eltern und die<br \/>\nSch\u00fcler und Sch\u00fclerinnen als Team verstehen, um bestm\u00f6gliche Ergebnisse zu erreichen.<\/p>\n<p><strong>Englischunterricht<\/strong><br \/>\nFremdsprachenunterricht ist ein Teil des Pflichtunterrichts f\u00fcr alle<br \/>\nSchulen und Schulformen. An unserer Schule unterrichten wir ab dem 3. Schuljahr zwei Stunden pro Woche Englisch.<br \/>\nDer Fremdsprachenunterricht wird im dritten Schuljahr nicht benotet.<br \/>\nIm vierten Schuljahr werden die Leistungen zensiert und bei der<br \/>\nSchullaufbahnberatung ber\u00fccksichtigt.<\/p>\n<p><strong>Entschuldigung bei Erkrankungen\/Verletzung<\/strong><br \/>\nWird ein Kind aus gesundheitlichen Gr\u00fcnden an einem oder mehreren Tagen dem Unterricht fernbleiben, so ist der Klassenlehrer\/ die<br \/>\nKlassenlehrerin dar\u00fcber umgehend in Kenntnis zu setzen. Eine<br \/>\nschriftliche Entschuldigung sollte mindestens DIN A5-Gr\u00f6\u00dfe haben<br \/>\nund nach folgendem Muster erstellt sein:<\/p>\n<p>____________, den _______<\/p>\n<p>Sehr geehrte(r) Frau\/Herr______________!<\/p>\n<p>Mein Sohn\/Meine Tochter ______________ konnte am 02.09.2021<br \/>\n(oder vom 28.09. \u2013 02.10.2021) wegen ______________nicht am<br \/>\nUnterricht teilnehmen.<\/p>\n<p>Mit freundlichen Gr\u00fc\u00dfen<br \/>\n___________________<\/p>\n<p>Fehlt ein Kind l\u00e4nger als drei Schultage, ist eine Bescheinigung desbehandelnden Arztes oder Heilpraktikers vorzulegen.<br \/>\nNach vers\u00e4umtem Unterricht (z.B. aus gesundheitlichen Gr\u00fcnden,<br \/>\nBeurlaubungen) m\u00fcssen die Sch\u00fcler und Sch\u00fclerinnen den vers\u00e4umten Unterrichtsstoff und ggf. die Hausaufgaben eigenst\u00e4ndig<br \/>\nnachholen. Das ben\u00f6tigte Material wird den Kindern per IServ oder<br \/>\n\u00fcber eine Krankheitsmappe zur Verf\u00fcgung gestellt.<\/p>\n<p><strong>Erreichbarkeit der Eltern<\/strong><br \/>\nSollte ein Sch\u00fcler oder eine Sch\u00fclerin w\u00e4hrend der Unterrichtszeit<br \/>\nerkranken oder sich verletzen, wird die Schule versuchen, die Eltern<br \/>\n(in sehr dringenden F\u00e4llen ggf. auch den Notdienst) zu verst\u00e4ndigen,<br \/>\num gemeinsam weitere Ma\u00dfnahmen abzusprechen. Deshalb muss<br \/>\ndie telefonische Erreichbarkeit einer Ansprechperson (mehrere Telefonnummern angeben!) w\u00e4hrend der Schulzeit gew\u00e4hrleistet sein.<br \/>\nBei Verletzungen wird im Sekretariat ggf. im Nachgang eine Unfallanzeige aufgenommen.<\/p>\n<p>Zur\u00fcck zum\u00a0<a href=\"https:\/\/wordpress.nibis.de\/gsesterw\/abc-der-grundschule\/\">ABC der Grundschule<\/a>.<\/p>\n","protected":false},"excerpt":{"rendered":"<p>Einschulung Die Einschulung erfolgt normalerweise jeweils am ersten Samstag nach den Sommerferien. Wir beginnen mit einer kurzen Andacht und Segnung der Schulneulinge in der Kirche. Anschlie\u00dfend findet die Einschulungsfeier in der Aula statt, an der alle Schulneulinge sowie der vierte Jahrgang, der die Einschulungsfeier gestaltet, teilnehmen. W\u00e4hrend die Kinder ihre \u201eerste Unterrichtsstunde\u201c bei ihrer Lehrkraft &hellip; <a href=\"https:\/\/wordpress.nibis.de\/gsesterw\/e\/\" class=\"more-link\"><span class=\"screen-reader-text\">E<\/span> weiterlesen <span class=\"meta-nav\">&rarr;<\/span><\/a><\/p>\n","protected":false},"author":9193300,"featured_media":0,"parent":0,"menu_order":0,"comment_status":"closed","ping_status":"closed","template":"","meta":{"footnotes":""},"class_list":["post-792","page","type-page","status-publish","hentry"],"_links":{"self":[{"href":"https:\/\/wordpress.nibis.de\/gsesterw\/wp-json\/wp\/v2\/pages\/792","targetHints":{"allow":["GET"]}}],"collection":[{"href":"https:\/\/wordpress.nibis.de\/gsesterw\/wp-json\/wp\/v2\/pages"}],"about":[{"href":"https:\/\/wordpress.nibis.de\/gsesterw\/wp-json\/wp\/v2\/types\/page"}],"author":[{"embeddable":true,"href":"https:\/\/wordpress.nibis.de\/gsesterw\/wp-json\/wp\/v2\/users\/9193300"}],"replies":[{"embeddable":true,"href":"https:\/\/wordpress.nibis.de\/gsesterw\/wp-json\/wp\/v2\/comments?post=792"}],"version-history":[{"count":1,"href":"https:\/\/wordpress.nibis.de\/gsesterw\/wp-json\/wp\/v2\/pages\/792\/revisions"}],"predecessor-version":[{"id":793,"href":"https:\/\/wordpress.nibis.de\/gsesterw\/wp-json\/wp\/v2\/pages\/792\/revisions\/793"}],"wp:attachment":[{"href":"https:\/\/wordpress.nibis.de\/gsesterw\/wp-json\/wp\/v2\/media?parent=792"}],"curies":[{"name":"wp","href":"https:\/\/api.w.org\/{rel}","templated":true}]}}