{"id":813,"date":"2021-05-25T13:43:55","date_gmt":"2021-05-25T11:43:55","guid":{"rendered":"https:\/\/wordpress.nibis.de\/gsesterw\/?page_id=813"},"modified":"2026-08-27T14:45:25","modified_gmt":"2026-08-27T12:45:25","slug":"i","status":"publish","type":"page","link":"https:\/\/wordpress.nibis.de\/gsesterw\/i\/","title":{"rendered":"I"},"content":{"rendered":"<p><strong>Infektionsschutz<\/strong><br \/>\nSch\u00fcler mit schweren Infektionskrankheiten oder Verdacht darauf d\u00fcrfen die Schule nicht besuchen oder betreten, bis nach \u00e4rztlichem Attest eine Weiterverbreitung der Krankheit nicht mehr zu bef\u00fcrchten ist. Weitere Informationen zu den Krankheiten bzw. zu den erforderlichen Vorgehensweisen erhalten Sie beim Arzt oder dem Gesundheitsamt.<\/p>\n<p><strong>IServ<\/strong><\/p>\n<p>IServ ist unsere Kommunikationsplattform, \u00fcber die Sie sicher und einfach mit unserer Schule in Kontakt treten k\u00f6nnen. Hier finden Sie u.a. Informationen, Mitteilungen und Termine. Bitte \u00fcberpr\u00fcfen Sie 1x t\u00e4glich den Eingang von Nachrichten. Sollten Anmeldungen fehlschlagen oder es anderweitige Probleme geben, schreiben Sie bitte eine Nachricht von Ihrer privaten E-Mail-Adresse an die zust\u00e4ndige Klassenlehrkraft Ihres Kindes.<\/p>\n<p>&nbsp;<\/p>\n<p><strong>Inklusion<\/strong><br \/>\nGegenseitige R\u00fccksichtnahme, Verst\u00e4ndnis, Anerkennung und Respekt gegen\u00fcber allen Menschen zu vermitteln, ist uns wichtig. Daher werden selbstverst\u00e4ndlich auch Kinder mit sonderp\u00e4dagogischem Unterst\u00fctzungsbedarf an unserer Schule unterrichtet. Zus\u00e4tzliche Hilfe und Unterst\u00fctzung erhalten sie durch Lehrkr\u00e4fte der entsprechenden F\u00f6rderschulen.<\/p>\n<p>Zur\u00fcck zum\u00a0<a href=\"https:\/\/wordpress.nibis.de\/gsesterw\/abc-der-grundschule\/\">ABC der Grundschule<\/a>.<\/p>\n","protected":false},"excerpt":{"rendered":"<p>Infektionsschutz Sch\u00fcler mit schweren Infektionskrankheiten oder Verdacht darauf d\u00fcrfen die Schule nicht besuchen oder betreten, bis nach \u00e4rztlichem Attest eine Weiterverbreitung der Krankheit nicht mehr zu bef\u00fcrchten ist. Weitere Informationen zu den Krankheiten bzw. zu den erforderlichen Vorgehensweisen erhalten Sie beim Arzt oder dem Gesundheitsamt. IServ IServ ist unsere Kommunikationsplattform, \u00fcber die Sie sicher und &hellip; <a href=\"https:\/\/wordpress.nibis.de\/gsesterw\/i\/\" class=\"more-link\"><span class=\"screen-reader-text\">I<\/span> weiterlesen <span class=\"meta-nav\">&rarr;<\/span><\/a><\/p>\n","protected":false},"author":9193300,"featured_media":0,"parent":0,"menu_order":0,"comment_status":"closed","ping_status":"closed","template":"","meta":{"footnotes":""},"class_list":["post-813","page","type-page","status-publish","hentry"],"_links":{"self":[{"href":"https:\/\/wordpress.nibis.de\/gsesterw\/wp-json\/wp\/v2\/pages\/813","targetHints":{"allow":["GET"]}}],"collection":[{"href":"https:\/\/wordpress.nibis.de\/gsesterw\/wp-json\/wp\/v2\/pages"}],"about":[{"href":"https:\/\/wordpress.nibis.de\/gsesterw\/wp-json\/wp\/v2\/types\/page"}],"author":[{"embeddable":true,"href":"https:\/\/wordpress.nibis.de\/gsesterw\/wp-json\/wp\/v2\/users\/9193300"}],"replies":[{"embeddable":true,"href":"https:\/\/wordpress.nibis.de\/gsesterw\/wp-json\/wp\/v2\/comments?post=813"}],"version-history":[{"count":3,"href":"https:\/\/wordpress.nibis.de\/gsesterw\/wp-json\/wp\/v2\/pages\/813\/revisions"}],"predecessor-version":[{"id":2320,"href":"https:\/\/wordpress.nibis.de\/gsesterw\/wp-json\/wp\/v2\/pages\/813\/revisions\/2320"}],"wp:attachment":[{"href":"https:\/\/wordpress.nibis.de\/gsesterw\/wp-json\/wp\/v2\/media?parent=813"}],"curies":[{"name":"wp","href":"https:\/\/api.w.org\/{rel}","templated":true}]}}