{"id":121,"date":"2023-09-09T17:49:08","date_gmt":"2023-09-09T15:49:08","guid":{"rendered":"https:\/\/wordpress.nibis.de\/gsfa\/?page_id=121"},"modified":"2024-02-06T21:22:48","modified_gmt":"2024-02-06T20:22:48","slug":"schulkindergarten","status":"publish","type":"page","link":"https:\/\/wordpress.nibis.de\/gsfa\/schulkindergarten\/","title":{"rendered":"Schulkindergarten (SKG)"},"content":{"rendered":"\n<p>Kinder, die schulpflichtig sind, k\u00f6nnen f\u00fcr ein Jahr vom Schulbesuch zur\u00fcckgestellt werden, wenn zu erwarten ist, dass sie die Anforderungen der 1.Klasse noch nicht bew\u00e4ltigen werden.<\/p>\n\n\n\n<p>Grundlage f\u00fcr die Zur\u00fcckstellung sind die Ergebnisse der Schuluntersuchung und der Eingangsdiagnostik, sowie die Gespr\u00e4che mit den Eltern und Erzieherinnen.<\/p>\n\n\n\n<p>Im Schulkindergarten sollen die Kinder durch gezielte F\u00f6rderung in einer kleinen Lerngruppe die Schulf\u00e4higkeit erreichen und sich an den Schulalltag gew\u00f6hnen.<\/p>\n\n\n\n<p>Der Schulkindergarten ist auch f\u00fcr einige Grundschulen au\u00dferhalb von Fallersleben zust\u00e4ndig.<\/p>\n\n\n\n<p><strong>Im Schulkindergarten<\/strong><\/p>\n\n\n\n<ul class=\"wp-block-list\"><li>sollen die Kinder die Schulf\u00e4higkeit erreichen.<\/li><li>gew\u00f6hnen sich die Kinder an den Schulalltag.<\/li><li>haben die Kinder t\u00e4glich mehrere Stunden Unterricht<\/li><li>und noch Zeit zum Spielen.<\/li><\/ul>\n\n\n\n<p><strong>Gef\u00f6rdert werden im Schulkindergarten<\/strong><\/p>\n\n\n\n<ul class=\"wp-block-list\"><li>die Selbstst\u00e4ndigkeit<\/li><li>das Selbstvertrauen<\/li><li>das soziale Verhalten<\/li><li>die Sprache<\/li><li>die Wahrnehmungsf\u00e4higkeit<\/li><li>der nat\u00fcrliche Wissensdrang<\/li><li>die Kreativit\u00e4t und Fantasie<\/li><li>die Konzentration und Ausdauer<\/li><li>die Grob- und Feinmotorik<\/li><\/ul>\n\n\n\n<div class=\"wp-block-image\"><figure class=\"alignright size-full is-resized\"><img loading=\"lazy\" decoding=\"async\" src=\"https:\/\/wordpress.nibis.de\/gsfa\/files\/2024\/02\/grafik-4.png\" alt=\"\" class=\"wp-image-481\" width=\"576\" height=\"323\" srcset=\"https:\/\/wordpress.nibis.de\/gsfa\/files\/2024\/02\/grafik-4.png 884w, https:\/\/wordpress.nibis.de\/gsfa\/files\/2024\/02\/grafik-4-300x169.png 300w, https:\/\/wordpress.nibis.de\/gsfa\/files\/2024\/02\/grafik-4-768x432.png 768w, https:\/\/wordpress.nibis.de\/gsfa\/files\/2024\/02\/grafik-4-480x270.png 480w\" sizes=\"auto, (max-width: 576px) 100vw, 576px\" \/><\/figure><\/div>\n\n\n\n<figure class=\"wp-block-image size-full\"><img loading=\"lazy\" decoding=\"async\" width=\"918\" height=\"517\" src=\"https:\/\/wordpress.nibis.de\/gsfa\/files\/2024\/02\/grafik-6.png\" alt=\"\" class=\"wp-image-483\" srcset=\"https:\/\/wordpress.nibis.de\/gsfa\/files\/2024\/02\/grafik-6.png 918w, https:\/\/wordpress.nibis.de\/gsfa\/files\/2024\/02\/grafik-6-300x169.png 300w, https:\/\/wordpress.nibis.de\/gsfa\/files\/2024\/02\/grafik-6-768x433.png 768w, https:\/\/wordpress.nibis.de\/gsfa\/files\/2024\/02\/grafik-6-479x270.png 479w\" sizes=\"auto, (max-width: 918px) 100vw, 918px\" \/><\/figure>\n\n\n\n<div class=\"wp-block-image\"><figure class=\"alignright size-full is-resized\"><img loading=\"lazy\" decoding=\"async\" src=\"https:\/\/wordpress.nibis.de\/gsfa\/files\/2024\/02\/grafik-9.png\" alt=\"\" class=\"wp-image-486\" width=\"578\" height=\"325\" srcset=\"https:\/\/wordpress.nibis.de\/gsfa\/files\/2024\/02\/grafik-9.png 781w, https:\/\/wordpress.nibis.de\/gsfa\/files\/2024\/02\/grafik-9-300x169.png 300w, https:\/\/wordpress.nibis.de\/gsfa\/files\/2024\/02\/grafik-9-768x432.png 768w, https:\/\/wordpress.nibis.de\/gsfa\/files\/2024\/02\/grafik-9-480x270.png 480w\" sizes=\"auto, (max-width: 578px) 100vw, 578px\" \/><\/figure><\/div>\n\n\n\n<figure class=\"wp-block-image size-large\"><img loading=\"lazy\" decoding=\"async\" width=\"1024\" height=\"577\" src=\"https:\/\/wordpress.nibis.de\/gsfa\/files\/2024\/02\/grafik-10-1024x577.png\" alt=\"\" class=\"wp-image-487\" srcset=\"https:\/\/wordpress.nibis.de\/gsfa\/files\/2024\/02\/grafik-10-1024x577.png 1024w, https:\/\/wordpress.nibis.de\/gsfa\/files\/2024\/02\/grafik-10-300x169.png 300w, https:\/\/wordpress.nibis.de\/gsfa\/files\/2024\/02\/grafik-10-768x432.png 768w, https:\/\/wordpress.nibis.de\/gsfa\/files\/2024\/02\/grafik-10-480x270.png 480w, https:\/\/wordpress.nibis.de\/gsfa\/files\/2024\/02\/grafik-10.png 1071w\" sizes=\"auto, (max-width: 1024px) 100vw, 1024px\" \/><\/figure>\n\n\n\n<div class=\"wp-block-image\"><figure class=\"alignright size-full\"><img loading=\"lazy\" decoding=\"async\" width=\"326\" height=\"297\" src=\"https:\/\/wordpress.nibis.de\/gsfa\/files\/2024\/02\/grafik-16.png\" alt=\"\" class=\"wp-image-494\" srcset=\"https:\/\/wordpress.nibis.de\/gsfa\/files\/2024\/02\/grafik-16.png 326w, https:\/\/wordpress.nibis.de\/gsfa\/files\/2024\/02\/grafik-16-300x273.png 300w, https:\/\/wordpress.nibis.de\/gsfa\/files\/2024\/02\/grafik-16-296x270.png 296w\" sizes=\"auto, (max-width: 326px) 100vw, 326px\" \/><\/figure><\/div>\n\n\n\n<figure class=\"wp-block-image size-large is-resized\"><img loading=\"lazy\" decoding=\"async\" src=\"https:\/\/wordpress.nibis.de\/gsfa\/files\/2024\/02\/grafik-17-edited.png\" alt=\"\" class=\"wp-image-496\" width=\"538\" height=\"303\" srcset=\"https:\/\/wordpress.nibis.de\/gsfa\/files\/2024\/02\/grafik-17-edited.png 689w, https:\/\/wordpress.nibis.de\/gsfa\/files\/2024\/02\/grafik-17-edited-300x169.png 300w, https:\/\/wordpress.nibis.de\/gsfa\/files\/2024\/02\/grafik-17-edited-479x270.png 479w\" sizes=\"auto, (max-width: 538px) 100vw, 538px\" \/><\/figure>\n\n\n\n<p><\/p>\n","protected":false},"excerpt":{"rendered":"<p>Kinder, die schulpflichtig sind, k\u00f6nnen f\u00fcr ein Jahr vom Schulbesuch zur\u00fcckgestellt werden, wenn zu erwarten ist, dass sie die Anforderungen der 1.Klasse noch nicht bew\u00e4ltigen werden. Grundlage f\u00fcr die Zur\u00fcckstellung sind die Ergebnisse der Schuluntersuchung und der Eingangsdiagnostik, sowie die Gespr\u00e4che mit den Eltern und Erzieherinnen. Im Schulkindergarten sollen die Kinder durch gezielte F\u00f6rderung in einer kleinen Lerngruppe die Schulf\u00e4higkeit erreichen und sich an den Schulalltag gew\u00f6hnen. Der Schulkindergarten ist auch f\u00fcr einige Grundschulen au\u00dferhalb von Fallersleben zust\u00e4ndig. Im Schulkindergarten&#8230;<\/p>\n<p class=\"read-more\"><a class=\"btn btn-default\" href=\"https:\/\/wordpress.nibis.de\/gsfa\/schulkindergarten\/\">Weiterlesen<span class=\"screen-reader-text\"> Weiterlesen<\/span><\/a><\/p>\n","protected":false},"author":9194246,"featured_media":0,"parent":0,"menu_order":0,"comment_status":"closed","ping_status":"closed","template":"","meta":{"footnotes":""},"class_list":["post-121","page","type-page","status-publish","hentry"],"_links":{"self":[{"href":"https:\/\/wordpress.nibis.de\/gsfa\/wp-json\/wp\/v2\/pages\/121","targetHints":{"allow":["GET"]}}],"collection":[{"href":"https:\/\/wordpress.nibis.de\/gsfa\/wp-json\/wp\/v2\/pages"}],"about":[{"href":"https:\/\/wordpress.nibis.de\/gsfa\/wp-json\/wp\/v2\/types\/page"}],"author":[{"embeddable":true,"href":"https:\/\/wordpress.nibis.de\/gsfa\/wp-json\/wp\/v2\/users\/9194246"}],"replies":[{"embeddable":true,"href":"https:\/\/wordpress.nibis.de\/gsfa\/wp-json\/wp\/v2\/comments?post=121"}],"version-history":[{"count":4,"href":"https:\/\/wordpress.nibis.de\/gsfa\/wp-json\/wp\/v2\/pages\/121\/revisions"}],"predecessor-version":[{"id":499,"href":"https:\/\/wordpress.nibis.de\/gsfa\/wp-json\/wp\/v2\/pages\/121\/revisions\/499"}],"wp:attachment":[{"href":"https:\/\/wordpress.nibis.de\/gsfa\/wp-json\/wp\/v2\/media?parent=121"}],"curies":[{"name":"wp","href":"https:\/\/api.w.org\/{rel}","templated":true}]}}