{"id":198,"date":"2023-09-10T11:38:53","date_gmt":"2023-09-10T09:38:53","guid":{"rendered":"https:\/\/wordpress.nibis.de\/gsfa\/?page_id=198"},"modified":"2026-02-04T09:55:06","modified_gmt":"2026-02-04T08:55:06","slug":"team","status":"publish","type":"page","link":"https:\/\/wordpress.nibis.de\/gsfa\/team\/","title":{"rendered":"Kollegium"},"content":{"rendered":"\n<p>Ungef\u00e4hr 100 Menschen k\u00fcmmern sich in unserem Kollegium darum, dass sich alle Kinder wohlf\u00fchlen und gut lernen k\u00f6nnen. <\/p>\n\n\n\n<p><\/p>\n\n\n\n<p><strong>Leitung<\/strong><br>Schulleiterin: Julia Feistner<br>Konrektorin: Jennifer Ott (kommisarisch)<\/p>\n\n\n\n<p><\/p>\n\n\n\n<p><strong>Ganztag<\/strong><br>Koordinator Ganztag: Carsten Munzel<br>Vertretung: Tobias Loreit<br><\/p>\n\n\n\n<p><strong>Organisation<\/strong><br>Sekretariat: Jasmin Meyer, Tanja Uterhardt<br>Hausmeister: Thomas Warnecke<br>Reinigungskr\u00e4fte<\/p>\n\n\n\n<ul class=\"wp-block-list is-style-tw-no-bullet\">\n<li><strong>Klassenteams<\/strong><\/li>\n\n\n\n<li>Lehrkr\u00e4fte<\/li>\n\n\n\n<li>F\u00f6rderschullehrkr\u00e4fte<\/li>\n\n\n\n<li>Sozialp\u00e4dagogen<\/li>\n\n\n\n<li>P\u00e4dagogische Mitarbeiterinnen und Mitarbeiter<\/li>\n\n\n\n<li>Erzieherinnen und Erzieher<\/li>\n\n\n\n<li>Schulbegleitungen<\/li>\n\n\n\n<li>FSJler<\/li>\n\n\n\n<li>Referendare und Referedarinnen<\/li>\n\n\n\n<li>Praktikanten<\/li>\n<\/ul>\n\n\n\n<p><\/p>\n\n\n\n<p><strong>Verpflegung<\/strong><br>Leitung: Swetlana Schulz<br>K\u00f6chinnen<\/p>\n\n\n\n<p><\/p>\n\n\n\n<p><strong>Externe Unterst\u00fctzer<\/strong><br>unz\u00e4hlige engagierte Eltern, B\u00fcchereidamen, Leselernhelferinnen und -helfer sowie Mitarbeiterinnen des Integrationsreferates<\/p>\n\n\n\n<p><\/p>\n\n\n\n<figure class=\"wp-block-image size-full is-style-tw-rounded-corners\"><img loading=\"lazy\" decoding=\"async\" width=\"800\" height=\"535\" src=\"https:\/\/wordpress.nibis.de\/gsfa\/files\/2023\/09\/Team-201819.jpg\" alt=\"\" class=\"wp-image-203\" srcset=\"https:\/\/wordpress.nibis.de\/gsfa\/files\/2023\/09\/Team-201819.jpg 800w, https:\/\/wordpress.nibis.de\/gsfa\/files\/2023\/09\/Team-201819-300x201.jpg 300w, https:\/\/wordpress.nibis.de\/gsfa\/files\/2023\/09\/Team-201819-768x514.jpg 768w, https:\/\/wordpress.nibis.de\/gsfa\/files\/2023\/09\/Team-201819-404x270.jpg 404w\" sizes=\"auto, (max-width: 800px) 100vw, 800px\" \/><figcaption class=\"wp-element-caption\">Unser Team 2018\/19<\/figcaption><\/figure>\n\n\n\n<p><\/p>\n","protected":false},"excerpt":{"rendered":"<p>Ungef\u00e4hr 100 Menschen k\u00fcmmern sich in unserem Kollegium darum, dass sich alle Kinder wohlf\u00fchlen und gut lernen k\u00f6nnen. LeitungSchulleiterin: Julia FeistnerKonrektorin: Jennifer Ott (kommisarisch) GanztagKoordinator Ganztag: Carsten MunzelVertretung: Tobias Loreit OrganisationSekretariat: Jasmin Meyer, Tanja UterhardtHausmeister: Thomas WarneckeReinigungskr\u00e4fte VerpflegungLeitung: Swetlana SchulzK\u00f6chinnen Externe Unterst\u00fctzerunz\u00e4hlige engagierte Eltern, B\u00fcchereidamen, Leselernhelferinnen und -helfer sowie Mitarbeiterinnen des Integrationsreferates<\/p>\n","protected":false},"author":9194246,"featured_media":0,"parent":0,"menu_order":0,"comment_status":"closed","ping_status":"closed","template":"","meta":{"footnotes":""},"class_list":["post-198","page","type-page","status-publish","hentry"],"_links":{"self":[{"href":"https:\/\/wordpress.nibis.de\/gsfa\/wp-json\/wp\/v2\/pages\/198","targetHints":{"allow":["GET"]}}],"collection":[{"href":"https:\/\/wordpress.nibis.de\/gsfa\/wp-json\/wp\/v2\/pages"}],"about":[{"href":"https:\/\/wordpress.nibis.de\/gsfa\/wp-json\/wp\/v2\/types\/page"}],"author":[{"embeddable":true,"href":"https:\/\/wordpress.nibis.de\/gsfa\/wp-json\/wp\/v2\/users\/9194246"}],"replies":[{"embeddable":true,"href":"https:\/\/wordpress.nibis.de\/gsfa\/wp-json\/wp\/v2\/comments?post=198"}],"version-history":[{"count":20,"href":"https:\/\/wordpress.nibis.de\/gsfa\/wp-json\/wp\/v2\/pages\/198\/revisions"}],"predecessor-version":[{"id":1654,"href":"https:\/\/wordpress.nibis.de\/gsfa\/wp-json\/wp\/v2\/pages\/198\/revisions\/1654"}],"wp:attachment":[{"href":"https:\/\/wordpress.nibis.de\/gsfa\/wp-json\/wp\/v2\/media?parent=198"}],"curies":[{"name":"wp","href":"https:\/\/api.w.org\/{rel}","templated":true}]}}