{"id":206,"date":"2023-09-10T11:46:00","date_gmt":"2023-09-10T09:46:00","guid":{"rendered":"https:\/\/wordpress.nibis.de\/gsfa\/?page_id=206"},"modified":"2026-02-04T10:02:55","modified_gmt":"2026-02-04T09:02:55","slug":"ags","status":"publish","type":"page","link":"https:\/\/wordpress.nibis.de\/gsfa\/ags\/","title":{"rendered":"AGs"},"content":{"rendered":"\n<h2 class=\"wp-block-heading\"><span style=\"color:#000000\" class=\"tadv-color\">Auf dieser Seite k\u00f6nnen Sie in unsere Welt der AGs eintauchen. Sie erhalten Einblicke in die AGs und eine \u00dcbersicht unseres aktuellen AG-Programms. Viel Spa\u00df!<\/span><\/h2>\n\n\n\n<hr class=\"wp-block-separator has-text-color has-black-color has-css-opacity has-black-background-color has-background is-style-wide\" \/>\n\n\n\n<h2 class=\"wp-block-heading\">Unser AG-Programm vom 09.02.26 &#8211; 30.06.26:<\/h2>\n\n\n\n<p>Das AG-Programm beginnt ab dem <strong>09.02.26<\/strong> und umfasst nun auch die ersten Klassen.<\/p>\n\n\n\n<div data-wp-interactive=\"core\/file\" class=\"wp-block-file\"><object data-wp-bind--hidden=\"!state.hasPdfPreview\" hidden class=\"wp-block-file__embed\" data=\"https:\/\/wordpress.nibis.de\/gsfa\/files\/2026\/02\/Flyer-offenes-AG-Programm-2.-Halbjahr-25_26-aktuell-ab-4.2.26.pdf\" type=\"application\/pdf\" style=\"width:100%;height:600px\" aria-label=\"Einbettung von Flyer offenes AG Programm 2. Halbjahr 25_26 aktuell ab 4.2.26.\"><\/object><a id=\"wp-block-file--media-dbcd598d-89f2-4992-8df0-97044a84ebb5\" href=\"https:\/\/wordpress.nibis.de\/gsfa\/files\/2026\/02\/Flyer-offenes-AG-Programm-2.-Halbjahr-25_26-aktuell-ab-4.2.26.pdf\">Flyer offenes AG Programm 2. Halbjahr 25_26 aktuell ab 4.2.26<\/a><a href=\"https:\/\/wordpress.nibis.de\/gsfa\/files\/2026\/02\/Flyer-offenes-AG-Programm-2.-Halbjahr-25_26-aktuell-ab-4.2.26.pdf\" class=\"wp-block-file__button wp-element-button\" download aria-describedby=\"wp-block-file--media-dbcd598d-89f2-4992-8df0-97044a84ebb5\">Herunterladen<\/a><\/div>\n\n\n\n<hr class=\"wp-block-separator has-text-color has-black-color has-css-opacity has-black-background-color has-background is-style-wide\" \/>\n\n\n\n<h2 class=\"wp-block-heading\">Hier finden Sie einen kleinen Einblick zu unseren AGs<\/h2>\n\n\n\n<div class=\"wp-block-media-text alignwide is-stacked-on-mobile\"><figure class=\"wp-block-media-text__media\"><img loading=\"lazy\" decoding=\"async\" width=\"541\" height=\"721\" src=\"https:\/\/wordpress.nibis.de\/gsfa\/files\/2025\/09\/Photo-1.jpg\" alt=\"\" class=\"wp-image-1502 size-full\" srcset=\"https:\/\/wordpress.nibis.de\/gsfa\/files\/2025\/09\/Photo-1.jpg 541w, https:\/\/wordpress.nibis.de\/gsfa\/files\/2025\/09\/Photo-1-225x300.jpg 225w, https:\/\/wordpress.nibis.de\/gsfa\/files\/2025\/09\/Photo-1-203x270.jpg 203w\" sizes=\"auto, (max-width: 541px) 100vw, 541px\" \/><\/figure><div class=\"wp-block-media-text__content\">\n<p class=\"has-large-font-size\">Die MakerSpace-AG<\/p>\n\n\n\n<p><strong>AG-Leitung:<\/strong> <em>Herr Arnold<\/em><\/p>\n\n\n\n<p>Hier sehen Sie den Codex f\u00fcr die MakerSpace-AG.<\/p>\n<\/div><\/div>\n\n\n\n<hr class=\"wp-block-separator has-text-color has-black-color has-css-opacity has-black-background-color has-background\" \/>\n\n\n\n<div class=\"wp-block-media-text alignwide is-stacked-on-mobile\"><figure class=\"wp-block-media-text__media\"><img loading=\"lazy\" decoding=\"async\" width=\"1024\" height=\"768\" src=\"https:\/\/wordpress.nibis.de\/gsfa\/files\/2025\/09\/IMG_0871-1024x768.jpg\" alt=\"\" class=\"wp-image-1503 size-full\" srcset=\"https:\/\/wordpress.nibis.de\/gsfa\/files\/2025\/09\/IMG_0871-1024x768.jpg 1024w, https:\/\/wordpress.nibis.de\/gsfa\/files\/2025\/09\/IMG_0871-300x225.jpg 300w, https:\/\/wordpress.nibis.de\/gsfa\/files\/2025\/09\/IMG_0871-768x576.jpg 768w, https:\/\/wordpress.nibis.de\/gsfa\/files\/2025\/09\/IMG_0871-1536x1152.jpg 1536w, https:\/\/wordpress.nibis.de\/gsfa\/files\/2025\/09\/IMG_0871-2048x1536.jpg 2048w, https:\/\/wordpress.nibis.de\/gsfa\/files\/2025\/09\/IMG_0871-360x270.jpg 360w\" sizes=\"auto, (max-width: 1024px) 100vw, 1024px\" \/><\/figure><div class=\"wp-block-media-text__content\">\n<p class=\"has-large-font-size\">Die ABBI-AG<\/p>\n\n\n\n<p><strong>AG-Leitung:<\/strong> <em>Team des Aktivspielplatz Fallersleben<\/em><\/p>\n\n\n\n<p>Der wohl beliebteste Spielplatz in Fallersleben.<\/p>\n<\/div><\/div>\n\n\n\n<hr class=\"wp-block-separator has-text-color has-black-color has-css-opacity has-black-background-color has-background\" \/>\n\n\n\n<div class=\"wp-block-media-text alignwide is-stacked-on-mobile\"><figure class=\"wp-block-media-text__media\"><img loading=\"lazy\" decoding=\"async\" width=\"541\" height=\"721\" src=\"https:\/\/wordpress.nibis.de\/gsfa\/files\/2025\/09\/Photo-1-1.jpg\" alt=\"\" class=\"wp-image-1515 size-full\" srcset=\"https:\/\/wordpress.nibis.de\/gsfa\/files\/2025\/09\/Photo-1-1.jpg 541w, https:\/\/wordpress.nibis.de\/gsfa\/files\/2025\/09\/Photo-1-1-225x300.jpg 225w, https:\/\/wordpress.nibis.de\/gsfa\/files\/2025\/09\/Photo-1-1-203x270.jpg 203w\" sizes=\"auto, (max-width: 541px) 100vw, 541px\" \/><\/figure><div class=\"wp-block-media-text__content\">\n<p class=\"has-large-font-size\">Der M\u00e4dchen-Kl\u00f6n-Treff<\/p>\n\n\n\n<p>AG-Leitung: <em>Frau Auth<\/em><\/p>\n\n\n\n<p>Keks, Quatsch und Tratsch k\u00f6nnen die Kinder der 3. &amp; 4. Klassen hier erleben.<\/p>\n<\/div><\/div>\n\n\n\n<hr class=\"wp-block-separator has-text-color has-black-color has-css-opacity has-black-background-color has-background\" \/>\n\n\n\n<div class=\"wp-block-media-text alignwide is-stacked-on-mobile\"><figure class=\"wp-block-media-text__media\"><img loading=\"lazy\" decoding=\"async\" width=\"721\" height=\"541\" src=\"https:\/\/wordpress.nibis.de\/gsfa\/files\/2025\/09\/Photo-4.jpg\" alt=\"\" class=\"wp-image-1516 size-full\" srcset=\"https:\/\/wordpress.nibis.de\/gsfa\/files\/2025\/09\/Photo-4.jpg 721w, https:\/\/wordpress.nibis.de\/gsfa\/files\/2025\/09\/Photo-4-300x225.jpg 300w, https:\/\/wordpress.nibis.de\/gsfa\/files\/2025\/09\/Photo-4-360x270.jpg 360w\" sizes=\"auto, (max-width: 721px) 100vw, 721px\" \/><\/figure><div class=\"wp-block-media-text__content\">\n<p class=\"has-large-font-size\">Die Fantasiewerke-AG<\/p>\n\n\n\n<p>AG-Leitung: <em>Frau Schulz<\/em><\/p>\n\n\n\n<p>Hier k\u00f6nnen die Kinder aus verschiedensten Werksoffen wundervolle Kunstwerke kreieren.<\/p>\n<\/div><\/div>\n\n\n\n<hr class=\"wp-block-separator has-text-color has-black-color has-css-opacity has-black-background-color has-background\" \/>\n\n\n\n<div class=\"wp-block-media-text alignwide is-stacked-on-mobile\"><figure class=\"wp-block-media-text__media\"><img loading=\"lazy\" decoding=\"async\" width=\"721\" height=\"541\" src=\"https:\/\/wordpress.nibis.de\/gsfa\/files\/2025\/09\/Photo-3.jpg\" alt=\"\" class=\"wp-image-1517 size-full\" srcset=\"https:\/\/wordpress.nibis.de\/gsfa\/files\/2025\/09\/Photo-3.jpg 721w, https:\/\/wordpress.nibis.de\/gsfa\/files\/2025\/09\/Photo-3-300x225.jpg 300w, https:\/\/wordpress.nibis.de\/gsfa\/files\/2025\/09\/Photo-3-360x270.jpg 360w\" sizes=\"auto, (max-width: 721px) 100vw, 721px\" \/><\/figure><div class=\"wp-block-media-text__content\">\n<p class=\"has-large-font-size\">Die Turnhallenpower-AG<\/p>\n\n\n\n<p>AG-Leitung: <em>Herr El Gouireh<\/em><\/p>\n\n\n\n<p>Lust auf Bewegung? Dann sind die Kinder hier genau richtig.<\/p>\n<\/div><\/div>\n\n\n\n<hr class=\"wp-block-separator has-text-color has-black-color has-css-opacity has-black-background-color has-background\" \/>\n\n\n\n<div class=\"wp-block-media-text alignwide is-stacked-on-mobile\"><figure class=\"wp-block-media-text__media\"><img loading=\"lazy\" decoding=\"async\" width=\"541\" height=\"721\" src=\"https:\/\/wordpress.nibis.de\/gsfa\/files\/2025\/09\/Photo-2-1.jpg\" alt=\"\" class=\"wp-image-1519 size-full\" srcset=\"https:\/\/wordpress.nibis.de\/gsfa\/files\/2025\/09\/Photo-2-1.jpg 541w, https:\/\/wordpress.nibis.de\/gsfa\/files\/2025\/09\/Photo-2-1-225x300.jpg 225w, https:\/\/wordpress.nibis.de\/gsfa\/files\/2025\/09\/Photo-2-1-203x270.jpg 203w\" sizes=\"auto, (max-width: 541px) 100vw, 541px\" \/><\/figure><div class=\"wp-block-media-text__content\">\n<p class=\"has-large-font-size\">Die Kleiderzauber-AG<\/p>\n\n\n\n<p>AG-Leitung: <em>Frau Garzke<\/em><\/p>\n\n\n\n<p>Egal ob eine Reise ins Mittelalter oder in das 20. Jahrhundert, hier k\u00f6nnen die Kinder zu einer &#8222;anderen&#8220; Personen werden. <\/p>\n<\/div><\/div>\n\n\n\n<hr class=\"wp-block-separator has-text-color has-black-color has-css-opacity has-black-background-color has-background\" \/>\n\n\n\n<div class=\"wp-block-media-text alignwide is-stacked-on-mobile\"><figure class=\"wp-block-media-text__media\"><img loading=\"lazy\" decoding=\"async\" width=\"541\" height=\"721\" src=\"https:\/\/wordpress.nibis.de\/gsfa\/files\/2025\/09\/Photo-2-2.jpg\" alt=\"\" class=\"wp-image-1520 size-full\" srcset=\"https:\/\/wordpress.nibis.de\/gsfa\/files\/2025\/09\/Photo-2-2.jpg 541w, https:\/\/wordpress.nibis.de\/gsfa\/files\/2025\/09\/Photo-2-2-225x300.jpg 225w, https:\/\/wordpress.nibis.de\/gsfa\/files\/2025\/09\/Photo-2-2-203x270.jpg 203w\" sizes=\"auto, (max-width: 541px) 100vw, 541px\" \/><\/figure><div class=\"wp-block-media-text__content\">\n<p class=\"has-large-font-size\">Die Traumreise-AG<\/p>\n\n\n\n<p>AG-Leitung: <em>Frau G\u00f6tz<\/em><\/p>\n\n\n\n<p>In dieser AG k\u00f6nnen die Kinder einmal vom Trubbel des Schulalltags abschalten.<\/p>\n<\/div><\/div>\n\n\n\n<hr class=\"wp-block-separator has-text-color has-black-color has-css-opacity has-black-background-color has-background\" \/>\n\n\n\n<div class=\"wp-block-media-text alignwide is-stacked-on-mobile\"><figure class=\"wp-block-media-text__media\"><img loading=\"lazy\" decoding=\"async\" width=\"541\" height=\"721\" src=\"https:\/\/wordpress.nibis.de\/gsfa\/files\/2025\/09\/Photo-1-2.jpg\" alt=\"\" class=\"wp-image-1521 size-full\" srcset=\"https:\/\/wordpress.nibis.de\/gsfa\/files\/2025\/09\/Photo-1-2.jpg 541w, https:\/\/wordpress.nibis.de\/gsfa\/files\/2025\/09\/Photo-1-2-225x300.jpg 225w, https:\/\/wordpress.nibis.de\/gsfa\/files\/2025\/09\/Photo-1-2-203x270.jpg 203w\" sizes=\"auto, (max-width: 541px) 100vw, 541px\" \/><\/figure><div class=\"wp-block-media-text__content\">\n<p class=\"has-large-font-size\">Die Garten-AG<\/p>\n\n\n\n<p>AG-Leitung: <em>Herr Sporleder \/ Frau Schulz<\/em><\/p>\n\n\n\n<p>Salat, Tomaten und Kraut; hier gibt es alles was ihr braucht.<\/p>\n<\/div><\/div>\n\n\n\n<hr class=\"wp-block-separator has-text-color has-black-color has-css-opacity has-black-background-color has-background\" \/>\n\n\n\n<div class=\"wp-block-media-text alignwide is-stacked-on-mobile\"><figure class=\"wp-block-media-text__media\"><img loading=\"lazy\" decoding=\"async\" width=\"541\" height=\"721\" src=\"https:\/\/wordpress.nibis.de\/gsfa\/files\/2025\/09\/Photo-2.jpg\" alt=\"\" class=\"wp-image-1537 size-full\" srcset=\"https:\/\/wordpress.nibis.de\/gsfa\/files\/2025\/09\/Photo-2.jpg 541w, https:\/\/wordpress.nibis.de\/gsfa\/files\/2025\/09\/Photo-2-225x300.jpg 225w, https:\/\/wordpress.nibis.de\/gsfa\/files\/2025\/09\/Photo-2-203x270.jpg 203w\" sizes=\"auto, (max-width: 541px) 100vw, 541px\" \/><\/figure><div class=\"wp-block-media-text__content\">\n<p class=\"has-large-font-size\">Die Diabolo-AG<\/p>\n\n\n\n<p>AG-Leitung: <em>Herr Tegebauer<\/em><\/p>\n\n\n\n<p>Die Hand-Augen-Koordination ist hier gefordert &#8211; fangen sollte gelernt sein.<\/p>\n<\/div><\/div>\n\n\n\n<hr class=\"wp-block-separator has-text-color has-black-color has-css-opacity has-black-background-color has-background\" \/>\n\n\n\n<div class=\"wp-block-media-text alignwide is-stacked-on-mobile\"><figure class=\"wp-block-media-text__media\"><img loading=\"lazy\" decoding=\"async\" width=\"541\" height=\"721\" src=\"https:\/\/wordpress.nibis.de\/gsfa\/files\/2025\/09\/Photo-2-3.jpg\" alt=\"\" class=\"wp-image-1538 size-full\" srcset=\"https:\/\/wordpress.nibis.de\/gsfa\/files\/2025\/09\/Photo-2-3.jpg 541w, https:\/\/wordpress.nibis.de\/gsfa\/files\/2025\/09\/Photo-2-3-225x300.jpg 225w, https:\/\/wordpress.nibis.de\/gsfa\/files\/2025\/09\/Photo-2-3-203x270.jpg 203w\" sizes=\"auto, (max-width: 541px) 100vw, 541px\" \/><\/figure><div class=\"wp-block-media-text__content\">\n<p class=\"has-large-font-size\">Die Kreatives mit Wolle-AG<\/p>\n\n\n\n<p>AG-Leitung: <em>Frau B\u00f6be<\/em><\/p>\n\n\n\n<p>Ran an die Wolle! Die bunte Welt der Wolle; hier gibt es weiche Wolle zum Kuscheln, Spielen und Basteln.<\/p>\n<\/div><\/div>\n","protected":false},"excerpt":{"rendered":"<p>Auf dieser Seite k\u00f6nnen Sie in unsere Welt der AGs eintauchen. Sie erhalten Einblicke in die AGs und eine \u00dcbersicht unseres aktuellen AG-Programms. Viel Spa\u00df! Unser AG-Programm vom 09.02.26 &#8211; 30.06.26: Das AG-Programm beginnt ab dem 09.02.26 und umfasst nun auch die ersten Klassen. Hier finden Sie einen kleinen Einblick zu unseren AGs Die MakerSpace-AG AG-Leitung: Herr Arnold Hier sehen Sie den Codex f\u00fcr die MakerSpace-AG. Die ABBI-AG AG-Leitung: Team des Aktivspielplatz Fallersleben Der wohl beliebteste Spielplatz in Fallersleben. Der&#8230;<\/p>\n<p class=\"read-more\"><a class=\"btn btn-default\" href=\"https:\/\/wordpress.nibis.de\/gsfa\/ags\/\">Weiterlesen<span class=\"screen-reader-text\"> Weiterlesen<\/span><\/a><\/p>\n","protected":false},"author":9194246,"featured_media":0,"parent":0,"menu_order":0,"comment_status":"closed","ping_status":"closed","template":"","meta":{"footnotes":""},"class_list":["post-206","page","type-page","status-publish","hentry"],"_links":{"self":[{"href":"https:\/\/wordpress.nibis.de\/gsfa\/wp-json\/wp\/v2\/pages\/206","targetHints":{"allow":["GET"]}}],"collection":[{"href":"https:\/\/wordpress.nibis.de\/gsfa\/wp-json\/wp\/v2\/pages"}],"about":[{"href":"https:\/\/wordpress.nibis.de\/gsfa\/wp-json\/wp\/v2\/types\/page"}],"author":[{"embeddable":true,"href":"https:\/\/wordpress.nibis.de\/gsfa\/wp-json\/wp\/v2\/users\/9194246"}],"replies":[{"embeddable":true,"href":"https:\/\/wordpress.nibis.de\/gsfa\/wp-json\/wp\/v2\/comments?post=206"}],"version-history":[{"count":43,"href":"https:\/\/wordpress.nibis.de\/gsfa\/wp-json\/wp\/v2\/pages\/206\/revisions"}],"predecessor-version":[{"id":1658,"href":"https:\/\/wordpress.nibis.de\/gsfa\/wp-json\/wp\/v2\/pages\/206\/revisions\/1658"}],"wp:attachment":[{"href":"https:\/\/wordpress.nibis.de\/gsfa\/wp-json\/wp\/v2\/media?parent=206"}],"curies":[{"name":"wp","href":"https:\/\/api.w.org\/{rel}","templated":true}]}}