{"id":2275,"date":"2020-03-19T07:13:48","date_gmt":"2020-03-19T06:13:48","guid":{"rendered":"https:\/\/wordpress.nibis.de\/gsfes\/?page_id=2275"},"modified":"2020-06-14T19:13:36","modified_gmt":"2020-06-14T17:13:36","slug":"auf-einem-blick","status":"publish","type":"page","link":"https:\/\/wordpress.nibis.de\/gsfes\/auf-einem-blick\/","title":{"rendered":"Auf einen Blick"},"content":{"rendered":"\n<p class=\"has-text-color has-background has-large-font-size has-very-light-gray-color has-vivid-cyan-blue-background-color\">&#8222;Liveticker&#8220; zur weiteren Schul\u00f6ffnung<\/p>\n\n\n\n<p class=\"has-text-color has-background has-medium-font-size has-very-light-gray-color has-vivid-red-background-color\"><strong>14. Juni 2020:<\/strong> Ab Montag, den 15.06.2020, nehmen auch die 1. Klassen am Schulbetrieb teil. Achten Sie bitte auf die Einteilung der Gruppen und den Unterrichtsbeginn Ihres Kindes.<\/p>\n\n\n\n<p style=\"background-color:#9d0101\" class=\"has-text-color has-background has-medium-font-size has-very-light-gray-color\"><strong><span style=\"color:#eeeeee\" class=\"tadv-color\">02.Juni.2020:<\/span><\/strong><span style=\"color:#eeeeee\" class=\"tadv-color\"> <\/span>Ab Mittwoch, den 03.06.2020 werden nun auch die 2. Klassen in den Schulbetrieb einsteigen. Achten Sie bitte auf den richtigen Unterrichtsbeginn Ihres Kindes!<\/p>\n\n\n\n<p style=\"background-color:#740303\" class=\"has-text-color has-background has-medium-font-size has-very-light-gray-color\"><strong>02.Juni.2020:<\/strong> Die <span style=\"color:#00d084\" class=\"tadv-color\"><strong>Dreiecks<\/strong><\/span>&#8211; und <span style=\"color:#fcb900\" class=\"tadv-color\"><strong>Kreis<\/strong><\/span>gruppen haben nun feste Wochentage an denen sie beschult werden. An einem Wochentag hat die gesamte Lerngruppe (Klasse) Homeschooling. Infos finden Sie in den verteilten Schreiben (Lernpaket\/Postmappe). <\/p>\n\n\n\n<p style=\"background-color:#a10404\" class=\"has-text-color has-background has-medium-font-size has-very-light-gray-color\"><strong>15. Mai<\/strong>: Fahrplan f\u00fcr die n\u00e4chsten \u00d6ffnungen: <\/p>\n\n\n\n<ul class=\"wp-block-list\"><li><strong>ab 03.06.2020 f\u00fcr den Jahrgang 2<\/strong><\/li><li>ab 15.06.2020 f\u00fcr den SKG <span style=\"color:#cf2e2e\" class=\"tadv-color\"><\/span>und Jahrgang 1<\/li><\/ul>\n\n\n\n<p style=\"background-color:#c30505\" class=\"has-text-color has-background has-medium-font-size has-very-light-gray-color\"><strong>15. Mai<\/strong>: Die n\u00e4chsten Lernpakete f\u00fcr den SKG und die Jahrg\u00e4nge 1 und 2 erhalten Sie am Montag, den 25.05.2020<\/p>\n\n\n\n<p style=\"background-color:#c80505\" class=\"has-text-color has-background has-medium-font-size has-very-light-gray-color\"><strong>15. Mai 2020<\/strong>: \u00d6ffnung des Unterrichts f\u00fcr des 3. Jahrgang ab dem 18.05.2020.<\/p>\n\n\n\n<p class=\"has-text-color has-background has-medium-font-size has-very-light-gray-color has-vivid-red-background-color\"><strong><span style=\"background-color:#cf2e2e\" class=\"tadv-background-color\"><span style=\"color:#eeeeee\" class=\"tadv-color\">01.Mai 2020<\/span><\/span><\/strong><span style=\"background-color:#cf2e2e\" class=\"tadv-background-color\">:<\/span> Wichtige <a rel=\"noreferrer noopener\" aria-label=\"Informationen  (opens in a new tab)\" href=\"https:\/\/wordpress.nibis.de\/gsfes\/files\/2020\/05\/Schulhygiene-Elternbrief.pdf\" target=\"_blank\"><span style=\"background-color:#eeeeee\" class=\"tadv-background-color\"><span style=\"color:#0693e3\" class=\"tadv-color\"><strong>Informationen<\/strong> <\/span><\/span><\/a>der kollegialen Schulleitung zum anstehenden Unterrichtsbeginn der 4. Klassen.<\/p>\n\n\n\n<p style=\"background-color:#e24141\" class=\"has-text-color has-background has-medium-font-size has-very-light-gray-color\"><strong><span style=\"background-color:#cf2e2e\" class=\"tadv-background-color\">29. April 2020<\/span><\/strong>: Wichtige Informationen zu Verhaltensregeln ab dem 04. Mai 2020 finden Sie in unserem <a rel=\"noreferrer noopener\" aria-label=\"Hygieneplan (opens in a new tab)\" href=\"https:\/\/wordpress.nibis.de\/gsfes\/files\/2020\/04\/Hygieneplan.pdf\" target=\"_blank\"><span style=\"background-color:#eeeeee\" class=\"tadv-background-color\"><span style=\"color:#0693e3\" class=\"tadv-color\"><strong>Hygieneplan<\/strong><\/span><\/span><\/a>.  Bitte lesen Sie ihn mit Ihren Kindern aufmerksam durch.<\/p>\n\n\n\n<p style=\"background-color:#fb5656\" class=\"has-background has-medium-font-size\"><strong><span style=\"color:#eeeeee\" class=\"tadv-color\"><span style=\"background-color:#cf2e2e\" class=\"tadv-background-color\">27. April 2020<\/span><\/span><em><span style=\"color:#eeeeee\" class=\"tadv-color\"><span style=\"background-color:#cf2e2e\" class=\"tadv-background-color\">: <\/span><\/span><\/em><\/strong><span style=\"color:#eeeeee\" class=\"tadv-color\">Die Planung zur \u00d6ffnung der Schule f\u00fcr die 4. Klassen ist <\/span><a rel=\"noreferrer noopener\" aria-label=\"online (opens in a new tab)\" href=\"https:\/\/wordpress.nibis.de\/gsfes\/bald-gehts-wieder-los\/\" target=\"_blank\"><span style=\"background-color:#eeeeee\" class=\"tadv-background-color\"><strong><span style=\"color:#0693e3\" class=\"tadv-color\">online<\/span><\/strong><\/span><\/a><span style=\"color:#eeeeee\" class=\"tadv-color\">. <\/span><\/p>\n\n\n\n<p style=\"background-color:#fb8989\" class=\"has-text-color has-background has-medium-font-size has-very-dark-gray-color\">Unsere Schule bleibt vom 16.03.2020 &#8211; <strong>03.05.2020<\/strong> geschlossen. Es findet kein Unterricht statt! Lesen Sie bitte hierzu du die <a rel=\"noreferrer noopener\" aria-label=\"Informationen der Schulleitung (opens in a new tab)\" href=\"https:\/\/wordpress.nibis.de\/gsfes\/bald-gehts-wieder-los\/\" target=\"_blank\"><strong>Informationen der Schulleitung<\/strong><\/a>. <\/p>\n\n\n\n<p style=\"background-color:#f7b2b2\" class=\"has-background has-medium-font-size\">Ihre Kinder erhalten montags Aufgabenpakete mit nach Hause. Diese k\u00f6nnen Sie in der Zeit von 07:00 &#8211; 13:00 Uhr in der Turnhalle abholen und das bearbeitete Lernpaket der letzten Woche dort wieder abgeben. Achten Sie bitte auf die hygienischen Auflagen und das Abstandsgebot.<\/p>\n\n\n\n<p style=\"background-color:#f9c7c7\" class=\"has-background has-medium-font-size\"><a rel=\"noreferrer noopener\" aria-label=\"Sollten Sie zu den folgenden Berufsgruppen geh\u00f6ren, bieten wir Ihnen eine Not-Betreuung an. Melden Sie Ihr Kind bitte schriftlich hierzu an. (\u00f6ffnet in neuem Tab)\" href=\"https:\/\/wordpress.nibis.de\/gsfes\/information-zur-betreuung\/\" target=\"_blank\"><span style=\"color:#313131\" class=\"tadv-color\">Sollten Sie zu den folgenden <\/span><span style=\"color:#cf2e2e\" class=\"tadv-color\">Berufsgruppen<\/span><strong><span style=\"color:#313131\" class=\"tadv-color\"> <\/span><\/strong><span style=\"color:#313131\" class=\"tadv-color\">geh\u00f6ren, bieten wir Ihnen eine Not-Betreuung an. Melden Sie Ihr Kind bitte <\/span><span style=\"color:#cf2e2e\" class=\"tadv-color\">schriftlich <\/span><span style=\"color:#313131\" class=\"tadv-color\">hierzu an.<\/span><\/a><\/p>\n\n\n\n<p style=\"background-color:#fbdada\" class=\"has-background has-medium-font-size\">Sie k\u00f6nnen Ihr Kind weiterhin f\u00fcr die Not-Betreuung auch online anmelden <a rel=\"noreferrer noopener\" aria-label=\"hier (opens in a new tab)\" href=\"https:\/\/wordpress.nibis.de\/gsfes\/formular-test\/\" target=\"_blank\">(hier)<\/a>.<\/p>\n\n\n\n<p style=\"background-color:#f5e8e8\" class=\"has-background has-medium-font-size\">Antworten zu h\u00e4ufig gestellten Fragen k\u00f6nnen Sie auch in unseren <a href=\"http:\/\/\">FAQs<\/a> auf der Startseite finden.<\/p>\n\n\n\n<p class=\"has-medium-font-size\">Weisen Sie bitte auch andere Eltern auf unsere Website-Infos hin.<\/p>\n\n\n\n<p>Ihr FES-Team<\/p>\n","protected":false},"excerpt":{"rendered":"<p>&#8222;Liveticker&#8220; zur weiteren Schul\u00f6ffnung 14. Juni 2020: Ab Montag, den 15.06.2020, nehmen auch die 1. Klassen am Schulbetrieb teil. Achten Sie bitte auf die Einteilung der Gruppen und den Unterrichtsbeginn Ihres Kindes. 02.Juni.2020: Ab Mittwoch, den 03.06.2020 werden nun auch die 2. Klassen in den Schulbetrieb einsteigen. Achten Sie bitte auf den richtigen Unterrichtsbeginn Ihres &#8230; <a title=\"Auf einen Blick\" class=\"read-more\" href=\"https:\/\/wordpress.nibis.de\/gsfes\/auf-einem-blick\/\" aria-label=\"Mehr Informationen \u00fcber Auf einen Blick\">Weiterlesen<\/a><\/p>\n","protected":false},"author":9192938,"featured_media":2091,"parent":0,"menu_order":0,"comment_status":"closed","ping_status":"closed","template":"","meta":{"footnotes":""},"class_list":["post-2275","page","type-page","status-publish","has-post-thumbnail"],"_links":{"self":[{"href":"https:\/\/wordpress.nibis.de\/gsfes\/wp-json\/wp\/v2\/pages\/2275","targetHints":{"allow":["GET"]}}],"collection":[{"href":"https:\/\/wordpress.nibis.de\/gsfes\/wp-json\/wp\/v2\/pages"}],"about":[{"href":"https:\/\/wordpress.nibis.de\/gsfes\/wp-json\/wp\/v2\/types\/page"}],"author":[{"embeddable":true,"href":"https:\/\/wordpress.nibis.de\/gsfes\/wp-json\/wp\/v2\/users\/9192938"}],"replies":[{"embeddable":true,"href":"https:\/\/wordpress.nibis.de\/gsfes\/wp-json\/wp\/v2\/comments?post=2275"}],"version-history":[{"count":29,"href":"https:\/\/wordpress.nibis.de\/gsfes\/wp-json\/wp\/v2\/pages\/2275\/revisions"}],"predecessor-version":[{"id":3028,"href":"https:\/\/wordpress.nibis.de\/gsfes\/wp-json\/wp\/v2\/pages\/2275\/revisions\/3028"}],"wp:featuredmedia":[{"embeddable":true,"href":"https:\/\/wordpress.nibis.de\/gsfes\/wp-json\/wp\/v2\/media\/2091"}],"wp:attachment":[{"href":"https:\/\/wordpress.nibis.de\/gsfes\/wp-json\/wp\/v2\/media?parent=2275"}],"curies":[{"name":"wp","href":"https:\/\/api.w.org\/{rel}","templated":true}]}}