{"id":291,"date":"2015-11-01T14:04:28","date_gmt":"2015-11-01T13:04:28","guid":{"rendered":"http:\/\/wordpress.nibis.de\/gsfindorff\/?page_id=291"},"modified":"2019-11-03T14:00:30","modified_gmt":"2019-11-03T13:00:30","slug":"foerderkonzept","status":"publish","type":"page","link":"https:\/\/wordpress.nibis.de\/gsfindorff\/foerderkonzept\/","title":{"rendered":"F\u00f6rderkonzept"},"content":{"rendered":"<h3>Vorschulische Sprachf\u00f6rderung<\/h3>\n<p>Damit ein Kind erfolgreich am Unterricht teilnehmen kann, muss es sich verst\u00e4ndlich machen und andere verstehen k\u00f6nnen. Es muss nachfragen k\u00f6nnen, wenn ihm etwas unklar ist, es muss den Aufforderungen der Lehrkraft folgen k\u00f6nnen, es muss sich mit seinen Interessen in den Unterricht einbringen und sich mitteilen k\u00f6nnen. Da die Sprache im Unterricht Deutsch ist, muss das Kind also \u00fcber entsprechende Deutschkenntnisse verf\u00fcgen.<br \/>\n(vgl. Nieders\u00e4chsisches Kultusministerium: \u201eSprachf\u00f6rderung in Kindergarten und Schule\u201c, 2007).<\/p>\n<p>An unserer Schule werden Kindergartenkinder im Rahmen der vorschulischen Sprachf\u00f6rderung darin unterst\u00fctzt, ihr Sprechen zu verbessern. Spielerisch werden z.B. Gespr\u00e4chsanl\u00e4sse geschaffen, der Wortschatz aufgebaut und erweitert sowie die Kommunikationsf\u00e4higkeit geschult.<br \/>\nDie Sprachf\u00f6rderung findet in Absprache mit den Kinderg\u00e4rten zum Teil in unserer Schule und zum Teil in den Kinderg\u00e4rten statt.<\/p>\n<p><img loading=\"lazy\" decoding=\"async\" src=\"https:\/\/findorffschule-ohz.de\/idesk\/file\/pass.php\/Files\/Homepage\/alte%20homepage\/schulprogramm\/foerdern_clip_image002_0000.jpg\" alt=\"\" width=\"211\" height=\"262\" align=\"left\" hspace=\"12\" \/><\/p>\n<h3>Die Vorklasse (Schulkindergarten)<\/h3>\n<p>Die Vorklasse ist Teil unserer Grundschule und hat die Aufgabe, vom Schulbesuch zur\u00fcck-gestellte, schulpflichtige Kinder durch geeignete p\u00e4dagogische Ma\u00dfnahmen auf den Besuch des ersten Schuljahrgangs vorzubereiten. Ausgehend von ihrem individuellen Entwicklungsstand sollen sie grundlegende F\u00e4higkeiten und Fertigkeiten f\u00fcr erfolgreiches Lernen in der Schule erwerben. Die Arbeit f\u00fchrt allm\u00e4hlich von den Formen des vorschulischen Lernens zu den spezifischen Formen des Lernens in der Grundschule.<br \/>\nDie Kinder erhalten pro Woche 20 Stunden Unterricht und k\u00f6nnen auch an unterrichtserg\u00e4nzenden Angeboten im Rahmen der verl\u00e4sslichen Grundschule teilnehmen.<\/p>\n<h3>Sport Extra<\/h3>\n<p>An unserer Schule gibt es Sport Extra (Psychomotorik) als zus\u00e4tzliches Angebot im 1. und 2. Schuljahr. Zentrales Anliegen dieses Unterrichts ist die Bewegungsf\u00f6rderung f\u00fcr Kinder<\/p>\n<ul>\n<li style=\"list-style-type: none\">\n<ul>\n<li><img loading=\"lazy\" decoding=\"async\" src=\"https:\/\/findorffschule-ohz.de\/idesk\/file\/pass.php\/Files\/Homepage\/alte%20homepage\/schulprogramm\/foerdern_clip_image004.jpg\" alt=\"\" width=\"201\" height=\"240\" align=\"left\" hspace=\"12\" \/>mit Wahrnehmungsschw\u00e4chen,<\/li>\n<li>mit einer eingeschr\u00e4nkten motorischen Leistungsf\u00e4higkeit (z.B. Ausdauer, Gleichgewicht, Koordination),<\/li>\n<li>die nur \u00fcber ein geringes Bewegungsrepertoire verf\u00fcgen,<\/li>\n<li>die misserfolgsorientiert bzw. frustriert in Bezug auf Bewegung sind,<\/li>\n<li>mit Verhaltensweisen wie \u00c4ngstlichkeit, Gehemmtheit, motorischer Unruhe und Aggressivit\u00e4t,<\/li>\n<li>die nicht in eine Gruppe integriert sind,<\/li>\n<li>mit Konzentrations- und Aufmerksamkeitsproblemen,<\/li>\n<li>mit einer geringen Leistungs- und Anstrengungsbereitschaft,<\/li>\n<li>mit konstituellen Besonderheiten (z.B. \u00dcbergewicht).<\/li>\n<\/ul>\n<\/li>\n<\/ul>\n<p>Ziel ist es, durch vielf\u00e4ltige K\u00f6rpererfahrungen sowie K\u00f6rperwahrnehmungen einen Beitrag zur Unterst\u00fctzung, Stabilisierung und Harmonisierung ihrer Pers\u00f6nlichkeit zu leisten.<\/p>\n<h3>F\u00f6rderung im Klassenverband<\/h3>\n<p>Unsere Sch\u00fclerinnen und Sch\u00fcler werden in ihrem Lernprozess durch innere und \u00e4u\u00dfere Differenzierung in den F\u00e4chern Deutsch und Mathematik unterst\u00fctzt. Durch verschiedene Organisationsformen sollen die Kinder sowohl<br \/>\ngef\u00f6rdert als auch gefordert werden. Dies geschieht beispielsweise durch<\/p>\n<ul>\n<li style=\"list-style-type: none\">\n<ul>\n<li>Lese- und Schreibeltern,<\/li>\n<li>Recheneltern,<\/li>\n<li>F\u00f6rderung in Kleingruppen,<\/li>\n<li>teilweise Teilnahme am Unterricht anderer Klassen,<\/li>\n<li>individuelle Arbeit mit F\u00f6rder-, Forder- und Freiarbeitsmaterialien,<\/li>\n<li>individuelle Arbeit am Computer,<\/li>\n<li>Unterst\u00fctzung und teilweise Doppelbesetzung durch die Lehrkr\u00e4fte der F\u00f6rderschule.<\/li>\n<\/ul>\n<\/li>\n<\/ul>\n<p>Zudem werden Beurteilungs- und F\u00f6rderpl\u00e4ne f\u00fcr alle Kinder erstellt.<\/p>\n<h3>Antolin<\/h3>\n<p>An unserer Schule wird im Rahmen des Deutschunterrichts mit dem Internet-programm \u201eAntolin\u201c gearbeitet. Es dient der Lesef\u00f6rderung und motiviert die Sch\u00fclerinnen und Sch\u00fcler nachhaltig zum Lesen.<br \/>\n<img loading=\"lazy\" decoding=\"async\" src=\"https:\/\/findorffschule-ohz.de\/idesk\/file\/pass.php\/Files\/Homepage\/alte%20homepage\/schulprogramm\/foerdern_clip_image006.jpg\" alt=\"\" width=\"156\" height=\"128\" align=\"left\" hspace=\"12\" \/><br \/>\nAntolin<\/p>\n<ul>\n<li style=\"list-style-type: none\">\n<ul>\n<li>ermuntert zum Lesen von Ganzschriften,<\/li>\n<li>schult das Erfassen von Inhalten und<\/li>\n<li>l\u00e4sst sich gut mit offenen Unterrichtsformen\u00a0\u00a0\u00a0\u00a0\u00a0\u00a0\u00a0\u00a0 (z.B. Wochenplanarbeit, Freiarbeit, etc.) verbinden.<\/li>\n<\/ul>\n<\/li>\n<\/ul>\n<p><u>\u00a0<\/u><\/p>\n<p><u>Wie funktioniert das?<\/u><br \/>\nEin Kind liest zu Hause oder in der Schule ein Buch. Anschlie\u00dfend meldet es sich im Internet unter <a href=\"http:\/\/www.antolin.de\/\">www.antolin.de<\/a> an und beantwortet dazu Fragen. F\u00fcr jede richtige Antwort bekommt es auf seinem pers\u00f6nlichen Lesekonto Punkte gutgeschrieben. Am Ende des Schuljahres bekommt jedes Kind eine \u201eAntolin\u201c-Urkunde mit seiner individuellen Punktezahl \u00fcberreicht.<\/p>\n<p>Wir beobachten, dass durch Antolin die Lesemotivation der Kinder steigt und ihre Lesemotivation \u201eganz nebenbei\u201c gef\u00f6rdert wird.<\/p>\n<p>N\u00e4here Informationen zu diesem Programm finden Sie im Internet unter <u><a href=\"http:\/\/www.schulexpress.de\/\">www.antolin.de<\/a><\/u><\/p>\n<h3>Inklusive Schule<\/h3>\n<p>Die Findorffschule ist eine Schule f\u00fcr alle. Unter dem Motto \u201eLernen unter einem Dach\u201c besuchen Kinder ohne und mit Bedarf an sonderp\u00e4dagogischer Unterst\u00fctzung unsere Schule. Sie werden von den Lehrkr\u00e4ften der Grund-schule zusammen mit Lehrkr\u00e4ften der F\u00f6rderschulen unterrichtet. Je nach festgestelltem sonderp\u00e4dagogischem F\u00f6rderbedarf erhalten Kinder Unter-st\u00fctzung, beispielsweise in den Bereichen Lernen, Sprache, k\u00f6rperlich-motorische, geistige sowie emotionale und soziale Entwicklung. Au\u00dferdem wird fr\u00fchzeitig versucht, Auff\u00e4lligkeiten in diesen Bereichen zu erkennen und diesen vorbeugend entgegen zu wirken.<\/p>\n<h3><img loading=\"lazy\" decoding=\"async\" src=\"https:\/\/findorffschule-ohz.de\/idesk\/file\/pass.php\/Files\/Homepage\/alte%20homepage\/schulprogramm\/foerdern_clip_image008.jpg\" alt=\"\" width=\"168\" height=\"123\" align=\"left\" hspace=\"12\" \/>F\u00f6rderung besonders begabter Kinder<\/h3>\n<p>Die allgemeinen F\u00f6rder- und Forderma\u00dfnahmen reichen oftmals nicht aus, um den Bed\u00fcrfnissen von besonders begabten Sch\u00fclerinnen und Sch\u00fclern gerecht zu werden.<br \/>\nDaher ist es unser Ziel:<\/p>\n<ul>\n<li>begabte Kinder m\u00f6glichst fr\u00fch wahrzunehmen, zu f\u00f6rdern und zu fordern,<\/li>\n<li>angemessene Entwicklungs- und Lernbedingungen zu schaffen,<\/li>\n<li>vielf\u00e4ltige und durchl\u00e4ssige Angebote zu machen,<\/li>\n<li>die Integration besonders begabter Kinder zu garantieren und so einen Wechsel der Einrichtung und evtl. des Wohnortes zu verhindern,<\/li>\n<li>die Teilnahme am Unterricht in der n\u00e4chst h\u00f6heren Jahrgangsstufe in einzelnen F\u00e4chern zu erm\u00f6glichen (Vermerk im Zeugnis),<\/li>\n<li>die Teilnahme an besonderen Forderangeboten innerhalb der Schule (und ggf. innerhalb des Kooperationsverbundes) zu erm\u00f6glichen etc.<\/li>\n<\/ul>\n<p>Unsere Schule ist Mitglied im Kooperationsverbund \u201eHochbegabung\u201c der Stadt Osterholz-Scharmbeck.<\/p>\n<h3>Teilnahme an Sch\u00fclerwettbewerben<\/h3>\n<p>Unsere Sch\u00fclerinnen und Sch\u00fcler haben immer wieder die Gelegenheit, an unterschiedlichen Wettbewerben teilzunehmen. Zurzeit handelt es sich dabei um zwei verschiedene Angebote aus dem Bereich Mathematik und zwei aus dem Bereich Deutsch.<\/p>\n<h4>\u00a0K\u00e4nguru der Mathematik<\/h4>\n<p><img loading=\"lazy\" decoding=\"async\" class=\"alignleft\" src=\"https:\/\/findorffschule-ohz.de\/idesk\/file\/pass.php\/Files\/Homepage\/alte%20homepage\/schulprogramm\/foerdern_clip_image010.jpg\" alt=\"\" width=\"158\" height=\"179\" align=\"left\" hspace=\"12\" \/><\/p>\n<p>\u201eK\u00e4nguru der Mathematik\u201c ist ein mathematischer Multiple-Choice-Wettbewerb, der einmal j\u00e4hrlich gleich-zeitig in allen teilnehmenden Schulen stattfindet. Die Kinder der 3. und 4. Klassen beantworten je 24 Fragen in 75 Minuten. Dabei geht es haupts\u00e4chlich um logisches Denken, Knobeleien, Logikr\u00e4tsel, Kombi-nieren etc.<br \/>\nZiel dieses Wettbewerbes ist es unter anderem, die Freude an der Besch\u00e4ftigung mit Mathematik zu wecken und zu f\u00f6rdern.<br \/>\nJ\u00e4hrlich zur Weihnachtszeit erscheint zudem online der \u201eK\u00e4nguru-Advents-kalender\u201c. T\u00e4glich gibt es eine neue Aufgabe, deren L\u00f6sung zu einem Buch-staben f\u00fchrt, sodass zu Weihnachten alle Buchstaben einen L\u00f6sungssatz ergeben. Auch dieses t\u00e4gliche gemeinsame Knobeln macht den Kindern viel Spa\u00df!<\/p>\n<p>N\u00e4here Informationen zu diesem Wettbewerb finden Sie im Internet unter <a href=\"http:\/\/www.mathe-kaenguru.de\/\">www.mathe-kaenguru.de<\/a><\/p>\n<h4><a name=\"_Toc419872987\"><\/a><img loading=\"lazy\" decoding=\"async\" src=\"https:\/\/findorffschule-ohz.de\/idesk\/file\/pass.php\/Files\/Homepage\/alte%20homepage\/schulprogramm\/foerdern_clip_image012.jpg\" alt=\"\" width=\"204\" height=\"140\" align=\"left\" hspace=\"12\" \/>\u00a0Mathematik-Olympiade<\/h4>\n<p>Die Mathematik-Olympiade ist ein j\u00e4hrlich stattfinden-der Wettbewerb, an dem Kinder ab der 3. Klasse teilnehmen k\u00f6nnen. Sie gibt allen interessierten Sch\u00fclerinnen und Sch\u00fclern die M\u00f6glichkeit, ihre besondere Leistungsf\u00e4higkeit auf mathematischem Gebiet unter Beweis zu stellen. Besonders gefordert sind die Bereiche logisches Denken und Kombinationsf\u00e4higkeit sowie der kreative Umgang mit mathematischen Methoden.<br \/>\nDie Mathematik-Olympiade verl\u00e4uft \u00fcber mehrere Stufen. Die erste Stufe findet vor Ort in der Schule und zu Hause statt. Die Leistungsst\u00e4rksten qualifizieren sich f\u00fcr die n\u00e4chstfolgende Stufe, die dann f\u00fcr alle Teilnehmenden zentral in der Schule veranstaltet wird. Es folgt f\u00fcr die erfolgreichsten Grundsch\u00fclerinnen und Grundsch\u00fcler eine letzte Runde auf Landesebene, die zentral in Osterholz-Scharmbeck stattfindet.<\/p>\n<p>N\u00e4here Informationen zu diesem Wettbewerb finden Sie im Internet unter <a href=\"http:\/\/www.mathematik-olympiaden.de\/\">www.mathematik-olympiaden.de<\/a><\/p>\n<h4><strong>Vorlesewettbewerb<\/strong><\/h4>\n<p>Jedes Jahr im November haben die Sch\u00fclerinnen und Sch\u00fcler der Klassen 1-4 die M\u00f6glichkeit, ihre Begabungen im Bereich Vorlesen unter Beweis zu stellen. Bei unserem schulinternen Vorlesewettbewerb gilt es, die beste Leserin oder den besten Leser der Schule zu ermitteln.<\/p>\n<p>Beim Lesefest, das sich an diesen Wettbewerb anschlie\u00dft, lesen die besten acht der Schule dann noch einmal vor den G\u00e4sten des Lesefestes.<\/p>\n<p>Die Preisverleihung findet ebenfalls w\u00e4hrend des Lesefestes statt.<\/p>\n<h4><strong>Schreibwettbewerb<\/strong><\/h4>\n<p>Zu Ende des Schuljahres werden in den Klassen 1 &#8211; 4 die begabtesten Schriftsteller gek\u00fcrt. Die Sch\u00fclerinnen und Sch\u00fcler haben w\u00e4hrend des ganzen Schuljahres Zeit, an ihren Texten zu arbeiten (im Unterricht unterst\u00fctzt) und sie einer unabh\u00e4ngigen Jury zum Lesen zu geben. Die besten Ergebnisse werden zu einer Sammlung zusammengefasst und als Lesestoff in der B\u00fccherei der Schule angeboten.<\/p>\n","protected":false},"excerpt":{"rendered":"<p>Vorschulische Sprachf\u00f6rderung Damit ein Kind erfolgreich am Unterricht teilnehmen kann, muss es sich verst\u00e4ndlich machen und andere verstehen k\u00f6nnen. Es muss nachfragen k\u00f6nnen, wenn ihm etwas unklar ist, es muss den Aufforderungen der Lehrkraft folgen k\u00f6nnen, es muss sich mit seinen Interessen in den Unterricht einbringen und sich mitteilen k\u00f6nnen. Da die Sprache im Unterricht Deutsch ist, muss das Kind also \u00fcber entsprechende Deutschkenntnisse verf\u00fcgen. (vgl. Nieders\u00e4chsisches Kultusministerium: \u201eSprachf\u00f6rderung in Kindergarten und Schule\u201c, 2007). An unserer Schule werden Kindergartenkinder im&#8230;<\/p>\n<p class=\"read-more\"><a class=\"btn btn-default\" href=\"https:\/\/wordpress.nibis.de\/gsfindorff\/foerderkonzept\/\">Weiterlesen<span class=\"screen-reader-text\"> Weiterlesen<\/span><\/a><\/p>\n","protected":false},"author":828,"featured_media":0,"parent":0,"menu_order":0,"comment_status":"closed","ping_status":"closed","template":"","meta":{"footnotes":""},"class_list":["post-291","page","type-page","status-publish","hentry"],"_links":{"self":[{"href":"https:\/\/wordpress.nibis.de\/gsfindorff\/wp-json\/wp\/v2\/pages\/291","targetHints":{"allow":["GET"]}}],"collection":[{"href":"https:\/\/wordpress.nibis.de\/gsfindorff\/wp-json\/wp\/v2\/pages"}],"about":[{"href":"https:\/\/wordpress.nibis.de\/gsfindorff\/wp-json\/wp\/v2\/types\/page"}],"author":[{"embeddable":true,"href":"https:\/\/wordpress.nibis.de\/gsfindorff\/wp-json\/wp\/v2\/users\/828"}],"replies":[{"embeddable":true,"href":"https:\/\/wordpress.nibis.de\/gsfindorff\/wp-json\/wp\/v2\/comments?post=291"}],"version-history":[{"count":5,"href":"https:\/\/wordpress.nibis.de\/gsfindorff\/wp-json\/wp\/v2\/pages\/291\/revisions"}],"predecessor-version":[{"id":1089,"href":"https:\/\/wordpress.nibis.de\/gsfindorff\/wp-json\/wp\/v2\/pages\/291\/revisions\/1089"}],"wp:attachment":[{"href":"https:\/\/wordpress.nibis.de\/gsfindorff\/wp-json\/wp\/v2\/media?parent=291"}],"curies":[{"name":"wp","href":"https:\/\/api.w.org\/{rel}","templated":true}]}}