{"id":368,"date":"2016-05-24T16:01:46","date_gmt":"2016-05-24T14:01:46","guid":{"rendered":"http:\/\/wordpress.nibis.de\/gsftssol\/?page_id=368"},"modified":"2016-10-27T17:44:31","modified_gmt":"2016-10-27T15:44:31","slug":"verlaessliche-grundschule","status":"publish","type":"page","link":"https:\/\/wordpress.nibis.de\/gsftssol\/verlaessliche-grundschule\/","title":{"rendered":"Verl\u00e4ssliche Grundschule"},"content":{"rendered":"<p style=\"text-align: justify\">Unsere Grundschule ist seit dem Schuljahr 2003\/2004 eine &#8222;Verl\u00e4ssliche Grundschule&#8220;. Das bedeutet, dass kein Unterricht ausf\u00e4llt und die Unter- richtszeiten des Stundenplans garantiert werden. Zus\u00e4tzlich werden Kinder ggf. in der 1. oder in der 5. Stunde betreut. Dazu m\u00fcssen die Kinder angemeldet werden und verpflichten sich damit, regelm\u00e4\u00dfig teilzunehmen. Die Stunden werden von unseren P\u00e4dagogischen Mitarbeitern erteilt. F\u00fcr eine langfristige Beaufsichtigung nach dem Unterricht bietet die Kindertagesst\u00e4tte Stalmannstra\u00dfe Schulkindbetreuung bei uns im Haus an, im ehemaligen Schulkindergarten.<\/p>\n<p>An unserer Schule besteht die M\u00f6glichkeit die Sch\u00fclerinnen und Sch\u00fcler fr\u00fch Morgens ab 7:30 Uhr und\/oder ab 11:35 Uhr in die Betreuung zu geben.<\/p>\n<p>Wer eine Betreuung der Sch\u00fclerinnen und Sch\u00fcler von 12:00 Uhr bis 17:00 Uhr ben\u00f6tigt kann diese beim Hort anmelden.<\/p>\n","protected":false},"excerpt":{"rendered":"<p>Unsere Grundschule ist seit dem Schuljahr 2003\/2004 eine &#8222;Verl\u00e4ssliche Grundschule&#8220;. Das bedeutet, dass kein Unterricht ausf\u00e4llt und die Unter- richtszeiten des Stundenplans garantiert werden. Zus\u00e4tzlich werden Kinder ggf. in der 1. oder in der 5. Stunde betreut. Dazu m\u00fcssen die Kinder angemeldet werden und verpflichten sich damit, regelm\u00e4\u00dfig teilzunehmen. Die Stunden werden von unseren P\u00e4dagogischen &hellip; <a href=\"https:\/\/wordpress.nibis.de\/gsftssol\/verlaessliche-grundschule\/\" class=\"more-link\">Weiterlesen <span class=\"screen-reader-text\">Verl\u00e4ssliche Grundschule<\/span><\/a><\/p>\n","protected":false},"author":1010,"featured_media":0,"parent":0,"menu_order":0,"comment_status":"closed","ping_status":"closed","template":"","meta":{"footnotes":""},"class_list":["post-368","page","type-page","status-publish","hentry","without-featured-image"],"_links":{"self":[{"href":"https:\/\/wordpress.nibis.de\/gsftssol\/wp-json\/wp\/v2\/pages\/368","targetHints":{"allow":["GET"]}}],"collection":[{"href":"https:\/\/wordpress.nibis.de\/gsftssol\/wp-json\/wp\/v2\/pages"}],"about":[{"href":"https:\/\/wordpress.nibis.de\/gsftssol\/wp-json\/wp\/v2\/types\/page"}],"author":[{"embeddable":true,"href":"https:\/\/wordpress.nibis.de\/gsftssol\/wp-json\/wp\/v2\/users\/1010"}],"replies":[{"embeddable":true,"href":"https:\/\/wordpress.nibis.de\/gsftssol\/wp-json\/wp\/v2\/comments?post=368"}],"version-history":[{"count":3,"href":"https:\/\/wordpress.nibis.de\/gsftssol\/wp-json\/wp\/v2\/pages\/368\/revisions"}],"predecessor-version":[{"id":720,"href":"https:\/\/wordpress.nibis.de\/gsftssol\/wp-json\/wp\/v2\/pages\/368\/revisions\/720"}],"wp:attachment":[{"href":"https:\/\/wordpress.nibis.de\/gsftssol\/wp-json\/wp\/v2\/media?parent=368"}],"curies":[{"name":"wp","href":"https:\/\/api.w.org\/{rel}","templated":true}]}}