{"id":133,"date":"2023-03-16T18:07:57","date_gmt":"2023-03-16T17:07:57","guid":{"rendered":"https:\/\/wordpress.nibis.de\/gsglocke\/?page_id=133"},"modified":"2023-04-11T15:53:21","modified_gmt":"2023-04-11T13:53:21","slug":"traditionen","status":"publish","type":"page","link":"https:\/\/wordpress.nibis.de\/gsglocke\/traditionen\/","title":{"rendered":"aktive Schule"},"content":{"rendered":"\n<div class=\"wp-block-media-text alignwide is-stacked-on-mobile is-style-tw-shadow\"><figure class=\"wp-block-media-text__media\"><img loading=\"lazy\" decoding=\"async\" width=\"1024\" height=\"662\" src=\"https:\/\/wordpress.nibis.de\/gsglocke\/files\/2023\/03\/school-g27049e977_1920-1024x662.jpg\" alt=\"\" class=\"wp-image-135 size-full\" srcset=\"https:\/\/wordpress.nibis.de\/gsglocke\/files\/2023\/03\/school-g27049e977_1920-1024x662.jpg 1024w, https:\/\/wordpress.nibis.de\/gsglocke\/files\/2023\/03\/school-g27049e977_1920-300x194.jpg 300w, https:\/\/wordpress.nibis.de\/gsglocke\/files\/2023\/03\/school-g27049e977_1920-768x497.jpg 768w, https:\/\/wordpress.nibis.de\/gsglocke\/files\/2023\/03\/school-g27049e977_1920-1536x994.jpg 1536w, https:\/\/wordpress.nibis.de\/gsglocke\/files\/2023\/03\/school-g27049e977_1920-417x270.jpg 417w, https:\/\/wordpress.nibis.de\/gsglocke\/files\/2023\/03\/school-g27049e977_1920.jpg 1920w\" sizes=\"auto, (max-width: 1024px) 100vw, 1024px\" \/><\/figure><div class=\"wp-block-media-text__content\">\n<p class=\"has-text-align-left has-luminous-vivid-orange-color has-text-color has-medium-font-size\">wir vermitteln Werte<\/p>\n<\/div><\/div>\n\n\n\n<p><\/p>\n\n\n\n<p>Zu jeder Zeit im Jahr finden f\u00fcr die Sch\u00fclerinnen und Sch\u00fcler der Glockenbergschule traditionsreiche Aktivit\u00e4ten statt. Das Aktivit\u00e4ten-ABC ist vielleicht an mancher Stelle etwas weit hergeholt, vermittelt aber einen \u00dcberblick \u00fcber das Schuljahr.<\/p>\n\n\n\n<p><\/p>\n\n\n\n<p><\/p>\n\n\n\n<p>A &#8211; Das j\u00e4hrliche <strong>Adventsbasteln<\/strong> findet am Freitag vor dem ersten Advent f\u00fcr alle Klassen statt. Mit Unterst\u00fctzung von Eltern und Gro\u00dfeltern wird die Weihnachtsdeko f\u00fcr die Schule und Klassenr\u00e4ume an einem ganzen Bastel-Schultag hergestellt.<\/p>\n\n\n\n<p>B &#8211; Seit einigen Jahren kooperiert die Glockenbergschule mit der \u00f6ffentlichen <strong>B\u00fccherei<\/strong> der Samtgemeinde Hollenstedt. Aus dieser Kooperation ist eine Schulb\u00fccherei entstanden, in der stets die aktuellsten Kinder- und Jugendb\u00fccher, Sachb\u00fccher und CDs Einzug halten. Mehrmals in der Woche \u00f6ffnet die B\u00fccherei in der Pause zur regul\u00e4ren Ausleihe f\u00fcr unsere Sch\u00fclerinnen und Sch\u00fcler.<br>Der regelm\u00e4\u00dfige Besuch der Schulb\u00fccherei im Klassenverband ist fester Bestandteil des Unterrichts. Die Kinder werden dadurch an den Gebrauch von Sachb\u00fcchern zur selbstst\u00e4ndigen Recherche f\u00fcr Vortr\u00e4ge und Plakate herangef\u00fchrt, k\u00f6nnen gelegentlich aber auch einfach mal in Ruhe st\u00f6bern.<\/p>\n\n\n\n<p>C &#8211; Let&#8217;s Dan<strong><span style=\"text-decoration: underline\" class=\"underline\">c<\/span><\/strong>e &#8211; wie <strong><span style=\"text-decoration: underline\" class=\"underline\">c<\/span><\/strong>ool ist das denn? Die Sch\u00fclerinnen und Sch\u00fcler des dritten Jahrgangs nehmen im Klassenverband an einer Tanzprojektwoche teil. Die kreativen Ideen der Kinder und das rahmengebende Repertoire der Tanzp\u00e4dagogin f\u00fchren jedes Jahr wieder zu tollen t\u00e4nzerischen Darbietungen, die am Ende der Woche dem Publikum pr\u00e4sentiert werden. Die Tanzprojektwoche st\u00e4rkt die Klassengemeinschaft und f\u00f6rdert das soziale Miteinander der Jungen und M\u00e4dchen. Ein Tanz kann nur dann Gef\u00fchle und Stimmungen ausdr\u00fccken, wenn die T\u00e4nzer miteinander tanzen und sich aufeinander verlassen k\u00f6nnen. <\/p>\n\n\n\n<p>D &#8211; Unsere Sch\u00fclerinnen und Sch\u00fcler zu <strong>digital<\/strong> m\u00fcndigen jungen Menschen zu machen ist unsere Pflicht. Darum ist die Vermittlung von Wissen \u00fcber Sicherheit im Internet elementarer Bestandteil des Unterrichts und wird durch das Projekt &#8222;Ich bin on&#8220; und durch die Aktion &#8222;Netzdschungel&#8220; unterst\u00fctzt.<\/p>\n\n\n\n<p>E &#8211; Jedes Jahr im Winter fahren die 2., 3. und 4. Klassen zum Schlittschuhlaufen in die <strong>Eissporthalle<\/strong> nach Harsefeld.<\/p>\n\n\n\n<p>F &#8211; Nach den Sommerferien findet f\u00fcr die Viertkl\u00e4ssler die <strong>Fahrradpr\u00fcfung<\/strong> statt. <\/p>\n\n\n\n<p>G &#8211; &#8230; wie <strong>Gem\u00fcse<\/strong> und Obst&#8230; Die Glockenbergschule ist seit einigen Jahren eine der Bildungseinrichtungen in Niedersachsen, die im Rahmen eines EU-Projekts dreimal w\u00f6chentlich mit Schulobst versorgt werden. Die Sch\u00fclerinnen und Sch\u00fcler erhalten in der Fr\u00fchst\u00fcckspause und gelegentlich auch am Kiosk kostenlos eine Portion Obst als Erg\u00e4nzung zu ihrem mitgebrachten Fr\u00fchst\u00fcck.<\/p>\n\n\n\n<p>H &#8211; An den Verkehrsprojekttagen \u00fcben die Sch\u00fclerinnen und Sch\u00fcler das Verhalten im Stra\u00dfenverkehr. Gemeinsam mit der Polizei, der Jugendverkehrsschule und der engagierten Elternschaft werden <strong>Hindernisparcours<\/strong> und Szenen aus dem Stra\u00dfenverkehr auf dem Schulhof aufgebaut. Mit dem Fahrrad werden die Hindernisse \u00fcberwunden und Vorfahrtsregeln, Abbiegen und Anfahren ge\u00fcbt.<\/p>\n\n\n\n<p>I &#8211;<\/p>\n\n\n\n<p>J &#8211;<\/p>\n\n\n\n<p>K &#8211; Der <strong>Kiosk<\/strong> wird von unseren Bundesfreiwilligendienstleistenden betreut und hat t\u00e4glich in der ersten gro\u00dfen Pause ge\u00f6ffnet<\/p>\n\n\n\n<p>F\u00fcr ein gesundes und ausgewogenes Fr\u00fchst\u00fcck w\u00fcnschen wir uns aber dennoch, dass die Kinder den Hauptanteil ihres Fr\u00fchst\u00fccks von zuhause in einer Brotdose ohne zus\u00e4tzliche Umverpackungen mitbringen.&nbsp;<\/p>\n\n\n\n<p>L &#8211; <strong>Lesen<\/strong> spielt an der Glockenbergschule eine gro\u00dfe Rolle. F\u00fcr alle Klassenstufen findet ein j\u00e4hrlicher Lesewettbewerb statt. Au\u00dferdem nutzen wir den bundesweiten Vorlesetag um aktuelle Literatur, Sachb\u00fccher oder Bilderz\u00e4hlkarten von engagierten Personen aus der Samtgemeine vorstellen zu lassen. Au\u00dferdem nutzen viele Klassen die Kooperation mit der \u00f6ffentlichen B\u00fccherei und f\u00fchren dort einen Leseabend oder eine Lesenacht durch. <\/p>\n\n\n\n<p>M &#8211; Beim j\u00e4hrlich im M\u00e4rz stattfindende <strong>Mathematikwettbewerb<\/strong> &#8222;Mathe-K\u00e4nguru&#8220; d\u00fcrfen die Sch\u00fclerinnen und Sch\u00fcler der dritten und vierten Klassen ihre mathematischen F\u00e4higkeiten unter Beweis stellen. Die Teilnahme ist freiwillig.<\/p>\n\n\n\n<p>N &#8211; <\/p>\n\n\n\n<p>O &#8211; Im Fr\u00fchling, kurz vor den Ferien findet das <strong>Osterforum<\/strong> statt. Die Sch\u00fclerinnen und Sch\u00fcler stehen im Klassenverband auf der B\u00fchne und zeigen einen musikalischen schauspielerischen oder sportlichen Beitrag, den sie im Unterricht erarbeitet haben. Im Publikum sitzen die Mitsch\u00fclerinnen und Mitsch\u00fcler aus den anderen Klassen.<\/p>\n\n\n\n<p>P &#8211; Einmal j\u00e4hrlich kommt der Schulfotograf f\u00fcr <strong>Portraitaufnahmen<\/strong> und Klassenfotos an die Glockenbergschule. Also raus aus der Jogginghose und rein in die guten Klamotten. <\/p>\n\n\n\n<p>Q &#8211; <\/p>\n\n\n\n<p>R &#8211; J\u00e4hrlich am <strong>Rosenmontag<\/strong> schreiten, h\u00fcpfen und fliegen fr\u00fch morgens Prinzessinnen, Fr\u00f6sche und Hexen neben Rittern, Polizisten und Pinguinen durch Hollenstedt und Umgebung. Sie alle wollen am Glockenberg Fasching feiern.<\/p>\n\n\n\n<p>S &#8211; Im Sommer, kurz vor den Ferien findet das <strong>Sommerforum<\/strong> statt. Die Sch\u00fclerinnen und Sch\u00fcler stehen im Klassenverband auf der B\u00fchne und zeigen einen musikalischen schauspielerischen oder sportlichen Beitrag, den sie im Unterricht erarbeitet haben. Eltern, Geschwister, Gro\u00dfeltern sind als Zuschauer herzlich eingeladen.<\/p>\n\n\n\n<p>T &#8211; In der Vorweihnachtszeit fahren die Sch\u00fclerinnen und Sch\u00fcler ins <strong>Theater<\/strong>. Mal fahren alle Klassen gemeinsam nach Hamburg, mal fahren die Klassen einzeln oder mit Parallelklassen oder das Theater kommt zu uns. Ein abwechslungsreiches Programm garantieren die zahlreichen M\u00f6glichkeiten in der Umgebung allemal.<\/p>\n\n\n\n<p>U &#8211; <\/p>\n\n\n\n<p>V &#8211; Das Vorlesen in der Adventszeit findet in langer Tradition in unserer Pausenhalle statt. Dort treffen sich die Sch\u00fclerinnen und Sch\u00fcler 1x w\u00f6chentlich an einem beleuchteten Stern um in dieser besinnlichen Zeit kurze Geschichten zu h\u00f6ren. <\/p>\n\n\n\n<p>W &#8211; Im Winter findet das <strong>Weihnachtsforum<\/strong> statt. Die Sch\u00fclerinnen und Sch\u00fcler stehen im Klassenverband auf der B\u00fchne und zeigen einen musikalischen schauspielerischen oder sportlichen Beitrag, den sie im Unterricht erarbeitet haben. Eltern, Geschwister, Gro\u00dfeltern sind als Zuschauer herzlich eingeladen<\/p>\n\n\n\n<p>X &#8211;<\/p>\n\n\n\n<p>Y &#8211;<\/p>\n\n\n\n<p>Z &#8211; Unsere Sch\u00fclerinnen und Sch\u00fcler profitieren weiterhin von unserem Standort und der N\u00e4he zu <strong>zahlreichen<\/strong> weiteren Kooperationspartnern und Ausflugszielen in Stadt und Land. Einige, die wir in den letzten Jahren besucht haben, wollen wir hier nennen: <\/p>\n\n\n\n<ul class=\"wp-block-list\"><li>Gemeindeb\u00fcros der Mitgliedsgemeinden Hollenstedt &#8211; Interviews mit den B\u00fcrgermeistern<\/li><li>Polizei &#8211; Sicherheitscheck am Fahrrad<\/li><li>Kiekebergmuseum &#8211; Ausflug der gesamten Schule<\/li><li>Kino Buchholz &#8211; Schulkinowoche<\/li><li>Estewanderweg &#8211; Naherholung und naturkundliche Wanderungen<\/li><li>Karlsburg &#8211; naturkundliche Wanderungen <\/li><li>W\u00e4lder der Umgebung &#8211; Einbindung in den Sachunterricht Thema Wald, Umwelt, Wasser<\/li><li>EWE Tostedt<\/li><li>Zukunftswerkstatt Buchholz<\/li><li>Walderlebniszentrum Ehrhorn<\/li><li>Tierpark<\/li><\/ul>\n","protected":false},"excerpt":{"rendered":"<p>wir vermitteln Werte Zu jeder Zeit im Jahr finden f\u00fcr die Sch\u00fclerinnen und Sch\u00fcler der Glockenbergschule traditionsreiche Aktivit\u00e4ten statt. Das Aktivit\u00e4ten-ABC ist vielleicht an mancher Stelle etwas weit hergeholt, vermittelt aber einen \u00dcberblick \u00fcber das Schuljahr. A &#8211; Das j\u00e4hrliche Adventsbasteln findet am Freitag vor dem ersten Advent f\u00fcr alle Klassen statt. Mit Unterst\u00fctzung von Eltern und Gro\u00dfeltern wird die Weihnachtsdeko f\u00fcr die Schule und Klassenr\u00e4ume an einem ganzen Bastel-Schultag hergestellt. B &#8211; Seit einigen Jahren kooperiert die Glockenbergschule mit&#8230;<\/p>\n<p class=\"read-more\"><a class=\"btn btn-default\" href=\"https:\/\/wordpress.nibis.de\/gsglocke\/traditionen\/\">Weiterlesen<span class=\"screen-reader-text\"> Weiterlesen<\/span><\/a><\/p>\n","protected":false},"author":9194184,"featured_media":0,"parent":0,"menu_order":0,"comment_status":"closed","ping_status":"closed","template":"","meta":{"footnotes":""},"class_list":["post-133","page","type-page","status-publish","hentry"],"_links":{"self":[{"href":"https:\/\/wordpress.nibis.de\/gsglocke\/wp-json\/wp\/v2\/pages\/133","targetHints":{"allow":["GET"]}}],"collection":[{"href":"https:\/\/wordpress.nibis.de\/gsglocke\/wp-json\/wp\/v2\/pages"}],"about":[{"href":"https:\/\/wordpress.nibis.de\/gsglocke\/wp-json\/wp\/v2\/types\/page"}],"author":[{"embeddable":true,"href":"https:\/\/wordpress.nibis.de\/gsglocke\/wp-json\/wp\/v2\/users\/9194184"}],"replies":[{"embeddable":true,"href":"https:\/\/wordpress.nibis.de\/gsglocke\/wp-json\/wp\/v2\/comments?post=133"}],"version-history":[{"count":11,"href":"https:\/\/wordpress.nibis.de\/gsglocke\/wp-json\/wp\/v2\/pages\/133\/revisions"}],"predecessor-version":[{"id":261,"href":"https:\/\/wordpress.nibis.de\/gsglocke\/wp-json\/wp\/v2\/pages\/133\/revisions\/261"}],"wp:attachment":[{"href":"https:\/\/wordpress.nibis.de\/gsglocke\/wp-json\/wp\/v2\/media?parent=133"}],"curies":[{"name":"wp","href":"https:\/\/api.w.org\/{rel}","templated":true}]}}