{"id":76,"date":"2023-03-15T10:58:17","date_gmt":"2023-03-15T09:58:17","guid":{"rendered":"https:\/\/wordpress.nibis.de\/gsglocke\/?page_id=76"},"modified":"2023-04-11T15:56:57","modified_gmt":"2023-04-11T13:56:57","slug":"schulvorstand","status":"publish","type":"page","link":"https:\/\/wordpress.nibis.de\/gsglocke\/glockenberg-team\/schulvorstand\/","title":{"rendered":"Schulvorstand"},"content":{"rendered":"\n<div class=\"wp-block-media-text alignwide is-stacked-on-mobile is-style-tw-shadow\"><figure class=\"wp-block-media-text__media\"><img loading=\"lazy\" decoding=\"async\" width=\"1024\" height=\"681\" src=\"https:\/\/wordpress.nibis.de\/gsglocke\/files\/2023\/03\/pexels-miguel-a-padrinan-194094-1024x681.jpg\" alt=\"\" class=\"wp-image-77 size-full\" srcset=\"https:\/\/wordpress.nibis.de\/gsglocke\/files\/2023\/03\/pexels-miguel-a-padrinan-194094-1024x681.jpg 1024w, https:\/\/wordpress.nibis.de\/gsglocke\/files\/2023\/03\/pexels-miguel-a-padrinan-194094-300x199.jpg 300w, https:\/\/wordpress.nibis.de\/gsglocke\/files\/2023\/03\/pexels-miguel-a-padrinan-194094-768x511.jpg 768w, https:\/\/wordpress.nibis.de\/gsglocke\/files\/2023\/03\/pexels-miguel-a-padrinan-194094-1536x1021.jpg 1536w, https:\/\/wordpress.nibis.de\/gsglocke\/files\/2023\/03\/pexels-miguel-a-padrinan-194094-2048x1362.jpg 2048w, https:\/\/wordpress.nibis.de\/gsglocke\/files\/2023\/03\/pexels-miguel-a-padrinan-194094-406x270.jpg 406w\" sizes=\"auto, (max-width: 1024px) 100vw, 1024px\" \/><\/figure><div class=\"wp-block-media-text__content\">\n<p class=\"has-text-align-left has-medium-font-size\"><span style=\"color:#0693e3\" class=\"tadv-color\">Der Schulvorstand der Glockenbergschule<\/span><\/p>\n<\/div><\/div>\n\n\n\n<p><\/p>\n\n\n\n<p>Mit der Einf\u00fchrung der \u201eeigenverantwortlichen Schule\u201c in Niedersachsen wurde als neues Gremium an jeder Schule 2007 ein Schulvorstand eingerichtet.<\/p>\n\n\n\n<p>Er setzt sich bei der Gr\u00f6\u00dfe der Schule aus vier vom Schulelternrat gew\u00e4hlten Eltern (m\u00fcssen nicht gew\u00e4hlte Mitglieder des Schulelternrates sein!) und drei vom Kollegium gew\u00e4hlten Lehrervertretern zusammen; die Schulleitung ist automatisch Vorsitzende des Schulvorstandes. Die Mitglieder werden f\u00fcr jeweils zwei Jahre gew\u00e4hlt.<\/p>\n\n\n\n<figure class=\"wp-block-table\"><table><tbody><tr><td>Delegierte der Elternschaft<\/td><td>Delegierte der Lehrkr\u00e4fte<\/td><\/tr><tr><td><\/td><td><\/td><\/tr><tr><td>Frau K\u00f6ster<\/td><td>Frau Pankow-Waller<\/td><\/tr><tr><td>Frau Moldenhauer<\/td><td>Frau Haase<\/td><\/tr><tr><td>Frau Schl\u00fcter<\/td><td>Frau Winter-Debertin<\/td><\/tr><tr><td>Herr Heiber<\/td><td>Frau Riemann (Vertretung)<\/td><\/tr><\/tbody><\/table><\/figure>\n\n\n\n<h3 class=\"wp-block-heading\">Aufgaben des Schulvorstandes:<\/h3>\n\n\n\n<p>Nach dem Nieders\u00e4chsischen Schulgesetz (\u00a738a) werden die Aufgaben des Schulvorstandes wie folgt festgelegt:<br><br>Im Schulvorstand wirken die Schulleitung mit Vertretern der Lehrkr\u00e4fte und der Erziehungsberechtigten zusammen, um die Arbeit der Schule mit dem Ziel der Qualit\u00e4tsentwicklung zu gestalten. Die Schulleitung unterrichtet den Schulvorstand \u00fcber alle wichtigen Angelegenheiten der Schule (Schulprogramm, Verbesserungsma\u00dfnahmen u.a.).<br><br>Der Schulvorstand entscheidet u.a. \u00fcber:<\/p>\n\n\n\n<ul class=\"wp-block-list\"><li>Inhalte und Ausgestaltung der schulischen Arbeit im Rahmen der gesetzlichen M\u00f6glichkeiten<\/li><li>den Plan \u00fcber die Verwendung der Haushaltsmittel und die Entlastung der Schulleitung,<\/li><li>Antr\u00e4ge auf Genehmigung einer besonderen Organisation, z.B. auf eine Integrationsklasse, regelm\u00e4\u00dfige Projekte<\/li><li>die Ausgestaltung der Stundentafel<\/li><li>Schulpartnerschaften<\/li><li>Antr\u00e4ge auf Genehmigung von Schulversuchen (\u00a722)<\/li><li>Vorschlagsrecht f\u00fcr Schulprogramm und Schulordnung<\/li><li>Grunds\u00e4tze<ol><li>der T\u00e4tigkeiten der p\u00e4dagogischen Mitarbeiter,<\/li><li>die Durchf\u00fchrung von Projektwochen,<\/li><li>die Werbung und das Sponsoring in der Schule,<\/li><li>die j\u00e4hrliche \u00dcberpr\u00fcfung der Arbeit der Schule (\u00a732.3).<\/li><\/ol><\/li><\/ul>\n\n\n\n<p><br>In den zur\u00fcckliegenden Jahren wurde an der Glockenbergschule an einer ganzen Reihe von Entscheidungen und Projekten mitgewirkt, z. B.<\/p>\n\n\n\n<ul class=\"wp-block-list\"><li>Schulhofgestaltung<\/li><li>Schulname und \u2013logo<\/li><li>Schulhomepage<\/li><li>Schulprogramm<\/li><li>Einheitliches Hausaufgabenheft<\/li><li>Alternativer Elternsprechtag<\/li><li>\u2026.<\/li><\/ul>\n\n\n\n<p>Die Zusammenarbeit in diesem Gremium ist bisher sehr konstruktiv, getragen von dem gemeinsamen Bestreben, dass Schule unseren Kindern auch zuk\u00fcnftig Freude bringt.<\/p>\n","protected":false},"excerpt":{"rendered":"<p>Der Schulvorstand der Glockenbergschule Mit der Einf\u00fchrung der \u201eeigenverantwortlichen Schule\u201c in Niedersachsen wurde als neues Gremium an jeder Schule 2007 ein Schulvorstand eingerichtet. Er setzt sich bei der Gr\u00f6\u00dfe der Schule aus vier vom Schulelternrat gew\u00e4hlten Eltern (m\u00fcssen nicht gew\u00e4hlte Mitglieder des Schulelternrates sein!) und drei vom Kollegium gew\u00e4hlten Lehrervertretern zusammen; die Schulleitung ist automatisch Vorsitzende des Schulvorstandes. Die Mitglieder werden f\u00fcr jeweils zwei Jahre gew\u00e4hlt. Delegierte der Elternschaft Delegierte der Lehrkr\u00e4fte Frau K\u00f6ster Frau Pankow-Waller Frau Moldenhauer Frau Haase&#8230;<\/p>\n<p class=\"read-more\"><a class=\"btn btn-default\" href=\"https:\/\/wordpress.nibis.de\/gsglocke\/glockenberg-team\/schulvorstand\/\">Weiterlesen<span class=\"screen-reader-text\"> Weiterlesen<\/span><\/a><\/p>\n","protected":false},"author":9194184,"featured_media":0,"parent":12,"menu_order":0,"comment_status":"closed","ping_status":"closed","template":"","meta":{"footnotes":""},"class_list":["post-76","page","type-page","status-publish","hentry"],"_links":{"self":[{"href":"https:\/\/wordpress.nibis.de\/gsglocke\/wp-json\/wp\/v2\/pages\/76","targetHints":{"allow":["GET"]}}],"collection":[{"href":"https:\/\/wordpress.nibis.de\/gsglocke\/wp-json\/wp\/v2\/pages"}],"about":[{"href":"https:\/\/wordpress.nibis.de\/gsglocke\/wp-json\/wp\/v2\/types\/page"}],"author":[{"embeddable":true,"href":"https:\/\/wordpress.nibis.de\/gsglocke\/wp-json\/wp\/v2\/users\/9194184"}],"replies":[{"embeddable":true,"href":"https:\/\/wordpress.nibis.de\/gsglocke\/wp-json\/wp\/v2\/comments?post=76"}],"version-history":[{"count":7,"href":"https:\/\/wordpress.nibis.de\/gsglocke\/wp-json\/wp\/v2\/pages\/76\/revisions"}],"predecessor-version":[{"id":263,"href":"https:\/\/wordpress.nibis.de\/gsglocke\/wp-json\/wp\/v2\/pages\/76\/revisions\/263"}],"up":[{"embeddable":true,"href":"https:\/\/wordpress.nibis.de\/gsglocke\/wp-json\/wp\/v2\/pages\/12"}],"wp:attachment":[{"href":"https:\/\/wordpress.nibis.de\/gsglocke\/wp-json\/wp\/v2\/media?parent=76"}],"curies":[{"name":"wp","href":"https:\/\/api.w.org\/{rel}","templated":true}]}}