{"id":574,"date":"2019-03-08T11:48:42","date_gmt":"2019-03-08T10:48:42","guid":{"rendered":"https:\/\/wordpress.nibis.de\/gsheede\/?page_id=574"},"modified":"2019-03-08T12:30:58","modified_gmt":"2019-03-08T11:30:58","slug":"kooperation-mit-der-tagesbildungsstaette-des-st-lukas-heims","status":"publish","type":"page","link":"https:\/\/wordpress.nibis.de\/gsheede\/kooperation-mit-der-tagesbildungsstaette-des-st-lukas-heims\/","title":{"rendered":"Kooperation mit der Tagesbildungsst\u00e4tte des St.Lukas Heims"},"content":{"rendered":"\n<div class=\"wp-block-image\"><figure class=\"aligncenter\"><img loading=\"lazy\" decoding=\"async\" width=\"147\" height=\"125\" src=\"https:\/\/wordpress.nibis.de\/gsheede\/files\/2019\/03\/fullsizeoutput_3af.jpeg\" alt=\"\" class=\"wp-image-620\" \/><\/figure><\/div>\n\n\n\n<p>Seit dem 01.08.2017 hat die Tagesbildungsst\u00e4tte des St.Lukas Heims einen Standort an unserer Schule eingerichtet. Die Tagesbildungsst\u00e4tte ist eine schulische Einrichtung der Eingliederungshilfe. Aufnahme finden schulpflichtige Kinder, unabh\u00e4ngig von ihrem Entwicklungsstand, die besonderer F\u00f6rderung bed\u00fcrfen, vor allem in ihrer geistigen Entwicklung.<\/p>\n\n\n\n<p>Viele gemeinsame Aktionen pr\u00e4gen unseren Schulalltag, wie der gemeinsame Schwimmunterricht in Klasse 4 oder der Sportunterricht in Klasse 1. Auch die Betreuungskinder nutzen die offene T\u00fcr der &#8222;Tabi-Klasse&#8220; f\u00fcr ein gemeinsames Spiel.<\/p>\n\n\n\n<ul class=\"wp-block-gallery columns-2 is-cropped wp-block-gallery-1 is-layout-flex wp-block-gallery-is-layout-flex\"><li class=\"blocks-gallery-item\"><figure><a href=\"https:\/\/wordpress.nibis.de\/gsheede\/files\/2019\/03\/Sport-mit-der-1.-Klasse-2-300x225-1.jpg\"><img loading=\"lazy\" decoding=\"async\" width=\"300\" height=\"225\" src=\"https:\/\/wordpress.nibis.de\/gsheede\/files\/2019\/03\/Sport-mit-der-1.-Klasse-2-300x225-1.jpg\" alt=\"\" data-id=\"633\" data-link=\"https:\/\/wordpress.nibis.de\/gsheede\/good-old-gallery\/st-lukas-heims\/sport-mit-der-1-klasse-2-300x225-2\/\" class=\"wp-image-633\" \/><\/a><\/figure><\/li><li class=\"blocks-gallery-item\"><figure><a href=\"https:\/\/wordpress.nibis.de\/gsheede\/files\/2019\/03\/Pausenzeiten-300x225-1.jpg\"><img loading=\"lazy\" decoding=\"async\" width=\"300\" height=\"225\" src=\"https:\/\/wordpress.nibis.de\/gsheede\/files\/2019\/03\/Pausenzeiten-300x225-1.jpg\" alt=\"\" data-id=\"631\" data-link=\"https:\/\/wordpress.nibis.de\/gsheede\/good-old-gallery\/st-lukas-heims\/pausenzeiten-300x225-2\/\" class=\"wp-image-631\" \/><\/a><\/figure><\/li><li class=\"blocks-gallery-item\"><figure><a href=\"https:\/\/wordpress.nibis.de\/gsheede\/files\/2019\/03\/Mittagessen-in-der-Mensa-300x225-1.jpg\"><img loading=\"lazy\" decoding=\"async\" width=\"300\" height=\"225\" src=\"https:\/\/wordpress.nibis.de\/gsheede\/files\/2019\/03\/Mittagessen-in-der-Mensa-300x225-1.jpg\" alt=\"\" data-id=\"630\" data-link=\"https:\/\/wordpress.nibis.de\/gsheede\/good-old-gallery\/st-lukas-heims\/mittagessen-in-der-mensa-300x225-2\/\" class=\"wp-image-630\" \/><\/a><\/figure><\/li><li class=\"blocks-gallery-item\"><figure><a href=\"https:\/\/wordpress.nibis.de\/gsheede\/files\/2019\/03\/Sport-mit-der-1.-Klasse-300x225-1.jpg\"><img loading=\"lazy\" decoding=\"async\" width=\"300\" height=\"225\" src=\"https:\/\/wordpress.nibis.de\/gsheede\/files\/2019\/03\/Sport-mit-der-1.-Klasse-300x225-1.jpg\" alt=\"\" data-id=\"632\" data-link=\"https:\/\/wordpress.nibis.de\/gsheede\/good-old-gallery\/st-lukas-heims\/sport-mit-der-1-klasse-300x225-2\/\" class=\"wp-image-632\" \/><\/a><\/figure><\/li><\/ul>\n\n\n\n<p>Weitere Informationen finden Sie hier:<\/p>\n\n\n\n<p><a href=\"http:\/\/www.caritas-os.de\/lukas-heim\/einrichtungen-und-dienste\/tagesbildungsstaetten\/tagesbildungsstaetten\">http:\/\/www.caritas-os.de\/lukas-heim\/einrichtungen-und-dienste\/tagesbildungsstaetten\/tagesbildungsstaetten<\/a><\/p>\n","protected":false},"excerpt":{"rendered":"<p>Seit dem 01.08.2017 hat die Tagesbildungsst\u00e4tte des St.Lukas Heims einen Standort an unserer Schule eingerichtet. Die Tagesbildungsst\u00e4tte ist eine schulische Einrichtung der Eingliederungshilfe. Aufnahme finden schulpflichtige Kinder, unabh\u00e4ngig von ihrem Entwicklungsstand, die besonderer F\u00f6rderung bed\u00fcrfen, vor allem in ihrer geistigen &hellip; <a href=\"https:\/\/wordpress.nibis.de\/gsheede\/kooperation-mit-der-tagesbildungsstaette-des-st-lukas-heims\/\">Weiterlesen <span class=\"meta-nav\">&rarr;<\/span><\/a><\/p>\n","protected":false},"author":718,"featured_media":0,"parent":0,"menu_order":0,"comment_status":"closed","ping_status":"closed","template":"","meta":{"footnotes":""},"class_list":["post-574","page","type-page","status-publish","hentry"],"_links":{"self":[{"href":"https:\/\/wordpress.nibis.de\/gsheede\/wp-json\/wp\/v2\/pages\/574","targetHints":{"allow":["GET"]}}],"collection":[{"href":"https:\/\/wordpress.nibis.de\/gsheede\/wp-json\/wp\/v2\/pages"}],"about":[{"href":"https:\/\/wordpress.nibis.de\/gsheede\/wp-json\/wp\/v2\/types\/page"}],"author":[{"embeddable":true,"href":"https:\/\/wordpress.nibis.de\/gsheede\/wp-json\/wp\/v2\/users\/718"}],"replies":[{"embeddable":true,"href":"https:\/\/wordpress.nibis.de\/gsheede\/wp-json\/wp\/v2\/comments?post=574"}],"version-history":[{"count":5,"href":"https:\/\/wordpress.nibis.de\/gsheede\/wp-json\/wp\/v2\/pages\/574\/revisions"}],"predecessor-version":[{"id":636,"href":"https:\/\/wordpress.nibis.de\/gsheede\/wp-json\/wp\/v2\/pages\/574\/revisions\/636"}],"wp:attachment":[{"href":"https:\/\/wordpress.nibis.de\/gsheede\/wp-json\/wp\/v2\/media?parent=574"}],"curies":[{"name":"wp","href":"https:\/\/api.w.org\/{rel}","templated":true}]}}