{"id":255,"date":"2024-07-01T18:07:50","date_gmt":"2024-07-01T16:07:50","guid":{"rendered":"https:\/\/wordpress.nibis.de\/gshermann-loens\/?page_id=255"},"modified":"2024-07-01T18:07:50","modified_gmt":"2024-07-01T16:07:50","slug":"chorklasse","status":"publish","type":"page","link":"https:\/\/wordpress.nibis.de\/gshermann-loens\/chorklasse\/","title":{"rendered":"Chorklasse"},"content":{"rendered":"\n<p>Das Konzept \u201eChorklassen\u201c wurde f\u00fcr das Bundesland Niedersachsen von der Musikhochschule Hannover in Zusammenarbeit mit dem Kultusministerium entwickelt.<\/p>\n\n\n\n<p>Was ist eine \u201eChorklasse\u201c?<br>Chorklassen sind Klassen mit musikalischem Schwerpunkt: Singen in Verbindung mit Stimmbildung stehen im Mittelpunkt eines erweiterten Musikunterrichts, der in 3 Wochenstunden (2 Fachstunden Musik, 1 Stunde Chor) m\u00f6glichst von einer f\u00fcr diese Arbeit qualifizierten Lehrkraft erteilt wird.<\/p>\n\n\n\n<p>\u00dcber das Singen werden die Kinder zur Gestaltung von Musik hingef\u00fchrt und entdecken im Chorklassenunterricht den Klang ihrer Stimme. Stimmbildung findet auf spielerische Weise statt.<\/p>\n\n\n\n<p>Viel Bewegung und t\u00e4nzerische Formen sind ein weiterer, wichtiger Bestandteil des Unterrichts. Auf diesem Weg werden auch die rhythmischen F\u00e4higkeiten gef\u00f6rdert. Au\u00dferdem wird die Solmisation (Singen auf Tonstufen mit Handzeichen) als Hinf\u00fchrung zu Musiktheorie und zur Schulung des Geh\u00f6rs verwendet.<\/p>\n\n\n\n<p>Durch das Singen im Klassenverband entwickelt sich im Laufe der vier Grundschuljahre ein Chorklang und ein Zusammenhalt unter den Kindern.<\/p>\n\n\n\n<p>Bei den regelm\u00e4\u00dfigen Auftritten innerhalb und au\u00dferhalb der Schule pr\u00e4sentieren die Kinder der Chorklasse ihre Fortschritte.<\/p>\n\n\n\n<p>Zu h\u00f6ren sind die Chorklassen in n\u00e4chster Zeit \u2026<\/p>\n\n\n\n<p>bei Festen in der Schule<br>beim Singen mit dem Kindergarten<br>beim Singen f\u00fcr die Senioren der Gemeinde<br>beim Singen mit anderen Chorklassen im \u201eChorklassenkonzert\u201c<\/p>\n","protected":false},"excerpt":{"rendered":"<p>Das Konzept \u201eChorklassen\u201c wurde f\u00fcr das Bundesland Niedersachsen von der Musikhochschule Hannover in Zusammenarbeit mit dem Kultusministerium entwickelt. Was ist eine \u201eChorklasse\u201c?Chorklassen sind Klassen mit musikalischem Schwerpunkt: Singen in Verbindung mit Stimmbildung stehen im Mittelpunkt eines erweiterten Musikunterrichts, der in &hellip; <a href=\"https:\/\/wordpress.nibis.de\/gshermann-loens\/chorklasse\/\">Weiterlesen <span class=\"meta-nav\">&rarr;<\/span><\/a><\/p>\n","protected":false},"author":9194392,"featured_media":0,"parent":0,"menu_order":0,"comment_status":"closed","ping_status":"closed","template":"","meta":{"footnotes":""},"class_list":["post-255","page","type-page","status-publish","hentry"],"_links":{"self":[{"href":"https:\/\/wordpress.nibis.de\/gshermann-loens\/wp-json\/wp\/v2\/pages\/255","targetHints":{"allow":["GET"]}}],"collection":[{"href":"https:\/\/wordpress.nibis.de\/gshermann-loens\/wp-json\/wp\/v2\/pages"}],"about":[{"href":"https:\/\/wordpress.nibis.de\/gshermann-loens\/wp-json\/wp\/v2\/types\/page"}],"author":[{"embeddable":true,"href":"https:\/\/wordpress.nibis.de\/gshermann-loens\/wp-json\/wp\/v2\/users\/9194392"}],"replies":[{"embeddable":true,"href":"https:\/\/wordpress.nibis.de\/gshermann-loens\/wp-json\/wp\/v2\/comments?post=255"}],"version-history":[{"count":1,"href":"https:\/\/wordpress.nibis.de\/gshermann-loens\/wp-json\/wp\/v2\/pages\/255\/revisions"}],"predecessor-version":[{"id":256,"href":"https:\/\/wordpress.nibis.de\/gshermann-loens\/wp-json\/wp\/v2\/pages\/255\/revisions\/256"}],"wp:attachment":[{"href":"https:\/\/wordpress.nibis.de\/gshermann-loens\/wp-json\/wp\/v2\/media?parent=255"}],"curies":[{"name":"wp","href":"https:\/\/api.w.org\/{rel}","templated":true}]}}