{"id":91,"date":"2021-02-01T12:36:54","date_gmt":"2021-02-01T11:36:54","guid":{"rendered":"https:\/\/wordpress.nibis.de\/gsherzlake\/?page_id=91"},"modified":"2021-02-25T16:50:20","modified_gmt":"2021-02-25T15:50:20","slug":"schulsozialarbeit","status":"publish","type":"page","link":"https:\/\/wordpress.nibis.de\/gsherzlake\/?page_id=91","title":{"rendered":"Schulsozialarbeit"},"content":{"rendered":"\n<div class=\"wp-block-group\"><div class=\"wp-block-group__inner-container is-layout-flow wp-block-group-is-layout-flow\">\n<p>Mein Name ist Stefanie Kr\u00fcssel und ich bin als Schulsozialarbeiterin an den Grundschulen der Samtgemeinde Herzlake t\u00e4tig.<\/p>\n\n\n\n<p>In meiner Funktion als Schulsozialarbeiterin bin ich vorrangig f\u00fcr die Sch\u00fclerinnen und Sch\u00fcler da, aber auch f\u00fcr Lehrerinnen und Lehrer sowie f\u00fcr Eltern und Ehrziehungsberechtigte.&nbsp; Ich bin Ansprechpartnerin bei Problemen und Konflikten und versuche durch Gespr\u00e4che die Kinder in der eigenst\u00e4ndigen Probleml\u00f6sung zu unterst\u00fctzen.&nbsp; In einigen Klassen ist das Sozialkompetenztraining im Stundenplan vorgesehen. Bei diesem Training geht es darum, die sozialen, zwischenmenschlichen F\u00e4higkeiten auf meist spielerische Art zu st\u00e4rken.&nbsp; Schwerpunkte im Sozialtraining k\u00f6nnen sein:<\/p>\n\n\n\n<ul class=\"wp-block-list\"><li>Freundschaft<\/li><li>Klassengemeinschaft<\/li><li>Gewaltpr\u00e4vention<\/li><li>Kl\u00e4rung aktueller Konflikte<\/li><li>St\u00e4rkung des Selbstbewusstseins<\/li><li>Erarbeiten von Verhaltensregeln sowie Verhaltensalternativen in bestimmten Situationen<\/li><\/ul>\n\n\n\n<p>Einzelgespr\u00e4che (auch regelm\u00e4\u00dfig) mit den Sch\u00fclern sind auf Wunsch der Kinder, LehrerInnen sowie der Eltern und Erziehungsberechtigten ebenso m\u00f6glich.<\/p>\n\n\n\n<p>Da meine Zeit f\u00fcr die einzelnen Schulen nur sehr knapp bemessen ist, versuche ich diese m\u00f6glichst effizient zu nutzen. Das soziale Training ist somit eine gute M\u00f6glichkeit, pr\u00e4ventiv zu arbeiten. Bei akuten Streitigkeiten oder Problemen stehe ich nicht nur den Kindern, sondern auch den Lehrern und Eltern als Ansprechpartner zur Verf\u00fcgung.&nbsp;<\/p>\n\n\n\n<p>Sollten Sie Fragen zu meiner Arbeit haben oder brauchen Sie Unterst\u00fctzung bei Problemen im Schulalltag, k\u00f6nnen Sie gerne \u00fcber die Schule, Handy oder Email\u00a0 Kontakt zu mir aufnehmen.<\/p>\n\n\n\n<p>Ich w\u00fcnsche Ihnen und ihren Kindern eine sch\u00f6ne Schulzeit und freue mich auf eine gute Zusammenarbeit.<\/p>\n\n\n\n<p><em>Stefanie Kr\u00fcssel<\/em><br><em>Caritasverband f\u00fcr den Landkreis Emsland<br>Schulsozialarbeiterin an der Grundschulen Herzlake, Dohren, Holte, L\u00e4hden und Bookhof<\/em><br><br>Email: <a href=\"&#x6d;&#97;&#x69;&#108;t&#x6f;&#58;S&#x4b;&#114;&#x75;&#x65;s&#x73;&#101;l&#x40;&#99;&#x61;&#x72;i&#x74;&#97;s&#x2d;&#111;s&#x2e;&#100;&#x65;\">&#83;&#x4b;r&#117;&#x65;s&#115;&#x65;l&#64;&#x63;a&#114;&#x69;t&#97;&#x73;-&#111;&#x73;&#46;&#100;&#x65;<\/a><br>Telefonnummer: 0178 9213894<\/p>\n<\/div><\/div>\n","protected":false},"excerpt":{"rendered":"<p>Mein Name ist Stefanie Kr\u00fcssel und ich bin als Schulsozialarbeiterin an den Grundschulen der Samtgemeinde Herzlake t\u00e4tig. In meiner Funktion als Schulsozialarbeiterin bin ich vorrangig f\u00fcr die Sch\u00fclerinnen und Sch\u00fcler da, aber auch f\u00fcr Lehrerinnen und Lehrer sowie f\u00fcr Eltern und Ehrziehungsberechtigte.&nbsp; Ich bin Ansprechpartnerin bei Problemen und Konflikten und versuche durch Gespr\u00e4che die Kinder [&hellip;]<\/p>\n","protected":false},"author":9193591,"featured_media":0,"parent":0,"menu_order":0,"comment_status":"closed","ping_status":"closed","template":"","meta":{"footnotes":""},"class_list":["post-91","page","type-page","status-publish","hentry"],"_links":{"self":[{"href":"https:\/\/wordpress.nibis.de\/gsherzlake\/index.php?rest_route=\/wp\/v2\/pages\/91","targetHints":{"allow":["GET"]}}],"collection":[{"href":"https:\/\/wordpress.nibis.de\/gsherzlake\/index.php?rest_route=\/wp\/v2\/pages"}],"about":[{"href":"https:\/\/wordpress.nibis.de\/gsherzlake\/index.php?rest_route=\/wp\/v2\/types\/page"}],"author":[{"embeddable":true,"href":"https:\/\/wordpress.nibis.de\/gsherzlake\/index.php?rest_route=\/wp\/v2\/users\/9193591"}],"replies":[{"embeddable":true,"href":"https:\/\/wordpress.nibis.de\/gsherzlake\/index.php?rest_route=%2Fwp%2Fv2%2Fcomments&post=91"}],"version-history":[{"count":4,"href":"https:\/\/wordpress.nibis.de\/gsherzlake\/index.php?rest_route=\/wp\/v2\/pages\/91\/revisions"}],"predecessor-version":[{"id":329,"href":"https:\/\/wordpress.nibis.de\/gsherzlake\/index.php?rest_route=\/wp\/v2\/pages\/91\/revisions\/329"}],"wp:attachment":[{"href":"https:\/\/wordpress.nibis.de\/gsherzlake\/index.php?rest_route=%2Fwp%2Fv2%2Fmedia&parent=91"}],"curies":[{"name":"wp","href":"https:\/\/api.w.org\/{rel}","templated":true}]}}