{"id":1800,"date":"2021-06-29T16:41:38","date_gmt":"2021-06-29T14:41:38","guid":{"rendered":"https:\/\/wordpress.nibis.de\/gsilten\/?page_id=1800"},"modified":"2021-06-30T13:00:12","modified_gmt":"2021-06-30T11:00:12","slug":"lesen-macht-stark","status":"publish","type":"page","link":"https:\/\/wordpress.nibis.de\/gsilten\/lesen-macht-stark\/","title":{"rendered":"Lesen macht stark"},"content":{"rendered":"\n<p class=\"has-text-align-center\"><img loading=\"lazy\" decoding=\"async\" width=\"1600\" height=\"893\" class=\"wp-image-1809\" style=\"width: 500px\" src=\"https:\/\/wordpress.nibis.de\/gsilten\/files\/2021\/06\/Lesen-macht-Spa\u00df.jpg\" alt=\"\" srcset=\"https:\/\/wordpress.nibis.de\/gsilten\/files\/2021\/06\/Lesen-macht-Spa\u00df.jpg 1600w, https:\/\/wordpress.nibis.de\/gsilten\/files\/2021\/06\/Lesen-macht-Spa\u00df-300x167.jpg 300w, https:\/\/wordpress.nibis.de\/gsilten\/files\/2021\/06\/Lesen-macht-Spa\u00df-1024x572.jpg 1024w, https:\/\/wordpress.nibis.de\/gsilten\/files\/2021\/06\/Lesen-macht-Spa\u00df-768x429.jpg 768w, https:\/\/wordpress.nibis.de\/gsilten\/files\/2021\/06\/Lesen-macht-Spa\u00df-1536x857.jpg 1536w\" sizes=\"auto, (max-width: 1600px) 100vw, 1600px\" \/><\/p>\n\n\n\n<p>Im Schuljahr 2020\/2021 startet in Niedersachsen das Pilotprojekt \u201cLesen macht stark\u201d. Von zun\u00e4chst 156 Schulen in Niedersachsen, die sich beworben hatten, wurden in der ersten Runde 22 Schulen f\u00fcr die Teilnahme gezogen \u2013 <strong>und unsere Schule ist dabei!<\/strong><\/p>\n\n\n\n<p>\u201cZiel ist es, die Lesekompetenz aller Sch\u00fclerinnen und Sch\u00fcler an Niedersachsens Schulen durch eine systematische, durchg\u00e4ngige und langfristige Lesef\u00f6rderung zu verbessern und damit die Anzahl der schwachen Leserinnen und Leser zu verringern.\u201d (Projekt \u201cLesen macht stark\u201d \u2013 Infotext) Durch das Projekt m\u00f6chte man Schwierigkeiten beim Lesen fr\u00fchzeitig erkennen, den Lehrer\/inne\/n eine sichere Diagnosem\u00f6glichkeit an die Hand geben und gute F\u00f6rderm\u00f6glichkeiten entwickeln. Das Programm l\u00e4uft \u00fcber die vier Grundschuljahre. Pro Schule werden zwei Deutsch-Lehrer\/innen zu Lesecoaches f\u00fcr die Jahrg\u00e4nge 1 und 2 ausgebildet. Sie nehmen an f\u00fcnf Fortbildungsmodulen teil, setzen das Gelernte in ihren Klassen um und geben ihr Wissen auch an das Kollegium weiter, da das Lesen f\u00fcr alle F\u00e4cher und das gesamte schulische Lernen essentiell ist. An unserer Schule nehmen Frau Fehse und Frau Hecht mit ihren ersten Deutschklassen an dem Projekt teil.<\/p>\n","protected":false},"excerpt":{"rendered":"<p>Im Schuljahr 2020\/2021 startet in Niedersachsen das Pilotprojekt \u201cLesen macht stark\u201d. Von zun\u00e4chst 156 Schulen in Niedersachsen, die sich beworben hatten, wurden in der ersten Runde 22 Schulen f\u00fcr die Teilnahme gezogen \u2013 und unsere Schule ist dabei! \u201cZiel ist &hellip; <a href=\"https:\/\/wordpress.nibis.de\/gsilten\/lesen-macht-stark\/\">Weiterlesen <span class=\"meta-nav\">&rarr;<\/span><\/a><\/p>\n","protected":false},"author":1293,"featured_media":0,"parent":0,"menu_order":0,"comment_status":"closed","ping_status":"closed","template":"","meta":{"footnotes":""},"class_list":["post-1800","page","type-page","status-publish","hentry"],"_links":{"self":[{"href":"https:\/\/wordpress.nibis.de\/gsilten\/wp-json\/wp\/v2\/pages\/1800","targetHints":{"allow":["GET"]}}],"collection":[{"href":"https:\/\/wordpress.nibis.de\/gsilten\/wp-json\/wp\/v2\/pages"}],"about":[{"href":"https:\/\/wordpress.nibis.de\/gsilten\/wp-json\/wp\/v2\/types\/page"}],"author":[{"embeddable":true,"href":"https:\/\/wordpress.nibis.de\/gsilten\/wp-json\/wp\/v2\/users\/1293"}],"replies":[{"embeddable":true,"href":"https:\/\/wordpress.nibis.de\/gsilten\/wp-json\/wp\/v2\/comments?post=1800"}],"version-history":[{"count":3,"href":"https:\/\/wordpress.nibis.de\/gsilten\/wp-json\/wp\/v2\/pages\/1800\/revisions"}],"predecessor-version":[{"id":1811,"href":"https:\/\/wordpress.nibis.de\/gsilten\/wp-json\/wp\/v2\/pages\/1800\/revisions\/1811"}],"wp:attachment":[{"href":"https:\/\/wordpress.nibis.de\/gsilten\/wp-json\/wp\/v2\/media?parent=1800"}],"curies":[{"name":"wp","href":"https:\/\/api.w.org\/{rel}","templated":true}]}}