{"id":287,"date":"2017-06-22T19:42:12","date_gmt":"2017-06-22T17:42:12","guid":{"rendered":"http:\/\/wordpress.nibis.de\/gsilten\/?page_id=287"},"modified":"2021-07-01T09:47:47","modified_gmt":"2021-07-01T07:47:47","slug":"elternarbeit-in-gremien","status":"publish","type":"page","link":"https:\/\/wordpress.nibis.de\/gsilten\/ueber-uns\/elternarbeit-in-gremien\/","title":{"rendered":"Elternarbeit in Gremien"},"content":{"rendered":"<p><strong><u>Klassenelternvertreter<\/u><\/strong><\/p>\n<p><strong>Aufgaben der Klassenelternvertreter\/innen:<\/strong><\/p>\n<p>Klassenelternvertreter\/innen vertreten die Interessen der Klassenelternschaft gegen\u00fcber den Lehrer\/inne\/n \/ Betreuungskr\u00e4ften sowie auch als automatische Mitglieder des Schulelternrates gegen\u00fcber der Schule.<\/p>\n<p>Elternvertreter\/innen organisieren und leiten die Elternabende ihrer Klasse. Vorgeschrieben sind mindestens zwei Elternabende pro Schuljahr. Die Elternvertreter\/innen sind aber auch Ansprechpartner des Klassenlehrers \/ der Klassenlehrerin\u00a0zur Organisation von Klassenfesten, Klassenausfl\u00fcgen, Wandertagen und \u00e4hnlichen Unternehmungen. Die Elternvertreter\/innen vermitteln bei Konflikten zwischen Eltern und Lehrer\/innen \/ Betreuungskr\u00e4ften, sofern diese nicht von den Betroffenen pers\u00f6nlich gel\u00f6st werden k\u00f6nnen.<\/p>\n<p><strong>Mitglieder:<\/strong><\/p>\n<p>Pro Klasse werden ein\/e Elternvertreter\/in und dessen Stellvertreter\/in gew\u00e4hlt.<\/p>\n<p><strong>Wer w\u00e4hlt?<\/strong><\/p>\n<p>Die Erziehungsberechtigten der Sch\u00fcler\/innen einer Klasse w\u00e4hlen aus ihrer Mitte die Klassenelternvertreter\/innen. F\u00fcr jeden Sch\u00fcler \/ jede Sch\u00fclerin gibt es eine Elternstimme.<\/p>\n<p><strong>Wer kann gew\u00e4hlt werden?<\/strong><\/p>\n<p>Jede(r) Erziehungsberechtigte der betreffenden Klasse.<\/p>\n<p><strong>F\u00fcr wie lange?<\/strong><\/p>\n<p>Die Klassenelternvertreter\/innen werden f\u00fcr die Dauer von zwei Schuljahren gew\u00e4hlt.<\/p>\n<p><strong>Wann wird gew\u00e4hlt?<\/strong><\/p>\n<p>Beginnend ab dem Ende der Sommerferien soll innerhalb eines Monats gew\u00e4hlt werden. Dies geschieht im Rahmen des ersten Elternabends.<\/p>\n<p><strong><u>Schulelternrat (SER)<\/u><\/strong><\/p>\n<p><strong>Aufgaben des Schulelternrates: <\/strong><\/p>\n<p>Der Schulelternrat er\u00f6rtert alle Themen, die die Schule betreffen. Hiervon ausgenommen sind private Angelegenheiten von Sch\u00fclern und Lehrkr\u00e4ften. Er vertritt die Interessen der Eltern gegen\u00fcber der Schule.<\/p>\n<p>Der Schulelternrat gestaltet das Schulleben aktiv mit, ist Ansprechpartner f\u00fcr Eltern und organisiert zusammen mit allen Eltern Schulveranstaltungen.<br \/>\nZudem entsendet er Mitglieder in folgende Gremien der Schule:<\/p>\n<ul>\n<li>Schulvorstand<\/li>\n<li>Gesamtkonferenz<\/li>\n<li>Fachkonferenz<\/li>\n<li>Stadt- bzw. Gemeindeelternrat<\/li>\n<\/ul>\n<p>Der Schulelternrat tagt mindestens zweimal im Jahr.<\/p>\n<p><strong>Mitglieder:<\/strong><\/p>\n<p>Der Schulelternrat besteht aus allen gew\u00e4hlten Klassenelternvertreter\/innen und der Schulleitung. Gew\u00e4hlt werden ein Vorsitzender \/ eine Vorsitzende\u00a0und ein Stellvertreter \/ eine Stellvertreterin.<\/p>\n<p><strong>Wer kann gew\u00e4hlt werden?<\/strong><\/p>\n<p>Die gew\u00e4hlten Vorsitzenden der Klassenelternschaften sowie deren Stellvertreter\/innen sind automatisch Mitglieder des Schulelternrates.<\/p>\n<p><strong>F\u00fcr wie lange?<\/strong><\/p>\n<p>Die Wahlperiode dauert in der Regel zwei Schuljahre (solange sie gew\u00e4hlte Klassenelternvertreter\/innen bzw. Stellvertreter\/innen sind).<\/p>\n<p><strong>Wann wird gew\u00e4hlt?<\/strong><\/p>\n<p>Die Wahlen finden (nach Ablauf der Wahlperiode) innerhalb der ersten zwei Monate nach Ende der Sommerferien statt.<\/p>\n<p><strong><u>Klassenkonferenz<\/u><\/strong><\/p>\n<p><strong>Aufgaben der Klassenkonferenz<\/strong><\/p>\n<p>Die Klassenkonferenz beschlie\u00dft u.a. Zeugnisse (\u201eZeugniskonferenz\u201c), Versetzungen, \u00dcberg\u00e4nge, \u00dcberweisungen, Zur\u00fccktreten und \u00dcberspringen. Bei diesen Klassenkonferenzen haben nur die Mitglieder Stimmrecht, die den\/die Sch\u00fcler\/in regelm\u00e4\u00dfig unterrichten. Das hei\u00dft, die Elternvertreter nehmen beratend teil. Klassenkonferenzen k\u00f6nnen aber auch z.B. \u00fcber Erziehungs- und Ordnungsma\u00dfnahmen beraten und diese beschlie\u00dfen.<\/p>\n<p><strong>Mitglieder:<\/strong><\/p>\n<p>Mitglieder der Klassenkonferenz sind die in der Klasse unterrichtenden Lehrkr\u00e4fte (auch Anw\u00e4rter\/innen) sowie ein\/e Elternvertreter\/in.<\/p>\n<p><strong>Wer kann gew\u00e4hlt werden?<\/strong><\/p>\n<p>Gew\u00e4hlt werden k\u00f6nnen alle Mitglieder der jeweiligen Klassenelternschaft. Dies geschieht in der Regel auf den Elternabenden zu Beginn von Klasse 1 und 3. Es werden ebenfalls zwei Stellvertreter\/innen gew\u00e4hlt.<\/p>\n<p><strong>F\u00fcr wie lange?<\/strong><\/p>\n<p>Die Elternvertreter sind jeweils eine Wahlperiode (zwei Jahre) Mitglied der Klassenkonferenz.<\/p>\n<p><strong><u>Fachkonferenz<\/u><\/strong><\/p>\n<p><strong>Aufgaben der Fachkonferenzen<\/strong><\/p>\n<p>In den Fachkonferenzen wird \u00fcber die auf Grundlage der jeweiligen fachspezifischen Curricula erstellten Schuleigenen Arbeitspl\u00e4ne beraten und abgestimmt. Wurde der Schuleigene Arbeitsplan f\u00fcr ein Fach beschlossen, bildet er die Grundlage f\u00fcr die Unterrichtsplanung.<\/p>\n<p>Ebenso wird \u00fcber die Einf\u00fchrung neuer Schulb\u00fccher entschieden sowie \u00fcber die Zusammensetzung der Noten (und entsprechende Kompetenznachweise) in den einzelnen F\u00e4chern beraten. Au\u00dferdem ber\u00e4t und beschlie\u00dft die Fachkonferenz die Anschaffung neuer Materialien sowie die Durchf\u00fchrung fachspezifischer Veranstaltungen.<\/p>\n<p><strong>Mitglieder:<\/strong><\/p>\n<p>Mitglieder sind alle Fachlehrer\/innen (das jeweilige Fach unterrichtenden Lehrer\/innen) und mindestens je ein\/e aus dem Schulelternrat entsandte\/r Elternvertreter\/in. Beratend nehmen auch die Lehrer\/innen an Fachkonferenzen teil, die die Lehrbef\u00e4higung f\u00fcr das Fach erworben haben, aber es derzeit nicht unterrichten.<\/p>\n<p><strong>Wer kann gew\u00e4hlt werden?<\/strong><\/p>\n<p>Die Elternvertreter\/innen f\u00fcr die Fachkonferenzen werden aus dem Schulelternrat entsandt.<\/p>\n<p><strong>F\u00fcr wie lange?<\/strong><\/p>\n<p>Die Elternvertreter sind jeweils eine Wahlperiode (zwei Jahre) Mitglied der Fachkonferenz.<\/p>\n<p><strong><u>Gesamtkonferenz<\/u><\/strong><\/p>\n<p><strong>Aufgaben der Gesamtkonferenz<\/strong><\/p>\n<p>Die Aufgabe der Gesamtkonferenz ist es, \u00fcber p\u00e4dagogische Angelegenheiten der Schule zu beraten und zu beschlie\u00dfen.<\/p>\n<p>Sofern hierf\u00fcr nicht eine Teilkonferenz (Fachkonferenz) zust\u00e4ndig ist, ber\u00e4t und beschlie\u00dft die Gesamtkonferenz z.B. \u00fcber das Schulprogramm, die Schulordnung und Grunds\u00e4tze f\u00fcr die Leistungsbewertung und \u2013beurteilung sowie Klassenarbeiten und Hausaufgaben.<\/p>\n<p><strong>Mitglieder:<\/strong><\/p>\n<p>Mitglieder der Gesamtkonferenz sind die Schulleitung (Vorsitz), die Lehrkr\u00e4fte, die Lehramtsanw\u00e4rter\/innen, p\u00e4dagogische Mitarbeiter\/innen, ein\/e Vertreter\/in der sonstigen Mitarbeiter\/innen und Vertreter\/innen der Erziehungsberechtigten.<\/p>\n<p><strong>Wer w\u00e4hlt?<\/strong><\/p>\n<p>Die Elternvertreter\/innen f\u00fcr die Gesamtkonferenz werden aus dem Schulelternrat entsandt.<\/p>\n<p><strong>Wer kann gew\u00e4hlt werden?<\/strong><\/p>\n<p>Die Mitglieder des Schulelternrats.<\/p>\n<p><strong>F\u00fcr wie lange?<\/strong><\/p>\n<p>Die Elternvertreter sind jeweils eine Wahlperiode (zwei Jahre) Mitglied der Gesamtkonferenz.<\/p>\n<p><strong><u>Schulvorstand<\/u><\/strong><\/p>\n<p><strong>Aufgaben des Schulvorstandes:<\/strong><\/p>\n<p>Der Schulvorstand ist das h\u00f6chste Entscheidungsgremium der Schule und gestaltet die Arbeit der Schule mit dem Ziel der Qualit\u00e4tsentwicklung. Der Vorstand entscheidet z.B. \u00fcber den Plan f\u00fcr die Verwendung der Haushaltsmittel, die Zusammenarbeit mit anderen Schulen, Namensgebung der Schule, die Durchf\u00fchrung von Projektwochen u.a..<\/p>\n<p><strong>Mitglieder:<\/strong><\/p>\n<p>Der Schulvorstand setzt sich aus der Schulleitung (Vorsitz), Vertretern der Lehrer\/innen und Vertretern der Schulelternschaft im gleichen Verh\u00e4ltnis von Lehrer\/inne\/n und Eltern zusammen.<\/p>\n<p><strong>Wer w\u00e4hlt?<\/strong><\/p>\n<p>Die Elternvertreter\/innen im Schulvorstand werden durch den Schulelternrat gew\u00e4hlt.<\/p>\n<p><strong>Wer kann gew\u00e4hlt werden?<\/strong><\/p>\n<p>Jedes Elternteil der Schule.<\/p>\n<p><strong>F\u00fcr wie lange?<\/strong><\/p>\n<p>Die Amtsperiode des Schulvorstandes dauert f\u00fcr die Elternvertreter\/innen und Lehrer\/innen zwei Jahre.<\/p>\n<hr \/>\n<p><img decoding=\"async\" class=\"aligncenter\" src=\"http:\/\/wordpress.nibis.de\/gsilten\/files\/2017\/06\/Elternarbeit-in-Gremien.jpg\" alt=\"Elternarbeit in Gremien\" \/><\/p>\n","protected":false},"excerpt":{"rendered":"<p>Klassenelternvertreter Aufgaben der Klassenelternvertreter\/innen: Klassenelternvertreter\/innen vertreten die Interessen der Klassenelternschaft gegen\u00fcber den Lehrer\/inne\/n \/ Betreuungskr\u00e4ften sowie auch als automatische Mitglieder des Schulelternrates gegen\u00fcber der Schule. Elternvertreter\/innen organisieren und leiten die Elternabende ihrer Klasse. Vorgeschrieben sind mindestens zwei Elternabende pro Schuljahr. &hellip; <a href=\"https:\/\/wordpress.nibis.de\/gsilten\/ueber-uns\/elternarbeit-in-gremien\/\">Weiterlesen <span class=\"meta-nav\">&rarr;<\/span><\/a><\/p>\n","protected":false},"author":1293,"featured_media":0,"parent":27,"menu_order":0,"comment_status":"closed","ping_status":"closed","template":"","meta":{"footnotes":""},"class_list":["post-287","page","type-page","status-publish","hentry"],"_links":{"self":[{"href":"https:\/\/wordpress.nibis.de\/gsilten\/wp-json\/wp\/v2\/pages\/287","targetHints":{"allow":["GET"]}}],"collection":[{"href":"https:\/\/wordpress.nibis.de\/gsilten\/wp-json\/wp\/v2\/pages"}],"about":[{"href":"https:\/\/wordpress.nibis.de\/gsilten\/wp-json\/wp\/v2\/types\/page"}],"author":[{"embeddable":true,"href":"https:\/\/wordpress.nibis.de\/gsilten\/wp-json\/wp\/v2\/users\/1293"}],"replies":[{"embeddable":true,"href":"https:\/\/wordpress.nibis.de\/gsilten\/wp-json\/wp\/v2\/comments?post=287"}],"version-history":[{"count":11,"href":"https:\/\/wordpress.nibis.de\/gsilten\/wp-json\/wp\/v2\/pages\/287\/revisions"}],"predecessor-version":[{"id":1849,"href":"https:\/\/wordpress.nibis.de\/gsilten\/wp-json\/wp\/v2\/pages\/287\/revisions\/1849"}],"up":[{"embeddable":true,"href":"https:\/\/wordpress.nibis.de\/gsilten\/wp-json\/wp\/v2\/pages\/27"}],"wp:attachment":[{"href":"https:\/\/wordpress.nibis.de\/gsilten\/wp-json\/wp\/v2\/media?parent=287"}],"curies":[{"name":"wp","href":"https:\/\/api.w.org\/{rel}","templated":true}]}}