{"id":377,"date":"2015-07-05T18:47:17","date_gmt":"2015-07-05T16:47:17","guid":{"rendered":"http:\/\/wordpress.nibis.de\/gskleebl\/?page_id=377"},"modified":"2026-01-12T11:15:11","modified_gmt":"2026-01-12T10:15:11","slug":"kontaktdaten-des-foerdervereins","status":"publish","type":"page","link":"https:\/\/wordpress.nibis.de\/gskleebl\/kontaktdaten-des-foerdervereins\/","title":{"rendered":"Kontaktdaten des F\u00f6rdervereins"},"content":{"rendered":"<pre><span style=\"font-family: arial,helvetica,sans-serif;font-size: 12pt\"><strong><span style=\"color: #000000\">Vorstand des F\u00f6rdervereins:<\/span>\r\n\r\n<span style=\"color: #000000\">1. Vorsitzende                                  \r\n<\/span><\/strong>Katja Utschig                                          <img loading=\"lazy\" decoding=\"async\" class=\"alignright\" src=\"https:\/\/wordpress.nibis.de\/gskleebl\/files\/2026\/01\/PHOTO-2025-12-11-15-45-25.jpg\" alt=\"\" width=\"298\" height=\"223\" \/>\r\nEilensen\r\n<span style=\"text-decoration: underline;color: #0000ff\">&#x6b;&#x61;&#116;&#106;a&#x2e;&#x75;&#x74;&#115;&#99;h&#x69;&#x67;&#x40;&#116;&#45;o&#x6e;&#x6c;&#x69;&#110;&#101;&#46;&#x64;&#x65;<\/span>\r\n<strong>\r\n<span style=\"color: #000000\">2. Vorsitzende<\/span>\r\n<\/strong>Dillan \u00d6zkan\r\nMarkoldendorf\r\n<span style=\"text-decoration: underline;color: #0000ff\">&#x64;&#105;&#x6c;&#x6c;o&#x65;&#122;&#64;&#x6f;&#117;t&#x6c;&#111;&#x6f;&#x6b;&#46;&#x64;&#101;<\/span><strong>\r\n\r\n<span style=\"color: #000000\">Schatzmeister<\/span><\/strong>Wolfgang Reier\r\nMarkoldendorf\r\n<a href=\"m&#97;&#x69;&#x6c;t&#111;&#58;&#x77;&#x2d;r&#101;&#105;&#x65;&#x72;&#64;&#116;&#x2d;&#x6f;&#x6e;l&#105;&#x6e;&#x65;&#46;&#100;&#101;\">&#x77;-&#x72;&#101;i&#x65;&#114;&#x40;&#x74;-&#x6f;&#110;l&#x69;&#110;&#x65;&#46;d&#x65;<\/a><strong>\r\n\r\n<span style=\"color: #000000\">Schriftf\u00fchrerin<\/span>\r\n<\/strong>Sarah Coenen\r\nMarkoldendorf\r\n\r\n<\/span><\/pre>\n<pre style=\"text-align: justify\"><span style=\"font-size: 12pt\"><strong><span style=\"font-family: verdana, geneva, sans-serif\"><span style=\"color: #000000;font-family: arial,helvetica,sans-serif\">Beisitzer\/innen: <\/span>\r\n<\/span><\/strong><span style=\"font-family: verdana, geneva, sans-serif\"><span style=\"font-family: arial,helvetica,sans-serif\">Vanessa Sch\u00e4uble-M\u00fcnch\r\nMarkoldendorf\r\n\r\nJessica M\u00fcller\r\nMarkoldendorf\r\n<\/span><\/span>\r\n<\/span><\/pre>\n<pre><span style=\"font-family: arial,helvetica,sans-serif;font-size: 12pt\"><strong><span style=\"color: #000000\">Kassenpr\u00fcfer\/innen:<\/span>\r\n<\/strong>Yvonne Mathe\r\nMarkoldendorf\r\n\r\nEric Kirmse\r\nMarkoldendorf<\/span><\/pre>\n<pre><span style=\"font-family: arial,helvetica,sans-serif\"><span style=\"color: #000000\"><img loading=\"lazy\" decoding=\"async\" class=\"wp-image-2473 alignleft\" src=\"http:\/\/wordpress.nibis.de\/gskleebl\/files\/2018\/11\/Logo-300x143.jpg\" alt=\"\" width=\"134\" height=\"64\" \/><strong><span style=\"font-family: Arial\">\r\n\r\n\r\n\r\n<span style=\"color: #000000;font-family: arial,helvetica,sans-serif;font-size: 12pt\">Anschrift:<\/span><\/span> \r\n<\/strong><\/span><span style=\"font-size: 12pt\">F\u00f6rderverein der Kleeblattgrundschule Markoldendorf e.V.\r\nWellerser Strasse 18\r\n37586 Dassel - Markoldendorf\r\n\r\n<strong>Kontoverbindung:<\/strong>\r\nVolksbank Seesen eG\r\nIBAN DE74 2789 3760 0060 1616 00\r\n<\/span><\/span><\/pre>\n","protected":false},"excerpt":{"rendered":"<p>Vorstand des F\u00f6rdervereins: 1. Vorsitzende Katja Utschig Eilensen &#107;&#x61;&#x74;j&#97;&#x2e;u&#116;&#x73;c&#104;&#x69;g&#64;&#x74;&#x2d;&#111;&#x6e;&#x6c;i&#110;&#x65;&#46;&#100;&#x65; 2. Vorsitzende Dillan \u00d6zkan Markoldendorf &#100;&#x69;l&#108;&#x6f;&#101;&#x7a;&#64;&#111;&#x75;t&#x6c;&#x6f;&#111;&#x6b;&#46;&#100;&#x65; SchatzmeisterWolfgang Reier Markoldendorf &#119;&#x2d;&#x72;e&#105;&#x65;r&#64;&#x74;&#x2d;o&#110;&#x6c;i&#110;&#x65;&#x2e;d&#101; Schriftf\u00fchrerin Sarah Coenen Markoldendorf Beisitzer\/innen: Vanessa Sch\u00e4uble-M\u00fcnch Markoldendorf Jessica M\u00fcller Markoldendorf Kassenpr\u00fcfer\/innen: Yvonne Mathe Markoldendorf Eric Kirmse Markoldendorf Anschrift: F\u00f6rderverein der &hellip; <a href=\"https:\/\/wordpress.nibis.de\/gskleebl\/kontaktdaten-des-foerdervereins\/\">Weiterlesen <span class=\"meta-nav\">&rarr;<\/span><\/a><\/p>\n","protected":false},"author":722,"featured_media":0,"parent":0,"menu_order":0,"comment_status":"closed","ping_status":"closed","template":"","meta":{"footnotes":""},"class_list":["post-377","page","type-page","status-publish","hentry"],"_links":{"self":[{"href":"https:\/\/wordpress.nibis.de\/gskleebl\/wp-json\/wp\/v2\/pages\/377","targetHints":{"allow":["GET"]}}],"collection":[{"href":"https:\/\/wordpress.nibis.de\/gskleebl\/wp-json\/wp\/v2\/pages"}],"about":[{"href":"https:\/\/wordpress.nibis.de\/gskleebl\/wp-json\/wp\/v2\/types\/page"}],"author":[{"embeddable":true,"href":"https:\/\/wordpress.nibis.de\/gskleebl\/wp-json\/wp\/v2\/users\/722"}],"replies":[{"embeddable":true,"href":"https:\/\/wordpress.nibis.de\/gskleebl\/wp-json\/wp\/v2\/comments?post=377"}],"version-history":[{"count":46,"href":"https:\/\/wordpress.nibis.de\/gskleebl\/wp-json\/wp\/v2\/pages\/377\/revisions"}],"predecessor-version":[{"id":4883,"href":"https:\/\/wordpress.nibis.de\/gskleebl\/wp-json\/wp\/v2\/pages\/377\/revisions\/4883"}],"wp:attachment":[{"href":"https:\/\/wordpress.nibis.de\/gskleebl\/wp-json\/wp\/v2\/media?parent=377"}],"curies":[{"name":"wp","href":"https:\/\/api.w.org\/{rel}","templated":true}]}}