{"id":184,"date":"2024-08-19T17:11:23","date_gmt":"2024-08-19T15:11:23","guid":{"rendered":"https:\/\/wordpress.nibis.de\/gslehrte\/?page_id=184"},"modified":"2024-09-03T17:33:07","modified_gmt":"2024-09-03T15:33:07","slug":"ueber-uns-2","status":"publish","type":"page","link":"https:\/\/wordpress.nibis.de\/gslehrte\/ueber-uns-2\/","title":{"rendered":"\u00dcber uns"},"content":{"rendered":"\n<h1 class=\"wp-block-heading\">Gemeinsam unterst\u00fctzen \u2013 Zukunft gestalten&nbsp;<\/h1>\n\n\n\n<p>Wir sind der F\u00f6rderverein der Kindertagesst\u00e4tte und Grundschule in Lehrte<\/p>\n\n\n\n<p><strong>F\u00f6rDe Kinner e.V.<\/strong><\/p>\n\n\n\n<p class=\"has-text-align-left\">Der F\u00f6rderverein ist mit dem Ziel gegr\u00fcndet worden, die Kindertagesst\u00e4tte Kunterbunt                         sowie die Grundschule in Lehrte finanziell zu unterst\u00fctzen.<br>Wir m\u00f6chten dort aushelfen, wo Gelder der Tr\u00e4ger oder anderer \u00f6ffentlicher Institutionen nicht oder in nicht ausreichendem Ma\u00dfe verf\u00fcgbar sind, um Anliegen der Einrichtungen zu verwirklichen. <\/p>\n\n\n\n<figure class=\"wp-block-image size-large is-style-tw-frame\"><img loading=\"lazy\" decoding=\"async\" width=\"1024\" height=\"745\" src=\"https:\/\/wordpress.nibis.de\/gslehrte\/files\/2024\/08\/20231117_221027-1024x745.jpg\" alt=\"\" class=\"wp-image-195\" srcset=\"https:\/\/wordpress.nibis.de\/gslehrte\/files\/2024\/08\/20231117_221027-1024x745.jpg 1024w, https:\/\/wordpress.nibis.de\/gslehrte\/files\/2024\/08\/20231117_221027-300x218.jpg 300w, https:\/\/wordpress.nibis.de\/gslehrte\/files\/2024\/08\/20231117_221027-768x559.jpg 768w, https:\/\/wordpress.nibis.de\/gslehrte\/files\/2024\/08\/20231117_221027-1536x1118.jpg 1536w, https:\/\/wordpress.nibis.de\/gslehrte\/files\/2024\/08\/20231117_221027-2048x1490.jpg 2048w\" sizes=\"auto, (max-width: 1024px) 100vw, 1024px\" \/><\/figure>\n\n\n\n<p><strong>Aktueller Vorstand<\/strong><\/p>\n\n\n\n<p>v.l. Bernd Firlus, Bj\u00f6rn Bergmann, Melanie Altmeppen, Annika Prins, Anne Prins, Thomas Menke, Anke Redeker, Marion Prins, Tobias Bekel<\/p>\n\n\n\n<p><\/p>\n\n\n\n<p><strong>Unser Flyer:<\/strong><\/p>\n\n\n\n<figure class=\"wp-block-image size-large\"><img loading=\"lazy\" decoding=\"async\" width=\"1024\" height=\"721\" src=\"https:\/\/wordpress.nibis.de\/gslehrte\/files\/2024\/08\/Flyer-Foerderverein-1-1024x721.png\" alt=\"\" class=\"wp-image-246\" srcset=\"https:\/\/wordpress.nibis.de\/gslehrte\/files\/2024\/08\/Flyer-Foerderverein-1-1024x721.png 1024w, https:\/\/wordpress.nibis.de\/gslehrte\/files\/2024\/08\/Flyer-Foerderverein-1-300x211.png 300w, https:\/\/wordpress.nibis.de\/gslehrte\/files\/2024\/08\/Flyer-Foerderverein-1-768x541.png 768w, https:\/\/wordpress.nibis.de\/gslehrte\/files\/2024\/08\/Flyer-Foerderverein-1.png 1221w\" sizes=\"auto, (max-width: 1024px) 100vw, 1024px\" \/><\/figure>\n\n\n\n<figure class=\"wp-block-image size-large\"><img loading=\"lazy\" decoding=\"async\" width=\"1024\" height=\"719\" src=\"https:\/\/wordpress.nibis.de\/gslehrte\/files\/2024\/08\/Flyer2-1024x719.png\" alt=\"\" class=\"wp-image-247\" srcset=\"https:\/\/wordpress.nibis.de\/gslehrte\/files\/2024\/08\/Flyer2-1024x719.png 1024w, https:\/\/wordpress.nibis.de\/gslehrte\/files\/2024\/08\/Flyer2-300x211.png 300w, https:\/\/wordpress.nibis.de\/gslehrte\/files\/2024\/08\/Flyer2-768x539.png 768w, https:\/\/wordpress.nibis.de\/gslehrte\/files\/2024\/08\/Flyer2.png 1220w\" sizes=\"auto, (max-width: 1024px) 100vw, 1024px\" \/><\/figure>\n\n\n\n<p><a href=\"https:\/\/wordpress.nibis.de\/gslehrte\/foerderverein\/\" data-type=\"page\" data-id=\"180\">zur\u00fcck<\/a><\/p>\n","protected":false},"excerpt":{"rendered":"<p>Gemeinsam unterst\u00fctzen \u2013 Zukunft gestalten&nbsp; Wir sind der F\u00f6rderverein der Kindertagesst\u00e4tte und Grundschule in Lehrte F\u00f6rDe Kinner e.V. Der F\u00f6rderverein ist mit dem Ziel gegr\u00fcndet worden, die Kindertagesst\u00e4tte Kunterbunt sowie die Grundschule in Lehrte finanziell zu unterst\u00fctzen.Wir m\u00f6chten dort aushelfen, wo Gelder der Tr\u00e4ger oder anderer \u00f6ffentlicher Institutionen nicht oder in nicht ausreichendem Ma\u00dfe verf\u00fcgbar [&hellip;]<\/p>\n","protected":false},"author":9194368,"featured_media":0,"parent":0,"menu_order":0,"comment_status":"closed","ping_status":"closed","template":"","meta":{"footnotes":""},"class_list":["post-184","page","type-page","status-publish","hentry"],"_links":{"self":[{"href":"https:\/\/wordpress.nibis.de\/gslehrte\/wp-json\/wp\/v2\/pages\/184","targetHints":{"allow":["GET"]}}],"collection":[{"href":"https:\/\/wordpress.nibis.de\/gslehrte\/wp-json\/wp\/v2\/pages"}],"about":[{"href":"https:\/\/wordpress.nibis.de\/gslehrte\/wp-json\/wp\/v2\/types\/page"}],"author":[{"embeddable":true,"href":"https:\/\/wordpress.nibis.de\/gslehrte\/wp-json\/wp\/v2\/users\/9194368"}],"replies":[{"embeddable":true,"href":"https:\/\/wordpress.nibis.de\/gslehrte\/wp-json\/wp\/v2\/comments?post=184"}],"version-history":[{"count":8,"href":"https:\/\/wordpress.nibis.de\/gslehrte\/wp-json\/wp\/v2\/pages\/184\/revisions"}],"predecessor-version":[{"id":380,"href":"https:\/\/wordpress.nibis.de\/gslehrte\/wp-json\/wp\/v2\/pages\/184\/revisions\/380"}],"wp:attachment":[{"href":"https:\/\/wordpress.nibis.de\/gslehrte\/wp-json\/wp\/v2\/media?parent=184"}],"curies":[{"name":"wp","href":"https:\/\/api.w.org\/{rel}","templated":true}]}}