{"id":2,"date":"2024-03-11T13:43:35","date_gmt":"2024-03-11T12:43:35","guid":{"rendered":"https:\/\/wordpress.nibis.de\/gslehrte\/?page_id=2"},"modified":"2026-04-15T08:35:45","modified_gmt":"2026-04-15T06:35:45","slug":"beispiel-seite","status":"publish","type":"page","link":"https:\/\/wordpress.nibis.de\/gslehrte\/beispiel-seite\/","title":{"rendered":"Aktuelles"},"content":{"rendered":"\n<p class=\"has-text-align-center\">*******************************************************<\/p>\n\n\n<div class=\"wp-block-image is-style-tw-rounded-corners\">\n<figure class=\"aligncenter size-full is-resized\"><img loading=\"lazy\" decoding=\"async\" width=\"445\" height=\"668\" src=\"https:\/\/wordpress.nibis.de\/gslehrte\/files\/2026\/04\/Social-Media-Warnung-KI-Bild.png\" alt=\"\" class=\"wp-image-949\" style=\"width:281px;height:auto\" srcset=\"https:\/\/wordpress.nibis.de\/gslehrte\/files\/2026\/04\/Social-Media-Warnung-KI-Bild.png 445w, https:\/\/wordpress.nibis.de\/gslehrte\/files\/2026\/04\/Social-Media-Warnung-KI-Bild-200x300.png 200w, https:\/\/wordpress.nibis.de\/gslehrte\/files\/2026\/04\/Social-Media-Warnung-KI-Bild-100x150.png 100w\" sizes=\"auto, (max-width: 445px) 100vw, 445px\" \/><\/figure>\n<\/div>\n\n\n<p class=\"has-text-align-center has-small-font-size\">(Bildquelle: KI-generiert)<\/p>\n\n\n\n<p class=\"has-text-align-center\" style=\"font-size:30px\"><strong>Medienp\u00e4dagogik mit der Polizei Meppen<\/strong><\/p>\n\n\n\n<p>Im April durften wir Herrn Bruns von der Polizei in Meppen in der Klasse 3\/4 begr\u00fc\u00dfen. Im Rahmen der Medienp\u00e4dagogik dreht sich zwei Schulstunden alles um den richtigen Umgang im Internet. Herr Bruns kam mit den Sch\u00fclerinnen und Sch\u00fcler zu den Themen Chats, Fotos, Urheberrechte und Pers\u00f6nlichkeitsrechte, Cybermobbing und Kontakt zu Fremden ins Gespr\u00e4ch, beantwortete die Fragen der Kinder und erkl\u00e4rte, worauf man besonders achten sollte.<\/p>\n\n\n\n<p>Wir bedanken uns ganz herzlich bei Herrn Bruns!<\/p>\n\n\n\n<p class=\"has-text-align-center\">*******************************************************<\/p>\n\n\n<div class=\"wp-block-image is-style-tw-hard-shadow\">\n<figure class=\"aligncenter size-full is-resized\"><img loading=\"lazy\" decoding=\"async\" width=\"717\" height=\"592\" src=\"https:\/\/wordpress.nibis.de\/gslehrte\/files\/2026\/04\/Logo-Foerderverein-.png\" alt=\"\" class=\"wp-image-939\" style=\"width:434px;height:auto\" srcset=\"https:\/\/wordpress.nibis.de\/gslehrte\/files\/2026\/04\/Logo-Foerderverein-.png 717w, https:\/\/wordpress.nibis.de\/gslehrte\/files\/2026\/04\/Logo-Foerderverein--300x248.png 300w, https:\/\/wordpress.nibis.de\/gslehrte\/files\/2026\/04\/Logo-Foerderverein--100x83.png 100w\" sizes=\"auto, (max-width: 717px) 100vw, 717px\" \/><\/figure>\n<\/div>\n\n\n<p class=\"has-dark-gray-color has-text-color has-link-color wp-elements-820d0d81a870bab7c43496dbfca7d104\">Der <strong>F\u00f6rderverein<\/strong> \u00fcberreichte uns bereits Ende des vergangenen Jahres einen kompletten <strong>Klassensatz des Kinderbuches \u201eKommissar Kugelblitz als Weihnachtsmann\u201c<\/strong>. Der spannende Ratekrimi der Autorin Ursel Scheffler wurde im Deutschunterricht der Klassen 3 und 4 behandelt, zus\u00e4tzlich f\u00fchrten die Sch\u00fclerinnen und Sch\u00fcler ein Lesetagebuch dazu. Insgesamt hatten die Kinder gro\u00dfe Freude beim Raten und Ermitteln.<strong> Ein herzliches Dankesch\u00f6n f\u00fcr die Finanzierung der Lekt\u00fcre an unseren F\u00f6rderverein!<\/strong><\/p>\n\n\n\n<p class=\"has-text-align-center\">*******************************************************<\/p>\n\n\n\n<p class=\"has-text-align-center has-white-color has-cool-to-warm-spectrum-gradient-background has-text-color has-background has-link-color wp-elements-0cbe10c1a0e11d7ff27cc7b97002dd10\" style=\"font-size:34px\"><em><strong>ROSENMONTAG<\/strong><\/em><\/p>\n\n\n\n<figure class=\"wp-block-image size-large is-style-tw-hard-shadow\"><img loading=\"lazy\" decoding=\"async\" width=\"1024\" height=\"768\" src=\"https:\/\/wordpress.nibis.de\/gslehrte\/files\/2026\/02\/Karneval343-1024x768.jpeg\" alt=\"\" class=\"wp-image-903\" srcset=\"https:\/\/wordpress.nibis.de\/gslehrte\/files\/2026\/02\/Karneval343-1024x768.jpeg 1024w, https:\/\/wordpress.nibis.de\/gslehrte\/files\/2026\/02\/Karneval343-300x225.jpeg 300w, https:\/\/wordpress.nibis.de\/gslehrte\/files\/2026\/02\/Karneval343-768x576.jpeg 768w, https:\/\/wordpress.nibis.de\/gslehrte\/files\/2026\/02\/Karneval343-100x75.jpeg 100w, https:\/\/wordpress.nibis.de\/gslehrte\/files\/2026\/02\/Karneval343.jpeg 1280w\" sizes=\"auto, (max-width: 1024px) 100vw, 1024px\" \/><\/figure>\n\n\n\n<figure class=\"wp-block-image size-large is-style-tw-hard-shadow\"><img loading=\"lazy\" decoding=\"async\" width=\"1024\" height=\"768\" src=\"https:\/\/wordpress.nibis.de\/gslehrte\/files\/2026\/02\/Karneval342-1024x768.jpeg\" alt=\"\" class=\"wp-image-904\" srcset=\"https:\/\/wordpress.nibis.de\/gslehrte\/files\/2026\/02\/Karneval342-1024x768.jpeg 1024w, https:\/\/wordpress.nibis.de\/gslehrte\/files\/2026\/02\/Karneval342-300x225.jpeg 300w, https:\/\/wordpress.nibis.de\/gslehrte\/files\/2026\/02\/Karneval342-768x576.jpeg 768w, https:\/\/wordpress.nibis.de\/gslehrte\/files\/2026\/02\/Karneval342-100x75.jpeg 100w, https:\/\/wordpress.nibis.de\/gslehrte\/files\/2026\/02\/Karneval342.jpeg 1280w\" sizes=\"auto, (max-width: 1024px) 100vw, 1024px\" \/><\/figure>\n\n\n\n<p class=\"has-text-align-center has-white-color has-cool-to-warm-spectrum-gradient-background has-text-color has-background has-link-color wp-elements-58239c56b364184bee1d7f1f3b5230c6\" style=\"font-size:30px\"><em>&#8222;&#8230;wir hatten oben gute Laune, vorne gute Laune, hinten gute Laune&#8230;gute Laune einfach \u00fcberall!&#8220;<\/em><\/p>\n\n\n\n<figure class=\"wp-block-image size-large is-style-tw-hard-shadow\"><img loading=\"lazy\" decoding=\"async\" width=\"768\" height=\"1024\" src=\"https:\/\/wordpress.nibis.de\/gslehrte\/files\/2026\/02\/Karneval21-768x1024.jpeg\" alt=\"\" class=\"wp-image-905\" srcset=\"https:\/\/wordpress.nibis.de\/gslehrte\/files\/2026\/02\/Karneval21-768x1024.jpeg 768w, https:\/\/wordpress.nibis.de\/gslehrte\/files\/2026\/02\/Karneval21-225x300.jpeg 225w, https:\/\/wordpress.nibis.de\/gslehrte\/files\/2026\/02\/Karneval21-100x133.jpeg 100w, https:\/\/wordpress.nibis.de\/gslehrte\/files\/2026\/02\/Karneval21-1152x1536.jpeg 1152w, https:\/\/wordpress.nibis.de\/gslehrte\/files\/2026\/02\/Karneval21-rotated.jpeg 1512w\" sizes=\"auto, (max-width: 768px) 100vw, 768px\" \/><\/figure>\n\n\n\n<figure class=\"wp-block-image size-large is-style-tw-hard-shadow\"><img loading=\"lazy\" decoding=\"async\" width=\"1024\" height=\"768\" src=\"https:\/\/wordpress.nibis.de\/gslehrte\/files\/2026\/02\/Karneval22-1024x768.jpeg\" alt=\"\" class=\"wp-image-906\" srcset=\"https:\/\/wordpress.nibis.de\/gslehrte\/files\/2026\/02\/Karneval22-1024x768.jpeg 1024w, https:\/\/wordpress.nibis.de\/gslehrte\/files\/2026\/02\/Karneval22-300x225.jpeg 300w, https:\/\/wordpress.nibis.de\/gslehrte\/files\/2026\/02\/Karneval22-768x576.jpeg 768w, https:\/\/wordpress.nibis.de\/gslehrte\/files\/2026\/02\/Karneval22-100x75.jpeg 100w, https:\/\/wordpress.nibis.de\/gslehrte\/files\/2026\/02\/Karneval22-1536x1152.jpeg 1536w, https:\/\/wordpress.nibis.de\/gslehrte\/files\/2026\/02\/Karneval22.jpeg 2016w\" sizes=\"auto, (max-width: 1024px) 100vw, 1024px\" \/><\/figure>\n\n\n\n<p class=\"has-text-align-center has-white-color has-cool-to-warm-spectrum-gradient-background has-text-color has-background has-link-color wp-elements-46dda1b795817f2dfad89fcaf70c9c21\" style=\"font-size:34px\"><strong>KARNEVAL<\/strong><\/p>\n\n\n\n<figure class=\"wp-block-image size-large is-style-tw-hard-shadow\"><img loading=\"lazy\" decoding=\"async\" width=\"1024\" height=\"768\" src=\"https:\/\/wordpress.nibis.de\/gslehrte\/files\/2026\/03\/IMG_1811neu-1024x768.jpg\" alt=\"\" class=\"wp-image-919\" srcset=\"https:\/\/wordpress.nibis.de\/gslehrte\/files\/2026\/03\/IMG_1811neu-1024x768.jpg 1024w, https:\/\/wordpress.nibis.de\/gslehrte\/files\/2026\/03\/IMG_1811neu-300x225.jpg 300w, https:\/\/wordpress.nibis.de\/gslehrte\/files\/2026\/03\/IMG_1811neu-768x576.jpg 768w, https:\/\/wordpress.nibis.de\/gslehrte\/files\/2026\/03\/IMG_1811neu-100x75.jpg 100w, https:\/\/wordpress.nibis.de\/gslehrte\/files\/2026\/03\/IMG_1811neu-1536x1152.jpg 1536w, https:\/\/wordpress.nibis.de\/gslehrte\/files\/2026\/03\/IMG_1811neu-2048x1536.jpg 2048w\" sizes=\"auto, (max-width: 1024px) 100vw, 1024px\" \/><\/figure>\n\n\n\n<figure class=\"wp-block-image size-large is-style-tw-hard-shadow\"><img loading=\"lazy\" decoding=\"async\" width=\"1024\" height=\"768\" src=\"https:\/\/wordpress.nibis.de\/gslehrte\/files\/2026\/02\/IMG_1822-1024x768.jpeg\" alt=\"\" class=\"wp-image-913\" srcset=\"https:\/\/wordpress.nibis.de\/gslehrte\/files\/2026\/02\/IMG_1822-1024x768.jpeg 1024w, https:\/\/wordpress.nibis.de\/gslehrte\/files\/2026\/02\/IMG_1822-300x225.jpeg 300w, https:\/\/wordpress.nibis.de\/gslehrte\/files\/2026\/02\/IMG_1822-768x576.jpeg 768w, https:\/\/wordpress.nibis.de\/gslehrte\/files\/2026\/02\/IMG_1822-100x75.jpeg 100w, https:\/\/wordpress.nibis.de\/gslehrte\/files\/2026\/02\/IMG_1822-1536x1152.jpeg 1536w, https:\/\/wordpress.nibis.de\/gslehrte\/files\/2026\/02\/IMG_1822-2048x1536.jpeg 2048w\" sizes=\"auto, (max-width: 1024px) 100vw, 1024px\" \/><\/figure>\n\n\n\n<figure class=\"wp-block-image size-large is-style-tw-hard-shadow\"><img loading=\"lazy\" decoding=\"async\" width=\"1024\" height=\"768\" src=\"https:\/\/wordpress.nibis.de\/gslehrte\/files\/2026\/02\/IMG_1824-1024x768.jpeg\" alt=\"\" class=\"wp-image-914\" srcset=\"https:\/\/wordpress.nibis.de\/gslehrte\/files\/2026\/02\/IMG_1824-1024x768.jpeg 1024w, https:\/\/wordpress.nibis.de\/gslehrte\/files\/2026\/02\/IMG_1824-300x225.jpeg 300w, https:\/\/wordpress.nibis.de\/gslehrte\/files\/2026\/02\/IMG_1824-768x576.jpeg 768w, https:\/\/wordpress.nibis.de\/gslehrte\/files\/2026\/02\/IMG_1824-100x75.jpeg 100w, https:\/\/wordpress.nibis.de\/gslehrte\/files\/2026\/02\/IMG_1824-1536x1152.jpeg 1536w, https:\/\/wordpress.nibis.de\/gslehrte\/files\/2026\/02\/IMG_1824-2048x1536.jpeg 2048w\" sizes=\"auto, (max-width: 1024px) 100vw, 1024px\" \/><\/figure>\n\n\n\n<p class=\"has-text-align-center has-extra-large-font-size\"><strong>***************************2026*****************************<\/strong><\/p>\n\n\n\n<p class=\"has-text-align-center has-extra-large-font-size\"><strong>***************************2025*****************************<\/strong><\/p>\n\n\n\n<p class=\"has-text-align-center has-text-color has-link-color wp-elements-6e034e325b9abdae9842e8e1beb85596\" style=\"color:#dd0404;font-size:39px;font-style:italic;font-weight:800\"><strong>Nikolaus 6.12.2025<\/strong><\/p>\n\n\n\n<p>Auch in diesem Jahr nahm die Grundschule Lehrte wieder an der Nikolaus-Feier im Dorf teil. Zun\u00e4chst ging es nach dem Eintreffen des Nikolaus und Knecht Ruprecht, die mit einem festlich geschm\u00fcckten Trecker ankamen, in einem Laternengang um die Dorfmitte. Die Feuerwehr Hasel\u00fcnne sicherte den Gang ab und das Lehrter Blasorchester sorgte f\u00fcr die musikalische Gestaltung. Danach ging es zum ersten Mal in die Kirche, wo das Programm f\u00fcr den Nikolaus und die G\u00e4ste vorgetragen wurde. Der Kindergarten Lehrte begeisterte mit einem Glockenlied, die Klasse 1 \u00fcberbrachte ein Gedicht, die Klasse 2 f\u00fchrte einen Sketch auf und die Klasse 3\/4 sorgte mit einem Lied und einem kurzen Theaterst\u00fcck f\u00fcr Begeisterung. Am Ende gab es f\u00fcr alle eine Nikolaust\u00fcte.<\/p>\n\n\n\n<p>Vielen Dank an die Kirchengemeinde, an die Feuerwehr Hasel\u00fcnne, an das Lehrter Blasorchester, an die Elternvertretungen und nat\u00fcrlich den Nikolaus und Knecht Ruprecht f\u00fcr diesen tollen Tag.<\/p>\n\n\n\n<figure class=\"wp-block-image size-full is-style-tw-hard-shadow\"><img loading=\"lazy\" decoding=\"async\" width=\"904\" height=\"536\" src=\"https:\/\/wordpress.nibis.de\/gslehrte\/files\/2025\/12\/Nikolaus-4-25.png\" alt=\"\" class=\"wp-image-858\" srcset=\"https:\/\/wordpress.nibis.de\/gslehrte\/files\/2025\/12\/Nikolaus-4-25.png 904w, https:\/\/wordpress.nibis.de\/gslehrte\/files\/2025\/12\/Nikolaus-4-25-300x178.png 300w, https:\/\/wordpress.nibis.de\/gslehrte\/files\/2025\/12\/Nikolaus-4-25-768x455.png 768w, https:\/\/wordpress.nibis.de\/gslehrte\/files\/2025\/12\/Nikolaus-4-25-100x59.png 100w\" sizes=\"auto, (max-width: 904px) 100vw, 904px\" \/><\/figure>\n\n\n\n<figure class=\"wp-block-image size-large is-style-tw-hard-shadow\"><img loading=\"lazy\" decoding=\"async\" width=\"1024\" height=\"395\" src=\"https:\/\/wordpress.nibis.de\/gslehrte\/files\/2025\/12\/Nikolaus-3-4-25-1024x395.png\" alt=\"\" class=\"wp-image-857\" srcset=\"https:\/\/wordpress.nibis.de\/gslehrte\/files\/2025\/12\/Nikolaus-3-4-25-1024x395.png 1024w, https:\/\/wordpress.nibis.de\/gslehrte\/files\/2025\/12\/Nikolaus-3-4-25-300x116.png 300w, https:\/\/wordpress.nibis.de\/gslehrte\/files\/2025\/12\/Nikolaus-3-4-25-768x296.png 768w, https:\/\/wordpress.nibis.de\/gslehrte\/files\/2025\/12\/Nikolaus-3-4-25-100x39.png 100w, https:\/\/wordpress.nibis.de\/gslehrte\/files\/2025\/12\/Nikolaus-3-4-25.png 1250w\" sizes=\"auto, (max-width: 1024px) 100vw, 1024px\" \/><\/figure>\n\n\n\n<figure class=\"wp-block-image size-large is-style-tw-hard-shadow\"><img loading=\"lazy\" decoding=\"async\" width=\"1024\" height=\"444\" src=\"https:\/\/wordpress.nibis.de\/gslehrte\/files\/2025\/12\/Nikolaus2-25-1024x444.png\" alt=\"\" class=\"wp-image-856\" srcset=\"https:\/\/wordpress.nibis.de\/gslehrte\/files\/2025\/12\/Nikolaus2-25-1024x444.png 1024w, https:\/\/wordpress.nibis.de\/gslehrte\/files\/2025\/12\/Nikolaus2-25-300x130.png 300w, https:\/\/wordpress.nibis.de\/gslehrte\/files\/2025\/12\/Nikolaus2-25-768x333.png 768w, https:\/\/wordpress.nibis.de\/gslehrte\/files\/2025\/12\/Nikolaus2-25-100x43.png 100w, https:\/\/wordpress.nibis.de\/gslehrte\/files\/2025\/12\/Nikolaus2-25.png 1057w\" sizes=\"auto, (max-width: 1024px) 100vw, 1024px\" \/><\/figure>\n\n\n\n<figure class=\"wp-block-image size-large is-style-tw-hard-shadow\"><img loading=\"lazy\" decoding=\"async\" width=\"1024\" height=\"328\" src=\"https:\/\/wordpress.nibis.de\/gslehrte\/files\/2025\/12\/Nikolaus-1-25-1024x328.png\" alt=\"\" class=\"wp-image-854\" srcset=\"https:\/\/wordpress.nibis.de\/gslehrte\/files\/2025\/12\/Nikolaus-1-25-1024x328.png 1024w, https:\/\/wordpress.nibis.de\/gslehrte\/files\/2025\/12\/Nikolaus-1-25-300x96.png 300w, https:\/\/wordpress.nibis.de\/gslehrte\/files\/2025\/12\/Nikolaus-1-25-768x246.png 768w, https:\/\/wordpress.nibis.de\/gslehrte\/files\/2025\/12\/Nikolaus-1-25-100x32.png 100w, https:\/\/wordpress.nibis.de\/gslehrte\/files\/2025\/12\/Nikolaus-1-25.png 1113w\" sizes=\"auto, (max-width: 1024px) 100vw, 1024px\" \/><\/figure>\n\n\n\n<p class=\"has-text-align-center\">*******************************************************<\/p>\n\n\n\n<p class=\"has-text-align-center has-text-color has-link-color has-large-font-size wp-elements-9e584a6df2ef090ce1c0bbe2088f2925\" style=\"color:#f29225\"><strong>Besuch Autorenlesung im Hasetorkino<\/strong><\/p>\n\n\n\n<p>Am Donnerstag, den 06. November 2025, besuchte unser 3. Jahrgang eine Autorenlesung im Hasetorkino. Der Kinderbuchautor Sven Gerhardt stellte uns einzelne Passagen des ersten Bandes seiner Kinderbuchreihe \u201eMister Marple und die Schn\u00fcfflerbande\u201c vor. &nbsp;Zum Ende der Lesung nutzten die Kinder die Gelegenheit, dem Autor Fragen rund um die Entstehung der B\u00fccher zu stellen.<\/p>\n\n\n\n<figure class=\"wp-block-image size-large is-style-rounded\"><img loading=\"lazy\" decoding=\"async\" width=\"1024\" height=\"768\" src=\"https:\/\/wordpress.nibis.de\/gslehrte\/files\/2025\/12\/IMG_1001-1024x768.jpg\" alt=\"\" class=\"wp-image-838\" srcset=\"https:\/\/wordpress.nibis.de\/gslehrte\/files\/2025\/12\/IMG_1001-1024x768.jpg 1024w, https:\/\/wordpress.nibis.de\/gslehrte\/files\/2025\/12\/IMG_1001-300x225.jpg 300w, https:\/\/wordpress.nibis.de\/gslehrte\/files\/2025\/12\/IMG_1001-768x576.jpg 768w, https:\/\/wordpress.nibis.de\/gslehrte\/files\/2025\/12\/IMG_1001.jpg 1280w\" sizes=\"auto, (max-width: 1024px) 100vw, 1024px\" \/><\/figure>\n\n\n\n<figure class=\"wp-block-image size-large is-style-rounded\"><img loading=\"lazy\" decoding=\"async\" width=\"1024\" height=\"768\" src=\"https:\/\/wordpress.nibis.de\/gslehrte\/files\/2025\/12\/image2-1024x768.jpeg\" alt=\"\" class=\"wp-image-837\" srcset=\"https:\/\/wordpress.nibis.de\/gslehrte\/files\/2025\/12\/image2-1024x768.jpeg 1024w, https:\/\/wordpress.nibis.de\/gslehrte\/files\/2025\/12\/image2-300x225.jpeg 300w, https:\/\/wordpress.nibis.de\/gslehrte\/files\/2025\/12\/image2-768x576.jpeg 768w, https:\/\/wordpress.nibis.de\/gslehrte\/files\/2025\/12\/image2.jpeg 1280w\" sizes=\"auto, (max-width: 1024px) 100vw, 1024px\" \/><\/figure>\n\n\n\n<figure class=\"wp-block-image size-large is-style-rounded\"><img loading=\"lazy\" decoding=\"async\" width=\"1024\" height=\"768\" src=\"https:\/\/wordpress.nibis.de\/gslehrte\/files\/2025\/12\/image1-1024x768.jpeg\" alt=\"\" class=\"wp-image-836\" srcset=\"https:\/\/wordpress.nibis.de\/gslehrte\/files\/2025\/12\/image1-1024x768.jpeg 1024w, https:\/\/wordpress.nibis.de\/gslehrte\/files\/2025\/12\/image1-300x225.jpeg 300w, https:\/\/wordpress.nibis.de\/gslehrte\/files\/2025\/12\/image1-768x576.jpeg 768w, https:\/\/wordpress.nibis.de\/gslehrte\/files\/2025\/12\/image1.jpeg 1280w\" sizes=\"auto, (max-width: 1024px) 100vw, 1024px\" \/><\/figure>\n\n\n\n<p class=\"has-text-align-center\">*******************************************************<\/p>\n\n\n\n<p class=\"has-text-align-center has-primary-blue-color has-text-color has-link-color has-large-font-size wp-elements-fe0dd98ed18752608b1c42c2c6049c78\"><strong>Besuch Heimatmuseum Hasel\u00fcnne<\/strong><\/p>\n\n\n\n<p class=\"has-dark-gray-color has-text-color has-link-color wp-elements-f87c30fb3a0e818c3dad06e111095452\">Am Mittwoch, den 05. November 2025, verbrachte die Klasse 3 und 4 einen besonderen Tag im Heimatmuseum Hasel\u00fcnne zum Thema \u201eVom Korn zum Brot\u201c. Dabei durften die Kinder selbstst\u00e4ndig Br\u00f6tchen formen und die im Backhaus gebackenen Teigwaren sp\u00e4ter probieren. Au\u00dferdem konnten sie im Rahmen kleiner F\u00fchrungen in die Geschichte der Landwirtschaft eintauchen und unter anderem eigenes Getreide mahlen. Ein herzliches Dankesch\u00f6n geht vor allen an die vielen ehrenamtlichen Helferinnen und Helfern des Heimatmuseums, die diesen besonderen Tag erm\u00f6glicht haben!<\/p>\n\n\n\n<figure class=\"wp-block-image size-large is-style-tw-hard-shadow\"><img loading=\"lazy\" decoding=\"async\" width=\"1024\" height=\"768\" src=\"https:\/\/wordpress.nibis.de\/gslehrte\/files\/2025\/12\/image6-1024x768.jpeg\" alt=\"\" class=\"wp-image-835\" srcset=\"https:\/\/wordpress.nibis.de\/gslehrte\/files\/2025\/12\/image6-1024x768.jpeg 1024w, https:\/\/wordpress.nibis.de\/gslehrte\/files\/2025\/12\/image6-300x225.jpeg 300w, https:\/\/wordpress.nibis.de\/gslehrte\/files\/2025\/12\/image6-768x576.jpeg 768w, https:\/\/wordpress.nibis.de\/gslehrte\/files\/2025\/12\/image6.jpeg 1280w\" sizes=\"auto, (max-width: 1024px) 100vw, 1024px\" \/><\/figure>\n\n\n\n<figure class=\"wp-block-image size-large is-style-tw-hard-shadow\"><img loading=\"lazy\" decoding=\"async\" width=\"1024\" height=\"768\" src=\"https:\/\/wordpress.nibis.de\/gslehrte\/files\/2025\/12\/image5-1024x768.jpeg\" alt=\"\" class=\"wp-image-834\" srcset=\"https:\/\/wordpress.nibis.de\/gslehrte\/files\/2025\/12\/image5-1024x768.jpeg 1024w, https:\/\/wordpress.nibis.de\/gslehrte\/files\/2025\/12\/image5-300x225.jpeg 300w, https:\/\/wordpress.nibis.de\/gslehrte\/files\/2025\/12\/image5-768x576.jpeg 768w, https:\/\/wordpress.nibis.de\/gslehrte\/files\/2025\/12\/image5.jpeg 1280w\" sizes=\"auto, (max-width: 1024px) 100vw, 1024px\" \/><\/figure>\n\n\n\n<figure class=\"wp-block-image size-large is-style-tw-hard-shadow\"><img loading=\"lazy\" decoding=\"async\" width=\"1024\" height=\"768\" src=\"https:\/\/wordpress.nibis.de\/gslehrte\/files\/2025\/12\/image4-1024x768.jpeg\" alt=\"\" class=\"wp-image-833\" srcset=\"https:\/\/wordpress.nibis.de\/gslehrte\/files\/2025\/12\/image4-1024x768.jpeg 1024w, https:\/\/wordpress.nibis.de\/gslehrte\/files\/2025\/12\/image4-300x225.jpeg 300w, https:\/\/wordpress.nibis.de\/gslehrte\/files\/2025\/12\/image4-768x576.jpeg 768w, https:\/\/wordpress.nibis.de\/gslehrte\/files\/2025\/12\/image4.jpeg 1280w\" sizes=\"auto, (max-width: 1024px) 100vw, 1024px\" \/><\/figure>\n\n\n\n<figure class=\"wp-block-image size-large is-style-tw-hard-shadow\"><img loading=\"lazy\" decoding=\"async\" width=\"1024\" height=\"768\" src=\"https:\/\/wordpress.nibis.de\/gslehrte\/files\/2025\/12\/image3-1024x768.jpeg\" alt=\"\" class=\"wp-image-832\" srcset=\"https:\/\/wordpress.nibis.de\/gslehrte\/files\/2025\/12\/image3-1024x768.jpeg 1024w, https:\/\/wordpress.nibis.de\/gslehrte\/files\/2025\/12\/image3-300x225.jpeg 300w, https:\/\/wordpress.nibis.de\/gslehrte\/files\/2025\/12\/image3-768x576.jpeg 768w, https:\/\/wordpress.nibis.de\/gslehrte\/files\/2025\/12\/image3.jpeg 1280w\" sizes=\"auto, (max-width: 1024px) 100vw, 1024px\" \/><\/figure>\n\n\n\n<p class=\"has-text-align-center\">*******************************************************<\/p>\n\n\n\n<p class=\"has-text-align-center\"><strong><span style=\"color:#ff6900\" class=\"tadv-color\">Fahrradkontrolle an der GS Lehrte<\/span><\/strong><\/p>\n\n\n\n<p class=\"has-text-align-center\">Am 28.10.2025 fand die diesj\u00e4hrige Fahrradkontrolle an der Grundschule Lehrte statt. Frau Burke und Frau Swoboda von der Polizei Hasel\u00fcnne schauten sich dabei die Fahrr\u00e4der zum Beginn der dunklen Jahreszeit genau an. So wurden die <span style=\"color:#000000\" class=\"tadv-color\"><span style=\"background-color:#ff6900\" class=\"tadv-background-color\">Bremsen<\/span><\/span>, die <span style=\"background-color:#ff6900\" class=\"tadv-background-color\">Reflektoren<\/span>, die <span style=\"background-color:#ff6900\" class=\"tadv-background-color\">Lichter<\/span> und die <span style=\"background-color:#ff6900\" class=\"tadv-background-color\">Klingel<\/span> <span style=\"color:#000000\" class=\"tadv-color\">\u00fcberpr\u00fcft<\/span> und anschlie\u00dfend durften sich die Sch\u00fclerinnen und Sch\u00fcler der Klassen 1-4 \u00fcber die aktuelle <span style=\"color:#ff6900\" class=\"tadv-color\"><strong>Pr\u00fcfplakette <\/strong><\/span><span style=\"color:#000000\" class=\"tadv-color\">f<\/span>reuen.<\/p>\n\n\n\n<p class=\"has-text-align-center\">Wir bedanken uns ganz herzlich bei der <span style=\"color:#ff6900\" class=\"tadv-color\">Polizei Hasel\u00fcnne<\/span> f\u00fcr diese Aktion und w\u00fcnschen allen Sch\u00fclerinnen und Sch\u00fclern eine sichere Fahrt.<\/p>\n\n\n\n<figure class=\"wp-block-image size-large is-style-tw-rounded-corners\"><img loading=\"lazy\" decoding=\"async\" width=\"768\" height=\"1024\" src=\"https:\/\/wordpress.nibis.de\/gslehrte\/files\/2025\/11\/IMG_0612-768x1024.jpeg\" alt=\"\" class=\"wp-image-824\" srcset=\"https:\/\/wordpress.nibis.de\/gslehrte\/files\/2025\/11\/IMG_0612-768x1024.jpeg 768w, https:\/\/wordpress.nibis.de\/gslehrte\/files\/2025\/11\/IMG_0612-225x300.jpeg 225w, https:\/\/wordpress.nibis.de\/gslehrte\/files\/2025\/11\/IMG_0612-1152x1536.jpeg 1152w, https:\/\/wordpress.nibis.de\/gslehrte\/files\/2025\/11\/IMG_0612-1536x2048.jpeg 1536w, https:\/\/wordpress.nibis.de\/gslehrte\/files\/2025\/11\/IMG_0612-scaled.jpeg 1920w\" sizes=\"auto, (max-width: 768px) 100vw, 768px\" \/><\/figure>\n\n\n\n<figure class=\"wp-block-image size-large is-style-tw-rounded-corners\"><img loading=\"lazy\" decoding=\"async\" width=\"768\" height=\"1024\" src=\"https:\/\/wordpress.nibis.de\/gslehrte\/files\/2025\/11\/IMG_0610-768x1024.jpeg\" alt=\"\" class=\"wp-image-823\" srcset=\"https:\/\/wordpress.nibis.de\/gslehrte\/files\/2025\/11\/IMG_0610-768x1024.jpeg 768w, https:\/\/wordpress.nibis.de\/gslehrte\/files\/2025\/11\/IMG_0610-225x300.jpeg 225w, https:\/\/wordpress.nibis.de\/gslehrte\/files\/2025\/11\/IMG_0610-1152x1536.jpeg 1152w, https:\/\/wordpress.nibis.de\/gslehrte\/files\/2025\/11\/IMG_0610-1536x2048.jpeg 1536w, https:\/\/wordpress.nibis.de\/gslehrte\/files\/2025\/11\/IMG_0610-scaled.jpeg 1920w\" sizes=\"auto, (max-width: 768px) 100vw, 768px\" \/><\/figure>\n\n\n\n<figure class=\"wp-block-image size-large is-style-tw-rounded-corners\"><img loading=\"lazy\" decoding=\"async\" width=\"768\" height=\"1024\" src=\"https:\/\/wordpress.nibis.de\/gslehrte\/files\/2025\/11\/IMG_0611-768x1024.jpeg\" alt=\"\" class=\"wp-image-822\" srcset=\"https:\/\/wordpress.nibis.de\/gslehrte\/files\/2025\/11\/IMG_0611-768x1024.jpeg 768w, https:\/\/wordpress.nibis.de\/gslehrte\/files\/2025\/11\/IMG_0611-225x300.jpeg 225w, https:\/\/wordpress.nibis.de\/gslehrte\/files\/2025\/11\/IMG_0611-1152x1536.jpeg 1152w, https:\/\/wordpress.nibis.de\/gslehrte\/files\/2025\/11\/IMG_0611-1536x2048.jpeg 1536w, https:\/\/wordpress.nibis.de\/gslehrte\/files\/2025\/11\/IMG_0611-scaled.jpeg 1920w\" sizes=\"auto, (max-width: 768px) 100vw, 768px\" \/><\/figure>\n\n\n\n<p class=\"has-text-align-center\">*******************************************************<\/p>\n\n\n\n<p class=\"has-text-align-center\">Am letzten Schultag vor den Herbstferien besuchte die Klasse 3\/4 die<span style=\"background-color:#00d084\" class=\"tadv-background-color\"> englische Theaterauff\u00fchrung<\/span> &#8222;The Mysterious Case of&#8230;&#8220; in der Stadthalle Hasel\u00fcnne. Mit viel Humour und einer tollen Mischung aus englischen und deutschen Texten schl\u00fcpften die Schauspieler Janko Krause und Bejamin Harlan von der <span style=\"background-color:#00d084\" class=\"tadv-background-color\">Theatergruppe <em>Spunk<\/em><\/span> in unterschiedliche Rollen und sorgten f\u00fcr eine spannende und sehr unterhaltene Show. <\/p>\n\n\n\n<figure class=\"wp-block-image size-large is-style-tw-hard-shadow\"><img loading=\"lazy\" decoding=\"async\" width=\"768\" height=\"1024\" src=\"https:\/\/wordpress.nibis.de\/gslehrte\/files\/2025\/10\/Spunk-2-768x1024.jpg\" alt=\"\" class=\"wp-image-811\" srcset=\"https:\/\/wordpress.nibis.de\/gslehrte\/files\/2025\/10\/Spunk-2-768x1024.jpg 768w, https:\/\/wordpress.nibis.de\/gslehrte\/files\/2025\/10\/Spunk-2-225x300.jpg 225w, https:\/\/wordpress.nibis.de\/gslehrte\/files\/2025\/10\/Spunk-2-1152x1536.jpg 1152w, https:\/\/wordpress.nibis.de\/gslehrte\/files\/2025\/10\/Spunk-2-rotated.jpg 1512w\" sizes=\"auto, (max-width: 768px) 100vw, 768px\" \/><\/figure>\n\n\n\n<figure class=\"wp-block-image size-large is-style-tw-hard-shadow\"><img loading=\"lazy\" decoding=\"async\" width=\"768\" height=\"1024\" src=\"https:\/\/wordpress.nibis.de\/gslehrte\/files\/2025\/10\/Spunk-4-768x1024.jpg\" alt=\"\" class=\"wp-image-810\" srcset=\"https:\/\/wordpress.nibis.de\/gslehrte\/files\/2025\/10\/Spunk-4-768x1024.jpg 768w, https:\/\/wordpress.nibis.de\/gslehrte\/files\/2025\/10\/Spunk-4-225x300.jpg 225w, https:\/\/wordpress.nibis.de\/gslehrte\/files\/2025\/10\/Spunk-4-1152x1536.jpg 1152w, https:\/\/wordpress.nibis.de\/gslehrte\/files\/2025\/10\/Spunk-4-rotated.jpg 1512w\" sizes=\"auto, (max-width: 768px) 100vw, 768px\" \/><\/figure>\n\n\n\n<figure class=\"wp-block-image size-large is-style-tw-hard-shadow\"><img loading=\"lazy\" decoding=\"async\" width=\"768\" height=\"1024\" src=\"https:\/\/wordpress.nibis.de\/gslehrte\/files\/2025\/10\/Spunk-3-768x1024.jpg\" alt=\"\" class=\"wp-image-809\" srcset=\"https:\/\/wordpress.nibis.de\/gslehrte\/files\/2025\/10\/Spunk-3-768x1024.jpg 768w, https:\/\/wordpress.nibis.de\/gslehrte\/files\/2025\/10\/Spunk-3-225x300.jpg 225w, https:\/\/wordpress.nibis.de\/gslehrte\/files\/2025\/10\/Spunk-3-1152x1536.jpg 1152w, https:\/\/wordpress.nibis.de\/gslehrte\/files\/2025\/10\/Spunk-3-rotated.jpg 1512w\" sizes=\"auto, (max-width: 768px) 100vw, 768px\" \/><\/figure>\n\n\n\n<p><\/p>\n\n\n\n<p class=\"has-text-align-center\">*******************************************************<\/p>\n\n\n\n<p class=\"has-text-align-center\">Die <span style=\"color:#0693e3\" class=\"tadv-color\"><strong>Polizei Hasel\u00fcnne<\/strong><\/span> war diese Woche zu Besuch und hat unserer ersten Klasse wichtige Stellen im Stra\u00dfenverkehr gezeigt, an denen man sehr aufmerksam sein muss. Diese werden jeden Herbst von der Polizei mit den bekannten <strong><span style=\"background-color:#fcb900\" class=\"tadv-background-color\">&#8222;gelben F\u00fc\u00dfen&#8220;<\/span> <\/strong>neu markiert. <\/p>\n\n\n\n<figure class=\"wp-block-image size-large is-style-tw-frame\"><img loading=\"lazy\" decoding=\"async\" width=\"1024\" height=\"768\" src=\"https:\/\/wordpress.nibis.de\/gslehrte\/files\/2025\/10\/Gelbe-Fuesse-2025-1-1024x768.jpg\" alt=\"\" class=\"wp-image-801\" srcset=\"https:\/\/wordpress.nibis.de\/gslehrte\/files\/2025\/10\/Gelbe-Fuesse-2025-1-1024x768.jpg 1024w, https:\/\/wordpress.nibis.de\/gslehrte\/files\/2025\/10\/Gelbe-Fuesse-2025-1-300x225.jpg 300w, https:\/\/wordpress.nibis.de\/gslehrte\/files\/2025\/10\/Gelbe-Fuesse-2025-1-768x576.jpg 768w, https:\/\/wordpress.nibis.de\/gslehrte\/files\/2025\/10\/Gelbe-Fuesse-2025-1.jpg 1280w\" sizes=\"auto, (max-width: 1024px) 100vw, 1024px\" \/><\/figure>\n\n\n\n<figure class=\"wp-block-image size-large is-style-tw-frame\"><img loading=\"lazy\" decoding=\"async\" width=\"1024\" height=\"768\" src=\"https:\/\/wordpress.nibis.de\/gslehrte\/files\/2025\/10\/Gelbe-Fuesse-2025-2-1-1024x768.jpeg\" alt=\"\" class=\"wp-image-805\" srcset=\"https:\/\/wordpress.nibis.de\/gslehrte\/files\/2025\/10\/Gelbe-Fuesse-2025-2-1-1024x768.jpeg 1024w, https:\/\/wordpress.nibis.de\/gslehrte\/files\/2025\/10\/Gelbe-Fuesse-2025-2-1-300x225.jpeg 300w, https:\/\/wordpress.nibis.de\/gslehrte\/files\/2025\/10\/Gelbe-Fuesse-2025-2-1-768x576.jpeg 768w, https:\/\/wordpress.nibis.de\/gslehrte\/files\/2025\/10\/Gelbe-Fuesse-2025-2-1.jpeg 1280w\" sizes=\"auto, (max-width: 1024px) 100vw, 1024px\" \/><\/figure>\n\n\n\n<figure class=\"wp-block-image size-large is-style-tw-frame\"><img loading=\"lazy\" decoding=\"async\" width=\"1024\" height=\"768\" src=\"https:\/\/wordpress.nibis.de\/gslehrte\/files\/2025\/10\/Gelbe-Fuesse-2025-3-1024x768.jpeg\" alt=\"\" class=\"wp-image-804\" srcset=\"https:\/\/wordpress.nibis.de\/gslehrte\/files\/2025\/10\/Gelbe-Fuesse-2025-3-1024x768.jpeg 1024w, https:\/\/wordpress.nibis.de\/gslehrte\/files\/2025\/10\/Gelbe-Fuesse-2025-3-300x225.jpeg 300w, https:\/\/wordpress.nibis.de\/gslehrte\/files\/2025\/10\/Gelbe-Fuesse-2025-3-768x576.jpeg 768w, https:\/\/wordpress.nibis.de\/gslehrte\/files\/2025\/10\/Gelbe-Fuesse-2025-3.jpeg 1280w\" sizes=\"auto, (max-width: 1024px) 100vw, 1024px\" \/><\/figure>\n\n\n\n<p><\/p>\n\n\n\n<p class=\"has-text-align-center\">*******************************************************<\/p>\n\n\n\n<p><\/p>\n\n\n\n<p class=\"has-text-align-center has-large-font-size\"><strong><span style=\"color:#ff6900\" class=\"tadv-color\">~*~Einschulung 2025~*~<\/span><\/strong><\/p>\n\n\n<div class=\"wp-block-image is-style-tw-hard-shadow\">\n<figure class=\"aligncenter size-full\"><img loading=\"lazy\" decoding=\"async\" width=\"640\" height=\"480\" src=\"https:\/\/wordpress.nibis.de\/gslehrte\/files\/2025\/08\/Einschlung25-5.jpeg\" alt=\"\" class=\"wp-image-737\" srcset=\"https:\/\/wordpress.nibis.de\/gslehrte\/files\/2025\/08\/Einschlung25-5.jpeg 640w, https:\/\/wordpress.nibis.de\/gslehrte\/files\/2025\/08\/Einschlung25-5-300x225.jpeg 300w\" sizes=\"auto, (max-width: 640px) 100vw, 640px\" \/><figcaption class=\"wp-element-caption\">Die neuen Erstkl\u00e4ssler sind von uns als wichtige <span style=\"color:#ff6900\" class=\"tadv-color\"><strong>&#8222;Noten&#8220;<\/strong> <\/span>in unserer <strong><span style=\"color:#ff6900\" class=\"tadv-color\">&#8222;Schulmelodie&#8220;<\/span><\/strong> im Rahmen eines Gottesdienstes aufgenommen worden. <\/figcaption><\/figure>\n<\/div>\n\n<div class=\"wp-block-image is-style-tw-hard-shadow\">\n<figure class=\"aligncenter size-full\"><img loading=\"lazy\" decoding=\"async\" width=\"640\" height=\"480\" src=\"https:\/\/wordpress.nibis.de\/gslehrte\/files\/2025\/08\/Einschulung25-6.jpeg\" alt=\"\" class=\"wp-image-738\" srcset=\"https:\/\/wordpress.nibis.de\/gslehrte\/files\/2025\/08\/Einschulung25-6.jpeg 640w, https:\/\/wordpress.nibis.de\/gslehrte\/files\/2025\/08\/Einschulung25-6-300x225.jpeg 300w\" sizes=\"auto, (max-width: 640px) 100vw, 640px\" \/><figcaption class=\"wp-element-caption\">Die Segnung der Erstkl\u00e4ssler.<\/figcaption><\/figure>\n<\/div>\n\n<div class=\"wp-block-image is-style-tw-hard-shadow\">\n<figure class=\"aligncenter size-full\"><img loading=\"lazy\" decoding=\"async\" width=\"640\" height=\"480\" src=\"https:\/\/wordpress.nibis.de\/gslehrte\/files\/2025\/08\/Einschulung25-4.jpeg\" alt=\"\" class=\"wp-image-740\" srcset=\"https:\/\/wordpress.nibis.de\/gslehrte\/files\/2025\/08\/Einschulung25-4.jpeg 640w, https:\/\/wordpress.nibis.de\/gslehrte\/files\/2025\/08\/Einschulung25-4-300x225.jpeg 300w\" sizes=\"auto, (max-width: 640px) 100vw, 640px\" \/><figcaption class=\"wp-element-caption\">Unsere neue Schulleiterin Frau Stade tanzte mit den Sch\u00fclerinnen und Sch\u00fclern zum Schulsong!<\/figcaption><\/figure>\n<\/div>\n\n<div class=\"wp-block-image is-style-tw-hard-shadow\">\n<figure class=\"aligncenter size-full\"><img loading=\"lazy\" decoding=\"async\" width=\"753\" height=\"333\" src=\"https:\/\/wordpress.nibis.de\/gslehrte\/files\/2025\/08\/Tunnelgang2025.png\" alt=\"\" class=\"wp-image-739\" srcset=\"https:\/\/wordpress.nibis.de\/gslehrte\/files\/2025\/08\/Tunnelgang2025.png 753w, https:\/\/wordpress.nibis.de\/gslehrte\/files\/2025\/08\/Tunnelgang2025-300x133.png 300w\" sizes=\"auto, (max-width: 753px) 100vw, 753px\" \/><figcaption class=\"wp-element-caption\">Der traditionelle Tunnel ins Schulgeb\u00e4ude! <strong><span style=\"color:#ff6900\" class=\"tadv-color\">Herzlich Willkommen!<\/span><\/strong><\/figcaption><\/figure>\n<\/div>\n\n\n<p class=\"has-text-align-center\">*******************************************************<\/p>\n\n\n<div class=\"wp-block-image is-style-tw-hard-shadow\">\n<figure class=\"aligncenter size-full\"><img loading=\"lazy\" decoding=\"async\" width=\"746\" height=\"631\" src=\"https:\/\/wordpress.nibis.de\/gslehrte\/files\/2025\/07\/Abschluss-Kl.4-Tunnel.png\" alt=\"\" class=\"wp-image-720\" srcset=\"https:\/\/wordpress.nibis.de\/gslehrte\/files\/2025\/07\/Abschluss-Kl.4-Tunnel.png 746w, https:\/\/wordpress.nibis.de\/gslehrte\/files\/2025\/07\/Abschluss-Kl.4-Tunnel-300x254.png 300w\" sizes=\"auto, (max-width: 746px) 100vw, 746px\" \/><\/figure>\n<\/div>\n\n\n<p class=\"has-text-align-center\">Am letzten Schultag verlie\u00dfen die Sch\u00fclerinnnen und Sch\u00fcler der 4. Klasse das Grundschulgeb\u00e4ude, so wie sie damals hineingef\u00fchrt wurden, durch den traditionellen Tunnel. <\/p>\n\n\n\n<p class=\"has-text-align-center\"><span style=\"color:#ff6900\" class=\"tadv-color\"><strong>Wir w\u00fcnschen unserer 4. Klasse einen guten Start and den weiterf\u00fchrenden Schulen. Viel Erfolg!!!<\/strong><\/span><\/p>\n\n\n\n<figure class=\"wp-block-image size-large is-resized is-style-rounded\"><img loading=\"lazy\" decoding=\"async\" width=\"1024\" height=\"603\" src=\"https:\/\/wordpress.nibis.de\/gslehrte\/files\/2025\/07\/Abschluss-Kl.4-2025-1024x603.png\" alt=\"\" class=\"wp-image-719\" style=\"width:840px;height:494px\" srcset=\"https:\/\/wordpress.nibis.de\/gslehrte\/files\/2025\/07\/Abschluss-Kl.4-2025-1024x603.png 1024w, https:\/\/wordpress.nibis.de\/gslehrte\/files\/2025\/07\/Abschluss-Kl.4-2025-300x177.png 300w, https:\/\/wordpress.nibis.de\/gslehrte\/files\/2025\/07\/Abschluss-Kl.4-2025-768x453.png 768w, https:\/\/wordpress.nibis.de\/gslehrte\/files\/2025\/07\/Abschluss-Kl.4-2025.png 1188w\" sizes=\"auto, (max-width: 1024px) 100vw, 1024px\" \/><\/figure>\n\n\n\n<p class=\"has-text-align-center\">*******************************************************<\/p>\n\n\n\n<p>Am Montag haben wir einen <span style=\"text-decoration: underline\" class=\"underline\"><span style=\"color:#0693e3\" class=\"tadv-color\">sportlichen Vormittag<\/span><\/span> in Hasel\u00fcnne verbracht. Unsere Sch\u00fclerinnen und Sch\u00fcler haben in den <span style=\"color:#0693e3\" class=\"tadv-color\"><span style=\"text-decoration: underline\" class=\"underline\">Disziplinen Sprint, Wurf, Biathlon und Weitsprung<\/span><\/span> eine tolle Leistung gezeigt. Vielen Dank an dieser Stelle auch an die Eltern, die jedes Jahr ein reichhaltiges Fr\u00fchst\u00fccksbuffet bereitstellen. <\/p>\n\n\n\n<figure class=\"wp-block-image size-large\"><img loading=\"lazy\" decoding=\"async\" width=\"1024\" height=\"348\" src=\"https:\/\/wordpress.nibis.de\/gslehrte\/files\/2025\/07\/Sportfest20251-1024x348.png\" alt=\"\" class=\"wp-image-718\" srcset=\"https:\/\/wordpress.nibis.de\/gslehrte\/files\/2025\/07\/Sportfest20251-1024x348.png 1024w, https:\/\/wordpress.nibis.de\/gslehrte\/files\/2025\/07\/Sportfest20251-300x102.png 300w, https:\/\/wordpress.nibis.de\/gslehrte\/files\/2025\/07\/Sportfest20251-768x261.png 768w, https:\/\/wordpress.nibis.de\/gslehrte\/files\/2025\/07\/Sportfest20251.png 1048w\" sizes=\"auto, (max-width: 1024px) 100vw, 1024px\" \/><\/figure>\n\n\n\n<p class=\"has-text-align-center\">*******************************************************<\/p>\n\n\n\n<p class=\"has-medium-font-size\"><span style=\"color:#00d084\" class=\"tadv-color\"><strong>Eindr\u00fccke aus dem Tierpark Nordhorn&#8230;<\/strong><\/span><\/p>\n\n\n<div class=\"wp-block-image is-style-rounded\">\n<figure class=\"aligncenter size-full\"><img loading=\"lazy\" decoding=\"async\" width=\"906\" height=\"601\" src=\"https:\/\/wordpress.nibis.de\/gslehrte\/files\/2025\/06\/Nordhorn5.png\" alt=\"\" class=\"wp-image-711\" srcset=\"https:\/\/wordpress.nibis.de\/gslehrte\/files\/2025\/06\/Nordhorn5.png 906w, https:\/\/wordpress.nibis.de\/gslehrte\/files\/2025\/06\/Nordhorn5-300x199.png 300w, https:\/\/wordpress.nibis.de\/gslehrte\/files\/2025\/06\/Nordhorn5-768x509.png 768w, https:\/\/wordpress.nibis.de\/gslehrte\/files\/2025\/06\/Nordhorn5-75x50.png 75w\" sizes=\"auto, (max-width: 906px) 100vw, 906px\" \/><\/figure>\n<\/div>\n\n<div class=\"wp-block-image is-style-rounded\">\n<figure class=\"aligncenter size-full\"><img loading=\"lazy\" decoding=\"async\" width=\"614\" height=\"816\" src=\"https:\/\/wordpress.nibis.de\/gslehrte\/files\/2025\/06\/Nordhorn2-1.png\" alt=\"\" class=\"wp-image-708\" srcset=\"https:\/\/wordpress.nibis.de\/gslehrte\/files\/2025\/06\/Nordhorn2-1.png 614w, https:\/\/wordpress.nibis.de\/gslehrte\/files\/2025\/06\/Nordhorn2-1-226x300.png 226w\" sizes=\"auto, (max-width: 614px) 100vw, 614px\" \/><\/figure>\n<\/div>\n\n\n<figure class=\"wp-block-image size-full is-style-rounded\"><img loading=\"lazy\" decoding=\"async\" width=\"903\" height=\"601\" src=\"https:\/\/wordpress.nibis.de\/gslehrte\/files\/2025\/06\/Nordhorn4.png\" alt=\"\" class=\"wp-image-710\" srcset=\"https:\/\/wordpress.nibis.de\/gslehrte\/files\/2025\/06\/Nordhorn4.png 903w, https:\/\/wordpress.nibis.de\/gslehrte\/files\/2025\/06\/Nordhorn4-300x200.png 300w, https:\/\/wordpress.nibis.de\/gslehrte\/files\/2025\/06\/Nordhorn4-768x511.png 768w, https:\/\/wordpress.nibis.de\/gslehrte\/files\/2025\/06\/Nordhorn4-75x50.png 75w\" sizes=\"auto, (max-width: 903px) 100vw, 903px\" \/><\/figure>\n\n\n<div class=\"wp-block-image is-style-rounded\">\n<figure class=\"aligncenter size-full\"><img loading=\"lazy\" decoding=\"async\" width=\"603\" height=\"845\" src=\"https:\/\/wordpress.nibis.de\/gslehrte\/files\/2025\/06\/Nordhorn3-1.png\" alt=\"\" class=\"wp-image-709\" srcset=\"https:\/\/wordpress.nibis.de\/gslehrte\/files\/2025\/06\/Nordhorn3-1.png 603w, https:\/\/wordpress.nibis.de\/gslehrte\/files\/2025\/06\/Nordhorn3-1-214x300.png 214w\" sizes=\"auto, (max-width: 603px) 100vw, 603px\" \/><\/figure>\n<\/div>\n\n\n<div class=\"wp-block-columns is-layout-flex wp-container-core-columns-is-layout-abceabcf wp-block-columns-is-layout-flex\">\n<div class=\"wp-block-column is-layout-flow wp-block-column-is-layout-flow\" style=\"--col-width:100%;flex-basis:100%\">\n<div class=\"wp-block-group\"><div class=\"wp-block-group__inner-container is-layout-flow wp-block-group-is-layout-flow\">\n<div class=\"wp-block-columns is-layout-flex wp-container-core-columns-is-layout-abceabcf wp-block-columns-is-layout-flex\">\n<div class=\"wp-block-column is-layout-flow wp-block-column-is-layout-flow\" style=\"--col-width:100%;flex-basis:100%\">\n<figure class=\"wp-block-gallery has-nested-images columns-default is-cropped wp-block-gallery-1 is-layout-flex wp-block-gallery-is-layout-flex\">\n<figure class=\"wp-block-image size-full is-style-rounded\"><img loading=\"lazy\" decoding=\"async\" width=\"902\" height=\"594\" data-id=\"707\" src=\"https:\/\/wordpress.nibis.de\/gslehrte\/files\/2025\/06\/Nordhorn1-1.png\" alt=\"\" class=\"wp-image-707\" srcset=\"https:\/\/wordpress.nibis.de\/gslehrte\/files\/2025\/06\/Nordhorn1-1.png 902w, https:\/\/wordpress.nibis.de\/gslehrte\/files\/2025\/06\/Nordhorn1-1-300x198.png 300w, https:\/\/wordpress.nibis.de\/gslehrte\/files\/2025\/06\/Nordhorn1-1-768x506.png 768w, https:\/\/wordpress.nibis.de\/gslehrte\/files\/2025\/06\/Nordhorn1-1-75x50.png 75w\" sizes=\"auto, (max-width: 902px) 100vw, 902px\" \/><\/figure>\n<\/figure>\n<\/div>\n<\/div>\n<\/div><\/div>\n<\/div>\n<\/div>\n\n\n\n<p class=\"has-text-align-center\">********************************************************<\/p>\n\n\n\n<p>In der letzten Woche besuchte uns die <span style=\"background-color:#cf2e2e\" class=\"tadv-background-color\"><strong>Freiwillige Feuerwehr Hasel\u00fcnne<\/strong><\/span>. Hinter uns liegen nun zwei spannende und sehr informative Projekttage. Die Sch\u00fclerinnen und Sch\u00fcler haben viel zum Thema <em>Feuer, Verhalten im Brandfall<\/em> und den <em>Feuerwehrmann\/frau<\/em> gelernt. Als besonderes Highlight hatten alle Klassen die Gelegenheit ein Feuerwehrfahrzeug gr\u00fcndlich unter die Lupe zu nehmen. Au\u00dferdem fanden zahlreiche Experiment zum Thema Feuer statt. <span style=\"color:#cf2e2e\" class=\"tadv-color\"><strong>VIELEN DANK<\/strong><\/span> and das <strong><span style=\"color:#cf2e2e\" class=\"tadv-color\">TEAM<\/span><\/strong> der <strong><span style=\"color:#cf2e2e\" class=\"tadv-color\">HASEL\u00dcNNER FEUERWEHR<\/span><\/strong>!!!<\/p>\n\n\n\n<figure class=\"wp-block-image size-large is-style-tw-rounded-corners\"><img loading=\"lazy\" decoding=\"async\" width=\"768\" height=\"1024\" src=\"https:\/\/wordpress.nibis.de\/gslehrte\/files\/2025\/06\/IMG_9671-768x1024.jpg\" alt=\"\" class=\"wp-image-697\" srcset=\"https:\/\/wordpress.nibis.de\/gslehrte\/files\/2025\/06\/IMG_9671-768x1024.jpg 768w, https:\/\/wordpress.nibis.de\/gslehrte\/files\/2025\/06\/IMG_9671-225x300.jpg 225w, https:\/\/wordpress.nibis.de\/gslehrte\/files\/2025\/06\/IMG_9671-1152x1536.jpg 1152w, https:\/\/wordpress.nibis.de\/gslehrte\/files\/2025\/06\/IMG_9671-rotated.jpg 1512w\" sizes=\"auto, (max-width: 768px) 100vw, 768px\" \/><\/figure>\n\n\n<div class=\"wp-block-image\">\n<figure class=\"aligncenter size-full\"><img loading=\"lazy\" decoding=\"async\" width=\"513\" height=\"772\" src=\"https:\/\/wordpress.nibis.de\/gslehrte\/files\/2025\/06\/Screenshot-2025-06-18-175357.png\" alt=\"\" class=\"wp-image-696\" srcset=\"https:\/\/wordpress.nibis.de\/gslehrte\/files\/2025\/06\/Screenshot-2025-06-18-175357.png 513w, https:\/\/wordpress.nibis.de\/gslehrte\/files\/2025\/06\/Screenshot-2025-06-18-175357-199x300.png 199w\" sizes=\"auto, (max-width: 513px) 100vw, 513px\" \/><\/figure>\n<\/div>\n\n\n<figure class=\"wp-block-image size-full\"><img loading=\"lazy\" decoding=\"async\" width=\"895\" height=\"600\" src=\"https:\/\/wordpress.nibis.de\/gslehrte\/files\/2025\/06\/Screenshot-2025-06-18-175045.png\" alt=\"\" class=\"wp-image-695\" srcset=\"https:\/\/wordpress.nibis.de\/gslehrte\/files\/2025\/06\/Screenshot-2025-06-18-175045.png 895w, https:\/\/wordpress.nibis.de\/gslehrte\/files\/2025\/06\/Screenshot-2025-06-18-175045-300x201.png 300w, https:\/\/wordpress.nibis.de\/gslehrte\/files\/2025\/06\/Screenshot-2025-06-18-175045-768x515.png 768w, https:\/\/wordpress.nibis.de\/gslehrte\/files\/2025\/06\/Screenshot-2025-06-18-175045-75x50.png 75w\" sizes=\"auto, (max-width: 895px) 100vw, 895px\" \/><\/figure>\n\n\n\n<figure class=\"wp-block-image size-large is-style-tw-rounded-corners\"><img loading=\"lazy\" decoding=\"async\" width=\"768\" height=\"1024\" src=\"https:\/\/wordpress.nibis.de\/gslehrte\/files\/2025\/06\/Image-1-768x1024.jpg\" alt=\"\" class=\"wp-image-694\" srcset=\"https:\/\/wordpress.nibis.de\/gslehrte\/files\/2025\/06\/Image-1-768x1024.jpg 768w, https:\/\/wordpress.nibis.de\/gslehrte\/files\/2025\/06\/Image-1-225x300.jpg 225w, https:\/\/wordpress.nibis.de\/gslehrte\/files\/2025\/06\/Image-1.jpg 960w\" sizes=\"auto, (max-width: 768px) 100vw, 768px\" \/><\/figure>\n\n\n\n<figure class=\"wp-block-image size-large is-style-tw-rounded-corners\"><img loading=\"lazy\" decoding=\"async\" width=\"768\" height=\"1024\" src=\"https:\/\/wordpress.nibis.de\/gslehrte\/files\/2025\/06\/Feuerwehr-768x1024.jpg\" alt=\"\" class=\"wp-image-693\" srcset=\"https:\/\/wordpress.nibis.de\/gslehrte\/files\/2025\/06\/Feuerwehr-768x1024.jpg 768w, https:\/\/wordpress.nibis.de\/gslehrte\/files\/2025\/06\/Feuerwehr-225x300.jpg 225w, https:\/\/wordpress.nibis.de\/gslehrte\/files\/2025\/06\/Feuerwehr.jpg 960w\" sizes=\"auto, (max-width: 768px) 100vw, 768px\" \/><\/figure>\n\n\n\n<figure class=\"wp-block-image size-large is-style-tw-rounded-corners\"><img loading=\"lazy\" decoding=\"async\" width=\"1024\" height=\"768\" src=\"https:\/\/wordpress.nibis.de\/gslehrte\/files\/2025\/06\/Feuerwehr2-1024x768.jpg\" alt=\"\" class=\"wp-image-691\" srcset=\"https:\/\/wordpress.nibis.de\/gslehrte\/files\/2025\/06\/Feuerwehr2-1024x768.jpg 1024w, https:\/\/wordpress.nibis.de\/gslehrte\/files\/2025\/06\/Feuerwehr2-300x225.jpg 300w, https:\/\/wordpress.nibis.de\/gslehrte\/files\/2025\/06\/Feuerwehr2-768x576.jpg 768w, https:\/\/wordpress.nibis.de\/gslehrte\/files\/2025\/06\/Feuerwehr2.jpg 1280w\" sizes=\"auto, (max-width: 1024px) 100vw, 1024px\" \/><\/figure>\n\n\n\n<p class=\"has-text-align-center\">********************************************************<\/p>\n\n\n\n<figure class=\"wp-block-image size-large is-style-tw-hard-shadow\"><img loading=\"lazy\" decoding=\"async\" width=\"768\" height=\"1024\" src=\"https:\/\/wordpress.nibis.de\/gslehrte\/files\/2025\/05\/IMG_0112-768x1024.jpeg\" alt=\"\" class=\"wp-image-673\" srcset=\"https:\/\/wordpress.nibis.de\/gslehrte\/files\/2025\/05\/IMG_0112-768x1024.jpeg 768w, https:\/\/wordpress.nibis.de\/gslehrte\/files\/2025\/05\/IMG_0112-225x300.jpeg 225w, https:\/\/wordpress.nibis.de\/gslehrte\/files\/2025\/05\/IMG_0112-1152x1536.jpeg 1152w, https:\/\/wordpress.nibis.de\/gslehrte\/files\/2025\/05\/IMG_0112.jpeg 1536w\" sizes=\"auto, (max-width: 768px) 100vw, 768px\" \/><\/figure>\n\n\n\n<figure class=\"wp-block-image size-large is-style-tw-hard-shadow\"><img loading=\"lazy\" decoding=\"async\" width=\"768\" height=\"1024\" src=\"https:\/\/wordpress.nibis.de\/gslehrte\/files\/2025\/05\/IMG_0114-768x1024.jpeg\" alt=\"\" class=\"wp-image-675\" srcset=\"https:\/\/wordpress.nibis.de\/gslehrte\/files\/2025\/05\/IMG_0114-768x1024.jpeg 768w, https:\/\/wordpress.nibis.de\/gslehrte\/files\/2025\/05\/IMG_0114-225x300.jpeg 225w, https:\/\/wordpress.nibis.de\/gslehrte\/files\/2025\/05\/IMG_0114-1152x1536.jpeg 1152w, https:\/\/wordpress.nibis.de\/gslehrte\/files\/2025\/05\/IMG_0114.jpeg 1536w\" sizes=\"auto, (max-width: 768px) 100vw, 768px\" \/><\/figure>\n\n\n\n<p>Am letzten Donnerstag besuchte uns das <span style=\"background-color:#00d084\" class=\"tadv-background-color\">Figurentheater <strong>&#8222;Hille Puppille&#8220;<\/strong><\/span> und begeisterte mit einer spannenden Geschichte zum Thema Artenvielfalt und einem einzigartigen B\u00fchnenbild. Gesponsert vom <span style=\"background-color:#00d084\" class=\"tadv-background-color\">Bundesamt f\u00fcr Naturschutz<\/span> und einigen weiteren F\u00f6rderern von Bund und Land richtet sich dieses Theaterst\u00fcck speziell an Grundschulen und vermittelt auf sehr motivierende Weise <span style=\"background-color:#00d084\" class=\"tadv-background-color\">einen r\u00fccksichtsvollen Umgang mit unserer Natur und ihren Lebewesen<\/span>. Vielen Dank an Hille und Klaus Menning, die sich dieser Aufgabe mit Hingabe und \u00dcberzeugung witmen.  <\/p>\n\n\n\n<figure class=\"wp-block-image size-large is-style-tw-hard-shadow\"><img loading=\"lazy\" decoding=\"async\" width=\"1024\" height=\"768\" src=\"https:\/\/wordpress.nibis.de\/gslehrte\/files\/2025\/05\/IMG_0109-1024x768.jpeg\" alt=\"\" class=\"wp-image-676\" srcset=\"https:\/\/wordpress.nibis.de\/gslehrte\/files\/2025\/05\/IMG_0109-1024x768.jpeg 1024w, https:\/\/wordpress.nibis.de\/gslehrte\/files\/2025\/05\/IMG_0109-300x225.jpeg 300w, https:\/\/wordpress.nibis.de\/gslehrte\/files\/2025\/05\/IMG_0109-768x576.jpeg 768w, https:\/\/wordpress.nibis.de\/gslehrte\/files\/2025\/05\/IMG_0109-1536x1152.jpeg 1536w, https:\/\/wordpress.nibis.de\/gslehrte\/files\/2025\/05\/IMG_0109.jpeg 2048w\" sizes=\"auto, (max-width: 1024px) 100vw, 1024px\" \/><\/figure>\n\n\n\n<p class=\"has-text-align-center\">********************************************************<\/p>\n\n\n\n<figure class=\"wp-block-image size-large is-style-tw-rounded-corners\"><img loading=\"lazy\" decoding=\"async\" width=\"1024\" height=\"768\" src=\"https:\/\/wordpress.nibis.de\/gslehrte\/files\/2025\/05\/IMG_0123-1024x768.jpeg\" alt=\"\" class=\"wp-image-668\" srcset=\"https:\/\/wordpress.nibis.de\/gslehrte\/files\/2025\/05\/IMG_0123-1024x768.jpeg 1024w, https:\/\/wordpress.nibis.de\/gslehrte\/files\/2025\/05\/IMG_0123-300x225.jpeg 300w, https:\/\/wordpress.nibis.de\/gslehrte\/files\/2025\/05\/IMG_0123-768x576.jpeg 768w, https:\/\/wordpress.nibis.de\/gslehrte\/files\/2025\/05\/IMG_0123-1536x1152.jpeg 1536w, https:\/\/wordpress.nibis.de\/gslehrte\/files\/2025\/05\/IMG_0123.jpeg 2048w\" sizes=\"auto, (max-width: 1024px) 100vw, 1024px\" \/><\/figure>\n\n\n\n<figure class=\"wp-block-image size-large is-style-tw-rounded-corners\"><img loading=\"lazy\" decoding=\"async\" width=\"1024\" height=\"768\" src=\"https:\/\/wordpress.nibis.de\/gslehrte\/files\/2025\/05\/IMG_0127-1024x768.jpeg\" alt=\"\" class=\"wp-image-667\" srcset=\"https:\/\/wordpress.nibis.de\/gslehrte\/files\/2025\/05\/IMG_0127-1024x768.jpeg 1024w, https:\/\/wordpress.nibis.de\/gslehrte\/files\/2025\/05\/IMG_0127-300x225.jpeg 300w, https:\/\/wordpress.nibis.de\/gslehrte\/files\/2025\/05\/IMG_0127-768x576.jpeg 768w, https:\/\/wordpress.nibis.de\/gslehrte\/files\/2025\/05\/IMG_0127-1536x1152.jpeg 1536w, https:\/\/wordpress.nibis.de\/gslehrte\/files\/2025\/05\/IMG_0127.jpeg 2048w\" sizes=\"auto, (max-width: 1024px) 100vw, 1024px\" \/><\/figure>\n\n\n\n<figure class=\"wp-block-image size-large is-style-tw-rounded-corners\"><img loading=\"lazy\" decoding=\"async\" width=\"768\" height=\"1024\" src=\"https:\/\/wordpress.nibis.de\/gslehrte\/files\/2025\/05\/IMG_0124-768x1024.jpeg\" alt=\"\" class=\"wp-image-666\" srcset=\"https:\/\/wordpress.nibis.de\/gslehrte\/files\/2025\/05\/IMG_0124-768x1024.jpeg 768w, https:\/\/wordpress.nibis.de\/gslehrte\/files\/2025\/05\/IMG_0124-225x300.jpeg 225w, https:\/\/wordpress.nibis.de\/gslehrte\/files\/2025\/05\/IMG_0124-1152x1536.jpeg 1152w, https:\/\/wordpress.nibis.de\/gslehrte\/files\/2025\/05\/IMG_0124.jpeg 1536w\" sizes=\"auto, (max-width: 768px) 100vw, 768px\" \/><\/figure>\n\n\n\n<p>Im Zuge des im Sachunterricht behandelten <span style=\"color:#cf2e2e\" class=\"tadv-color\">Themas <\/span><strong><span style=\"color:#cf2e2e\" class=\"tadv-color\">&#8222;Mittelalter&#8220;<\/span> <\/strong>besuchte die Klasse 3 <span style=\"color:#cf2e2e\" class=\"tadv-color\"><strong>die Kreyenborg in<\/strong><\/span> <strong><span style=\"color:#cf2e2e\" class=\"tadv-color\">Lehrte<\/span><\/strong>. Ernst Hilbrath f\u00fchrte die Kinder durch eine spannende Reise des 15. Jahrhunderts. Hierbei konnten die Kinder nicht nur Materialien wie Teller oder Gl\u00e4ser sehen und ber\u00fchren, sondern auch auf Kutschen steigen und mit einem Karussel fahren. das Highlight folgte zum Schluss: Es ging zum Feld, auf dem die Burg vor mehreren hundert Jahren erbaut wurde. Viel ist von der Burg zwar nicht mehr \u00fcbrig, dennoch konnte man das Fundament der Mauer un den Burggraben sehen und allein die Vorstellung, dass hier einmal eine Burg stand, war f\u00fcr die Kinder sowohl interessant, als auch beeindruckend. An dieser Stelle auch noch einmal ein <strong><span style=\"color:#cf2e2e\" class=\"tadv-color\">gro\u00dfes Dankesch\u00f6n an Ernst Hilbrath<\/span><\/strong>, der die Kinder mit spannenden Informationen versorgt und ein unvergessliches Erlebnis erm\u00f6glicht hat.<\/p>\n\n\n\n<figure class=\"wp-block-image size-large is-style-tw-rounded-corners\"><img loading=\"lazy\" decoding=\"async\" width=\"1024\" height=\"768\" src=\"https:\/\/wordpress.nibis.de\/gslehrte\/files\/2025\/05\/IMG_0119-1024x768.jpeg\" alt=\"\" class=\"wp-image-665\" srcset=\"https:\/\/wordpress.nibis.de\/gslehrte\/files\/2025\/05\/IMG_0119-1024x768.jpeg 1024w, https:\/\/wordpress.nibis.de\/gslehrte\/files\/2025\/05\/IMG_0119-300x225.jpeg 300w, https:\/\/wordpress.nibis.de\/gslehrte\/files\/2025\/05\/IMG_0119-768x576.jpeg 768w, https:\/\/wordpress.nibis.de\/gslehrte\/files\/2025\/05\/IMG_0119-1536x1152.jpeg 1536w, https:\/\/wordpress.nibis.de\/gslehrte\/files\/2025\/05\/IMG_0119.jpeg 2048w\" sizes=\"auto, (max-width: 1024px) 100vw, 1024px\" \/><\/figure>\n\n\n\n<figure class=\"wp-block-image size-large is-style-tw-rounded-corners\"><img loading=\"lazy\" decoding=\"async\" width=\"1024\" height=\"768\" src=\"https:\/\/wordpress.nibis.de\/gslehrte\/files\/2025\/05\/IMG_0120-1024x768.jpeg\" alt=\"\" class=\"wp-image-663\" srcset=\"https:\/\/wordpress.nibis.de\/gslehrte\/files\/2025\/05\/IMG_0120-1024x768.jpeg 1024w, https:\/\/wordpress.nibis.de\/gslehrte\/files\/2025\/05\/IMG_0120-300x225.jpeg 300w, https:\/\/wordpress.nibis.de\/gslehrte\/files\/2025\/05\/IMG_0120-768x576.jpeg 768w, https:\/\/wordpress.nibis.de\/gslehrte\/files\/2025\/05\/IMG_0120-1536x1152.jpeg 1536w, https:\/\/wordpress.nibis.de\/gslehrte\/files\/2025\/05\/IMG_0120.jpeg 2048w\" sizes=\"auto, (max-width: 1024px) 100vw, 1024px\" \/><\/figure>\n\n\n\n<figure class=\"wp-block-image size-large is-style-tw-rounded-corners\"><img loading=\"lazy\" decoding=\"async\" width=\"1024\" height=\"768\" src=\"https:\/\/wordpress.nibis.de\/gslehrte\/files\/2025\/05\/IMG_0130-1024x768.jpeg\" alt=\"\" class=\"wp-image-671\" srcset=\"https:\/\/wordpress.nibis.de\/gslehrte\/files\/2025\/05\/IMG_0130-1024x768.jpeg 1024w, https:\/\/wordpress.nibis.de\/gslehrte\/files\/2025\/05\/IMG_0130-300x225.jpeg 300w, https:\/\/wordpress.nibis.de\/gslehrte\/files\/2025\/05\/IMG_0130-768x576.jpeg 768w, https:\/\/wordpress.nibis.de\/gslehrte\/files\/2025\/05\/IMG_0130-1536x1152.jpeg 1536w, https:\/\/wordpress.nibis.de\/gslehrte\/files\/2025\/05\/IMG_0130.jpeg 2048w\" sizes=\"auto, (max-width: 1024px) 100vw, 1024px\" \/><\/figure>\n\n\n\n<p class=\"has-text-align-center\">********************************************************<\/p>\n\n\n\n<figure class=\"wp-block-image size-large is-style-tw-hard-shadow\"><img loading=\"lazy\" decoding=\"async\" width=\"1024\" height=\"683\" src=\"https:\/\/wordpress.nibis.de\/gslehrte\/files\/2025\/05\/DSCN6761-1024x683.jpg\" alt=\"\" class=\"wp-image-647\" srcset=\"https:\/\/wordpress.nibis.de\/gslehrte\/files\/2025\/05\/DSCN6761-1024x683.jpg 1024w, https:\/\/wordpress.nibis.de\/gslehrte\/files\/2025\/05\/DSCN6761-300x200.jpg 300w, https:\/\/wordpress.nibis.de\/gslehrte\/files\/2025\/05\/DSCN6761-768x512.jpg 768w, https:\/\/wordpress.nibis.de\/gslehrte\/files\/2025\/05\/DSCN6761-1536x1024.jpg 1536w, https:\/\/wordpress.nibis.de\/gslehrte\/files\/2025\/05\/DSCN6761-2048x1365.jpg 2048w, https:\/\/wordpress.nibis.de\/gslehrte\/files\/2025\/05\/DSCN6761-75x50.jpg 75w\" sizes=\"auto, (max-width: 1024px) 100vw, 1024px\" \/><\/figure>\n\n\n\n<p>Am vergangenen Mittwoch hatte die Klasse 1\/2 Besuch vom <span style=\"color:#cf2e2e\" class=\"tadv-color\"><strong>Kinderschutzbund Meppen<\/strong><\/span>. Die Sch\u00fclerinnen und Sch\u00fcler setzten sich den Vormittag spielerisch, kreativ und musikalisch mit Pr\u00e4ventionsthemen, wie &#8222;<em>Traue deinem Gef\u00fchl<\/em>&#8222;, &#8222;<em>Dein K\u00f6rper geh\u00f6rt dir<\/em>&#8222;, &#8222;<em>Gute und schlechte<\/em> <em>Geheimnisse<\/em>&#8220;  und der Erkenntnis &#8222;<em>Jeder Mensch braucht eine Vertrauensperson<\/em>&#8220; auseinanader. <\/p>\n\n\n\n<p><\/p>\n\n\n\n<p class=\"has-text-align-center\">********************************************************<\/p>\n\n\n\n<figure class=\"wp-block-image size-large is-style-rounded\"><img loading=\"lazy\" decoding=\"async\" width=\"1024\" height=\"768\" src=\"https:\/\/wordpress.nibis.de\/gslehrte\/files\/2025\/05\/Fussballturnier-2025-1-1024x768.jpg\" alt=\"\" class=\"wp-image-644\" srcset=\"https:\/\/wordpress.nibis.de\/gslehrte\/files\/2025\/05\/Fussballturnier-2025-1-1024x768.jpg 1024w, https:\/\/wordpress.nibis.de\/gslehrte\/files\/2025\/05\/Fussballturnier-2025-1-300x225.jpg 300w, https:\/\/wordpress.nibis.de\/gslehrte\/files\/2025\/05\/Fussballturnier-2025-1-768x576.jpg 768w, https:\/\/wordpress.nibis.de\/gslehrte\/files\/2025\/05\/Fussballturnier-2025-1-1536x1152.jpg 1536w, https:\/\/wordpress.nibis.de\/gslehrte\/files\/2025\/05\/Fussballturnier-2025-1-2048x1536.jpg 2048w\" sizes=\"auto, (max-width: 1024px) 100vw, 1024px\" \/><figcaption class=\"wp-element-caption\">Ende April nahmen 11 Jungs aus den Klassen 2-4 an der <span style=\"color:#00d084\" class=\"tadv-color\"><strong>Fu\u00dfballschulmeisterschaft<\/strong><\/span> teil. Bei nasskaltem Wetter spielte die Grundschule Lehrte zun\u00e4chst gegen die Paulusschule. Das Spiel ging denkbar knapp und gl\u00fccklich mit 2:1 f\u00fcr die Paulusschule aus. Auch in den beiden folgenden Spielen gegen Wesuwe und den Gastgeber Bokeloh war das Gl\u00fcck nicht auf unserer Seite. Somit scheiden wir mit 3 Niederlagen aus dem Turnier aus. Dennoch haben die Jungs alles gegeben und eine gute Leistung gebracht. Und wie hei\u00dft es so sch\u00f6n: an Erfahrung gewonnen!<\/figcaption><\/figure>\n\n\n\n<p class=\"has-text-align-center\">********************************************************<\/p>\n\n\n\n<figure class=\"wp-block-image size-large is-style-tw-rounded-corners\"><img loading=\"lazy\" decoding=\"async\" width=\"1024\" height=\"768\" src=\"https:\/\/wordpress.nibis.de\/gslehrte\/files\/2025\/04\/Bild-Rotary-Club-2025-1024x768.jpeg\" alt=\"\" class=\"wp-image-625\" srcset=\"https:\/\/wordpress.nibis.de\/gslehrte\/files\/2025\/04\/Bild-Rotary-Club-2025-1024x768.jpeg 1024w, https:\/\/wordpress.nibis.de\/gslehrte\/files\/2025\/04\/Bild-Rotary-Club-2025-300x225.jpeg 300w, https:\/\/wordpress.nibis.de\/gslehrte\/files\/2025\/04\/Bild-Rotary-Club-2025-768x576.jpeg 768w, https:\/\/wordpress.nibis.de\/gslehrte\/files\/2025\/04\/Bild-Rotary-Club-2025-1536x1152.jpeg 1536w, https:\/\/wordpress.nibis.de\/gslehrte\/files\/2025\/04\/Bild-Rotary-Club-2025-2048x1536.jpeg 2048w\" sizes=\"auto, (max-width: 1024px) 100vw, 1024px\" \/><figcaption class=\"wp-element-caption\">Der <span style=\"background-color:#7bdcb5\" class=\"tadv-background-color\">Rotary Club L\u00f6ningen-Hasetal-Hasel\u00fcnne<\/span> hat sich zum Ziel gesetzt, die Schulen bei der<span style=\"background-color:#7bdcb5\" class=\"tadv-background-color\"> F\u00f6rderung der Lese- und Schreibf\u00e4higkeit<\/span> von Sch\u00fclerInnen zu unterst\u00fctzen. Auch unsere Sch\u00fclerInnen der Klasse 2 haben ein Abenteuer von <span style=\"background-color:#7bdcb5\" class=\"tadv-background-color\">&#8222;Faustdicke Freunde&#8220;<\/span> geschenkt bekommen.<br>Wir bedanken uns an dieser Stelle herzlich beim Rotary Club!<\/figcaption><\/figure>\n\n\n\n<p><\/p>\n\n\n\n<p class=\"has-text-align-center\">********************************************************<\/p>\n\n\n\n<p><\/p>\n\n\n\n<figure class=\"wp-block-image size-large is-style-tw-hard-shadow\"><img loading=\"lazy\" decoding=\"async\" width=\"1024\" height=\"768\" src=\"https:\/\/wordpress.nibis.de\/gslehrte\/files\/2025\/03\/Schulkino-Spielplatz-1024x768.jpg\" alt=\"\" class=\"wp-image-615\" srcset=\"https:\/\/wordpress.nibis.de\/gslehrte\/files\/2025\/03\/Schulkino-Spielplatz-1024x768.jpg 1024w, https:\/\/wordpress.nibis.de\/gslehrte\/files\/2025\/03\/Schulkino-Spielplatz-300x225.jpg 300w, https:\/\/wordpress.nibis.de\/gslehrte\/files\/2025\/03\/Schulkino-Spielplatz-768x576.jpg 768w, https:\/\/wordpress.nibis.de\/gslehrte\/files\/2025\/03\/Schulkino-Spielplatz-1536x1152.jpg 1536w, https:\/\/wordpress.nibis.de\/gslehrte\/files\/2025\/03\/Schulkino-Spielplatz.jpg 2016w\" sizes=\"auto, (max-width: 1024px) 100vw, 1024px\" \/><figcaption class=\"wp-element-caption\">Im Rahmen der <strong><span style=\"color:#0693e3\" class=\"tadv-color\">&#8222;Schulkinowochen Niedersachsen&#8220;<\/span> <\/strong>haben wir uns den Film <span style=\"color:#0693e3\" class=\"tadv-color\"><strong>&#8222;Fuchs und Hase retten den Wald&#8220;<\/strong><\/span> im Kulturkino Hasel\u00fcnne angeschaut und den Vormittag mit einem Besuch auf dem <span style=\"color:#0693e3\" class=\"tadv-color\">Mehrgenerationenspielplatz<\/span> am Sportzentrum abgeschlossen. <\/figcaption><\/figure>\n\n\n\n<p><\/p>\n\n\n\n<p class=\"has-text-align-center\">********************************************************<\/p>\n\n\n\n<p><\/p>\n\n\n\n<p class=\"has-text-align-center\" style=\"font-size:25px\"><strong>~*~<span style=\"background-color:#8ed1fc\" class=\"tadv-background-color\">K<\/span><span style=\"background-color:#fcb900\" class=\"tadv-background-color\">A<\/span><span style=\"background-color:#9b51e0\" class=\"tadv-background-color\">R<\/span><span style=\"background-color:#ff6900\" class=\"tadv-background-color\">N<\/span><span style=\"background-color:#00d084\" class=\"tadv-background-color\">E<\/span><span style=\"background-color:#cf2e2e\" class=\"tadv-background-color\">V<\/span><span style=\"background-color:#8ed1fc\" class=\"tadv-background-color\">A<\/span><span style=\"background-color:#f78da7\" class=\"tadv-background-color\">L<\/span>~*~<\/strong><\/p>\n\n\n\n<figure class=\"wp-block-image size-large is-style-tw-frame\"><img loading=\"lazy\" decoding=\"async\" width=\"1024\" height=\"683\" src=\"https:\/\/wordpress.nibis.de\/gslehrte\/files\/2025\/03\/Karneval25-3-1024x683.jpg\" alt=\"\" class=\"wp-image-600\" srcset=\"https:\/\/wordpress.nibis.de\/gslehrte\/files\/2025\/03\/Karneval25-3-1024x683.jpg 1024w, https:\/\/wordpress.nibis.de\/gslehrte\/files\/2025\/03\/Karneval25-3-300x200.jpg 300w, https:\/\/wordpress.nibis.de\/gslehrte\/files\/2025\/03\/Karneval25-3-768x512.jpg 768w, https:\/\/wordpress.nibis.de\/gslehrte\/files\/2025\/03\/Karneval25-3-1536x1024.jpg 1536w, https:\/\/wordpress.nibis.de\/gslehrte\/files\/2025\/03\/Karneval25-3-2048x1365.jpg 2048w, https:\/\/wordpress.nibis.de\/gslehrte\/files\/2025\/03\/Karneval25-3-75x50.jpg 75w\" sizes=\"auto, (max-width: 1024px) 100vw, 1024px\" \/><\/figure>\n\n\n\n<p class=\"has-text-align-center\" style=\"font-size:25px\"><strong>~*~<span style=\"background-color:#cf2e2e\" class=\"tadv-background-color\">H<\/span><span style=\"background-color:#8ed1fc\" class=\"tadv-background-color\">E<\/span><span style=\"background-color:#9b51e0\" class=\"tadv-background-color\">L<\/span><span style=\"background-color:#fcb900\" class=\"tadv-background-color\">A<\/span><span style=\"background-color:#7bdcb5\" class=\"tadv-background-color\">U<\/span>~*~<\/strong><\/p>\n\n\n\n<figure class=\"wp-block-image size-large is-style-tw-frame\"><img loading=\"lazy\" decoding=\"async\" width=\"1024\" height=\"683\" src=\"https:\/\/wordpress.nibis.de\/gslehrte\/files\/2025\/03\/Karneval25-2-1024x683.jpg\" alt=\"\" class=\"wp-image-599\" srcset=\"https:\/\/wordpress.nibis.de\/gslehrte\/files\/2025\/03\/Karneval25-2-1024x683.jpg 1024w, https:\/\/wordpress.nibis.de\/gslehrte\/files\/2025\/03\/Karneval25-2-300x200.jpg 300w, https:\/\/wordpress.nibis.de\/gslehrte\/files\/2025\/03\/Karneval25-2-768x512.jpg 768w, https:\/\/wordpress.nibis.de\/gslehrte\/files\/2025\/03\/Karneval25-2-1536x1024.jpg 1536w, https:\/\/wordpress.nibis.de\/gslehrte\/files\/2025\/03\/Karneval25-2-2048x1365.jpg 2048w, https:\/\/wordpress.nibis.de\/gslehrte\/files\/2025\/03\/Karneval25-2-75x50.jpg 75w\" sizes=\"auto, (max-width: 1024px) 100vw, 1024px\" \/><\/figure>\n\n\n\n<p class=\"has-text-align-center\" style=\"font-size:25px\"><strong>~*~<span style=\"background-color:#fcb900\" class=\"tadv-background-color\">R<\/span><span style=\"background-color:#0693e3\" class=\"tadv-background-color\">O<\/span><span style=\"background-color:#cf2e2e\" class=\"tadv-background-color\">S<\/span><span style=\"background-color:#9b51e0\" class=\"tadv-background-color\">E<\/span><span style=\"background-color:#ff6900\" class=\"tadv-background-color\">N<\/span><span style=\"background-color:#f78da7\" class=\"tadv-background-color\">M<\/span><span style=\"background-color:#0693e3\" class=\"tadv-background-color\">O<\/span><span style=\"background-color:#fcb900\" class=\"tadv-background-color\">N<\/span><span style=\"background-color:#cf2e2e\" class=\"tadv-background-color\">T<\/span><span style=\"background-color:#9b51e0\" class=\"tadv-background-color\">A<\/span><span style=\"background-color:#ff6900\" class=\"tadv-background-color\">G<\/span>~*~<\/strong><\/p>\n\n\n\n<figure class=\"wp-block-image size-large is-style-tw-frame\"><img loading=\"lazy\" decoding=\"async\" width=\"1024\" height=\"683\" src=\"https:\/\/wordpress.nibis.de\/gslehrte\/files\/2025\/03\/Karneval25-1-1024x683.jpg\" alt=\"\" class=\"wp-image-598\" srcset=\"https:\/\/wordpress.nibis.de\/gslehrte\/files\/2025\/03\/Karneval25-1-1024x683.jpg 1024w, https:\/\/wordpress.nibis.de\/gslehrte\/files\/2025\/03\/Karneval25-1-300x200.jpg 300w, https:\/\/wordpress.nibis.de\/gslehrte\/files\/2025\/03\/Karneval25-1-768x512.jpg 768w, https:\/\/wordpress.nibis.de\/gslehrte\/files\/2025\/03\/Karneval25-1-1536x1024.jpg 1536w, https:\/\/wordpress.nibis.de\/gslehrte\/files\/2025\/03\/Karneval25-1-2048x1365.jpg 2048w, https:\/\/wordpress.nibis.de\/gslehrte\/files\/2025\/03\/Karneval25-1-75x50.jpg 75w\" sizes=\"auto, (max-width: 1024px) 100vw, 1024px\" \/><\/figure>\n\n\n\n<p><\/p>\n\n\n\n<p class=\"has-text-align-center\">********************************************************<\/p>\n\n\n\n<p><\/p>\n\n\n\n<figure class=\"wp-block-image size-large\"><img loading=\"lazy\" decoding=\"async\" width=\"1024\" height=\"652\" src=\"https:\/\/wordpress.nibis.de\/gslehrte\/files\/2025\/02\/Trommelauffuehrung-1024x652.jpg\" alt=\"\" class=\"wp-image-587\" srcset=\"https:\/\/wordpress.nibis.de\/gslehrte\/files\/2025\/02\/Trommelauffuehrung-1024x652.jpg 1024w, https:\/\/wordpress.nibis.de\/gslehrte\/files\/2025\/02\/Trommelauffuehrung-300x191.jpg 300w, https:\/\/wordpress.nibis.de\/gslehrte\/files\/2025\/02\/Trommelauffuehrung-768x489.jpg 768w, https:\/\/wordpress.nibis.de\/gslehrte\/files\/2025\/02\/Trommelauffuehrung.jpg 1130w\" sizes=\"auto, (max-width: 1024px) 100vw, 1024px\" \/><figcaption class=\"wp-element-caption\">Das <span style=\"background-color:#fcb900\" class=\"tadv-background-color\">TROMMELPROJEKT<\/span> &#8222;TrommelTheater&#8220; mit Falou Sy hat wieder einmal f\u00fcr afrikanische Stimmung und gute Laune gesorgt. Hinter den Sch\u00fclern und Lehrern liegen drei tolle Projekttage mit anschlie\u00dfender Auff\u00fchrung in der Kirche. Gro\u00dfes Kompliment an alle Trommler und vielen Dank an Falou. <\/figcaption><\/figure>\n\n\n\n<figure class=\"wp-block-image size-full is-style-tw-hard-shadow\"><img loading=\"lazy\" decoding=\"async\" width=\"754\" height=\"830\" src=\"https:\/\/wordpress.nibis.de\/gslehrte\/files\/2025\/02\/Trommeln-im-Turnraum.jpg\" alt=\"\" class=\"wp-image-585\" srcset=\"https:\/\/wordpress.nibis.de\/gslehrte\/files\/2025\/02\/Trommeln-im-Turnraum.jpg 754w, https:\/\/wordpress.nibis.de\/gslehrte\/files\/2025\/02\/Trommeln-im-Turnraum-273x300.jpg 273w\" sizes=\"auto, (max-width: 754px) 100vw, 754px\" \/><\/figure>\n\n\n\n<p><\/p>\n\n\n\n<p class=\"has-text-align-center\">********************************************************<\/p>\n\n\n\n<p><\/p>\n\n\n\n<figure class=\"wp-block-image size-large is-style-tw-rounded-corners\"><img loading=\"lazy\" decoding=\"async\" width=\"1024\" height=\"683\" src=\"https:\/\/wordpress.nibis.de\/gslehrte\/files\/2025\/01\/DSCN6683-1024x683.jpg\" alt=\"\" class=\"wp-image-559\" srcset=\"https:\/\/wordpress.nibis.de\/gslehrte\/files\/2025\/01\/DSCN6683-1024x683.jpg 1024w, https:\/\/wordpress.nibis.de\/gslehrte\/files\/2025\/01\/DSCN6683-300x200.jpg 300w, https:\/\/wordpress.nibis.de\/gslehrte\/files\/2025\/01\/DSCN6683-768x512.jpg 768w, https:\/\/wordpress.nibis.de\/gslehrte\/files\/2025\/01\/DSCN6683-1536x1024.jpg 1536w, https:\/\/wordpress.nibis.de\/gslehrte\/files\/2025\/01\/DSCN6683-2048x1365.jpg 2048w, https:\/\/wordpress.nibis.de\/gslehrte\/files\/2025\/01\/DSCN6683-75x50.jpg 75w\" sizes=\"auto, (max-width: 1024px) 100vw, 1024px\" \/><figcaption class=\"wp-element-caption\">An den vergangenen drei Montagen hatten wir im Jahrgang 3 und 4 das 2-k\u00f6pfige Team der <strong><span style=\"color:#0693e3\" class=\"tadv-color\">Theaterp\u00e4dagogischen Werkstatt Osnabr\u00fcck<\/span> <\/strong>zu Gast. Themen waren m\u00f6gliche Missbrauchsgefahren in sozialen Medien und herk\u00f6mmlichen Alltagssituationen bis hin zu Exhibitionismus. M\u00f6gliche Gefahrensituationen wurden anhand von kleinen Theaterst\u00fccken sehr anschaulich dargestellt und anschlie\u00dfend mit den Kindern besprochen. So haben die Sch\u00fclerinnen und Sch\u00fcler mal auf eine ganz andere Art und Weise gelernt, wie Sie sich vor solchen Situationen sch\u00fctzen k\u00f6nnen, aber auch wie sie in derartigen reagieren k\u00f6nnen, wo sie Hilfe bekommen.<\/figcaption><\/figure>\n\n\n\n<p><\/p>\n\n\n\n<p class=\"has-text-align-center\">********************************************************<\/p>\n\n\n\n<p class=\"has-text-align-center\"><\/p>\n\n\n<div class=\"wp-block-image is-style-tw-rounded-corners\">\n<figure class=\"aligncenter size-large\"><img loading=\"lazy\" decoding=\"async\" width=\"1024\" height=\"768\" src=\"https:\/\/wordpress.nibis.de\/gslehrte\/files\/2025\/01\/936198A7-2FEE-4978-9693-D95E579E9DA9-1024x768.jpeg\" alt=\"\" class=\"wp-image-562\" srcset=\"https:\/\/wordpress.nibis.de\/gslehrte\/files\/2025\/01\/936198A7-2FEE-4978-9693-D95E579E9DA9-1024x768.jpeg 1024w, https:\/\/wordpress.nibis.de\/gslehrte\/files\/2025\/01\/936198A7-2FEE-4978-9693-D95E579E9DA9-300x225.jpeg 300w, https:\/\/wordpress.nibis.de\/gslehrte\/files\/2025\/01\/936198A7-2FEE-4978-9693-D95E579E9DA9-768x576.jpeg 768w, https:\/\/wordpress.nibis.de\/gslehrte\/files\/2025\/01\/936198A7-2FEE-4978-9693-D95E579E9DA9-1536x1152.jpeg 1536w, https:\/\/wordpress.nibis.de\/gslehrte\/files\/2025\/01\/936198A7-2FEE-4978-9693-D95E579E9DA9-2048x1536.jpeg 2048w\" sizes=\"auto, (max-width: 1024px) 100vw, 1024px\" \/><figcaption class=\"wp-element-caption\"><span style=\"background-color:#00d084\" class=\"tadv-background-color\">Besuch des landwirtschaftlichen Betriebs<\/span> der Familie Jansen. Vielen Dank an Familie Jansen, es war ein toller Ausflug!<\/figcaption><\/figure>\n<\/div>\n\n\n<figure class=\"wp-block-image size-large is-style-tw-rounded-corners\"><img loading=\"lazy\" decoding=\"async\" width=\"1024\" height=\"768\" src=\"https:\/\/wordpress.nibis.de\/gslehrte\/files\/2025\/01\/CB7CF934-443E-4E7C-8B9C-4E60B8C7C1EA-1024x768.jpeg\" alt=\"\" class=\"wp-image-563\" srcset=\"https:\/\/wordpress.nibis.de\/gslehrte\/files\/2025\/01\/CB7CF934-443E-4E7C-8B9C-4E60B8C7C1EA-1024x768.jpeg 1024w, https:\/\/wordpress.nibis.de\/gslehrte\/files\/2025\/01\/CB7CF934-443E-4E7C-8B9C-4E60B8C7C1EA-300x225.jpeg 300w, https:\/\/wordpress.nibis.de\/gslehrte\/files\/2025\/01\/CB7CF934-443E-4E7C-8B9C-4E60B8C7C1EA-768x576.jpeg 768w, https:\/\/wordpress.nibis.de\/gslehrte\/files\/2025\/01\/CB7CF934-443E-4E7C-8B9C-4E60B8C7C1EA-1536x1152.jpeg 1536w, https:\/\/wordpress.nibis.de\/gslehrte\/files\/2025\/01\/CB7CF934-443E-4E7C-8B9C-4E60B8C7C1EA-2048x1536.jpeg 2048w\" sizes=\"auto, (max-width: 1024px) 100vw, 1024px\" \/><\/figure>\n\n\n\n<p><\/p>\n\n\n\n<p class=\"has-text-align-center has-extra-large-font-size\"><strong>***************************2025*****************************<\/strong><\/p>\n\n\n\n<p class=\"has-text-align-center has-extra-large-font-size\"><strong>***************************2024*****************************<\/strong><\/p>\n\n\n\n<p><\/p>\n\n\n\n<figure class=\"wp-block-image size-large is-style-tw-hard-shadow\"><img loading=\"lazy\" decoding=\"async\" width=\"1024\" height=\"683\" src=\"https:\/\/wordpress.nibis.de\/gslehrte\/files\/2024\/11\/DSCN6652-1024x683.jpg\" alt=\"\" class=\"wp-image-526\" srcset=\"https:\/\/wordpress.nibis.de\/gslehrte\/files\/2024\/11\/DSCN6652-1024x683.jpg 1024w, https:\/\/wordpress.nibis.de\/gslehrte\/files\/2024\/11\/DSCN6652-300x200.jpg 300w, https:\/\/wordpress.nibis.de\/gslehrte\/files\/2024\/11\/DSCN6652-768x512.jpg 768w, https:\/\/wordpress.nibis.de\/gslehrte\/files\/2024\/11\/DSCN6652-1536x1024.jpg 1536w, https:\/\/wordpress.nibis.de\/gslehrte\/files\/2024\/11\/DSCN6652-2048x1365.jpg 2048w, https:\/\/wordpress.nibis.de\/gslehrte\/files\/2024\/11\/DSCN6652-75x50.jpg 75w\" sizes=\"auto, (max-width: 1024px) 100vw, 1024px\" \/><\/figure>\n\n\n\n<figure class=\"wp-block-image size-large is-style-tw-hard-shadow\"><img loading=\"lazy\" decoding=\"async\" width=\"1024\" height=\"683\" src=\"https:\/\/wordpress.nibis.de\/gslehrte\/files\/2024\/11\/DSCN6654-1024x683.jpg\" alt=\"\" class=\"wp-image-525\" srcset=\"https:\/\/wordpress.nibis.de\/gslehrte\/files\/2024\/11\/DSCN6654-1024x683.jpg 1024w, https:\/\/wordpress.nibis.de\/gslehrte\/files\/2024\/11\/DSCN6654-300x200.jpg 300w, https:\/\/wordpress.nibis.de\/gslehrte\/files\/2024\/11\/DSCN6654-768x512.jpg 768w, https:\/\/wordpress.nibis.de\/gslehrte\/files\/2024\/11\/DSCN6654-1536x1024.jpg 1536w, https:\/\/wordpress.nibis.de\/gslehrte\/files\/2024\/11\/DSCN6654-2048x1365.jpg 2048w, https:\/\/wordpress.nibis.de\/gslehrte\/files\/2024\/11\/DSCN6654-75x50.jpg 75w\" sizes=\"auto, (max-width: 1024px) 100vw, 1024px\" \/><\/figure>\n\n\n\n<p>Viele flei\u00dfige H\u00e4nde haben am <span style=\"color:#cf2e2e\" class=\"tadv-color\"><em><strong>Weihnachts-Basteltag<\/strong><\/em><\/span> daf\u00fcr gesorgt, dass jetzt auch die Schule feierlich geschm\u00fcckt ist. In gem\u00fctlicher Atmosph\u00e4re mit Weihnachtsmusik, Keksen und anderen Leckereien haben die Sch\u00fcler ausgeschnitten, geklebt und gemalt. Das Ergebnis kann sich sehen lassen!<\/p>\n\n\n\n<figure class=\"wp-block-image size-large is-style-tw-hard-shadow\"><img loading=\"lazy\" decoding=\"async\" width=\"1024\" height=\"683\" src=\"https:\/\/wordpress.nibis.de\/gslehrte\/files\/2024\/11\/DSCN6651-1024x683.jpg\" alt=\"\" class=\"wp-image-523\" srcset=\"https:\/\/wordpress.nibis.de\/gslehrte\/files\/2024\/11\/DSCN6651-1024x683.jpg 1024w, https:\/\/wordpress.nibis.de\/gslehrte\/files\/2024\/11\/DSCN6651-300x200.jpg 300w, https:\/\/wordpress.nibis.de\/gslehrte\/files\/2024\/11\/DSCN6651-768x512.jpg 768w, https:\/\/wordpress.nibis.de\/gslehrte\/files\/2024\/11\/DSCN6651-1536x1024.jpg 1536w, https:\/\/wordpress.nibis.de\/gslehrte\/files\/2024\/11\/DSCN6651-2048x1365.jpg 2048w, https:\/\/wordpress.nibis.de\/gslehrte\/files\/2024\/11\/DSCN6651-75x50.jpg 75w\" sizes=\"auto, (max-width: 1024px) 100vw, 1024px\" \/><\/figure>\n\n\n\n<figure class=\"wp-block-image size-large is-style-tw-hard-shadow\"><img loading=\"lazy\" decoding=\"async\" width=\"1024\" height=\"683\" src=\"https:\/\/wordpress.nibis.de\/gslehrte\/files\/2024\/11\/DSCN6659-1024x683.jpg\" alt=\"\" class=\"wp-image-527\" srcset=\"https:\/\/wordpress.nibis.de\/gslehrte\/files\/2024\/11\/DSCN6659-1024x683.jpg 1024w, https:\/\/wordpress.nibis.de\/gslehrte\/files\/2024\/11\/DSCN6659-300x200.jpg 300w, https:\/\/wordpress.nibis.de\/gslehrte\/files\/2024\/11\/DSCN6659-768x512.jpg 768w, https:\/\/wordpress.nibis.de\/gslehrte\/files\/2024\/11\/DSCN6659-1536x1024.jpg 1536w, https:\/\/wordpress.nibis.de\/gslehrte\/files\/2024\/11\/DSCN6659-2048x1365.jpg 2048w, https:\/\/wordpress.nibis.de\/gslehrte\/files\/2024\/11\/DSCN6659-75x50.jpg 75w\" sizes=\"auto, (max-width: 1024px) 100vw, 1024px\" \/><\/figure>\n\n\n\n<p><\/p>\n\n\n\n<p class=\"has-text-align-center\">*************************************************************<\/p>\n\n\n\n<p><\/p>\n\n\n\n<figure class=\"wp-block-image size-large is-style-rounded\"><img loading=\"lazy\" decoding=\"async\" width=\"1024\" height=\"683\" src=\"https:\/\/wordpress.nibis.de\/gslehrte\/files\/2024\/11\/Kinder-und-Kirchenlieder-1024x683.jpg\" alt=\"\" class=\"wp-image-515\" srcset=\"https:\/\/wordpress.nibis.de\/gslehrte\/files\/2024\/11\/Kinder-und-Kirchenlieder-1024x683.jpg 1024w, https:\/\/wordpress.nibis.de\/gslehrte\/files\/2024\/11\/Kinder-und-Kirchenlieder-300x200.jpg 300w, https:\/\/wordpress.nibis.de\/gslehrte\/files\/2024\/11\/Kinder-und-Kirchenlieder-768x512.jpg 768w, https:\/\/wordpress.nibis.de\/gslehrte\/files\/2024\/11\/Kinder-und-Kirchenlieder-1536x1024.jpg 1536w, https:\/\/wordpress.nibis.de\/gslehrte\/files\/2024\/11\/Kinder-und-Kirchenlieder-2048x1365.jpg 2048w, https:\/\/wordpress.nibis.de\/gslehrte\/files\/2024\/11\/Kinder-und-Kirchenlieder-75x50.jpg 75w\" sizes=\"auto, (max-width: 1024px) 100vw, 1024px\" \/><figcaption class=\"wp-element-caption\">Frau Prins vom Initiativkreis Hasel\u00fcnne besuchte die Runde um sich bei Frau Wendt und Frau Schulte f\u00fcr das tolle Engagement zu bedanken.<\/figcaption><\/figure>\n\n\n\n<figure class=\"wp-block-image size-large is-style-rounded\"><img loading=\"lazy\" decoding=\"async\" width=\"1024\" height=\"768\" src=\"https:\/\/wordpress.nibis.de\/gslehrte\/files\/2024\/11\/05E509B5-7CDB-4413-A638-EBE4CBD92E13-1024x768.jpeg\" alt=\"\" class=\"wp-image-512\" srcset=\"https:\/\/wordpress.nibis.de\/gslehrte\/files\/2024\/11\/05E509B5-7CDB-4413-A638-EBE4CBD92E13-1024x768.jpeg 1024w, https:\/\/wordpress.nibis.de\/gslehrte\/files\/2024\/11\/05E509B5-7CDB-4413-A638-EBE4CBD92E13-300x225.jpeg 300w, https:\/\/wordpress.nibis.de\/gslehrte\/files\/2024\/11\/05E509B5-7CDB-4413-A638-EBE4CBD92E13-768x576.jpeg 768w, https:\/\/wordpress.nibis.de\/gslehrte\/files\/2024\/11\/05E509B5-7CDB-4413-A638-EBE4CBD92E13-1536x1152.jpeg 1536w, https:\/\/wordpress.nibis.de\/gslehrte\/files\/2024\/11\/05E509B5-7CDB-4413-A638-EBE4CBD92E13-2048x1536.jpeg 2048w\" sizes=\"auto, (max-width: 1024px) 100vw, 1024px\" \/><\/figure>\n\n\n\n<p>Am 18. und 20.11. besuchten uns <span style=\"background-color:#f78da7\" class=\"tadv-background-color\">Frau Wendt und Frau Schulte<\/span> mit einem tollen Programm zum Thema <span style=\"color:#000000\" class=\"tadv-color\"><span style=\"background-color:#f78da7\" class=\"tadv-background-color\">&#8222;Kinder-und Kirchenlieder&#8220;<\/span><\/span>. Die Sch\u00fcler hatten sehr viel <span style=\"background-color:#f78da7\" class=\"tadv-background-color\">Spa\u00df am Singen und Musizieren<\/span>. Auch viele kleine Spiele bereiteten den Kindern sehr viel Freude. Vielen Dank!<\/p>\n\n\n\n<figure class=\"wp-block-image size-large is-style-rounded\"><img loading=\"lazy\" decoding=\"async\" width=\"1024\" height=\"768\" src=\"https:\/\/wordpress.nibis.de\/gslehrte\/files\/2024\/11\/779584D6-3F4B-4C19-8FD0-111786110CFE-1024x768.jpeg\" alt=\"\" class=\"wp-image-514\" srcset=\"https:\/\/wordpress.nibis.de\/gslehrte\/files\/2024\/11\/779584D6-3F4B-4C19-8FD0-111786110CFE-1024x768.jpeg 1024w, https:\/\/wordpress.nibis.de\/gslehrte\/files\/2024\/11\/779584D6-3F4B-4C19-8FD0-111786110CFE-300x225.jpeg 300w, https:\/\/wordpress.nibis.de\/gslehrte\/files\/2024\/11\/779584D6-3F4B-4C19-8FD0-111786110CFE-768x576.jpeg 768w, https:\/\/wordpress.nibis.de\/gslehrte\/files\/2024\/11\/779584D6-3F4B-4C19-8FD0-111786110CFE-1536x1152.jpeg 1536w, https:\/\/wordpress.nibis.de\/gslehrte\/files\/2024\/11\/779584D6-3F4B-4C19-8FD0-111786110CFE-2048x1536.jpeg 2048w\" sizes=\"auto, (max-width: 1024px) 100vw, 1024px\" \/><\/figure>\n\n\n\n<p><\/p>\n\n\n\n<p class=\"has-text-align-center\">*************************************************************<\/p>\n\n\n\n<p><\/p>\n\n\n\n<figure class=\"wp-block-image size-large is-style-tw-rounded-corners\"><img loading=\"lazy\" decoding=\"async\" width=\"1024\" height=\"683\" src=\"https:\/\/wordpress.nibis.de\/gslehrte\/files\/2024\/11\/Lesen-und-Basteln-in-der-Buecherei-1024x683.jpg\" alt=\"\" class=\"wp-image-510\" srcset=\"https:\/\/wordpress.nibis.de\/gslehrte\/files\/2024\/11\/Lesen-und-Basteln-in-der-Buecherei-1024x683.jpg 1024w, https:\/\/wordpress.nibis.de\/gslehrte\/files\/2024\/11\/Lesen-und-Basteln-in-der-Buecherei-300x200.jpg 300w, https:\/\/wordpress.nibis.de\/gslehrte\/files\/2024\/11\/Lesen-und-Basteln-in-der-Buecherei-768x512.jpg 768w, https:\/\/wordpress.nibis.de\/gslehrte\/files\/2024\/11\/Lesen-und-Basteln-in-der-Buecherei-1536x1024.jpg 1536w, https:\/\/wordpress.nibis.de\/gslehrte\/files\/2024\/11\/Lesen-und-Basteln-in-der-Buecherei-2048x1365.jpg 2048w, https:\/\/wordpress.nibis.de\/gslehrte\/files\/2024\/11\/Lesen-und-Basteln-in-der-Buecherei-75x50.jpg 75w\" sizes=\"auto, (max-width: 1024px) 100vw, 1024px\" \/><figcaption class=\"wp-element-caption\">Am 19.11. wurden unsere Sch\u00fclerinnen und Sch\u00fcler in das <span style=\"color:#cf2e2e\" class=\"tadv-color\">Lehrter Pfarrheim<\/span> eingeladen. Dort wurde Ihnen in <span style=\"color:#cf2e2e\" class=\"tadv-color\">gem\u00fctlicher Leseatmosph\u00e4re<\/span> aus dem spannenden Buch <span style=\"color:#cf2e2e\" class=\"tadv-color\">&#8222;Das Geheimnis vom Dachboden&#8220;<\/span> von Katharina K\u00fchl (ausleihbar in der B\u00fccherei!)<br>vorgelesen. Im Anschluss gab es noch ein <span style=\"color:#cf2e2e\" class=\"tadv-color\">vielf\u00e4ltiges Bastelangebot<\/span>, dass die Kinder nutzten, um verschiedenste Herbstdekorationen zu basteln.<\/figcaption><\/figure>\n\n\n\n<p><\/p>\n\n\n\n<p class=\"has-text-align-center\">*************************************************************<\/p>\n\n\n\n<p><\/p>\n\n\n\n<figure class=\"wp-block-image size-full is-style-tw-frame\"><img loading=\"lazy\" decoding=\"async\" width=\"872\" height=\"632\" src=\"https:\/\/wordpress.nibis.de\/gslehrte\/files\/2024\/11\/Zeitungsartikel-mit-Till-und-Lars.jpg\" alt=\"\" class=\"wp-image-507\" srcset=\"https:\/\/wordpress.nibis.de\/gslehrte\/files\/2024\/11\/Zeitungsartikel-mit-Till-und-Lars.jpg 872w, https:\/\/wordpress.nibis.de\/gslehrte\/files\/2024\/11\/Zeitungsartikel-mit-Till-und-Lars-300x217.jpg 300w, https:\/\/wordpress.nibis.de\/gslehrte\/files\/2024\/11\/Zeitungsartikel-mit-Till-und-Lars-768x557.jpg 768w\" sizes=\"auto, (max-width: 872px) 100vw, 872px\" \/><\/figure>\n\n\n\n<p>Wir freuen uns \u00fcber den gelungenen Vortrag von unseren 4. Kl\u00e4sslern Till und Lars im Rathaus. Sie haben einen tollen Beitrag zum Auftakt von &#8222;Hasel\u00fcnne liest und singt&#8220; geleistet. <\/p>\n\n\n\n<p><\/p>\n\n\n\n<p class=\"has-text-align-center\">*************************************************************<\/p>\n\n\n\n<p><\/p>\n\n\n\n<figure class=\"wp-block-image size-full is-style-rounded\"><img loading=\"lazy\" decoding=\"async\" width=\"705\" height=\"532\" src=\"https:\/\/wordpress.nibis.de\/gslehrte\/files\/2024\/11\/Dorfaeltesten-Lesen2.jpg\" alt=\"\" class=\"wp-image-493\" srcset=\"https:\/\/wordpress.nibis.de\/gslehrte\/files\/2024\/11\/Dorfaeltesten-Lesen2.jpg 705w, https:\/\/wordpress.nibis.de\/gslehrte\/files\/2024\/11\/Dorfaeltesten-Lesen2-300x226.jpg 300w\" sizes=\"auto, (max-width: 705px) 100vw, 705px\" \/><\/figure>\n\n\n\n<p>Im Rahmen der Aktion <span style=\"color:#0693e3\" class=\"tadv-color\">\u201eHasel\u00fcnne liest und singt\u201c <\/span>besuchten Kinder unserer<span style=\"color:#0693e3\" class=\"tadv-color\"> 3. und 4. Klasse <\/span>die Dorf\u00e4ltesten von Lehrte und B\u00fcckelte, <span style=\"color:#0693e3\" class=\"tadv-color\">Hermann Fischer und Heinrich Lampe<\/span>, beide im stolzen Alter von 96 Jahren! Die Kinder wurden sehr herzlich von den Familien Lampe und Fischer begr\u00fc\u00dft und lasen ihre ge\u00fcbten Geschichten in gem\u00fctlicher Runde vor.<\/p>\n\n\n\n<figure class=\"wp-block-image size-large is-style-rounded\"><img loading=\"lazy\" decoding=\"async\" width=\"1024\" height=\"683\" src=\"https:\/\/wordpress.nibis.de\/gslehrte\/files\/2024\/11\/Dorfaeltesten-Lesen-1024x683.jpg\" alt=\"\" class=\"wp-image-492\" srcset=\"https:\/\/wordpress.nibis.de\/gslehrte\/files\/2024\/11\/Dorfaeltesten-Lesen-1024x683.jpg 1024w, https:\/\/wordpress.nibis.de\/gslehrte\/files\/2024\/11\/Dorfaeltesten-Lesen-300x200.jpg 300w, https:\/\/wordpress.nibis.de\/gslehrte\/files\/2024\/11\/Dorfaeltesten-Lesen-768x512.jpg 768w, https:\/\/wordpress.nibis.de\/gslehrte\/files\/2024\/11\/Dorfaeltesten-Lesen-75x50.jpg 75w, https:\/\/wordpress.nibis.de\/gslehrte\/files\/2024\/11\/Dorfaeltesten-Lesen.jpg 1347w\" sizes=\"auto, (max-width: 1024px) 100vw, 1024px\" \/><\/figure>\n\n\n\n<p><\/p>\n\n\n\n<p class=\"has-text-align-center\">*************************************************************<\/p>\n\n\n\n<p><\/p>\n\n\n\n<p><\/p>\n\n\n\n<figure class=\"wp-block-image size-large is-style-tw-rounded-corners\"><img loading=\"lazy\" decoding=\"async\" width=\"1024\" height=\"802\" src=\"https:\/\/wordpress.nibis.de\/gslehrte\/files\/2024\/11\/Bild-Kino-Kl.3-2024-1024x802.jpg\" alt=\"\" class=\"wp-image-486\" srcset=\"https:\/\/wordpress.nibis.de\/gslehrte\/files\/2024\/11\/Bild-Kino-Kl.3-2024-1024x802.jpg 1024w, https:\/\/wordpress.nibis.de\/gslehrte\/files\/2024\/11\/Bild-Kino-Kl.3-2024-300x235.jpg 300w, https:\/\/wordpress.nibis.de\/gslehrte\/files\/2024\/11\/Bild-Kino-Kl.3-2024-768x602.jpg 768w, https:\/\/wordpress.nibis.de\/gslehrte\/files\/2024\/11\/Bild-Kino-Kl.3-2024.jpg 1280w\" sizes=\"auto, (max-width: 1024px) 100vw, 1024px\" \/><figcaption class=\"wp-element-caption\">Zum Start des umfangreichen 2-w\u00f6chigen Programms von &#8222;Hasel\u00fcnne liest und singt&#8220; war unsere <br><span style=\"color:#ff6900\" class=\"tadv-color\">Klasse 3<\/span> am 8.11. zu Besuch im <span style=\"color:#ff6900\" class=\"tadv-color\">Hasetorkino<\/span>. Dort la\u00df <span style=\"color:#0693e3\" class=\"tadv-color\">Ulf Blank <\/span>spannende Geschichten aus den B\u00fcchern der bekannten <span style=\"color:#0693e3\" class=\"tadv-color\">???<\/span><\/figcaption><\/figure>\n\n\n\n<p><\/p>\n\n\n\n<p class=\"has-text-align-center\">*************************************************************<\/p>\n\n\n\n<p><\/p>\n\n\n\n<figure class=\"wp-block-image size-large is-style-tw-rounded-corners\"><img loading=\"lazy\" decoding=\"async\" width=\"1024\" height=\"768\" src=\"https:\/\/wordpress.nibis.de\/gslehrte\/files\/2024\/09\/Waldtag2024-1024x768.jpg\" alt=\"\" class=\"wp-image-435\" srcset=\"https:\/\/wordpress.nibis.de\/gslehrte\/files\/2024\/09\/Waldtag2024-1024x768.jpg 1024w, https:\/\/wordpress.nibis.de\/gslehrte\/files\/2024\/09\/Waldtag2024-300x225.jpg 300w, https:\/\/wordpress.nibis.de\/gslehrte\/files\/2024\/09\/Waldtag2024-768x576.jpg 768w, https:\/\/wordpress.nibis.de\/gslehrte\/files\/2024\/09\/Waldtag2024-1536x1152.jpg 1536w, https:\/\/wordpress.nibis.de\/gslehrte\/files\/2024\/09\/Waldtag2024-2048x1536.jpg 2048w\" sizes=\"auto, (max-width: 1024px) 100vw, 1024px\" \/><figcaption class=\"wp-element-caption\">Bei der <span style=\"background-color:#00d084\" class=\"tadv-background-color\">Waldp\u00e4dagogin Frau K\u00f6ster<\/span> lernten die Kinder der Klasse 3 und 4, welch gro\u00dfen Wert der Wald f\u00fcr uns Menschen hat, und wie wir ihn entsprechend sch\u00fctzen k\u00f6nnen.<\/figcaption><\/figure>\n\n\n\n<figure class=\"wp-block-image size-large is-style-tw-rounded-corners\"><img loading=\"lazy\" decoding=\"async\" width=\"1024\" height=\"768\" src=\"https:\/\/wordpress.nibis.de\/gslehrte\/files\/2024\/09\/Waldtag20242-1024x768.jpg\" alt=\"\" class=\"wp-image-436\" srcset=\"https:\/\/wordpress.nibis.de\/gslehrte\/files\/2024\/09\/Waldtag20242-1024x768.jpg 1024w, https:\/\/wordpress.nibis.de\/gslehrte\/files\/2024\/09\/Waldtag20242-300x225.jpg 300w, https:\/\/wordpress.nibis.de\/gslehrte\/files\/2024\/09\/Waldtag20242-768x576.jpg 768w, https:\/\/wordpress.nibis.de\/gslehrte\/files\/2024\/09\/Waldtag20242-1536x1152.jpg 1536w, https:\/\/wordpress.nibis.de\/gslehrte\/files\/2024\/09\/Waldtag20242-2048x1536.jpg 2048w\" sizes=\"auto, (max-width: 1024px) 100vw, 1024px\" \/><\/figure>\n\n\n\n<p><\/p>\n\n\n\n<figure class=\"wp-block-image size-large is-style-tw-rounded-corners\"><img loading=\"lazy\" decoding=\"async\" width=\"1024\" height=\"768\" src=\"https:\/\/wordpress.nibis.de\/gslehrte\/files\/2024\/09\/Waldtag20243-1024x768.jpg\" alt=\"\" class=\"wp-image-434\" srcset=\"https:\/\/wordpress.nibis.de\/gslehrte\/files\/2024\/09\/Waldtag20243-1024x768.jpg 1024w, https:\/\/wordpress.nibis.de\/gslehrte\/files\/2024\/09\/Waldtag20243-300x225.jpg 300w, https:\/\/wordpress.nibis.de\/gslehrte\/files\/2024\/09\/Waldtag20243-768x576.jpg 768w, https:\/\/wordpress.nibis.de\/gslehrte\/files\/2024\/09\/Waldtag20243-1536x1152.jpg 1536w, https:\/\/wordpress.nibis.de\/gslehrte\/files\/2024\/09\/Waldtag20243-2048x1536.jpg 2048w\" sizes=\"auto, (max-width: 1024px) 100vw, 1024px\" \/><figcaption class=\"wp-element-caption\">Im <span style=\"background-color:#00d084\" class=\"tadv-background-color\">praktischen Teil<\/span> des Projekts untersuchten die Kinder B\u00e4ume auf unserem Schulgel\u00e4nde. Dabei lernten sie unter anderem, dass man anhand der <span style=\"background-color:#00d084\" class=\"tadv-background-color\">Stammbreite eines Baumes<\/span><br>dessen <span style=\"background-color:#00d084\" class=\"tadv-background-color\">Kohlendioxidaufnahme<\/span> errechnen kann, oder dass B\u00e4ume mithilfe von Licht Zucker erzeugen.<\/figcaption><\/figure>\n\n\n\n<figure class=\"wp-block-image size-large is-style-tw-rounded-corners\"><img loading=\"lazy\" decoding=\"async\" width=\"1024\" height=\"768\" src=\"https:\/\/wordpress.nibis.de\/gslehrte\/files\/2024\/09\/Waldtag20244-1024x768.jpg\" alt=\"\" class=\"wp-image-432\" srcset=\"https:\/\/wordpress.nibis.de\/gslehrte\/files\/2024\/09\/Waldtag20244-1024x768.jpg 1024w, https:\/\/wordpress.nibis.de\/gslehrte\/files\/2024\/09\/Waldtag20244-300x225.jpg 300w, https:\/\/wordpress.nibis.de\/gslehrte\/files\/2024\/09\/Waldtag20244-768x576.jpg 768w, https:\/\/wordpress.nibis.de\/gslehrte\/files\/2024\/09\/Waldtag20244-1536x1152.jpg 1536w, https:\/\/wordpress.nibis.de\/gslehrte\/files\/2024\/09\/Waldtag20244-2048x1536.jpg 2048w\" sizes=\"auto, (max-width: 1024px) 100vw, 1024px\" \/><\/figure>\n\n\n\n<p><\/p>\n\n\n\n<p class=\"has-text-align-center\">*************************************************************<\/p>\n\n\n\n<p><\/p>\n\n\n\n<figure class=\"wp-block-image size-large is-style-tw-rounded-corners\"><img loading=\"lazy\" decoding=\"async\" width=\"1024\" height=\"650\" src=\"https:\/\/wordpress.nibis.de\/gslehrte\/files\/2024\/09\/Fahrradpruefung-2024-Bild-1-1024x650.jpg\" alt=\"\" class=\"wp-image-422\" srcset=\"https:\/\/wordpress.nibis.de\/gslehrte\/files\/2024\/09\/Fahrradpruefung-2024-Bild-1-1024x650.jpg 1024w, https:\/\/wordpress.nibis.de\/gslehrte\/files\/2024\/09\/Fahrradpruefung-2024-Bild-1-300x190.jpg 300w, https:\/\/wordpress.nibis.de\/gslehrte\/files\/2024\/09\/Fahrradpruefung-2024-Bild-1-768x487.jpg 768w, https:\/\/wordpress.nibis.de\/gslehrte\/files\/2024\/09\/Fahrradpruefung-2024-Bild-1-1536x974.jpg 1536w, https:\/\/wordpress.nibis.de\/gslehrte\/files\/2024\/09\/Fahrradpruefung-2024-Bild-1-2048x1299.jpg 2048w\" sizes=\"auto, (max-width: 1024px) 100vw, 1024px\" \/><figcaption class=\"wp-element-caption\"><span style=\"color:#0693e3\" class=\"tadv-color\"><strong>Herr Z\u00fcwerink<\/strong><\/span> von der <strong><span style=\"color:#0693e3\" class=\"tadv-color\">Polizei Hasel\u00fcnne<\/span><\/strong> war zu Gast.<\/figcaption><\/figure>\n\n\n\n<figure class=\"wp-block-image size-large is-style-rounded\"><img loading=\"lazy\" decoding=\"async\" width=\"1024\" height=\"989\" src=\"https:\/\/wordpress.nibis.de\/gslehrte\/files\/2024\/09\/Fahrradpruefung-2024-Bild-2-1024x989.jpg\" alt=\"\" class=\"wp-image-424\" srcset=\"https:\/\/wordpress.nibis.de\/gslehrte\/files\/2024\/09\/Fahrradpruefung-2024-Bild-2-1024x989.jpg 1024w, https:\/\/wordpress.nibis.de\/gslehrte\/files\/2024\/09\/Fahrradpruefung-2024-Bild-2-300x290.jpg 300w, https:\/\/wordpress.nibis.de\/gslehrte\/files\/2024\/09\/Fahrradpruefung-2024-Bild-2-768x742.jpg 768w, https:\/\/wordpress.nibis.de\/gslehrte\/files\/2024\/09\/Fahrradpruefung-2024-Bild-2-1536x1483.jpg 1536w, https:\/\/wordpress.nibis.de\/gslehrte\/files\/2024\/09\/Fahrradpruefung-2024-Bild-2.jpg 1633w\" sizes=\"auto, (max-width: 1024px) 100vw, 1024px\" \/><figcaption class=\"wp-element-caption\"><span style=\"color:#0693e3\" class=\"tadv-color\"><strong>Fahrradrundweg<\/strong><\/span> mitten durch das Dorf mit Eltern als Streckenposten zur <strong><span style=\"color:#0693e3\" class=\"tadv-color\">Pr\u00fcfungsabnahme<\/span><\/strong>.<\/figcaption><\/figure>\n\n\n\n<figure class=\"wp-block-image size-large is-style-rounded\"><img loading=\"lazy\" decoding=\"async\" width=\"1024\" height=\"768\" src=\"https:\/\/wordpress.nibis.de\/gslehrte\/files\/2024\/09\/Fahrradpruefung-2024-Bild-3-1024x768.jpg\" alt=\"\" class=\"wp-image-425\" srcset=\"https:\/\/wordpress.nibis.de\/gslehrte\/files\/2024\/09\/Fahrradpruefung-2024-Bild-3-1024x768.jpg 1024w, https:\/\/wordpress.nibis.de\/gslehrte\/files\/2024\/09\/Fahrradpruefung-2024-Bild-3-300x225.jpg 300w, https:\/\/wordpress.nibis.de\/gslehrte\/files\/2024\/09\/Fahrradpruefung-2024-Bild-3-768x576.jpg 768w, https:\/\/wordpress.nibis.de\/gslehrte\/files\/2024\/09\/Fahrradpruefung-2024-Bild-3-1536x1152.jpg 1536w, https:\/\/wordpress.nibis.de\/gslehrte\/files\/2024\/09\/Fahrradpruefung-2024-Bild-3-2048x1536.jpg 2048w\" sizes=\"auto, (max-width: 1024px) 100vw, 1024px\" \/><figcaption class=\"wp-element-caption\"><span style=\"color:#0693e3\" class=\"tadv-color\"><\/span><\/figcaption><\/figure>\n\n\n\n<figure class=\"wp-block-image size-large is-style-tw-rounded-corners\"><img loading=\"lazy\" decoding=\"async\" width=\"1024\" height=\"645\" src=\"https:\/\/wordpress.nibis.de\/gslehrte\/files\/2024\/09\/Fahrradpruefung-2024-Bild-4-1024x645.jpg\" alt=\"\" class=\"wp-image-426\" srcset=\"https:\/\/wordpress.nibis.de\/gslehrte\/files\/2024\/09\/Fahrradpruefung-2024-Bild-4-1024x645.jpg 1024w, https:\/\/wordpress.nibis.de\/gslehrte\/files\/2024\/09\/Fahrradpruefung-2024-Bild-4-300x189.jpg 300w, https:\/\/wordpress.nibis.de\/gslehrte\/files\/2024\/09\/Fahrradpruefung-2024-Bild-4-768x484.jpg 768w, https:\/\/wordpress.nibis.de\/gslehrte\/files\/2024\/09\/Fahrradpruefung-2024-Bild-4-1536x968.jpg 1536w, https:\/\/wordpress.nibis.de\/gslehrte\/files\/2024\/09\/Fahrradpruefung-2024-Bild-4-2048x1290.jpg 2048w\" sizes=\"auto, (max-width: 1024px) 100vw, 1024px\" \/><figcaption class=\"wp-element-caption\"><strong><span style=\"color:#0693e3\" class=\"tadv-color\">Alle 4. Kl\u00e4ssler<\/span><\/strong> haben <strong><span style=\"color:#0693e3\" class=\"tadv-color\">erfolgreich<\/span><\/strong> den Theorie- und den Praxisteil bestanden.<\/figcaption><\/figure>\n\n\n\n<p><\/p>\n\n\n\n<p class=\"has-text-align-center\">*************************************************************<\/p>\n\n\n\n<p><\/p>\n\n\n\n<p>Unter dem Motto<span style=\"color:#fcb900\" class=\"tadv-color\"> <\/span><strong><span style=\"background-color:#fcb900\" class=\"tadv-background-color\"><span style=\"color:#000000\" class=\"tadv-color\">&#8222;kleine F\u00fc\u00dfe- sicherer Schulweg&#8220;<\/span><\/span><\/strong> hat die Klasse 1\/2 zusammen mit der Polizei wichtige Stra\u00dfen\u00fcberg\u00e4nge markiert. <\/p>\n\n\n\n<figure class=\"wp-block-image size-large is-style-tw-rounded-corners\"><img loading=\"lazy\" decoding=\"async\" width=\"1024\" height=\"715\" src=\"https:\/\/wordpress.nibis.de\/gslehrte\/files\/2024\/09\/2-1024x715.jpg\" alt=\"\" class=\"wp-image-404\" srcset=\"https:\/\/wordpress.nibis.de\/gslehrte\/files\/2024\/09\/2-1024x715.jpg 1024w, https:\/\/wordpress.nibis.de\/gslehrte\/files\/2024\/09\/2-300x209.jpg 300w, https:\/\/wordpress.nibis.de\/gslehrte\/files\/2024\/09\/2-768x536.jpg 768w, https:\/\/wordpress.nibis.de\/gslehrte\/files\/2024\/09\/2-1536x1073.jpg 1536w, https:\/\/wordpress.nibis.de\/gslehrte\/files\/2024\/09\/2-2048x1430.jpg 2048w\" sizes=\"auto, (max-width: 1024px) 100vw, 1024px\" \/><\/figure>\n\n\n\n<p><strong><span style=\"color:#000000\" class=\"tadv-color\"><span style=\"background-color:#fcb900\" class=\"tadv-background-color\">Gelbe F\u00fc\u00dfe<\/span><\/span><\/strong> bedeuten: &#8222;Stopp, erst links und rechts schauen ob die Stra\u00dfe frei ist!&#8220;<\/p>\n\n\n\n<figure class=\"wp-block-image size-large is-style-tw-rounded-corners\"><img loading=\"lazy\" decoding=\"async\" width=\"1024\" height=\"768\" src=\"https:\/\/wordpress.nibis.de\/gslehrte\/files\/2024\/09\/DSCN6558-1024x768.jpg\" alt=\"\" class=\"wp-image-405\" srcset=\"https:\/\/wordpress.nibis.de\/gslehrte\/files\/2024\/09\/DSCN6558-1024x768.jpg 1024w, https:\/\/wordpress.nibis.de\/gslehrte\/files\/2024\/09\/DSCN6558-300x225.jpg 300w, https:\/\/wordpress.nibis.de\/gslehrte\/files\/2024\/09\/DSCN6558-768x576.jpg 768w, https:\/\/wordpress.nibis.de\/gslehrte\/files\/2024\/09\/DSCN6558-1536x1152.jpg 1536w, https:\/\/wordpress.nibis.de\/gslehrte\/files\/2024\/09\/DSCN6558-2048x1536.jpg 2048w\" sizes=\"auto, (max-width: 1024px) 100vw, 1024px\" \/><\/figure>\n\n\n\n<p><\/p>\n\n\n\n<p class=\"has-text-align-center\">*************************************************************<\/p>\n\n\n\n<p><\/p>\n\n\n\n<p>Am Samstag 10. August haben wir eine tolle <strong>Einschulungsfeier<\/strong> erlebt. Hier ein paar Eindr\u00fccke des Vormittags&#8230;<\/p>\n\n\n\n<figure class=\"wp-block-image size-large is-style-tw-rounded-corners\"><img loading=\"lazy\" decoding=\"async\" width=\"1024\" height=\"908\" src=\"https:\/\/wordpress.nibis.de\/gslehrte\/files\/2024\/08\/6-1024x908.jpg\" alt=\"\" class=\"wp-image-102\" srcset=\"https:\/\/wordpress.nibis.de\/gslehrte\/files\/2024\/08\/6-1024x908.jpg 1024w, https:\/\/wordpress.nibis.de\/gslehrte\/files\/2024\/08\/6-300x266.jpg 300w, https:\/\/wordpress.nibis.de\/gslehrte\/files\/2024\/08\/6-768x681.jpg 768w, https:\/\/wordpress.nibis.de\/gslehrte\/files\/2024\/08\/6-1536x1362.jpg 1536w, https:\/\/wordpress.nibis.de\/gslehrte\/files\/2024\/08\/6-2048x1816.jpg 2048w\" sizes=\"auto, (max-width: 1024px) 100vw, 1024px\" \/><figcaption class=\"wp-element-caption\">Die Segnung der Erstkl\u00e4ssler. <\/figcaption><\/figure>\n\n\n\n<figure class=\"wp-block-image size-large is-style-tw-rounded-corners\"><img loading=\"lazy\" decoding=\"async\" width=\"1024\" height=\"768\" src=\"https:\/\/wordpress.nibis.de\/gslehrte\/files\/2024\/08\/7-1024x768.jpg\" alt=\"\" class=\"wp-image-104\" srcset=\"https:\/\/wordpress.nibis.de\/gslehrte\/files\/2024\/08\/7-1024x768.jpg 1024w, https:\/\/wordpress.nibis.de\/gslehrte\/files\/2024\/08\/7-300x225.jpg 300w, https:\/\/wordpress.nibis.de\/gslehrte\/files\/2024\/08\/7-768x576.jpg 768w, https:\/\/wordpress.nibis.de\/gslehrte\/files\/2024\/08\/7-1536x1152.jpg 1536w, https:\/\/wordpress.nibis.de\/gslehrte\/files\/2024\/08\/7-2048x1536.jpg 2048w\" sizes=\"auto, (max-width: 1024px) 100vw, 1024px\" \/><\/figure>\n\n\n\n<p>Unter diesem Motto starten wir ins neue Schuljahr. <\/p>\n\n\n\n<figure class=\"wp-block-image size-large is-style-tw-rounded-corners\"><img loading=\"lazy\" decoding=\"async\" width=\"1024\" height=\"481\" src=\"https:\/\/wordpress.nibis.de\/gslehrte\/files\/2024\/08\/10-1024x481.jpg\" alt=\"\" class=\"wp-image-105\" srcset=\"https:\/\/wordpress.nibis.de\/gslehrte\/files\/2024\/08\/10-1024x481.jpg 1024w, https:\/\/wordpress.nibis.de\/gslehrte\/files\/2024\/08\/10-300x141.jpg 300w, https:\/\/wordpress.nibis.de\/gslehrte\/files\/2024\/08\/10-768x361.jpg 768w, https:\/\/wordpress.nibis.de\/gslehrte\/files\/2024\/08\/10-1536x721.jpg 1536w, https:\/\/wordpress.nibis.de\/gslehrte\/files\/2024\/08\/10-2048x961.jpg 2048w\" sizes=\"auto, (max-width: 1024px) 100vw, 1024px\" \/><figcaption class=\"wp-element-caption\">Auff\u00fchrung der 4. Klasse.<\/figcaption><\/figure>\n\n\n\n<figure class=\"wp-block-image size-large is-style-tw-rounded-corners\"><img loading=\"lazy\" decoding=\"async\" width=\"1024\" height=\"557\" src=\"https:\/\/wordpress.nibis.de\/gslehrte\/files\/2024\/08\/14-1024x557.jpg\" alt=\"\" class=\"wp-image-106\" srcset=\"https:\/\/wordpress.nibis.de\/gslehrte\/files\/2024\/08\/14-1024x557.jpg 1024w, https:\/\/wordpress.nibis.de\/gslehrte\/files\/2024\/08\/14-300x163.jpg 300w, https:\/\/wordpress.nibis.de\/gslehrte\/files\/2024\/08\/14-768x418.jpg 768w, https:\/\/wordpress.nibis.de\/gslehrte\/files\/2024\/08\/14-1536x836.jpg 1536w, https:\/\/wordpress.nibis.de\/gslehrte\/files\/2024\/08\/14-2048x1114.jpg 2048w\" sizes=\"auto, (max-width: 1024px) 100vw, 1024px\" \/><figcaption class=\"wp-element-caption\">Der traditionelle Gang der Erstkl\u00e4ssler ins Schulgeb\u00e4ude.<\/figcaption><\/figure>\n\n\n\n<p class=\"has-text-align-center\"><strong>***************************2024*****************************<\/strong><\/p>\n","protected":false},"excerpt":{"rendered":"<p>******************************************************* (Bildquelle: KI-generiert) Medienp\u00e4dagogik mit der Polizei Meppen Im April durften wir Herrn Bruns von der Polizei in Meppen in der Klasse 3\/4 begr\u00fc\u00dfen. Im Rahmen der Medienp\u00e4dagogik dreht sich zwei Schulstunden alles um den richtigen Umgang im Internet. Herr Bruns kam mit den Sch\u00fclerinnen und Sch\u00fcler zu den Themen Chats, Fotos, Urheberrechte und Pers\u00f6nlichkeitsrechte, [&hellip;]<\/p>\n","protected":false},"author":9194368,"featured_media":0,"parent":0,"menu_order":0,"comment_status":"closed","ping_status":"open","template":"","meta":{"footnotes":""},"class_list":["post-2","page","type-page","status-publish","hentry"],"_links":{"self":[{"href":"https:\/\/wordpress.nibis.de\/gslehrte\/wp-json\/wp\/v2\/pages\/2","targetHints":{"allow":["GET"]}}],"collection":[{"href":"https:\/\/wordpress.nibis.de\/gslehrte\/wp-json\/wp\/v2\/pages"}],"about":[{"href":"https:\/\/wordpress.nibis.de\/gslehrte\/wp-json\/wp\/v2\/types\/page"}],"author":[{"embeddable":true,"href":"https:\/\/wordpress.nibis.de\/gslehrte\/wp-json\/wp\/v2\/users\/9194368"}],"replies":[{"embeddable":true,"href":"https:\/\/wordpress.nibis.de\/gslehrte\/wp-json\/wp\/v2\/comments?post=2"}],"version-history":[{"count":80,"href":"https:\/\/wordpress.nibis.de\/gslehrte\/wp-json\/wp\/v2\/pages\/2\/revisions"}],"predecessor-version":[{"id":955,"href":"https:\/\/wordpress.nibis.de\/gslehrte\/wp-json\/wp\/v2\/pages\/2\/revisions\/955"}],"wp:attachment":[{"href":"https:\/\/wordpress.nibis.de\/gslehrte\/wp-json\/wp\/v2\/media?parent=2"}],"curies":[{"name":"wp","href":"https:\/\/api.w.org\/{rel}","templated":true}]}}