{"id":43,"date":"2019-01-10T12:33:12","date_gmt":"2019-01-10T11:33:12","guid":{"rendered":"https:\/\/wordpress.nibis.de\/gsleiferde\/?page_id=43"},"modified":"2025-10-27T09:30:33","modified_gmt":"2025-10-27T08:30:33","slug":"unsere-schule","status":"publish","type":"page","link":"https:\/\/wordpress.nibis.de\/gsleiferde\/neuigkeiten\/unsere-schule\/","title":{"rendered":"Unsere Schule"},"content":{"rendered":"<p><strong>\u201eSo sieht es in unserer Schule aus\u201c<\/strong><\/p>\n<p><img loading=\"lazy\" decoding=\"async\" class=\"alignnone size-medium wp-image-588\" src=\"https:\/\/wordpress.nibis.de\/gsleiferde\/files\/2021\/07\/Foto-1-300x225.jpg\" alt=\"\" width=\"300\" height=\"225\" srcset=\"https:\/\/wordpress.nibis.de\/gsleiferde\/files\/2021\/07\/Foto-1-300x225.jpg 300w, https:\/\/wordpress.nibis.de\/gsleiferde\/files\/2021\/07\/Foto-1-400x300.jpg 400w, https:\/\/wordpress.nibis.de\/gsleiferde\/files\/2021\/07\/Foto-1.jpg 577w\" sizes=\"auto, (max-width: 300px) 100vw, 300px\" \/><\/p>\n<p>Das ist die Grundschule Leiferde.<\/p>\n<p><img loading=\"lazy\" decoding=\"async\" class=\"alignnone size-medium wp-image-589\" src=\"https:\/\/wordpress.nibis.de\/gsleiferde\/files\/2021\/07\/Foto-2-300x225.jpg\" alt=\"\" width=\"300\" height=\"225\" srcset=\"https:\/\/wordpress.nibis.de\/gsleiferde\/files\/2021\/07\/Foto-2-300x225.jpg 300w, https:\/\/wordpress.nibis.de\/gsleiferde\/files\/2021\/07\/Foto-2-400x300.jpg 400w, https:\/\/wordpress.nibis.de\/gsleiferde\/files\/2021\/07\/Foto-2.jpg 577w\" sizes=\"auto, (max-width: 300px) 100vw, 300px\" \/><\/p>\n<p>\u00dcber 250 Kinder werden hier unterrichtet.<\/p>\n<p><img loading=\"lazy\" decoding=\"async\" class=\"alignnone size-medium wp-image-590\" src=\"https:\/\/wordpress.nibis.de\/gsleiferde\/files\/2021\/07\/Foto-3-300x225.jpg\" alt=\"\" width=\"300\" height=\"225\" srcset=\"https:\/\/wordpress.nibis.de\/gsleiferde\/files\/2021\/07\/Foto-3-300x225.jpg 300w, https:\/\/wordpress.nibis.de\/gsleiferde\/files\/2021\/07\/Foto-3-400x300.jpg 400w, https:\/\/wordpress.nibis.de\/gsleiferde\/files\/2021\/07\/Foto-3.jpg 577w\" sizes=\"auto, (max-width: 300px) 100vw, 300px\" \/><\/p>\n<p>Es gibt zw\u00f6lf Klassen und einen Schulkindergarten bei uns.<\/p>\n<p><img loading=\"lazy\" decoding=\"async\" class=\"alignnone size-medium wp-image-591\" src=\"https:\/\/wordpress.nibis.de\/gsleiferde\/files\/2021\/07\/Foto-4-300x225.jpg\" alt=\"\" width=\"300\" height=\"225\" srcset=\"https:\/\/wordpress.nibis.de\/gsleiferde\/files\/2021\/07\/Foto-4-300x225.jpg 300w, https:\/\/wordpress.nibis.de\/gsleiferde\/files\/2021\/07\/Foto-4-400x300.jpg 400w, https:\/\/wordpress.nibis.de\/gsleiferde\/files\/2021\/07\/Foto-4.jpg 577w\" sizes=\"auto, (max-width: 300px) 100vw, 300px\" \/><\/p>\n<p>Das ist der Eingang zu unserer Sporthalle.<\/p>\n<p><img loading=\"lazy\" decoding=\"async\" class=\"alignnone size-medium wp-image-592\" src=\"https:\/\/wordpress.nibis.de\/gsleiferde\/files\/2021\/07\/Foto-5-300x225.jpg\" alt=\"\" width=\"300\" height=\"225\" srcset=\"https:\/\/wordpress.nibis.de\/gsleiferde\/files\/2021\/07\/Foto-5-300x225.jpg 300w, https:\/\/wordpress.nibis.de\/gsleiferde\/files\/2021\/07\/Foto-5-400x300.jpg 400w, https:\/\/wordpress.nibis.de\/gsleiferde\/files\/2021\/07\/Foto-5.jpg 577w\" sizes=\"auto, (max-width: 300px) 100vw, 300px\" \/><\/p>\n<p>Auf dem Sportplatz k\u00f6nnen wir rennen, springen und spielen.<\/p>\n<p><img loading=\"lazy\" decoding=\"async\" class=\"alignnone size-medium wp-image-598\" src=\"https:\/\/wordpress.nibis.de\/gsleiferde\/files\/2021\/07\/Foto-11-300x225.jpg\" alt=\"\" width=\"300\" height=\"225\" srcset=\"https:\/\/wordpress.nibis.de\/gsleiferde\/files\/2021\/07\/Foto-11-300x225.jpg 300w, https:\/\/wordpress.nibis.de\/gsleiferde\/files\/2021\/07\/Foto-11-400x300.jpg 400w, https:\/\/wordpress.nibis.de\/gsleiferde\/files\/2021\/07\/Foto-11.jpg 577w\" sizes=\"auto, (max-width: 300px) 100vw, 300px\" \/><\/p>\n<p>Besonders sch\u00f6n ist unser Schulhof.<\/p>\n<p><img loading=\"lazy\" decoding=\"async\" class=\"alignnone size-medium wp-image-595\" src=\"https:\/\/wordpress.nibis.de\/gsleiferde\/files\/2021\/07\/Foto-8-300x225.jpg\" alt=\"\" width=\"300\" height=\"225\" srcset=\"https:\/\/wordpress.nibis.de\/gsleiferde\/files\/2021\/07\/Foto-8-300x225.jpg 300w, https:\/\/wordpress.nibis.de\/gsleiferde\/files\/2021\/07\/Foto-8-400x300.jpg 400w, https:\/\/wordpress.nibis.de\/gsleiferde\/files\/2021\/07\/Foto-8.jpg 577w\" sizes=\"auto, (max-width: 300px) 100vw, 300px\" \/><\/p>\n<p>Es gibt viele B\u00fcsche und B\u00e4ume zum Verstecken.<\/p>\n<p><img loading=\"lazy\" decoding=\"async\" class=\"alignnone size-medium wp-image-594\" src=\"https:\/\/wordpress.nibis.de\/gsleiferde\/files\/2021\/07\/Foto-7-300x225.jpg\" alt=\"\" width=\"300\" height=\"225\" srcset=\"https:\/\/wordpress.nibis.de\/gsleiferde\/files\/2021\/07\/Foto-7-300x225.jpg 300w, https:\/\/wordpress.nibis.de\/gsleiferde\/files\/2021\/07\/Foto-7-400x300.jpg 400w, https:\/\/wordpress.nibis.de\/gsleiferde\/files\/2021\/07\/Foto-7.jpg 577w\" sizes=\"auto, (max-width: 300px) 100vw, 300px\" \/><\/p>\n<p>Wir haben auch Spielger\u00e4te zum Klettern und Rutschen.<\/p>\n<p><img loading=\"lazy\" decoding=\"async\" class=\"alignnone size-medium wp-image-593\" src=\"https:\/\/wordpress.nibis.de\/gsleiferde\/files\/2021\/07\/Foto-6-300x225.jpg\" alt=\"\" width=\"300\" height=\"225\" srcset=\"https:\/\/wordpress.nibis.de\/gsleiferde\/files\/2021\/07\/Foto-6-300x225.jpg 300w, https:\/\/wordpress.nibis.de\/gsleiferde\/files\/2021\/07\/Foto-6-400x300.jpg 400w, https:\/\/wordpress.nibis.de\/gsleiferde\/files\/2021\/07\/Foto-6.jpg 577w\" sizes=\"auto, (max-width: 300px) 100vw, 300px\" \/><\/p>\n<p>Die Kletterpyramide und das Buddeln im Sand machen Spa\u00df.<\/p>\n<p><img loading=\"lazy\" decoding=\"async\" class=\"alignnone size-medium wp-image-597\" src=\"https:\/\/wordpress.nibis.de\/gsleiferde\/files\/2021\/07\/Foto-10-300x225.jpg\" alt=\"\" width=\"300\" height=\"225\" srcset=\"https:\/\/wordpress.nibis.de\/gsleiferde\/files\/2021\/07\/Foto-10-300x225.jpg 300w, https:\/\/wordpress.nibis.de\/gsleiferde\/files\/2021\/07\/Foto-10-400x300.jpg 400w, https:\/\/wordpress.nibis.de\/gsleiferde\/files\/2021\/07\/Foto-10.jpg 577w\" sizes=\"auto, (max-width: 300px) 100vw, 300px\" \/><\/p>\n<p>Das ist unser Insektenhotel.<\/p>\n<p><img loading=\"lazy\" decoding=\"async\" class=\"alignnone size-medium wp-image-596\" src=\"https:\/\/wordpress.nibis.de\/gsleiferde\/files\/2021\/07\/Foto-9-300x225.jpg\" alt=\"\" width=\"300\" height=\"225\" srcset=\"https:\/\/wordpress.nibis.de\/gsleiferde\/files\/2021\/07\/Foto-9-300x225.jpg 300w, https:\/\/wordpress.nibis.de\/gsleiferde\/files\/2021\/07\/Foto-9-400x300.jpg 400w, https:\/\/wordpress.nibis.de\/gsleiferde\/files\/2021\/07\/Foto-9.jpg 577w\" sizes=\"auto, (max-width: 300px) 100vw, 300px\" \/><\/p>\n<p>Nat\u00fcrlich gibt es auch einen Bolzplatz mit zwei Fu\u00dfballtoren.<\/p>\n<p><img loading=\"lazy\" decoding=\"async\" class=\"alignnone size-medium wp-image-601\" src=\"https:\/\/wordpress.nibis.de\/gsleiferde\/files\/2021\/07\/Foto-14-300x225.jpg\" alt=\"\" width=\"300\" height=\"225\" srcset=\"https:\/\/wordpress.nibis.de\/gsleiferde\/files\/2021\/07\/Foto-14-300x225.jpg 300w, https:\/\/wordpress.nibis.de\/gsleiferde\/files\/2021\/07\/Foto-14-400x300.jpg 400w, https:\/\/wordpress.nibis.de\/gsleiferde\/files\/2021\/07\/Foto-14.jpg 577w\" sizes=\"auto, (max-width: 300px) 100vw, 300px\" \/><\/p>\n<p>So sieht es im Schulkindergarten aus.<\/p>\n<p><img loading=\"lazy\" decoding=\"async\" class=\"alignnone size-medium wp-image-602\" src=\"https:\/\/wordpress.nibis.de\/gsleiferde\/files\/2021\/07\/Foto-15-300x225.jpg\" alt=\"\" width=\"300\" height=\"225\" srcset=\"https:\/\/wordpress.nibis.de\/gsleiferde\/files\/2021\/07\/Foto-15-300x225.jpg 300w, https:\/\/wordpress.nibis.de\/gsleiferde\/files\/2021\/07\/Foto-15-400x300.jpg 400w, https:\/\/wordpress.nibis.de\/gsleiferde\/files\/2021\/07\/Foto-15.jpg 577w\" sizes=\"auto, (max-width: 300px) 100vw, 300px\" \/><\/p>\n<p>Das ist der Klassenraum einer 1. Klasse.<\/p>\n<p><img loading=\"lazy\" decoding=\"async\" class=\"alignnone size-medium wp-image-603\" src=\"https:\/\/wordpress.nibis.de\/gsleiferde\/files\/2021\/07\/Foto-16-300x225.jpg\" alt=\"\" width=\"300\" height=\"225\" srcset=\"https:\/\/wordpress.nibis.de\/gsleiferde\/files\/2021\/07\/Foto-16-300x225.jpg 300w, https:\/\/wordpress.nibis.de\/gsleiferde\/files\/2021\/07\/Foto-16-400x300.jpg 400w, https:\/\/wordpress.nibis.de\/gsleiferde\/files\/2021\/07\/Foto-16.jpg 577w\" sizes=\"auto, (max-width: 300px) 100vw, 300px\" \/><\/p>\n<p>Manchmal d\u00fcrfen die Kinder auch ihre Kuscheltiere mitbringen.<\/p>\n<p><img loading=\"lazy\" decoding=\"async\" class=\"alignnone size-medium wp-image-606\" src=\"https:\/\/wordpress.nibis.de\/gsleiferde\/files\/2021\/07\/Foto-19-300x225.jpg\" alt=\"\" width=\"300\" height=\"225\" srcset=\"https:\/\/wordpress.nibis.de\/gsleiferde\/files\/2021\/07\/Foto-19-300x225.jpg 300w, https:\/\/wordpress.nibis.de\/gsleiferde\/files\/2021\/07\/Foto-19-1024x768.jpg 1024w, https:\/\/wordpress.nibis.de\/gsleiferde\/files\/2021\/07\/Foto-19-768x576.jpg 768w, https:\/\/wordpress.nibis.de\/gsleiferde\/files\/2021\/07\/Foto-19-1536x1152.jpg 1536w, https:\/\/wordpress.nibis.de\/gsleiferde\/files\/2021\/07\/Foto-19-400x300.jpg 400w, https:\/\/wordpress.nibis.de\/gsleiferde\/files\/2021\/07\/Foto-19.jpg 2016w\" sizes=\"auto, (max-width: 300px) 100vw, 300px\" \/><\/p>\n<p>In der Mensa gibt es von montags bis donnerstags ein leckeres Mittagessen.<\/p>\n<p><img loading=\"lazy\" decoding=\"async\" class=\"alignnone size-medium wp-image-946\" src=\"https:\/\/wordpress.nibis.de\/gsleiferde\/files\/2022\/09\/Bibliothek-300x225.jpg\" alt=\"\" width=\"300\" height=\"225\" srcset=\"https:\/\/wordpress.nibis.de\/gsleiferde\/files\/2022\/09\/Bibliothek-300x225.jpg 300w, https:\/\/wordpress.nibis.de\/gsleiferde\/files\/2022\/09\/Bibliothek-400x300.jpg 400w, https:\/\/wordpress.nibis.de\/gsleiferde\/files\/2022\/09\/Bibliothek.jpg 591w\" sizes=\"auto, (max-width: 300px) 100vw, 300px\" \/><\/p>\n<p>In der B\u00fccherei k\u00f6nnen sich alle Kinder bei Frau Gr\u00f6er tolle B\u00fccher ausleihen.<\/p>\n<p><img loading=\"lazy\" decoding=\"async\" class=\"alignnone size-medium wp-image-605\" src=\"https:\/\/wordpress.nibis.de\/gsleiferde\/files\/2021\/07\/Foto-18-300x225.jpg\" alt=\"\" width=\"300\" height=\"225\" srcset=\"https:\/\/wordpress.nibis.de\/gsleiferde\/files\/2021\/07\/Foto-18-300x225.jpg 300w, https:\/\/wordpress.nibis.de\/gsleiferde\/files\/2021\/07\/Foto-18-1024x768.jpg 1024w, https:\/\/wordpress.nibis.de\/gsleiferde\/files\/2021\/07\/Foto-18-768x576.jpg 768w, https:\/\/wordpress.nibis.de\/gsleiferde\/files\/2021\/07\/Foto-18-1536x1152.jpg 1536w, https:\/\/wordpress.nibis.de\/gsleiferde\/files\/2021\/07\/Foto-18-400x300.jpg 400w, https:\/\/wordpress.nibis.de\/gsleiferde\/files\/2021\/07\/Foto-18.jpg 2016w\" sizes=\"auto, (max-width: 300px) 100vw, 300px\" \/><\/p>\n<p>Die Lehrerinnen und Lehrer unterhalten sich gern im Lehrerzimmer.<\/p>\n<p><img loading=\"lazy\" decoding=\"async\" class=\"alignnone size-medium wp-image-608\" src=\"https:\/\/wordpress.nibis.de\/gsleiferde\/files\/2021\/07\/Foto-21-300x225.jpg\" alt=\"\" width=\"300\" height=\"225\" srcset=\"https:\/\/wordpress.nibis.de\/gsleiferde\/files\/2021\/07\/Foto-21-300x225.jpg 300w, https:\/\/wordpress.nibis.de\/gsleiferde\/files\/2021\/07\/Foto-21-400x300.jpg 400w, https:\/\/wordpress.nibis.de\/gsleiferde\/files\/2021\/07\/Foto-21.jpg 577w\" sizes=\"auto, (max-width: 300px) 100vw, 300px\" \/><\/p>\n<p>Manchmal gehen Klassen auch in den Computerraum.<\/p>\n<p><img loading=\"lazy\" decoding=\"async\" class=\"alignnone size-medium wp-image-609\" src=\"https:\/\/wordpress.nibis.de\/gsleiferde\/files\/2021\/07\/Foto-22-300x225.jpg\" alt=\"\" width=\"300\" height=\"225\" srcset=\"https:\/\/wordpress.nibis.de\/gsleiferde\/files\/2021\/07\/Foto-22-300x225.jpg 300w, https:\/\/wordpress.nibis.de\/gsleiferde\/files\/2021\/07\/Foto-22-400x300.jpg 400w, https:\/\/wordpress.nibis.de\/gsleiferde\/files\/2021\/07\/Foto-22.jpg 577w\" sizes=\"auto, (max-width: 300px) 100vw, 300px\" \/><\/p>\n<p>In der Pausenhalle gibt es sogar einen Aufzug. Aber daf\u00fcr braucht man einen Schl\u00fcssel.<\/p>\n<p><img loading=\"lazy\" decoding=\"async\" class=\"alignnone size-medium wp-image-614\" src=\"https:\/\/wordpress.nibis.de\/gsleiferde\/files\/2021\/07\/Foto-27-225x300.jpg\" alt=\"\" width=\"225\" height=\"300\" srcset=\"https:\/\/wordpress.nibis.de\/gsleiferde\/files\/2021\/07\/Foto-27-225x300.jpg 225w, https:\/\/wordpress.nibis.de\/gsleiferde\/files\/2021\/07\/Foto-27-rotated.jpg 433w\" sizes=\"auto, (max-width: 225px) 100vw, 225px\" \/><\/p>\n<p>Frau H\u00e4hndel ist unsere Sekret\u00e4rin.<\/p>\n<p><img loading=\"lazy\" decoding=\"async\" class=\"alignnone size-medium wp-image-612\" src=\"https:\/\/wordpress.nibis.de\/gsleiferde\/files\/2021\/07\/Foto-25-225x300.jpg\" alt=\"\" width=\"225\" height=\"300\" srcset=\"https:\/\/wordpress.nibis.de\/gsleiferde\/files\/2021\/07\/Foto-25-225x300.jpg 225w, https:\/\/wordpress.nibis.de\/gsleiferde\/files\/2021\/07\/Foto-25.jpg 433w\" sizes=\"auto, (max-width: 225px) 100vw, 225px\" \/><\/p>\n<p>Der Hausmeister hei\u00dft Herr Franke.<\/p>\n<p><img loading=\"lazy\" decoding=\"async\" class=\"alignnone size-medium wp-image-610\" src=\"https:\/\/wordpress.nibis.de\/gsleiferde\/files\/2021\/07\/Foto-23-225x300.jpg\" alt=\"\" width=\"225\" height=\"300\" srcset=\"https:\/\/wordpress.nibis.de\/gsleiferde\/files\/2021\/07\/Foto-23-225x300.jpg 225w, https:\/\/wordpress.nibis.de\/gsleiferde\/files\/2021\/07\/Foto-23-rotated.jpg 433w\" sizes=\"auto, (max-width: 225px) 100vw, 225px\" \/><\/p>\n<p>Die Schulleiterin ist Frau Comme\u00dfmann.<\/p>\n<p><img loading=\"lazy\" decoding=\"async\" class=\"alignnone size-medium wp-image-611\" src=\"https:\/\/wordpress.nibis.de\/gsleiferde\/files\/2021\/07\/Foto-24-225x300.jpg\" alt=\"\" width=\"225\" height=\"300\" srcset=\"https:\/\/wordpress.nibis.de\/gsleiferde\/files\/2021\/07\/Foto-24-225x300.jpg 225w, https:\/\/wordpress.nibis.de\/gsleiferde\/files\/2021\/07\/Foto-24-rotated.jpg 433w\" sizes=\"auto, (max-width: 225px) 100vw, 225px\" \/><\/p>\n<p>Wir haben auch zwei Schulhunde, die manchmal zu Besuch sind: Loki\u2026<\/p>\n<p><img loading=\"lazy\" decoding=\"async\" class=\"alignnone size-medium wp-image-620\" src=\"https:\/\/wordpress.nibis.de\/gsleiferde\/files\/2021\/07\/Foto-26-1-225x300.jpg\" alt=\"\" width=\"225\" height=\"300\" srcset=\"https:\/\/wordpress.nibis.de\/gsleiferde\/files\/2021\/07\/Foto-26-1-225x300.jpg 225w, https:\/\/wordpress.nibis.de\/gsleiferde\/files\/2021\/07\/Foto-26-1-rotated.jpg 433w\" sizes=\"auto, (max-width: 225px) 100vw, 225px\" \/><\/p>\n<p>\u2026und Tammy.<\/p>\n<h1>\u00a0<\/h1>\n<h1>Organisation<\/h1>\n<h4><strong>Kontakt (Sekretariat)<\/strong><\/h4>\n<p>Das Sekretariat unserer Schule ist von<br \/>Montag \u2013 Donnerstag von 7.30 \u2013 12.30 Uhr telefonisch erreichbar.<\/p>\n<p><em>Bitte nutzen Sie au\u00dferhalb der angegebenen Zeiten den Anrufbeantworter.<\/em><\/p>\n<p>Anschrift:\u00a0 \u00a0 \u00a0Grundschule Leiferde,\u00a0 Karberg 2,\u00a0 38542 Leiferde<br \/>Telefon:\u00a0 \u00a0 \u00a0 \u00a005373-1583<br \/>Fax:\u00a0 \u00a0 \u00a0 \u00a0 \u00a0 \u00a0 \u00a005373-331618<br \/>E-Mail:\u00a0 \u00a0 \u00a0 \u00a0 \u00a0<a href=\"&#x6d;&#x61;&#105;&#108;&#116;o&#x3a;&#x73;&#x65;&#107;&#114;et&#x61;&#x72;&#x69;&#97;&#116;&#64;&#x67;&#x73;&#x2d;&#108;&#101;&#105;f&#x65;&#x72;&#x64;&#101;&#46;de\">sekret&#97;&#114;&#105;&#97;&#116;&#64;&#103;&#x73;&#x2d;&#x6c;&#x65;&#x69;&#x66;&#x65;&#x72;&#x64;&#x65;&#x2e;&#x64;e<\/a><\/p>\n<h4><strong>Schulleitung<\/strong><\/h4>\n<table class=\"wp-block-table has-fixed-layout\">\n<tbody>\n<tr>\n<td style=\"width: 258px\">Schulleiterin<\/td>\n<td style=\"width: 326px\">Frau\u00a0Comme\u00dfmann<\/td>\n<\/tr>\n<tr>\n<td style=\"width: 258px\">Konrektorin<\/td>\n<td style=\"width: 326px\">Frau B\u00e4tz<\/td>\n<\/tr>\n<tr>\n<td style=\"width: 258px\">Sekretariat<\/td>\n<td style=\"width: 326px\">Frau H\u00e4hndel<\/td>\n<\/tr>\n<tr>\n<td style=\"width: 258px\">Schulhausmeister<\/td>\n<td style=\"width: 326px\">Herr Franke<\/td>\n<\/tr>\n<\/tbody>\n<\/table>\n<h4><strong>Schulvorstand<\/strong><\/h4>\n<table class=\"wp-block-table has-fixed-layout\" style=\"width: 100%;height: 244px\">\n<tbody>\n<tr style=\"height: 48px\">\n<td style=\"width: 43.4853%;height: 48px\">Vorsitzende<\/td>\n<td style=\"width: 56.5147%;height: 48px\">Frau Comme\u00dfmann<\/td>\n<\/tr>\n<tr style=\"height: 105px\">\n<td style=\"width: 43.4853%;height: 105px\">Lehrervertreter<\/td>\n<td style=\"width: 56.5147%;height: 105px\">Frau Akrida-Mavropoulos, Frau Berkhoff<br \/>Frau B\u00e4tz<\/td>\n<\/tr>\n<tr style=\"height: 91px\">\n<td style=\"width: 43.4853%;height: 91px\">Elternvertreter<\/td>\n<td style=\"width: 56.5147%;height: 91px\">Frau Franke<br \/>Frau Brade<br \/>Frau Sohmen<br \/>Frau Koch<\/td>\n<\/tr>\n<\/tbody>\n<\/table>\n<h1>Konzept\/Leitbild\/Regeln<\/h1>\n<p>Die GS Leiferde ist eine St\u00e4tte sowohl der Wissensvermittlung als auch der Pers\u00f6nlichkeitsbildung.<\/p>\n<p>Die GS Leiferde soll ein Ort sein, an dem sich\u00a0Lehrende und Lernende wohl f\u00fchlen.<\/p>\n<p>Grundlage daf\u00fcr ist ein positives Menschenbild, das sich an den F\u00e4higkeiten und M\u00f6glichkeiten des Einzelnen orientiert und ihm Entwicklung zutraut. Alle am Schulleben Beteiligte gestalten ihr Handeln nach den gleichen Grunds\u00e4tzen, nach denen sie auch behandelt werden wollen.<\/p>\n<p>Die Leistungsbereitschaft soll durch eine Didaktik der Ermutigung, der klaren Anforderungen und der F\u00f6rderung der Klassen- und Schulgemeinschaften gest\u00e4rkt werden.<\/p>\n<p>Entsprechend ihrem Auftrag und ihren Kompetenzen \u00fcbernehmen alle Beteiligten Verantwortung f\u00fcr das Schulleben.<\/p>\n<p>Lehrerinnen, Lehrer und Eltern erf\u00fcllen ihren Bildungs- und Erziehungsauftrag in m\u00f6glichst guter Zusammenarbeit.<\/p>\n<p>Die Gestaltung von Unterricht und Schulleben erm\u00f6glicht es den Sch\u00fclern, zu selbstst\u00e4ndigen und sozial kompetenten Pers\u00f6nlichkeiten heranzuwachsen.<\/p>\n<p><strong>Schul- und Pausenordnung<\/strong><\/p>\n<p><a href=\"https:\/\/wordpress.nibis.de\/gsleiferde\/files\/2024\/04\/Schulordnung-GS-Leiferde.pdf\">Schul-\/Pausenordnung<\/a><\/p>\n<p><strong>Hausaufgabenkonzept<\/strong><\/p>\n<p><a href=\"https:\/\/wordpress.nibis.de\/gsleiferde\/files\/2024\/01\/Hausaufgabenkonzept-Grundschule-Leiferde.pdf\">Konzept<\/a><\/p>\n<h1>Unsere LehrerInnen<\/h1>\n<p>Das Kollegium und die Mitarbeiter unserer Schule:<\/p>\n<p style=\"text-align: left\"><strong>Schulleitung<\/strong><\/p>\n<table class=\"wp-block-table\" style=\"width: 100%\">\n<tbody>\n<tr>\n<td style=\"width: 34.8534%\">Schulleiterin<\/td>\n<td style=\"width: 65.1466%\">Frau Comme\u00dfmann<\/td>\n<\/tr>\n<tr>\n<td style=\"width: 34.8534%\">Konrektorin<\/td>\n<td style=\"width: 65.1466%\">Frau B\u00e4tz<\/td>\n<\/tr>\n<\/tbody>\n<\/table>\n<table class=\"wp-block-table\" style=\"height: 359px;width: 97.9542%\">\n<tbody>\n<tr style=\"height: 27px\">\n<td style=\"height: 27px;width: 35.7737%\"><strong>Lehrkr\u00e4fte 2025\/2026<\/strong><\/td>\n<td style=\"height: 27px;width: 64.3927%\">\u00a0<\/td>\n<\/tr>\n<tr style=\"height: 27px\">\n<td style=\"height: 27px;width: 35.7737%\">SKG<\/td>\n<td style=\"height: 27px;width: 64.3927%\">Frau Kn\u00fcpfer<\/td>\n<\/tr>\n<tr style=\"height: 27px\">\n<td style=\"height: 27px;width: 35.7737%\">1a<\/td>\n<td style=\"height: 27px;width: 64.3927%\">Frau Schiller<\/td>\n<\/tr>\n<tr style=\"height: 27px\">\n<td style=\"height: 27px;width: 35.7737%\">1b<\/td>\n<td style=\"height: 27px;width: 64.3927%\">Frau Schaffranneck<\/td>\n<\/tr>\n<tr style=\"height: 27px\">\n<td style=\"height: 27px;width: 35.7737%\">1c<\/td>\n<td style=\"height: 27px;width: 64.3927%\">Frau Wallstein<\/td>\n<\/tr>\n<tr style=\"height: 27px\">\n<td style=\"height: 27px;width: 35.7737%\">2a<\/td>\n<td style=\"height: 27px;width: 64.3927%\">Frau Hajetschek<\/td>\n<\/tr>\n<tr style=\"height: 27px\">\n<td style=\"height: 27px;width: 35.7737%\">2b<\/td>\n<td style=\"height: 27px;width: 64.3927%\">Frau Berkhoff<\/td>\n<\/tr>\n<tr style=\"height: 32px\">\n<td style=\"width: 35.7737%;height: 32px\">2c<\/td>\n<td style=\"width: 64.3927%;height: 32px\">Frau von Peinen<\/td>\n<\/tr>\n<tr style=\"height: 27px\">\n<td style=\"height: 27px;width: 35.7737%\">3a<\/td>\n<td style=\"height: 27px;width: 64.3927%\">Frau Jans<\/td>\n<\/tr>\n<tr style=\"height: 27px\">\n<td style=\"height: 27px;width: 35.7737%\">3b<\/td>\n<td style=\"height: 27px;width: 64.3927%\">Frau Akrida-Mavropoulos<\/td>\n<\/tr>\n<tr style=\"height: 27px\">\n<td style=\"height: 27px;width: 35.7737%\">3c<\/td>\n<td style=\"height: 27px;width: 64.3927%\">Frau Rox<\/td>\n<\/tr>\n<tr style=\"height: 30px\">\n<td style=\"height: 30px;width: 35.7737%\">4a<\/td>\n<td style=\"height: 30px;width: 64.3927%\">Frau Frickmann<\/td>\n<\/tr>\n<tr style=\"height: 27px\">\n<td style=\"height: 27px;width: 35.7737%\">4b<\/td>\n<td style=\"height: 27px;width: 64.3927%\">Frau Wuttke<\/td>\n<\/tr>\n<tr>\n<td style=\"width: 35.7737%\">4c<\/td>\n<td style=\"width: 64.3927%\">Frau Celik<\/td>\n<\/tr>\n<\/tbody>\n<\/table>\n<table class=\"wp-block-table has-fixed-layout\" style=\"width: 100%;height: 891px\">\n<tbody>\n<tr style=\"height: 32px\">\n<td style=\"width: 35.9935%;height: 32px\"><strong>Funktionen<\/strong><\/td>\n<td style=\"height: 32px;width: 64.0065%\">\u00a0<\/td>\n<\/tr>\n<tr style=\"height: 32px\">\n<td style=\"width: 35.9935%;height: 32px\">Personalrat:<\/td>\n<td style=\"width: 64.0065%;height: 32px\">Frau Berkhoff<\/td>\n<\/tr>\n<tr>\n<td style=\"width: 35.9935%\">Gleichstellungsbeauftragte:<\/td>\n<td style=\"width: 64.0065%\">Frau Celik<\/td>\n<\/tr>\n<tr style=\"height: 32px\">\n<td style=\"width: 35.9935%;height: 32px\">Begabtenf\u00f6rderung:<\/td>\n<td style=\"width: 64.0065%;height: 32px\">Frau Frickmann<\/td>\n<\/tr>\n<tr>\n<td style=\"width: 35.9935%\">Mobilit\u00e4t:<\/td>\n<td style=\"width: 64.0065%\">Frau von Peinen, Frau Hajetschek<\/td>\n<\/tr>\n<tr>\n<td style=\"width: 35.9935%\">Medienbeauftragte:<\/td>\n<td style=\"width: 64.0065%\">Frau B\u00e4tz<\/td>\n<\/tr>\n<tr style=\"height: 32px\">\n<td style=\"width: 35.9935%;height: 32px\">Sonderp\u00e4d. Grundversorg.:<\/td>\n<td style=\"width: 64.0065%;height: 32px\">Frau Rieke<\/td>\n<\/tr>\n<tr style=\"height: 32px\">\n<td style=\"width: 35.9935%;height: 32px\">Lehrerb\u00fccherei\/Lehrmittel:<\/td>\n<td style=\"width: 64.0065%;height: 32px\">Frau Wuttke, Frau Tolkemit-St\u00f6hr<\/td>\n<\/tr>\n<tr style=\"height: 32px\">\n<td style=\"width: 35.9935%;height: 32px\">Bildung f\u00fcr nachhaltige Entwicklung:<\/td>\n<td style=\"width: 64.0065%;height: 32px\">Frau Wuttke<\/td>\n<\/tr>\n<tr>\n<td style=\"width: 35.9935%\">Schulseelsorge:<\/td>\n<td style=\"width: 64.0065%\">Frau Jans<\/td>\n<\/tr>\n<tr style=\"height: 32px\">\n<td style=\"width: 35.9935%;height: 32px\">Sicherheitsbeauftragte:<\/td>\n<td style=\"width: 64.0065%;height: 32px\">Frau Comme\u00dfmann<\/td>\n<\/tr>\n<tr style=\"height: 32px\">\n<td style=\"width: 35.9935%;height: 32px\">Medienbetreuung:<\/td>\n<td style=\"width: 64.0065%;height: 32px\">Landkreis Gifhorn<\/td>\n<\/tr>\n<tr style=\"height: 32px\">\n<td style=\"width: 35.9935%;height: 32px\">Homepage:<\/td>\n<td style=\"width: 64.0065%;height: 32px\">Frau H\u00e4hndel<\/td>\n<\/tr>\n<tr style=\"height: 91px\">\n<td style=\"width: 35.9935%;height: 91px\">P\u00e4dag. Mitarbeiterinnen:<\/td>\n<td style=\"width: 64.0065%;height: 91px\">\n<p>Frau G\u00e4rtner, Frau Gr\u00f6er, Frau Tolkemit-St\u00f6hr<br \/>Frau Klingspohn, Frau Degen, Frau W\u00f6hler<\/p>\n<\/td>\n<\/tr>\n<tr style=\"height: 32px\">\n<td style=\"width: 35.9935%;height: 32px\">Sekretariat:<\/td>\n<td style=\"width: 64.0065%;height: 32px\">Frau H\u00e4hndel<\/td>\n<\/tr>\n<tr style=\"height: 32px\">\n<td style=\"width: 35.9935%;height: 32px\">Hausmeister:<\/td>\n<td style=\"width: 64.0065%;height: 32px\">Herr Franke<\/td>\n<\/tr>\n<tr style=\"height: 32px\">\n<td style=\"width: 35.9935%;height: 32px\">Raumpflegerinnen:<\/td>\n<td style=\"width: 64.0065%;height: 32px\">Frau Fomina, Frau Robert<\/td>\n<\/tr>\n<tr style=\"height: 32px\">\n<td style=\"width: 35.9935%;height: 32px\">Schulb\u00fccherei:<\/td>\n<td style=\"width: 64.0065%;height: 32px\">Frau Gr\u00f6er<\/td>\n<\/tr>\n<tr style=\"height: 32px\">\n<td style=\"width: 35.9935%;height: 32px\">Gleichstellungsbeauftrage:<\/td>\n<td style=\"width: 64.0065%;height: 32px\">Frau Celik<\/td>\n<\/tr>\n<tr>\n<td style=\"width: 35.9935%\">Fachkraft f\u00fcr Jugendhilfe<\/td>\n<td style=\"width: 64.0065%\">Frau Kurowitsch<\/td>\n<\/tr>\n<tr style=\"height: 32px\">\n<td style=\"width: 35.9935%;height: 32px\">Ganztagskoordinatorin<\/td>\n<td style=\"width: 64.0065%;height: 32px\">Tanja Brand<\/td>\n<\/tr>\n<\/tbody>\n<\/table>\n<h1>Schulelternrat<\/h1>\n<p>F\u00fcr die Arbeit der Elternvertretungen hat der Schulelternrat unserer Schule einen Leitfaden erstellt, den sie\u00a0<a href=\"https:\/\/wordpress.nibis.de\/gsleiferde\/files\/2019\/01\/Leitfaden.pdf\">hier<\/a>\u00a0lesen k\u00f6nnen.<\/p>\n<p>Vorsitzende:\u00a0 \u00a0 Frau Armbrecht<br \/>Stellvertreter:\u00a0 Frau Glindemann<\/p>\n<p>Damit Sie Ihre Elternvertreter besser erreichen k\u00f6nnen, finden Sie hier eine Liste der Vertreter in den unterschiedlichen Gremien der Schule.<\/p>\n<p><strong>Schulelternrat 2025\/2026<\/strong><\/p>\n<p>Schulkindergarten: Frau Pab\u00f3n Fern\u00e1ndez und Frau Mustafa<\/p>\n<p>Klasse 1a:\u00a0 \u00a0 Herr Achtert und Herr Schramm<\/p>\n<p>Klasse 1b:\u00a0 \u00a0 \u00a0Frau Karig und Frau Schulz<\/p>\n<p>Klasse 1c:\u00a0 \u00a0 \u00a0Frau K\u00f6ster und Frau Wittig<\/p>\n<p>Klasse 2a:\u00a0 \u00a0 \u00a0Frau Gou\u00dfen und Frau Schadofske<\/p>\n<p>Klasse 2b:\u00a0 \u00a0 \u00a0Frau Bertram und Frau Sohmen<\/p>\n<p>Klasse 2c:\u00a0 \u00a0 \u00a0 Frau Koch und Frau Ramme<\/p>\n<p>Klasse 3a:\u00a0 \u00a0 Frau Magin und Frau Erwin<\/p>\n<p>Klasse 3b:\u00a0 \u00a0 Frau Armbrecht und Frau Belke<\/p>\n<p>Klasse 3c:\u00a0 \u00a0 Frau Glindemann und Herr Seifert<\/p>\n<p>Klasse 4a:\u00a0 \u00a0 \u00a0Frau Preusse und Frau Meierding<\/p>\n<p>Klasse 4b:\u00a0 \u00a0 \u00a0Frau Armbrecht und Herr K\u00fcster<\/p>\n<p>Klasse 4c:\u00a0 \u00a0 \u00a0Frau Frank und Frau Lachmann<\/p>\n<p>\u00a0<\/p>\n<h1>F\u00f6rderverein<\/h1>\n<p>Mit den Mitteln des F\u00f6rdervereins k\u00f6nnen wir viele dringende W\u00fcnsche erf\u00fcllen, die mit den Haushaltsmitteln nicht zu erm\u00f6glichen sind. F\u00fcr die Arbeit der Mitglieder und besonders f\u00fcr die Spenden m\u00f6chten wir uns hier bedanken!<\/p>\n<p><a href=\"https:\/\/www.foerderverein-gs-leiferde.de\/\">Homepage F\u00f6rderverein Grundschule Leiferde<\/a><\/p>\n<h1>Unterrichts- und Pausenzeiten ab 06. Februar 2024<\/h1>\n<table>\n<tbody>\n<tr>\n<td width=\"147\">07:45 \u2013 08:00 Uhr<\/td>\n<td width=\"302\">Ankommen und Fr\u00fchaufsicht<\/td>\n<\/tr>\n<tr>\n<td width=\"147\">08:00 \u2013 08:10 Uhr<\/td>\n<td width=\"302\">Lesezeit<\/td>\n<\/tr>\n<tr>\n<td width=\"147\">08:10 \u2013 08:55 Uhr<\/td>\n<td width=\"302\">1. Unterrichtsstunde<\/td>\n<\/tr>\n<tr>\n<td width=\"147\">09:00 \u2013 09:45 Uhr<\/td>\n<td width=\"302\">2. Unterrichtsstunde<\/td>\n<\/tr>\n<tr>\n<td width=\"147\">09:45 \u2013 10:05 Uhr<\/td>\n<td width=\"302\">Hofpause<\/td>\n<\/tr>\n<tr>\n<td width=\"147\">10:05 \u2013 10:50 Uhr<\/td>\n<td width=\"302\">3. Unterrichtsstunde<\/td>\n<\/tr>\n<tr>\n<td width=\"147\">10:55 \u2013 11:40 Uhr<\/td>\n<td width=\"302\">4. Unterrichtsstunde<\/td>\n<\/tr>\n<tr>\n<td width=\"147\">11:40 \u2013 12:00 Uhr<\/td>\n<td width=\"302\">Hofpause<\/td>\n<\/tr>\n<tr>\n<td width=\"147\">12:00 \u2013 12:45 Uhr<\/td>\n<td width=\"302\">5. Unterrichtsstunde bzw. Betreuung<\/td>\n<\/tr>\n<tr>\n<td width=\"147\">12:45 &#8211; 13:00 Uhr<\/td>\n<td width=\"302\">ggf. Hofpause<\/td>\n<\/tr>\n<\/tbody>\n<\/table>\n<p><strong>Zeitraster<\/strong><\/p>\n<table style=\"border-collapse: collapse;width: 100.664%;height: 278px\" border=\"1\">\n<tbody>\n<tr style=\"height: 32px\">\n<td style=\"width: 38.6986%;height: 32px\">08:00 &#8211; 11:40<\/td>\n<td style=\"width: 61.3014%;height: 32px\">Unterricht f\u00fcr alle Klassen<\/td>\n<td style=\"width: 15.5822%;height: 32px\">\u00a0<\/td>\n<\/tr>\n<tr style=\"height: 32px\">\n<td style=\"width: 38.6986%;height: 32px\"><strong>Verl\u00e4ssliche Grundschule<\/strong><\/td>\n<td style=\"width: 61.3014%;height: 32px\">\u00a0<\/td>\n<td style=\"width: 15.5822%;height: 32px\">\u00a0<\/td>\n<\/tr>\n<tr style=\"height: 32px\">\n<td style=\"width: 38.6986%;height: 32px\">11:40 &#8211; 12:00<\/td>\n<td style=\"width: 61.3014%;height: 32px\">Pause<\/td>\n<td style=\"width: 15.5822%;height: 32px\">\u00a0<\/td>\n<\/tr>\n<tr style=\"height: 70px\">\n<td style=\"width: 38.6986%;height: 70px\">12:00 &#8211; 12:45<\/td>\n<td style=\"width: 61.3014%;height: 70px\">Unterricht f\u00fcr die 3. und 4. Klassen<br \/>Betreuung oder F\u00f6rderzeiten f\u00fcr die 1. und 2. Klassen<\/td>\n<td style=\"width: 15.5822%;height: 70px\">\u00a0<\/td>\n<\/tr>\n<tr style=\"height: 32px\">\n<td style=\"width: 38.6986%;height: 32px\"><strong>Ganztagsbetreuung<\/strong><\/td>\n<td style=\"width: 61.3014%;height: 32px\">\u00a0<\/td>\n<td style=\"width: 15.5822%;height: 32px\">\u00a0<\/td>\n<\/tr>\n<tr style=\"height: 32px\">\n<td style=\"width: 38.6986%;height: 32px\">13:00 &#8211; 14:30<\/td>\n<td style=\"width: 61.3014%;height: 32px\">Mittagessen und Hausaufgaben<\/td>\n<td style=\"width: 15.5822%;height: 32px\">\u00a0<\/td>\n<\/tr>\n<tr style=\"height: 47px\">\n<td style=\"width: 38.6986%;height: 48px\">14:30 &#8211; 15:30<\/td>\n<td style=\"width: 61.3014%;height: 48px\">Arbeitsgemeinschaften<\/td>\n<td style=\"width: 15.5822%;height: 48px\">\u00a0<\/td>\n<\/tr>\n<tr>\n<td style=\"width: 38.6986%\">15:30 &#8211; 17:00<\/td>\n<td style=\"width: 61.3014%\">au\u00dferschulische Sp\u00e4tbetreuung (kostenpflichtig) findet im Schuljahr 2025\/26 nicht statt<\/td>\n<td style=\"width: 15.5822%\">\u00a0<\/td>\n<\/tr>\n<\/tbody>\n<\/table>\n<h1>\u00a0<\/h1>\n<h1>Die jeweils aktuellen Ferientermine und Feiertage finden Sie <a href=\"https:\/\/www.schulferien.org\/Niedersachsen\/niedersachsen.html\">hier.<\/a><\/h1>\n<h1>\u00a0<\/h1>\n\n\n<p><\/p>\n","protected":false},"excerpt":{"rendered":"<p>\u201eSo sieht es in unserer Schule aus\u201c Das ist die Grundschule Leiferde. \u00dcber 250 Kinder werden hier unterrichtet. Es gibt zw\u00f6lf Klassen und einen Schulkindergarten bei uns. Das ist der Eingang zu unserer Sporthalle. Auf dem Sportplatz k\u00f6nnen wir rennen, &hellip; <a href=\"https:\/\/wordpress.nibis.de\/gsleiferde\/neuigkeiten\/unsere-schule\/\">Weiterlesen <span class=\"meta-nav\">&rarr;<\/span><\/a><\/p>\n","protected":false},"author":9192874,"featured_media":0,"parent":22,"menu_order":0,"comment_status":"closed","ping_status":"closed","template":"","meta":{"footnotes":""},"class_list":["post-43","page","type-page","status-publish","hentry"],"_links":{"self":[{"href":"https:\/\/wordpress.nibis.de\/gsleiferde\/wp-json\/wp\/v2\/pages\/43","targetHints":{"allow":["GET"]}}],"collection":[{"href":"https:\/\/wordpress.nibis.de\/gsleiferde\/wp-json\/wp\/v2\/pages"}],"about":[{"href":"https:\/\/wordpress.nibis.de\/gsleiferde\/wp-json\/wp\/v2\/types\/page"}],"author":[{"embeddable":true,"href":"https:\/\/wordpress.nibis.de\/gsleiferde\/wp-json\/wp\/v2\/users\/9192874"}],"replies":[{"embeddable":true,"href":"https:\/\/wordpress.nibis.de\/gsleiferde\/wp-json\/wp\/v2\/comments?post=43"}],"version-history":[{"count":147,"href":"https:\/\/wordpress.nibis.de\/gsleiferde\/wp-json\/wp\/v2\/pages\/43\/revisions"}],"predecessor-version":[{"id":1650,"href":"https:\/\/wordpress.nibis.de\/gsleiferde\/wp-json\/wp\/v2\/pages\/43\/revisions\/1650"}],"up":[{"embeddable":true,"href":"https:\/\/wordpress.nibis.de\/gsleiferde\/wp-json\/wp\/v2\/pages\/22"}],"wp:attachment":[{"href":"https:\/\/wordpress.nibis.de\/gsleiferde\/wp-json\/wp\/v2\/media?parent=43"}],"curies":[{"name":"wp","href":"https:\/\/api.w.org\/{rel}","templated":true}]}}