{"id":80,"date":"2021-11-16T15:09:45","date_gmt":"2021-11-16T14:09:45","guid":{"rendered":"https:\/\/wordpress.nibis.de\/gslengden\/?page_id=80"},"modified":"2022-08-22T13:14:35","modified_gmt":"2022-08-22T11:14:35","slug":"foerderverein","status":"publish","type":"page","link":"https:\/\/wordpress.nibis.de\/gslengden\/foerderverein\/","title":{"rendered":"F\u00f6rderverein"},"content":{"rendered":"<p><span style=\"font-family: arial, helvetica, sans-serif\"><strong>Liebe Kinder Eltern und Unterst\u00fctzer*innen der Grundschule Gro\u00df Lengden, <\/strong><\/span><\/p>\n<p><span style=\"font-family: arial, helvetica, sans-serif\">das neue Schuljahr startet und der F\u00f6rderkreis der Grundschule w\u00fcnscht euch alles Gute.<\/span><\/p>\n<p><span style=\"font-family: arial, helvetica, sans-serif\">Damit die Schule Spa\u00df macht, ihr gut lernen k\u00f6nnt, das Spiel mit euren Freunden und Freundinnen nicht zu kurz kommt und ihr sch\u00f6ne\u00a0 Ausfl\u00fcge und Klassenfahrten erlebt, unterst\u00fctzen wir Euch vom F\u00f6rderkreis, wo wir k\u00f6nnen:<\/span><\/p>\n<ul>\n<li><span style=\"font-family: arial, helvetica, sans-serif\">Catering bei der Einschulungsfeier<\/span><\/li>\n<li><span style=\"font-family: arial, helvetica, sans-serif\">Unterst\u00fctzung von Theaterprojekten<\/span><\/li>\n<li><span style=\"font-family: arial, helvetica, sans-serif\">unser Grundschul-T-Shirt<\/span><\/li>\n<li><span style=\"font-family: arial, helvetica, sans-serif\">Unterst\u00fctzung in besonderen <\/span>Notsituationen<\/li>\n<li><span style=\"font-family: arial, helvetica, sans-serif\">Mitgestaltung des Lebensraums <\/span>\u201eSchule\u201c\u00a0 <span style=\"font-family: arial, helvetica, sans-serif\">und vieles mehr<\/span><\/li>\n<\/ul>\n<p><span style=\"font-family: arial, helvetica, sans-serif\">Wir freuen uns \u00fcber jede Mama, Papa, Oma, Opa, Tante oder Onkel die aktiv oder als Mitglied im F\u00f6rderkreis unsere Arbeit <\/span><span style=\"font-family: arial, helvetica, sans-serif\">unterst\u00fctzen m\u00f6chten.\u00a0 <\/span><span style=\"font-family: arial, helvetica, sans-serif\">Bei Interesse gibt es <\/span><span style=\"font-family: arial, helvetica, sans-serif\">Beitrittsformulare in der Schule oder meldet Euch bei\u00a0 Peter Friele unter <u>&#x50;e&#x74;&#101;&#x72;&#x2e;F&#x72;&#105;&#x65;&#x6c;e&#x40;&#101;&#x76;&#x6c;k&#x61;&#46;&#x64;&#x65;<\/u>.<\/span><\/p>\n<p><span style=\"font-family: arial, helvetica, sans-serif\">Wir freuen uns auf ein tolles neues Schuljahr mit Euch!<\/span><\/p>\n<p><span style=\"font-family: arial, helvetica, sans-serif\">Euer F\u00f6rderkreis-Team<\/span><\/p>\n<p><span style=\"font-family: arial, helvetica, sans-serif\">Peter Friele \u2013 Kerstin Sieling &#8211; Andr\u00e9 Kuklik \u2013 Matthias Heller<\/span><\/p>\n<p><img loading=\"lazy\" decoding=\"async\" class=\"alignnone size-medium wp-image-256\" src=\"https:\/\/wordpress.nibis.de\/gslengden\/files\/2022\/08\/Staerkung-850x478.jpg\" alt=\"\" width=\"850\" height=\"478\" srcset=\"https:\/\/wordpress.nibis.de\/gslengden\/files\/2022\/08\/Staerkung-850x478.jpg 850w, https:\/\/wordpress.nibis.de\/gslengden\/files\/2022\/08\/Staerkung-1200x675.jpg 1200w, https:\/\/wordpress.nibis.de\/gslengden\/files\/2022\/08\/Staerkung-250x141.jpg 250w\" sizes=\"auto, (max-width: 850px) 100vw, 850px\" \/><\/p>\n","protected":false},"excerpt":{"rendered":"<p>Liebe Kinder Eltern und Unterst\u00fctzer*innen der Grundschule Gro\u00df Lengden, das neue Schuljahr startet und der F\u00f6rderkreis der Grundschule w\u00fcnscht euch alles Gute. Damit die Schule Spa\u00df macht, ihr gut lernen k\u00f6nnt, das Spiel mit euren Freunden und Freundinnen nicht zu kurz kommt und ihr sch\u00f6ne\u00a0 Ausfl\u00fcge und Klassenfahrten erlebt, unterst\u00fctzen wir Euch vom F\u00f6rderkreis, wo &#8230; <a title=\"F\u00f6rderverein\" class=\"read-more\" href=\"https:\/\/wordpress.nibis.de\/gslengden\/foerderverein\/\" aria-label=\"Mehr Informationen \u00fcber F\u00f6rderverein\">Weiterlesen<\/a><\/p>\n","protected":false},"author":9193904,"featured_media":0,"parent":0,"menu_order":0,"comment_status":"closed","ping_status":"closed","template":"","meta":{"footnotes":""},"class_list":["post-80","page","type-page","status-publish"],"_links":{"self":[{"href":"https:\/\/wordpress.nibis.de\/gslengden\/wp-json\/wp\/v2\/pages\/80","targetHints":{"allow":["GET"]}}],"collection":[{"href":"https:\/\/wordpress.nibis.de\/gslengden\/wp-json\/wp\/v2\/pages"}],"about":[{"href":"https:\/\/wordpress.nibis.de\/gslengden\/wp-json\/wp\/v2\/types\/page"}],"author":[{"embeddable":true,"href":"https:\/\/wordpress.nibis.de\/gslengden\/wp-json\/wp\/v2\/users\/9193904"}],"replies":[{"embeddable":true,"href":"https:\/\/wordpress.nibis.de\/gslengden\/wp-json\/wp\/v2\/comments?post=80"}],"version-history":[{"count":3,"href":"https:\/\/wordpress.nibis.de\/gslengden\/wp-json\/wp\/v2\/pages\/80\/revisions"}],"predecessor-version":[{"id":257,"href":"https:\/\/wordpress.nibis.de\/gslengden\/wp-json\/wp\/v2\/pages\/80\/revisions\/257"}],"wp:attachment":[{"href":"https:\/\/wordpress.nibis.de\/gslengden\/wp-json\/wp\/v2\/media?parent=80"}],"curies":[{"name":"wp","href":"https:\/\/api.w.org\/{rel}","templated":true}]}}