{"id":3632,"date":"2026-03-05T12:08:59","date_gmt":"2026-03-05T11:08:59","guid":{"rendered":"https:\/\/wordpress.nibis.de\/gslinden\/?page_id=3632"},"modified":"2026-03-05T12:08:59","modified_gmt":"2026-03-05T11:08:59","slug":"beurlaubungen","status":"publish","type":"page","link":"https:\/\/wordpress.nibis.de\/gslinden\/beurlaubungen\/","title":{"rendered":"Beurlaubungen"},"content":{"rendered":"\n<p><span style=\"font-family: arial, helvetica, sans-serif\">Beurlaubungen aus famili\u00e4ren Gr\u00fcnden au\u00dferhalb der regul\u00e4ren Ferien werden in der Regel auf schriftlichen Antrag der Erziehungsberechtigten unter Ber\u00fccksichtigung der Erlasstage erteilt. Als Eltern m\u00fcssen Sie in einem solchen Fall daf\u00fcr sorgen, dass der vers\u00e4umte Unterrichtsstoff nachgeholt wird. Urlaubsreisen au\u00dferhalb der regul\u00e4ren Ferien k\u00f6nnen nicht genehmigt werden.<\/span><\/p>\n","protected":false},"excerpt":{"rendered":"<p>Beurlaubungen aus famili\u00e4ren Gr\u00fcnden au\u00dferhalb der regul\u00e4ren Ferien werden in der Regel auf schriftlichen Antrag der Erziehungsberechtigten unter Ber\u00fccksichtigung der Erlasstage erteilt. Als Eltern m\u00fcssen Sie in einem solchen Fall daf\u00fcr sorgen, dass der vers\u00e4umte Unterrichtsstoff nachgeholt wird. Urlaubsreisen au\u00dferhalb &hellip; <a href=\"https:\/\/wordpress.nibis.de\/gslinden\/beurlaubungen\/\">Weiterlesen <span class=\"meta-nav\">&rarr;<\/span><\/a><\/p>\n","protected":false},"author":559,"featured_media":0,"parent":0,"menu_order":0,"comment_status":"closed","ping_status":"closed","template":"","meta":{"footnotes":""},"class_list":["post-3632","page","type-page","status-publish","hentry"],"_links":{"self":[{"href":"https:\/\/wordpress.nibis.de\/gslinden\/wp-json\/wp\/v2\/pages\/3632","targetHints":{"allow":["GET"]}}],"collection":[{"href":"https:\/\/wordpress.nibis.de\/gslinden\/wp-json\/wp\/v2\/pages"}],"about":[{"href":"https:\/\/wordpress.nibis.de\/gslinden\/wp-json\/wp\/v2\/types\/page"}],"author":[{"embeddable":true,"href":"https:\/\/wordpress.nibis.de\/gslinden\/wp-json\/wp\/v2\/users\/559"}],"replies":[{"embeddable":true,"href":"https:\/\/wordpress.nibis.de\/gslinden\/wp-json\/wp\/v2\/comments?post=3632"}],"version-history":[{"count":1,"href":"https:\/\/wordpress.nibis.de\/gslinden\/wp-json\/wp\/v2\/pages\/3632\/revisions"}],"predecessor-version":[{"id":3633,"href":"https:\/\/wordpress.nibis.de\/gslinden\/wp-json\/wp\/v2\/pages\/3632\/revisions\/3633"}],"wp:attachment":[{"href":"https:\/\/wordpress.nibis.de\/gslinden\/wp-json\/wp\/v2\/media?parent=3632"}],"curies":[{"name":"wp","href":"https:\/\/api.w.org\/{rel}","templated":true}]}}