{"id":197,"date":"2018-07-29T16:29:35","date_gmt":"2018-07-29T14:29:35","guid":{"rendered":"http:\/\/wordpress.nibis.de\/gsneetze\/?page_id=197"},"modified":"2026-02-21T18:03:58","modified_gmt":"2026-02-21T17:03:58","slug":"gebaeude-und-orte","status":"publish","type":"page","link":"https:\/\/wordpress.nibis.de\/gsneetze\/gebaeude-und-orte\/","title":{"rendered":"Geb\u00e4ude und Orte"},"content":{"rendered":"<p><span style=\"font-family: arial black,sans-serif\">R\u00e4ume<\/span><\/p>\n<p><span style=\"font-family: arial,helvetica,sans-serif\">Neben den Klassenr\u00e4umen verf\u00fcgt <img loading=\"lazy\" decoding=\"async\" class=\"alignright size-medium wp-image-260\" src=\"http:\/\/wordpress.nibis.de\/gsneetze\/files\/2018\/07\/DSC00648-300x225.jpg\" alt=\"\" width=\"300\" height=\"225\" srcset=\"https:\/\/wordpress.nibis.de\/gsneetze\/files\/2018\/07\/DSC00648-300x225.jpg 300w, https:\/\/wordpress.nibis.de\/gsneetze\/files\/2018\/07\/DSC00648-768x576.jpg 768w, https:\/\/wordpress.nibis.de\/gsneetze\/files\/2018\/07\/DSC00648-800x600.jpg 800w\" sizes=\"auto, (max-width: 300px) 100vw, 300px\" \/>unsere Schule \u00fcber einen Werk-, Musik- , einen Beratungs- und einen Deutschf\u00f6rderraum f\u00fcr den laufenden Unterricht. <\/span><br \/>\n<span style=\"font-family: arial,helvetica,sans-serif\">Dar\u00fcber hinaus gibt es einen Inselraum, eine Pausenhalle und die Aula, in der sich auch die B\u00fccherei befindet.<\/span><\/p>\n<p><span style=\"font-family: arial black,sans-serif\">Schulhof<\/span><\/p>\n<p><span style=\"font-family: arial,helvetica,sans-serif\">Unsere Schule verf\u00fcgt \u00fcber einen gro\u00dfen Pausenhof auf zwei Ebenen.<img loading=\"lazy\" decoding=\"async\" class=\"alignright wp-image-263\" src=\"http:\/\/wordpress.nibis.de\/gsneetze\/files\/2018\/07\/DSC00655-300x225.jpg\" alt=\"\" width=\"301\" height=\"226\" srcset=\"https:\/\/wordpress.nibis.de\/gsneetze\/files\/2018\/07\/DSC00655-300x225.jpg 300w, https:\/\/wordpress.nibis.de\/gsneetze\/files\/2018\/07\/DSC00655-768x576.jpg 768w, https:\/\/wordpress.nibis.de\/gsneetze\/files\/2018\/07\/DSC00655-800x600.jpg 800w\" sizes=\"auto, (max-width: 301px) 100vw, 301px\" \/> Er ist durch viele B\u00e4ume und B\u00fcsche naturnah gestaltet. Neben einem Fu\u00dfballplatz und einem Asphaltplatz zum Ballspielen, gibt es eine gro\u00dfe Sandkiste, zwei Nestschaukeln, H\u00fcpfpilze und einige Kletter- und Turnger\u00e4te. Ein Pavillon erm\u00f6glicht es, sich in den Pausen zur\u00fcckzuziehen oder auch im Freien zu unterrichten.<\/span><br \/>\n<span style=\"font-family: arial,helvetica,sans-serif\">Besonders freuen wir uns \u00fcber das neue, gro\u00dfe\u00a0Kletterger\u00fcst, welches durch den Schulverein und den Sponsorenlauf m\u00f6glich gemacht wurde.<\/span><\/p>\n<p><span style=\"font-family: arial,helvetica,sans-serif\">Zur Pausengestaltung k\u00f6nnen sich die Kinder viele verschiedene Spielger\u00e4te am Pausenschrank ausleihen.\u00a0Kinder des\u00a0vierten Schuljahres geben zu Beginn der gro\u00dfen Pausen eigenverantwortlich Sport- und Spielger\u00e4te an die anderen Kinder aus und sorgen f\u00fcr einen reibungslosen Ablauf der R\u00fcckgabe. Jedes Kind gibt eine W\u00e4scheklammer mit dem eigenen Namen ab und leiht sich etwas aus. Bei der R\u00fcckgabe des Spielger\u00e4tes wird die Klammer wieder ausgeh\u00e4ndigt, so dass ein Verlust von Spielger\u00e4ten weitgehend vermieden werden kann. Die Spielger\u00e4te wurden vom Schulverein gespendet.<\/span><\/p>\n<p><span style=\"font-family: arial black,sans-serif\">Sport<\/span><\/p>\n<p><span style=\"font-family: arial,helvetica,sans-serif\">Zu unserer Schule geh\u00f6rt eine <img loading=\"lazy\" decoding=\"async\" class=\"alignright size-medium wp-image-313\" src=\"http:\/\/wordpress.nibis.de\/gsneetze\/files\/2018\/08\/Sport11-300x225.jpg\" alt=\"\" width=\"300\" height=\"225\" srcset=\"https:\/\/wordpress.nibis.de\/gsneetze\/files\/2018\/08\/Sport11-300x225.jpg 300w, https:\/\/wordpress.nibis.de\/gsneetze\/files\/2018\/08\/Sport11.jpg 560w\" sizes=\"auto, (max-width: 300px) 100vw, 300px\" \/>Dreifeldersporthalle. <\/span><br \/>\n<span style=\"font-family: arial,helvetica,sans-serif\">Dar\u00fcber hinaus nutzen wir im Sommer gelegentlich die Trainingsanlagen des TUS Neetze (s. <a href=\"http:\/\/wordpress.nibis.de\/gsneetze\/sponsorenlauf\/\">Bildergalerie<\/a>).<\/span><br \/>\n<span style=\"font-family: arial,helvetica,sans-serif\">F\u00fcr die dritten und vierten Klassen finden j\u00e4hrlich die Schwimmtage im Freibad Alt Garge statt.<\/span><\/p>\n<p><span style=\"font-family: arial black,sans-serif\">Schulgarten<\/span><\/p>\n<p><span style=\"font-family: arial,helvetica,sans-serif\">Seit dem Fr\u00fchjahr 2015 haben wir einen <img loading=\"lazy\" decoding=\"async\" class=\"alignright size-medium wp-image-281\" src=\"http:\/\/wordpress.nibis.de\/gsneetze\/files\/2018\/07\/Garten51-300x169.jpg\" alt=\"\" width=\"300\" height=\"169\" srcset=\"https:\/\/wordpress.nibis.de\/gsneetze\/files\/2018\/07\/Garten51-300x169.jpg 300w, https:\/\/wordpress.nibis.de\/gsneetze\/files\/2018\/07\/Garten51.jpg 350w\" sizes=\"auto, (max-width: 300px) 100vw, 300px\" \/>Schulgarten. Dieser wurde von den Sch\u00fclern der Garten-AG angelegt. Da wir in jedem Schulhalbjahr neue Arbeitsgemeinschaften w\u00e4hlen, konnten schon einige Sch\u00fcler bei der Aussaat, der Pflege der Beete und bei der Ernte von Gem\u00fcse, Kr\u00e4utern und Beeren aktiv sein.<\/span><br \/>\n<span style=\"font-family: arial,helvetica,sans-serif\">N\u00e4heres zur Nutzung des\u00a0Gartens findet sich\u00a0<a href=\"http:\/\/wordpress.nibis.de\/gsneetze\/unser-schulgarten\/\">hier.<\/a><\/span><\/p>\n<p><span style=\"font-family: arial black,sans-serif\">Teich<\/span><\/p>\n<p><span style=\"font-family: arial,helvetica,sans-serif\">Als Umweltschule legen wir Wert auf einen <img loading=\"lazy\" decoding=\"async\" class=\"size-medium wp-image-505 alignright\" src=\"http:\/\/wordpress.nibis.de\/gsneetze\/files\/2018\/08\/Teich1-300x225.jpg\" alt=\"\" width=\"300\" height=\"225\" srcset=\"https:\/\/wordpress.nibis.de\/gsneetze\/files\/2018\/08\/Teich1-300x225.jpg 300w, https:\/\/wordpress.nibis.de\/gsneetze\/files\/2018\/08\/Teich1.jpg 560w\" sizes=\"auto, (max-width: 300px) 100vw, 300px\" \/>gro\u00dfen Schulteich. Er befindet sich neben der Sporthalle und wurde im Rahmen unseres Umweltprojektes neu angelegt werden.\u00a0<\/span><\/p>\n<p><span style=\"font-family: arial, helvetica, sans-serif\">N\u00e4heres zum Teich finden Sie <a href=\"https:\/\/wordpress.nibis.de\/gsneetze\/der-schulteich\/\">hier<\/a>.<\/span><\/p>\n","protected":false},"excerpt":{"rendered":"<p>R\u00e4ume Neben den Klassenr\u00e4umen verf\u00fcgt unsere Schule \u00fcber einen Werk-, Musik- , einen Beratungs- und einen Deutschf\u00f6rderraum f\u00fcr den laufenden Unterricht. Dar\u00fcber hinaus gibt es einen Inselraum, eine Pausenhalle und die Aula, in der sich auch die B\u00fccherei befindet. Schulhof &hellip; <a href=\"https:\/\/wordpress.nibis.de\/gsneetze\/gebaeude-und-orte\/\">Weiterlesen <span class=\"meta-nav\">&rarr;<\/span><\/a><\/p>\n","protected":false},"author":9192573,"featured_media":0,"parent":0,"menu_order":0,"comment_status":"closed","ping_status":"closed","template":"","meta":{"footnotes":""},"class_list":["post-197","page","type-page","status-publish","hentry"],"_links":{"self":[{"href":"https:\/\/wordpress.nibis.de\/gsneetze\/wp-json\/wp\/v2\/pages\/197","targetHints":{"allow":["GET"]}}],"collection":[{"href":"https:\/\/wordpress.nibis.de\/gsneetze\/wp-json\/wp\/v2\/pages"}],"about":[{"href":"https:\/\/wordpress.nibis.de\/gsneetze\/wp-json\/wp\/v2\/types\/page"}],"author":[{"embeddable":true,"href":"https:\/\/wordpress.nibis.de\/gsneetze\/wp-json\/wp\/v2\/users\/9192573"}],"replies":[{"embeddable":true,"href":"https:\/\/wordpress.nibis.de\/gsneetze\/wp-json\/wp\/v2\/comments?post=197"}],"version-history":[{"count":17,"href":"https:\/\/wordpress.nibis.de\/gsneetze\/wp-json\/wp\/v2\/pages\/197\/revisions"}],"predecessor-version":[{"id":1427,"href":"https:\/\/wordpress.nibis.de\/gsneetze\/wp-json\/wp\/v2\/pages\/197\/revisions\/1427"}],"wp:attachment":[{"href":"https:\/\/wordpress.nibis.de\/gsneetze\/wp-json\/wp\/v2\/media?parent=197"}],"curies":[{"name":"wp","href":"https:\/\/api.w.org\/{rel}","templated":true}]}}