{"id":476,"date":"2013-12-09T18:38:41","date_gmt":"2013-12-09T17:38:41","guid":{"rendered":"http:\/\/wordpress.nibis.de\/gspowe\/?page_id=476"},"modified":"2026-08-28T10:50:24","modified_gmt":"2026-08-28T08:50:24","slug":"beitrittsformular","status":"publish","type":"page","link":"https:\/\/wordpress.nibis.de\/gspowe\/beitrittsformular\/","title":{"rendered":"F\u00f6rderverein"},"content":{"rendered":"<h1 style=\"text-align: center\"><img loading=\"lazy\" decoding=\"async\" class=\"wp-image-4398 aligncenter\" src=\"http:\/\/wordpress.nibis.de\/gspowe\/files\/F\u00f6rderverein-02-800x478.jpg\" alt=\"\" width=\"280\" height=\"171\" \/><\/h1>\n<h3 style=\"text-align: center\">\u201eDas Wenige, das du tun kannst, ist viel!\u201c<br \/>\n(Albert Schweitzer)<\/h3>\n<p>&nbsp;<\/p>\n<p style=\"text-align: center\"><strong>Herzlich willkommen beim F\u00f6rderverein der Grundschule Powe!<\/strong><\/p>\n<div><\/div>\n<div>\n<div><\/div>\n<div>\n<p style=\"text-align: justify\">Der F\u00f6rderverein der Grundschule Powe unterst\u00fctzt unsere Schule \u00fcberall dort, wo wichtige Vorhaben nicht aus den Mitteln des Schultr\u00e4gers finanziert werden k\u00f6nnen. Unser Ziel ist es, den Schulalltag der Kinder abwechslungsreich, gemeinschaftlich und bereichernd zu gestalten.<br \/>\nDabei m\u00f6chten wir nicht nur schulische Projekte erm\u00f6glichen, sondern auch die <strong>Selbstst\u00e4ndigkeit,<\/strong> <strong>soziale Kompetenz und Kreativit\u00e4t<\/strong> unserer Sch\u00fclerinnen und Sch\u00fcler f\u00f6rdern. Gemeinsame Erlebnisse wie Ausfl\u00fcge, Klassenfahrten, Theaterbesuche und besondere Aktionen st\u00e4rken die Klassengemeinschaft und machen Schule zu einem Ort, an dem Kinder gerne lernen und gemeinsam wachsen.<\/p>\n<p><strong>Was wir erm\u00f6glichen<\/strong><\/p>\n<p>In den vergangenen Jahren konnten wir zahlreiche schulische und au\u00dferschulische Projekte unterst\u00fctzen. Dazu geh\u00f6ren unter anderem:<\/p>\n<p>\u2022 der gro\u00dfe Schulausflug zum Ketteler Hof, der alle vier Jahre stattfindet,<\/p>\n<p>\u2022 das Pr\u00e4ventionsprogramm \u201eMein K\u00f6rper geh\u00f6rt mir!\u201c f\u00fcr die dritten und vierten Klassen, das alle<br \/>\nzwei Jahre angeboten wird,<\/p>\n<p>\u2022 Selbstbehauptungstrainings f\u00fcr M\u00e4dchen und Jungen des vierten Jahrgangs &#8211; diese dienen zugleich<br \/>\nder Vorbereitung auf den Wechsel an die weiterf\u00fchrende Schule,<\/p>\n<p>\u2022 die Ausstattung der Erstkl\u00e4sslerinnen und Erstkl\u00e4ssler mit Spielzeugkisten zur Einschulung,<\/p>\n<p>\u2022 das Obstb\u00fcffet bei den Bundesjugendspielen und Sportveranstaltungen,<\/p>\n<p>\u2022 unsere Verkaufsst\u00e4nde auf dem Belmer Weihnachtsmarkt und dem Begegnungsfest,<\/p>\n<p>\u2022 der Spielesamstag in der Adventszeit mit der Verlosung neuer Spiele aus dem Budget des<br \/>\nF\u00f6rdervereins,<\/p>\n<p>\u2022 die finanzielle Unterst\u00fctzung der Klassenfahrten der vierten Klassen sowie der beliebten Musical-<br \/>\nund Zirkusprojekte.<\/p>\n<p style=\"text-align: justify\">Die Erl\u00f6se aus unseren Verkaufsst\u00e4nden auf dem Belmer Weihnachtsmarkt und dem Begegnungsfest kommen direkt dem F\u00f6rderverein zugute. So k\u00f6nnen wir auch in Zukunft wichtige Projekte und Anschaffungen f\u00fcr die Schule (mit)finanzieren.<\/p>\n<\/div>\n<\/div>\n<p><strong>Einblicke in unsere Arbeit<\/strong><\/p>\n<p>Aktuelle Informationen, Hinweise und Berichte zu unseren Veranstaltungen ver\u00f6ffentlichen wir \u00fcber unseren Newsletter, auf der Schulhomepage sowie unserem Instagramkanal.<\/p>\n<p><strong>Gemeinsam f\u00fcr unsere Kinder<\/strong><\/p>\n<p>Gerade wegen knapper \u00f6ffentlicher Kassen, in denen Zusch\u00fcsse gek\u00fcrzt werden, ist das Engagement des F\u00f6rdervereins besonders wichtig. Nur durch die Unterst\u00fctzung vieler Eltern, Familien und weiterer F\u00f6rderer k\u00f6nnen wir den Schulalltag unserer Kinder weiterhin vielf\u00e4ltig, lebendig und bunt gestalten.<\/p>\n<p><strong> Jede Mitgliedschaft kommt direkt unseren Sch\u00fclerinnen und Sch\u00fclern zugute.<\/strong><\/p>\n<p><a href=\"https:\/\/wordpress.nibis.de\/gspowe\/files\/Flyer-FV-und-Anmeldeformular-2025.pdf\">Flyer und Beitrittserkl\u00e4rung vom F\u00f6rderverein (Stand 2026)<\/a><\/p>\n<p>Bestellformular Stand 2025<\/p>\n<p><a href=\"https:\/\/wordpress.nibis.de\/gspowe\/files\/FV-GS-Powe-Protokoll-MV-29.9.25.pdf\">Protokoll vom September 2025<\/a><\/p>\n<p><a href=\"https:\/\/wordpress.nibis.de\/gspowe\/files\/Einladung-MV-FV-GS-Powe-September-2026.pdf\">Einladung Mitgliederversammlung FV September 2026\u00a0<\/a><\/p>\n<p>Newsletter FV September 2026<\/p>\n<p>&nbsp;<\/p>\n<p>Werden Sie Mitglied in unserem F\u00f6rderverein \u2013 wir freuen uns \u00fcber jedes neue Mitglied und jede Form der Unterst\u00fctzung!<br \/>\nAuch mit einer Spende k\u00f6nnen Sie dazu beitragen, dass die Grundschule Powe bei wichtigen Projekten und Anschaffungen unterst\u00fctzt wird. Spenden an den F\u00f6rderverein sind steuerlich<br \/>\nabsetzbar. Ebenso wertvoll ist Ihre pers\u00f6nliche Mithilfe bei unseren Aktionen und Veranstaltungen.<\/p>\n<p><strong>Herzlichen Dank f\u00fcr Ihre Aufmerksamkeit \u2013 und erz\u00e4hlen Sie gerne von uns!<\/strong><\/p>\n<hr \/>\n<p>&nbsp;<\/p>\n<h3 style=\"text-align: center\">Aktueller Vorstand des F\u00f6rdervereins der Grundschule Powe:<\/h3>\n<p style=\"text-align: center\">Silke Taubitz, Dominik Dettmer, Vanessa Plantholt, Sandra Imsieke, Nadine Nuxoll<\/p>\n","protected":false},"excerpt":{"rendered":"<p>\u201eDas Wenige, das du tun kannst, ist viel!\u201c (Albert Schweitzer) &nbsp; Herzlich willkommen beim F\u00f6rderverein der Grundschule Powe! Der F\u00f6rderverein der Grundschule Powe unterst\u00fctzt unsere Schule \u00fcberall dort, wo wichtige Vorhaben nicht aus den Mitteln des Schultr\u00e4gers finanziert werden k\u00f6nnen. Unser Ziel ist es, den Schulalltag der Kinder abwechslungsreich, gemeinschaftlich und bereichernd zu gestalten. Dabei [&hellip;]<\/p>\n","protected":false},"author":288,"featured_media":0,"parent":0,"menu_order":0,"comment_status":"closed","ping_status":"closed","template":"","meta":{"footnotes":"","_members_access_role":[],"_members_access_error":""},"class_list":["post-476","page","type-page","status-publish","hentry"],"_links":{"self":[{"href":"https:\/\/wordpress.nibis.de\/gspowe\/wp-json\/wp\/v2\/pages\/476","targetHints":{"allow":["GET"]}}],"collection":[{"href":"https:\/\/wordpress.nibis.de\/gspowe\/wp-json\/wp\/v2\/pages"}],"about":[{"href":"https:\/\/wordpress.nibis.de\/gspowe\/wp-json\/wp\/v2\/types\/page"}],"author":[{"embeddable":true,"href":"https:\/\/wordpress.nibis.de\/gspowe\/wp-json\/wp\/v2\/users\/288"}],"replies":[{"embeddable":true,"href":"https:\/\/wordpress.nibis.de\/gspowe\/wp-json\/wp\/v2\/comments?post=476"}],"version-history":[{"count":38,"href":"https:\/\/wordpress.nibis.de\/gspowe\/wp-json\/wp\/v2\/pages\/476\/revisions"}],"predecessor-version":[{"id":7474,"href":"https:\/\/wordpress.nibis.de\/gspowe\/wp-json\/wp\/v2\/pages\/476\/revisions\/7474"}],"wp:attachment":[{"href":"https:\/\/wordpress.nibis.de\/gspowe\/wp-json\/wp\/v2\/media?parent=476"}],"curies":[{"name":"wp","href":"https:\/\/api.w.org\/{rel}","templated":true}]}}