{"id":132,"date":"2018-05-07T23:10:11","date_gmt":"2018-05-07T21:10:11","guid":{"rendered":"http:\/\/wordpress.nibis.de\/gsschmedwolt\/?page_id=132"},"modified":"2026-04-21T14:57:21","modified_gmt":"2026-04-21T12:57:21","slug":"unterrichtszeiten","status":"publish","type":"page","link":"https:\/\/wordpress.nibis.de\/gsschmedwolt\/organisation\/unterrichtszeiten\/","title":{"rendered":"Unterrichtszeiten"},"content":{"rendered":"<p><span style=\"font-size: 18pt\"><strong>Standort Schmedenstedt<\/strong><\/span><strong><img loading=\"lazy\" decoding=\"async\" class=\" wp-image-246 alignright\" src=\"http:\/\/wordpress.nibis.de\/gsschmedwolt\/files\/2018\/05\/schme.png\" alt=\"\" width=\"448\" height=\"295\" srcset=\"https:\/\/wordpress.nibis.de\/gsschmedwolt\/files\/2018\/05\/schme.png 1024w, https:\/\/wordpress.nibis.de\/gsschmedwolt\/files\/2018\/05\/schme-300x198.png 300w, https:\/\/wordpress.nibis.de\/gsschmedwolt\/files\/2018\/05\/schme-768x506.png 768w, https:\/\/wordpress.nibis.de\/gsschmedwolt\/files\/2018\/05\/schme-75x50.png 75w\" sizes=\"auto, (max-width: 448px) 100vw, 448px\" \/><\/strong><\/p>\n<p>offener Anfang 7.50 Uhr \u2013 8.05 Uhr<\/p>\n<p>1. Stunde 8.05 Uhr \u2013 8.50 Uhr<\/p>\n<p>2. Stunde 8.55 Uhr \u2013 9.40 Uhr<\/p>\n<p>3. Stunde 10.10 Uhr \u2013 10.55 Uhr<\/p>\n<p>4. Stunde 11.00 Uhr \u2013 11.45 Uhr<\/p>\n<p>5. Stunde 12.00 Uhr \u2013 12.45 Uhr<\/p>\n<p>&nbsp;<\/p>\n<p>Ganztag f\u00fcr alle Sch\u00fcler*innen Montag bis Donnerstag: 13.00 Uhr &#8211; 15.30 Uhr<\/p>\n<p>&nbsp;<\/p>\n<p><span style=\"font-size: 18pt\"><strong>Standort Woltorf<img loading=\"lazy\" decoding=\"async\" class=\"wp-image-247 alignright\" src=\"http:\/\/wordpress.nibis.de\/gsschmedwolt\/files\/2018\/05\/wo.png\" alt=\"\" width=\"440\" height=\"286\" srcset=\"https:\/\/wordpress.nibis.de\/gsschmedwolt\/files\/2018\/05\/wo.png 1024w, https:\/\/wordpress.nibis.de\/gsschmedwolt\/files\/2018\/05\/wo-300x195.png 300w, https:\/\/wordpress.nibis.de\/gsschmedwolt\/files\/2018\/05\/wo-768x499.png 768w, https:\/\/wordpress.nibis.de\/gsschmedwolt\/files\/2018\/05\/wo-75x50.png 75w\" sizes=\"auto, (max-width: 440px) 100vw, 440px\" \/>\u00a0<\/strong><\/span><\/p>\n<p>offener Anfang 7.50 Uhr \u2013 8.05 Uhr<\/p>\n<p>1. Stunde 8.05 Uhr \u2013 8.50 Uhr<\/p>\n<p>2. Stunde 8.55 Uhr \u2013 9.40 Uhr<\/p>\n<p>3. Stunde 10.10 Uhr \u2013 10.55 Uhr<\/p>\n<p>4. Stunde 11.00 Uhr \u2013 11.45 Uhr<\/p>\n<p>5. Stunde 12.00 Uhr \u2013 12.45 Uhr<\/p>\n<p>6. Stunde 12.50 Uhr \u2013 13.35 Uhr<\/p>\n<p>&nbsp;<\/p>\n<p><strong><span style=\"font-size: 18pt\">Pausenzeiten f\u00fcr beide Standorte<\/span><\/strong><\/p>\n<p>Fr\u00fchst\u00fcckspause: 9.40 Uhr \u2013 9.50 Uhr<\/p>\n<p>1. Drau\u00dfenpause 9.50 Uhr \u2013 10.10 Uhr<\/p>\n<p>2. Drau\u00dfenpause 11.45 Uhr \u2013 12.00 Uhr<\/p>\n<p><span style=\"font-size: 18pt\"><strong>Der offene Anfang<\/strong><\/span><\/p>\n<p>Die Sch\u00fclerinnen und Sch\u00fcler k\u00f6nnen w\u00e4hrend des offenen Anfangs in der Schule ankommen und in ihre Klassenr\u00e4ume gehen. Dort k\u00f6nnen sie sich still besch\u00e4ftigen, lesen, Verabredungen treffen und ihren Arbeitsplatz einrichten. Alle Lehrerinnen halten sich w\u00e4hrend des offenen Anfangs im Schulgeb\u00e4ude, aber nicht unbedingt im Klassenraum auf.<\/p>\n<p>Eine <strong>Aufsicht<\/strong> ist in beiden Schulgeb\u00e4uden ab 7.50 Uhr sowie auf beiden Schulh\u00f6fen ab 7.40 Uhr bzw. bei Ankunft und Abfahrt der Busse gew\u00e4hrleistet.<\/p>\n<p>Zu Schuljahresbeginn erhalten alle Sch\u00fclerinnen und Sch\u00fcler einen Stundenplan durch die Klassenlehrerinnen.<\/p>\n<p>Nachfolgend die <strong>Wochenstunden <\/strong>f\u00fcr jeden Jahrgang aufgelistet:<\/p>\n<p><strong>Jahrgang 1 und 2<\/strong><\/p>\n<ul>\n<li>Montag bis Freitag Unterricht in der 1. bis 5. Stunde<\/li>\n<\/ul>\n<p><strong>Jahrgang 3 und 4<\/strong><\/p>\n<ul>\n<li>Montag bis Donnerstag Unterricht in der 1. bis 5. Stunde<\/li>\n<li>Freitag Unterricht bis zur 6. Stunde<\/li>\n<\/ul>\n","protected":false},"excerpt":{"rendered":"<p>Standort Schmedenstedt offener Anfang 7.50 Uhr \u2013 8.05 Uhr 1. Stunde 8.05 Uhr \u2013 8.50 Uhr 2. Stunde 8.55 Uhr \u2013 9.40 Uhr 3. Stunde 10.10 Uhr \u2013 10.55 Uhr 4. Stunde 11.00 Uhr \u2013 11.45 Uhr 5. Stunde 12.00 Uhr \u2013 12.45 Uhr &nbsp; Ganztag f\u00fcr alle Sch\u00fcler*innen Montag bis Donnerstag: 13.00 Uhr &#8211; [&hellip;]<\/p>\n","protected":false},"author":9192595,"featured_media":0,"parent":35,"menu_order":0,"comment_status":"closed","ping_status":"closed","template":"template-full-width.php","meta":{"footnotes":""},"class_list":["post-132","page","type-page","status-publish","hentry"],"_links":{"self":[{"href":"https:\/\/wordpress.nibis.de\/gsschmedwolt\/wp-json\/wp\/v2\/pages\/132","targetHints":{"allow":["GET"]}}],"collection":[{"href":"https:\/\/wordpress.nibis.de\/gsschmedwolt\/wp-json\/wp\/v2\/pages"}],"about":[{"href":"https:\/\/wordpress.nibis.de\/gsschmedwolt\/wp-json\/wp\/v2\/types\/page"}],"author":[{"embeddable":true,"href":"https:\/\/wordpress.nibis.de\/gsschmedwolt\/wp-json\/wp\/v2\/users\/9192595"}],"replies":[{"embeddable":true,"href":"https:\/\/wordpress.nibis.de\/gsschmedwolt\/wp-json\/wp\/v2\/comments?post=132"}],"version-history":[{"count":14,"href":"https:\/\/wordpress.nibis.de\/gsschmedwolt\/wp-json\/wp\/v2\/pages\/132\/revisions"}],"predecessor-version":[{"id":6025,"href":"https:\/\/wordpress.nibis.de\/gsschmedwolt\/wp-json\/wp\/v2\/pages\/132\/revisions\/6025"}],"up":[{"embeddable":true,"href":"https:\/\/wordpress.nibis.de\/gsschmedwolt\/wp-json\/wp\/v2\/pages\/35"}],"wp:attachment":[{"href":"https:\/\/wordpress.nibis.de\/gsschmedwolt\/wp-json\/wp\/v2\/media?parent=132"}],"curies":[{"name":"wp","href":"https:\/\/api.w.org\/{rel}","templated":true}]}}