{"id":2324,"date":"2015-06-17T17:15:58","date_gmt":"2015-06-17T15:15:58","guid":{"rendered":"http:\/\/wordpress.nibis.de\/gssuederberg\/?page_id=2324"},"modified":"2022-05-08T07:55:29","modified_gmt":"2022-05-08T05:55:29","slug":"veranstaltungen","status":"publish","type":"page","link":"https:\/\/wordpress.nibis.de\/gssuederberg\/veranstaltungen\/","title":{"rendered":"Veranstaltungen"},"content":{"rendered":"<p><span style=\"text-decoration: underline\"><strong>Fr\u00fchlingsfest des F\u00f6rdervereins<\/strong><\/span><\/p>\n<p>Am 7. Mai 2022 fand auf dem Schulhof das Fr\u00fchlingsfest des F\u00f6rdervereins mit Spielen, Essen und Trinken statt. Fotos gibt es auch bald.<\/p>\n<p><span style=\"text-decoration: underline;font-size: large\"><b>Regelm\u00e4\u00dfige Projekte&#8230;<\/b><\/span><\/p>\n<p><span style=\"font-size: large\">Durch das Engagement vieler Eltern bei den j\u00e4hrlich wiederkehrenden Aktionen wie z.B. der Cafeteria beim Frauenflohmarkt und beim Verkauf von <a href=\"http:\/\/wordpress.nibis.de\/gssuederberg\/apfelsaftaktion-2016\/\">selbstgepresstem Apfelsaft<\/a>, konnten wir einen bemerkenswerten Erl\u00f6s erzielen. Dieser kam in den letzten Jahren der Einrichtung des Schm\u00f6kerst\u00fcbchens und der Anschaffung neuer Medien zugute. <\/span><\/p>\n<p><a href=\"http:\/\/wordpress.nibis.de\/gssuederberg\/files\/foerder_16_01_1.jpg\">\u00a0\u00a0\u00a0\u00a0\u00a0\u00a0 <img loading=\"lazy\" decoding=\"async\" class=\"alignnone size-medium wp-image-3480\" src=\"http:\/\/wordpress.nibis.de\/gssuederberg\/files\/foerder_16_01_1-300x205.jpg\" alt=\"foerder_16_01_1\" width=\"300\" height=\"205\" \/><\/a><\/p>\n<p><strong>Unterst\u00fctzung des Medienkonzeptes der S\u00fcderbergschule<\/strong><\/p>\n<p><span style=\"font-size: large\">Wir m\u00f6chten unseren Kindern auch den sanften Umgang mit Neuen Medien erm\u00f6glichen. Dazu geh\u00f6rt unserer Meinung nach auch ein Laptop oder Tablet f\u00fcr jede Klasse. In einer sechsmonatigen Testphase in der Jahrgangstufe 3 wurde deutlich, dass das Lernen und Lehren beispielsweise durch das Festhalten von Situationen im Sportunterricht und das gezielte Einsetzen von Lern-Software auf vielf\u00e4ltige Weise profitieren kann. Mit Hilfe medienp\u00e4dagogischer Methoden werden zudem erste Schritte Ihres Kindes im Internet begleitet.\u00a0 &#8230;<a href=\"http:\/\/www.suederbergschule.de\/foerderverein\/dankesbrief.htm\">zum Dankesbrief der Projektklasse<\/a>&#8230;<br \/>\n<\/span><\/p>\n<p>Jedes Jahr &#8211; Preise beim\u00a0 <a href=\"http:\/\/wordpress.nibis.de\/gssuederberg\/vorlesewettbewerb-der-grundschule\/\">Vorlesewettbewerb <\/a><\/p>\n<p>Juni 2015\u00a0\u00a0\u00a0\u00a0 <a href=\"http:\/\/wordpress.nibis.de\/gssuederberg\/suederbergschule-auf-dem-gemeindefest\/\">Freundschaftsfest, ev. Kirchplatz, Hilter<\/a><\/p>\n<p><a href=\"http:\/\/wordpress.nibis.de\/gssuederberg\/suederbergschule-auf-dem-gemeindefest\/\"><img loading=\"lazy\" decoding=\"async\" class=\"alignnone size-thumbnail wp-image-2279\" src=\"http:\/\/wordpress.nibis.de\/gssuederberg\/files\/foerder01_11-150x150.jpg\" alt=\"foerder01_1\" width=\"150\" height=\"150\" \/><\/a><br \/>\nVerk\u00f6stigung bei den Zirkusprojekten<br \/>\n2011, 2015, 2019<br \/>\ngro\u00dfe Wiese, Natruper Str. , Hilter<\/p>\n<p><a href=\"http:\/\/wordpress.nibis.de\/gssuederberg\/files\/dobbelino.jpg\"><img loading=\"lazy\" decoding=\"async\" class=\"alignnone wp-image-2325\" src=\"http:\/\/wordpress.nibis.de\/gssuederberg\/files\/dobbelino-300x63.jpg\" alt=\"dobbelino\" width=\"386\" height=\"81\" srcset=\"https:\/\/wordpress.nibis.de\/gssuederberg\/files\/dobbelino-300x63.jpg 300w, https:\/\/wordpress.nibis.de\/gssuederberg\/files\/dobbelino-640x134.jpg 640w, https:\/\/wordpress.nibis.de\/gssuederberg\/files\/dobbelino-940x198.jpg 940w, https:\/\/wordpress.nibis.de\/gssuederberg\/files\/dobbelino.jpg 958w\" sizes=\"auto, (max-width: 386px) 100vw, 386px\" \/><\/a><\/p>\n<p>Cafeteria bei den Einschulungsfeiern<br \/>\n<a href=\"http:\/\/wordpress.nibis.de\/gssuederberg\/files\/schultueten.jpg\"><img loading=\"lazy\" decoding=\"async\" class=\"alignnone size-thumbnail wp-image-2326\" src=\"http:\/\/wordpress.nibis.de\/gssuederberg\/files\/schultueten-150x150.jpg\" alt=\"schultueten\" width=\"150\" height=\"150\" \/><\/a><\/p>\n<p>im Herbst\u00a0 <a href=\"http:\/\/wordpress.nibis.de\/gssuederberg\/apfelsaftaktion-2016\/\">Apfelsaftaktion <\/a><\/p>\n","protected":false},"excerpt":{"rendered":"<p>Fr\u00fchlingsfest des F\u00f6rdervereins Am 7. Mai 2022 fand auf dem Schulhof das Fr\u00fchlingsfest des F\u00f6rdervereins mit Spielen, Essen und Trinken statt. Fotos gibt es auch bald. Regelm\u00e4\u00dfige Projekte&#8230; Durch das Engagement vieler Eltern bei den j\u00e4hrlich wiederkehrenden Aktionen wie z.B. &hellip; <a href=\"https:\/\/wordpress.nibis.de\/gssuederberg\/veranstaltungen\/\">Weiterlesen <span class=\"meta-nav\">&rarr;<\/span><\/a><\/p>\n","protected":false},"author":292,"featured_media":0,"parent":0,"menu_order":0,"comment_status":"closed","ping_status":"closed","template":"","meta":{"footnotes":""},"class_list":["post-2324","page","type-page","status-publish","hentry"],"_links":{"self":[{"href":"https:\/\/wordpress.nibis.de\/gssuederberg\/wp-json\/wp\/v2\/pages\/2324","targetHints":{"allow":["GET"]}}],"collection":[{"href":"https:\/\/wordpress.nibis.de\/gssuederberg\/wp-json\/wp\/v2\/pages"}],"about":[{"href":"https:\/\/wordpress.nibis.de\/gssuederberg\/wp-json\/wp\/v2\/types\/page"}],"author":[{"embeddable":true,"href":"https:\/\/wordpress.nibis.de\/gssuederberg\/wp-json\/wp\/v2\/users\/292"}],"replies":[{"embeddable":true,"href":"https:\/\/wordpress.nibis.de\/gssuederberg\/wp-json\/wp\/v2\/comments?post=2324"}],"version-history":[{"count":14,"href":"https:\/\/wordpress.nibis.de\/gssuederberg\/wp-json\/wp\/v2\/pages\/2324\/revisions"}],"predecessor-version":[{"id":7519,"href":"https:\/\/wordpress.nibis.de\/gssuederberg\/wp-json\/wp\/v2\/pages\/2324\/revisions\/7519"}],"wp:attachment":[{"href":"https:\/\/wordpress.nibis.de\/gssuederberg\/wp-json\/wp\/v2\/media?parent=2324"}],"curies":[{"name":"wp","href":"https:\/\/api.w.org\/{rel}","templated":true}]}}